{"id":54236,"date":"2024-08-27T15:12:43","date_gmt":"2024-08-27T15:12:43","guid":{"rendered":"https:\/\/observatorio-democracia.pt\/?page_id=54236"},"modified":"2024-10-23T17:13:48","modified_gmt":"2024-10-23T17:13:48","slug":"isabel-ardelean","status":"publish","type":"page","link":"https:\/\/observatorio-democracia.pt\/en\/equipa\/isabel-ardelean\/","title":{"rendered":"Isabel Ardelean"},"content":{"rendered":"\t\t<div data-elementor-type=\"wp-page\" data-elementor-id=\"54236\" class=\"elementor elementor-54236 elementor-54235\" data-elementor-post-type=\"page\">\n\t\t\t\t\t\t<section class=\"elementor-section elementor-top-section elementor-element elementor-element-01de9c6 elementor-section-content-middle elementor-section-boxed elementor-section-height-default elementor-section-height-default\" data-id=\"01de9c6\" data-element_type=\"section\">\n\t\t\t\t\t\t<div class=\"elementor-container elementor-column-gap-default\">\n\t\t\t\t\t<div class=\"elementor-column elementor-col-50 elementor-top-column elementor-element elementor-element-4617a98\" data-id=\"4617a98\" data-element_type=\"column\">\n\t\t\t<div class=\"elementor-widget-wrap elementor-element-populated\">\n\t\t\t\t\t\t<div class=\"elementor-element elementor-element-dbf9854 elementor-widget elementor-widget-image\" data-id=\"dbf9854\" data-element_type=\"widget\" data-widget_type=\"image.default\">\n\t\t\t\t<div class=\"elementor-widget-container\">\n\t\t\t\t\t\t\t\t\t\t\t\t\t\t\t<img fetchpriority=\"high\" decoding=\"async\" width=\"992\" height=\"1488\" src=\"https:\/\/observatorio-democracia.pt\/wp-content\/uploads\/2024\/08\/IMG-20240823-WA0052-e1724771099596.jpg\" class=\"attachment-full size-full wp-image-54228\" alt=\"\" \/>\t\t\t\t\t\t\t\t\t\t\t\t\t\t\t<\/div>\n\t\t\t\t<\/div>\n\t\t\t\t<div class=\"elementor-element elementor-element-c2c8cd3 elementor-widget elementor-widget-spacer\" data-id=\"c2c8cd3\" data-element_type=\"widget\" data-widget_type=\"spacer.default\">\n\t\t\t\t<div class=\"elementor-widget-container\">\n\t\t\t\t\t\t\t<div class=\"elementor-spacer\">\n\t\t\t<div class=\"elementor-spacer-inner\"><\/div>\n\t\t<\/div>\n\t\t\t\t\t\t<\/div>\n\t\t\t\t<\/div>\n\t\t\t\t\t<\/div>\n\t\t<\/div>\n\t\t\t\t<div class=\"elementor-column elementor-col-50 elementor-top-column elementor-element elementor-element-7b8d547\" data-id=\"7b8d547\" data-element_type=\"column\">\n\t\t\t<div class=\"elementor-widget-wrap elementor-element-populated\">\n\t\t\t\t\t\t<div class=\"elementor-element elementor-element-04ca05c elementor-widget elementor-widget-text-editor\" data-id=\"04ca05c\" data-element_type=\"widget\" data-widget_type=\"text-editor.default\">\n\t\t\t\t<div class=\"elementor-widget-container\">\n\t\t\t\t\t\t\t\t\t<p><strong>Isabel Ardelean<\/strong><\/p>\t\t\t\t\t\t\t\t<\/div>\n\t\t\t\t<\/div>\n\t\t\t\t<div class=\"elementor-element elementor-element-d4cc3c2 elementor-widget elementor-widget-spacer\" data-id=\"d4cc3c2\" data-element_type=\"widget\" data-widget_type=\"spacer.default\">\n\t\t\t\t<div class=\"elementor-widget-container\">\n\t\t\t\t\t\t\t<div class=\"elementor-spacer\">\n\t\t\t<div class=\"elementor-spacer-inner\"><\/div>\n\t\t<\/div>\n\t\t\t\t\t\t<\/div>\n\t\t\t\t<\/div>\n\t\t\t\t<div class=\"elementor-element elementor-element-c732561 elementor-widget elementor-widget-text-editor\" data-id=\"c732561\" data-element_type=\"widget\" data-widget_type=\"text-editor.default\">\n\t\t\t\t<div class=\"elementor-widget-container\">\n\t\t\t\t\t\t\t\t\t<p><span style=\"text-align: center;\">Research intern<\/span><\/p>\t\t\t\t\t\t\t\t<\/div>\n\t\t\t\t<\/div>\n\t\t\t\t<div class=\"elementor-element elementor-element-0be412e elementor-widget elementor-widget-text-editor\" data-id=\"0be412e\" data-element_type=\"widget\" data-widget_type=\"text-editor.default\">\n\t\t\t\t<div class=\"elementor-widget-container\">\n\t\t\t\t\t\t\t\t\t<p>As a Political Science student, she showed a keen interest in the more methodological component of the course, namely the analytical and statistical part present in the Data Analysis Curricular Units, developing the basic skills for obtaining relevant and reliable knowledge.<\/p><p>Outside the academic environment, she is actively involved as a volunteer and manager in the Refood N\u00aa Sr\u00aa de F\u00e1tima association, motivated by the direct and positive effect her actions have on society.<\/p><p>Another volunteer project she took part in was being part of the organizing team for the 5th European Social Survey Conference, which took place at ISCTE-Instituto Universit\u00e1rio de Lisboa.<\/p><p>\u00a0<\/p>\t\t\t\t\t\t\t\t<\/div>\n\t\t\t\t<\/div>\n\t\t\t\t\t<\/div>\n\t\t<\/div>\n\t\t\t\t\t<\/div>\n\t\t<\/section>\n\t\t\t\t<section class=\"elementor-section elementor-top-section elementor-element elementor-element-a062729 elementor-section-boxed elementor-section-height-default elementor-section-height-default\" data-id=\"a062729\" data-element_type=\"section\">\n\t\t\t\t\t\t<div class=\"elementor-container elementor-column-gap-default\">\n\t\t\t\t\t<div class=\"elementor-column elementor-col-100 elementor-top-column elementor-element elementor-element-b0b8122\" data-id=\"b0b8122\" data-element_type=\"column\">\n\t\t\t<div class=\"elementor-widget-wrap elementor-element-populated\">\n\t\t\t\t\t\t<div class=\"elementor-element elementor-element-35d3875 elementor-widget elementor-widget-spacer\" data-id=\"35d3875\" data-element_type=\"widget\" data-widget_type=\"spacer.default\">\n\t\t\t\t<div class=\"elementor-widget-container\">\n\t\t\t\t\t\t\t<div class=\"elementor-spacer\">\n\t\t\t<div class=\"elementor-spacer-inner\"><\/div>\n\t\t<\/div>\n\t\t\t\t\t\t<\/div>\n\t\t\t\t<\/div>\n\t\t\t\t\t<\/div>\n\t\t<\/div>\n\t\t\t\t\t<\/div>\n\t\t<\/section>\n\t\t\t\t<section class=\"elementor-section elementor-top-section elementor-element elementor-element-9ee52e1 elementor-section-boxed elementor-section-height-default elementor-section-height-default\" data-id=\"9ee52e1\" data-element_type=\"section\">\n\t\t\t\t\t\t<div class=\"elementor-container elementor-column-gap-default\">\n\t\t\t\t\t<div class=\"elementor-column elementor-col-100 elementor-top-column elementor-element elementor-element-1497e99b\" data-id=\"1497e99b\" data-element_type=\"column\">\n\t\t\t<div class=\"elementor-widget-wrap elementor-element-populated\">\n\t\t\t\t\t\t<div class=\"elementor-element elementor-element-41300071 elementor-widget elementor-widget-heading\" data-id=\"41300071\" data-element_type=\"widget\" data-widget_type=\"heading.default\">\n\t\t\t\t<div class=\"elementor-widget-container\">\n\t\t\t\t\t<h2 class=\"elementor-heading-title elementor-size-default\">Equipa do Observat\u00f3rio<\/h2>\t\t\t\t<\/div>\n\t\t\t\t<\/div>\n\t\t\t\t<div class=\"elementor-element elementor-element-6d4eec72 elementor-widget-divider--view-line elementor-widget elementor-widget-divider\" data-id=\"6d4eec72\" data-element_type=\"widget\" data-widget_type=\"divider.default\">\n\t\t\t\t<div class=\"elementor-widget-container\">\n\t\t\t\t\t\t\t<div class=\"elementor-divider\">\n\t\t\t<span class=\"elementor-divider-separator\">\n\t\t\t\t\t\t<\/span>\n\t\t<\/div>\n\t\t\t\t\t\t<\/div>\n\t\t\t\t<\/div>\n\t\t\t\t<div class=\"elementor-element elementor-element-31e369a3 elementor-widget elementor-widget-spacer\" data-id=\"31e369a3\" data-element_type=\"widget\" data-widget_type=\"spacer.default\">\n\t\t\t\t<div class=\"elementor-widget-container\">\n\t\t\t\t\t\t\t<div class=\"elementor-spacer\">\n\t\t\t<div class=\"elementor-spacer-inner\"><\/div>\n\t\t<\/div>\n\t\t\t\t\t\t<\/div>\n\t\t\t\t<\/div>\n\t\t\t\t<div class=\"elementor-element elementor-element-8dbed7e arrows-relative-to-box_area bullets-small-dot-stroke elementor-widget elementor-widget-the7_testimonials_carousel\" data-id=\"8dbed7e\" data-element_type=\"widget\" data-settings=\"{&quot;widget_columns&quot;:4,&quot;gap_between_posts&quot;:{&quot;unit&quot;:&quot;px&quot;,&quot;size&quot;:12,&quot;sizes&quot;:[]},&quot;widget_columns_tablet&quot;:2,&quot;widget_columns_mobile&quot;:1,&quot;gap_between_posts_tablet&quot;:{&quot;unit&quot;:&quot;px&quot;,&quot;size&quot;:&quot;&quot;,&quot;sizes&quot;:[]},&quot;gap_between_posts_mobile&quot;:{&quot;unit&quot;:&quot;px&quot;,&quot;size&quot;:&quot;&quot;,&quot;sizes&quot;:[]}}\" data-widget_type=\"the7_testimonials_carousel.default\">\n\t\t\t\t<div class=\"elementor-widget-container\">\n\t\t\t\t\t<div class=\"disable-arrows-hover-bg owl-carousel testimonials-carousel elementor-owl-carousel-call the7-elementor-widget the7_testimonials_carousel-8dbed7e scale-img\" data-scroll-mode=\"page\" data-auto-height=\"false\" data-speed=\"600\" data-autoplay=\"false\" data-autoplay_speed=\"\"><div  class=\"dt-owl-item-wrap hide-btn elements-hover elements-hover\"  ><div class=\"dt-owl-item-inner \"><a href=\"https:\/\/observatorio-democracia.pt\/en\/equipa\/andre-freire\/\" class=\"dt-owl-item-image layzr-bg img-css-resize-wrapper\"> <img decoding=\"async\" width=\"400\" height=\"400\" src=\"data:image\/svg+xml,%3Csvg%20xmlns%3D&#039;http%3A%2F%2Fwww.w3.org%2F2000%2Fsvg&#039;%20viewBox%3D&#039;0%200%20400%20400&#039;%2F%3E\" class=\"attachment-full size-full preload-me aspect lazy lazy-load\" alt=\"\" sizes=\"(max-width: 400px) 100vw, 400px\" style=\"--ratio: 400 \/ 400;\" data-src=\"https:\/\/observatorio-democracia.pt\/wp-content\/uploads\/2022\/02\/foto-andre-freire.png\" loading=\"eager\" data-srcset=\"https:\/\/observatorio-democracia.pt\/wp-content\/uploads\/2022\/02\/foto-andre-freire.png 400w, https:\/\/observatorio-democracia.pt\/wp-content\/uploads\/2022\/02\/foto-andre-freire-300x300.png 300w, https:\/\/observatorio-democracia.pt\/wp-content\/uploads\/2022\/02\/foto-andre-freire-150x150.png 150w, https:\/\/observatorio-democracia.pt\/wp-content\/uploads\/2022\/02\/foto-andre-freire-200x200.png 200w\" \/><\/a><h4  class=\"dt-owl-item-heading\"><a href=\"https:\/\/observatorio-democracia.pt\/en\/equipa\/andre-freire\/\">Andr\u00e9 Freire<\/a><\/h4><h6  class=\"dt-owl-item-subtitle\">Diretor<\/h6><\/div><\/div><div  class=\"dt-owl-item-wrap hide-btn elements-hover elements-hover\"  ><div class=\"dt-owl-item-inner \"><a href=\"https:\/\/observatorio-democracia.pt\/en\/equipa\/guya-accornero\/\" class=\"dt-owl-item-image layzr-bg img-css-resize-wrapper\"> <img decoding=\"async\" width=\"400\" height=\"400\" src=\"data:image\/svg+xml,%3Csvg%20xmlns%3D&#039;http%3A%2F%2Fwww.w3.org%2F2000%2Fsvg&#039;%20viewBox%3D&#039;0%200%20400%20400&#039;%2F%3E\" class=\"attachment-full size-full preload-me aspect lazy lazy-load\" alt=\"\" sizes=\"(max-width: 400px) 100vw, 400px\" style=\"--ratio: 400 \/ 400;\" data-src=\"https:\/\/observatorio-democracia.pt\/wp-content\/uploads\/2023\/11\/foto-Guya-Accornero3.png\" loading=\"eager\" data-srcset=\"https:\/\/observatorio-democracia.pt\/wp-content\/uploads\/2023\/11\/foto-Guya-Accornero3.png 400w, https:\/\/observatorio-democracia.pt\/wp-content\/uploads\/2023\/11\/foto-Guya-Accornero3-300x300.png 300w, https:\/\/observatorio-democracia.pt\/wp-content\/uploads\/2023\/11\/foto-Guya-Accornero3-150x150.png 150w, https:\/\/observatorio-democracia.pt\/wp-content\/uploads\/2023\/11\/foto-Guya-Accornero3-200x200.png 200w\" \/><\/a><h4  class=\"dt-owl-item-heading\"><a href=\"https:\/\/observatorio-democracia.pt\/en\/equipa\/guya-accornero\/\">Guya Accornero<\/a><\/h4><h6  class=\"dt-owl-item-subtitle\">Subdiretora<\/h6><\/div><\/div><div  class=\"dt-owl-item-wrap hide-btn elements-hover elements-hover\"  ><div class=\"dt-owl-item-inner \"><a href=\"https:\/\/observatorio-democracia.pt\/en\/equipa\/helena-belchior-rocha\/\" class=\"dt-owl-item-image layzr-bg img-css-resize-wrapper\"> <img decoding=\"async\" width=\"400\" height=\"400\" src=\"data:image\/svg+xml,%3Csvg%20xmlns%3D&#039;http%3A%2F%2Fwww.w3.org%2F2000%2Fsvg&#039;%20viewBox%3D&#039;0%200%20400%20400&#039;%2F%3E\" class=\"attachment-full size-full preload-me aspect lazy lazy-load\" alt=\"\" sizes=\"(max-width: 400px) 100vw, 400px\" style=\"--ratio: 400 \/ 400;\" data-src=\"https:\/\/observatorio-democracia.pt\/wp-content\/uploads\/2022\/02\/foto-Helena-Belchior-Rocha.png\" loading=\"eager\" data-srcset=\"https:\/\/observatorio-democracia.pt\/wp-content\/uploads\/2022\/02\/foto-Helena-Belchior-Rocha.png 400w, https:\/\/observatorio-democracia.pt\/wp-content\/uploads\/2022\/02\/foto-Helena-Belchior-Rocha-300x300.png 300w, https:\/\/observatorio-democracia.pt\/wp-content\/uploads\/2022\/02\/foto-Helena-Belchior-Rocha-150x150.png 150w, https:\/\/observatorio-democracia.pt\/wp-content\/uploads\/2022\/02\/foto-Helena-Belchior-Rocha-200x200.png 200w\" \/><\/a><h4  class=\"dt-owl-item-heading\"><a href=\"https:\/\/observatorio-democracia.pt\/en\/equipa\/helena-belchior-rocha\/\">Helena Belchior Rocha<\/a><\/h4><h6  class=\"dt-owl-item-subtitle\">Comiss\u00e3o Cient\u00edfica<\/h6><\/div><\/div><div  class=\"dt-owl-item-wrap hide-btn elements-hover elements-hover\"  ><div class=\"dt-owl-item-inner \"><a href=\"https:\/\/observatorio-democracia.pt\/en\/equipa\/helge-jorgens\/\" class=\"dt-owl-item-image layzr-bg img-css-resize-wrapper\"> <img decoding=\"async\" width=\"1533\" height=\"1150\" src=\"data:image\/svg+xml,%3Csvg%20xmlns%3D&#039;http%3A%2F%2Fwww.w3.org%2F2000%2Fsvg&#039;%20viewBox%3D&#039;0%200%201533%201150&#039;%2F%3E\" class=\"attachment-full size-full preload-me aspect lazy lazy-load\" alt=\"\" style=\"--ratio: 1533 \/ 1150;\" data-src=\"https:\/\/observatorio-democracia.pt\/wp-content\/uploads\/2024\/01\/Maria-Asensio_0001pb-1-e1706185326329.png\" loading=\"eager\" \/><\/a><h4  class=\"dt-owl-item-heading\"><a href=\"https:\/\/observatorio-democracia.pt\/en\/equipa\/helge-jorgens\/\">Maria Asensio<\/a><\/h4><h6  class=\"dt-owl-item-subtitle\">Comiss\u00e3o Cient\u00edfica<\/h6><\/div><\/div><div  class=\"dt-owl-item-wrap hide-btn elements-hover elements-hover\"  ><div class=\"dt-owl-item-inner \"><a href=\"https:\/\/observatorio-democracia.pt\/en\/equipa\/livino-neto\/\" class=\"dt-owl-item-image layzr-bg img-css-resize-wrapper\"> <img decoding=\"async\" width=\"880\" height=\"866\" src=\"data:image\/svg+xml,%3Csvg%20xmlns%3D&#039;http%3A%2F%2Fwww.w3.org%2F2000%2Fsvg&#039;%20viewBox%3D&#039;0%200%20880%20866&#039;%2F%3E\" class=\"attachment-full size-full preload-me aspect lazy lazy-load\" alt=\"\" sizes=\"(max-width: 880px) 100vw, 880px\" style=\"--ratio: 880 \/ 866;\" data-src=\"https:\/\/observatorio-democracia.pt\/wp-content\/uploads\/2022\/04\/foto-Livino-Neto-grande.jpg\" loading=\"eager\" data-srcset=\"https:\/\/observatorio-democracia.pt\/wp-content\/uploads\/2022\/04\/foto-Livino-Neto-grande.jpg 880w, https:\/\/observatorio-democracia.pt\/wp-content\/uploads\/2022\/04\/foto-Livino-Neto-grande-300x295.jpg 300w, https:\/\/observatorio-democracia.pt\/wp-content\/uploads\/2022\/04\/foto-Livino-Neto-grande-768x756.jpg 768w\" \/><\/a><h4  class=\"dt-owl-item-heading\"><a href=\"https:\/\/observatorio-democracia.pt\/en\/equipa\/livino-neto\/\">Livino Neto<\/a><\/h4><h6  class=\"dt-owl-item-subtitle\">Bolseiro de Investiga\u00e7\u00e3o<\/h6><\/div><\/div><div  class=\"dt-owl-item-wrap hide-btn elements-hover elements-hover\"  ><div class=\"dt-owl-item-inner \"><a href=\"https:\/\/observatorio-democracia.pt\/en\/equipa\/viriato-queiroga\/\" class=\"dt-owl-item-image layzr-bg img-css-resize-wrapper\"> <img decoding=\"async\" width=\"400\" height=\"400\" src=\"data:image\/svg+xml,%3Csvg%20xmlns%3D&#039;http%3A%2F%2Fwww.w3.org%2F2000%2Fsvg&#039;%20viewBox%3D&#039;0%200%20400%20400&#039;%2F%3E\" class=\"attachment-full size-full preload-me aspect lazy lazy-load\" alt=\"\" sizes=\"(max-width: 400px) 100vw, 400px\" style=\"--ratio: 400 \/ 400;\" data-src=\"https:\/\/observatorio-democracia.pt\/wp-content\/uploads\/2023\/11\/foto-Viriato-Queiroga2.png\" loading=\"eager\" data-srcset=\"https:\/\/observatorio-democracia.pt\/wp-content\/uploads\/2023\/11\/foto-Viriato-Queiroga2.png 400w, https:\/\/observatorio-democracia.pt\/wp-content\/uploads\/2023\/11\/foto-Viriato-Queiroga2-300x300.png 300w, https:\/\/observatorio-democracia.pt\/wp-content\/uploads\/2023\/11\/foto-Viriato-Queiroga2-150x150.png 150w, https:\/\/observatorio-democracia.pt\/wp-content\/uploads\/2023\/11\/foto-Viriato-Queiroga2-200x200.png 200w\" \/><\/a><h4  class=\"dt-owl-item-heading\"><a href=\"https:\/\/observatorio-democracia.pt\/en\/equipa\/viriato-queiroga\/\">Viriato Queiroga<\/a><\/h4><h6  class=\"dt-owl-item-subtitle\">Bolseiro de Investiga\u00e7\u00e3o<\/h6><\/div><\/div><div  class=\"dt-owl-item-wrap hide-btn elements-hover elements-hover\"  ><div class=\"dt-owl-item-inner \"><a href=\"https:\/\/observatorio-democracia.pt\/en\/equipa\/catarina-santos\/\" class=\"dt-owl-item-image layzr-bg img-css-resize-wrapper\"> <img decoding=\"async\" width=\"400\" height=\"400\" src=\"data:image\/svg+xml,%3Csvg%20xmlns%3D&#039;http%3A%2F%2Fwww.w3.org%2F2000%2Fsvg&#039;%20viewBox%3D&#039;0%200%20400%20400&#039;%2F%3E\" class=\"attachment-full size-full preload-me aspect lazy lazy-load\" alt=\"\" sizes=\"(max-width: 400px) 100vw, 400px\" style=\"--ratio: 400 \/ 400;\" data-src=\"https:\/\/observatorio-democracia.pt\/wp-content\/uploads\/2023\/11\/foto-Catarina-dos-Santos.png\" loading=\"eager\" data-srcset=\"https:\/\/observatorio-democracia.pt\/wp-content\/uploads\/2023\/11\/foto-Catarina-dos-Santos.png 400w, https:\/\/observatorio-democracia.pt\/wp-content\/uploads\/2023\/11\/foto-Catarina-dos-Santos-300x300.png 300w, https:\/\/observatorio-democracia.pt\/wp-content\/uploads\/2023\/11\/foto-Catarina-dos-Santos-150x150.png 150w, https:\/\/observatorio-democracia.pt\/wp-content\/uploads\/2023\/11\/foto-Catarina-dos-Santos-200x200.png 200w\" \/><\/a><h4  class=\"dt-owl-item-heading\"><a href=\"https:\/\/observatorio-democracia.pt\/en\/equipa\/catarina-santos\/\">Catarina Santos<\/a><\/h4><h6  class=\"dt-owl-item-subtitle\">Estagi\u00e1ria de Investiga\u00e7\u00e3o<\/h6><\/div><\/div><div  class=\"dt-owl-item-wrap hide-btn elements-hover elements-hover\"  ><div class=\"dt-owl-item-inner \"><a href=\"https:\/\/observatorio-democracia.pt\/equipa\/miriam-moniz\/\" class=\"dt-owl-item-image layzr-bg img-css-resize-wrapper\"> <img decoding=\"async\" width=\"1024\" height=\"1024\" src=\"data:image\/svg+xml,%3Csvg%20xmlns%3D&#039;http%3A%2F%2Fwww.w3.org%2F2000%2Fsvg&#039;%20viewBox%3D&#039;0%200%201024%201024&#039;%2F%3E\" class=\"attachment-full size-full preload-me aspect lazy lazy-load\" alt=\"\" sizes=\"(max-width: 1024px) 100vw, 1024px\" style=\"--ratio: 1024 \/ 1024;\" data-src=\"https:\/\/observatorio-democracia.pt\/wp-content\/uploads\/2024\/03\/Miriam-Alves-PB.png\" loading=\"eager\" data-srcset=\"https:\/\/observatorio-democracia.pt\/wp-content\/uploads\/2024\/03\/Miriam-Alves-PB.png 1024w, https:\/\/observatorio-democracia.pt\/wp-content\/uploads\/2024\/03\/Miriam-Alves-PB-300x300.png 300w, https:\/\/observatorio-democracia.pt\/wp-content\/uploads\/2024\/03\/Miriam-Alves-PB-150x150.png 150w, https:\/\/observatorio-democracia.pt\/wp-content\/uploads\/2024\/03\/Miriam-Alves-PB-768x768.png 768w, https:\/\/observatorio-democracia.pt\/wp-content\/uploads\/2024\/03\/Miriam-Alves-PB-1000x1000.png 1000w, https:\/\/observatorio-democracia.pt\/wp-content\/uploads\/2024\/03\/Miriam-Alves-PB-200x200.png 200w\" \/><\/a><h4  class=\"dt-owl-item-heading\"><a href=\"https:\/\/observatorio-democracia.pt\/equipa\/miriam-moniz\/\">Miriam Moniz<\/a><\/h4><h6  class=\"dt-owl-item-subtitle\">Estagi\u00e1ria de Investiga\u00e7\u00e3o<\/h6><\/div><\/div><div  class=\"dt-owl-item-wrap hide-btn elements-hover elements-hover\"  ><div class=\"dt-owl-item-inner \"><a href=\"https:\/\/observatorio-democracia.pt\/equipa\/sofia-bartolomeu\/\" class=\"dt-owl-item-image layzr-bg img-css-resize-wrapper\"> <img decoding=\"async\" width=\"1025\" height=\"1025\" src=\"data:image\/svg+xml,%3Csvg%20xmlns%3D&#039;http%3A%2F%2Fwww.w3.org%2F2000%2Fsvg&#039;%20viewBox%3D&#039;0%200%201025%201025&#039;%2F%3E\" class=\"attachment-full size-full preload-me aspect lazy lazy-load\" alt=\"\" sizes=\"(max-width: 1025px) 100vw, 1025px\" style=\"--ratio: 1025 \/ 1025;\" data-src=\"https:\/\/observatorio-democracia.pt\/wp-content\/uploads\/2024\/03\/Sofia-Bartolomeu-PB.jpg\" loading=\"eager\" data-srcset=\"https:\/\/observatorio-democracia.pt\/wp-content\/uploads\/2024\/03\/Sofia-Bartolomeu-PB.jpg 1025w, https:\/\/observatorio-democracia.pt\/wp-content\/uploads\/2024\/03\/Sofia-Bartolomeu-PB-300x300.jpg 300w, https:\/\/observatorio-democracia.pt\/wp-content\/uploads\/2024\/03\/Sofia-Bartolomeu-PB-150x150.jpg 150w, https:\/\/observatorio-democracia.pt\/wp-content\/uploads\/2024\/03\/Sofia-Bartolomeu-PB-768x768.jpg 768w, https:\/\/observatorio-democracia.pt\/wp-content\/uploads\/2024\/03\/Sofia-Bartolomeu-PB-1000x1000.jpg 1000w, https:\/\/observatorio-democracia.pt\/wp-content\/uploads\/2024\/03\/Sofia-Bartolomeu-PB-200x200.jpg 200w\" \/><\/a><h4  class=\"dt-owl-item-heading\"><a href=\"https:\/\/observatorio-democracia.pt\/equipa\/sofia-bartolomeu\/\">Sofia Bartolomeu<\/a><\/h4><h6  class=\"dt-owl-item-subtitle\">Estagi\u00e1ria de Investiga\u00e7\u00e3o<\/h6><\/div><\/div><div  class=\"dt-owl-item-wrap hide-btn elements-hover elements-hover\"  ><div class=\"dt-owl-item-inner \"><a href=\"https:\/\/observatorio-democracia.pt\/equipa\/joao-alves\/\" class=\"dt-owl-item-image layzr-bg img-css-resize-wrapper\"> <img decoding=\"async\" width=\"768\" height=\"1024\" src=\"data:image\/svg+xml,%3Csvg%20xmlns%3D&#039;http%3A%2F%2Fwww.w3.org%2F2000%2Fsvg&#039;%20viewBox%3D&#039;0%200%20768%201024&#039;%2F%3E\" class=\"attachment-full size-full preload-me aspect lazy lazy-load\" alt=\"\" style=\"--ratio: 768 \/ 1024;\" data-src=\"https:\/\/observatorio-democracia.pt\/wp-content\/uploads\/2024\/03\/Joao-Alves-PB-e1710184217911.jpeg\" loading=\"eager\" \/><\/a><h4  class=\"dt-owl-item-heading\"><a href=\"https:\/\/observatorio-democracia.pt\/equipa\/joao-alves\/\">Jo\u00e3o Alves<\/a><\/h4><h6  class=\"dt-owl-item-subtitle\">Estagi\u00e1rio de Investiga\u00e7\u00e3o<\/h6><\/div><\/div><\/div><div class=\"owl-nav disabled\"><div class=\"owl-prev\" role=\"button\"><i class=\"fas fa-chevron-left\"><\/i><\/div><div class=\"owl-next\" role=\"button\"><i class=\"fas fa-chevron-right\"><\/i><\/div><\/div>\t\t\t\t<\/div>\n\t\t\t\t<\/div>\n\t\t\t\t<div class=\"elementor-element elementor-element-6ab3cb3f elementor-widget elementor-widget-spacer\" data-id=\"6ab3cb3f\" data-element_type=\"widget\" data-widget_type=\"spacer.default\">\n\t\t\t\t<div class=\"elementor-widget-container\">\n\t\t\t\t\t\t\t<div class=\"elementor-spacer\">\n\t\t\t<div class=\"elementor-spacer-inner\"><\/div>\n\t\t<\/div>\n\t\t\t\t\t\t<\/div>\n\t\t\t\t<\/div>\n\t\t\t\t\t<\/div>\n\t\t<\/div>\n\t\t\t\t\t<\/div>\n\t\t<\/section>\n\t\t\t\t<\/div>\n\t\t","protected":false},"excerpt":{"rendered":"<p>Isabel Ardelean Research intern As a Political Science student, she showed a keen interest in the more methodological component of the course, namely the analytical and statistical part present in the Data Analysis Curricular Units, developing the basic skills for obtaining relevant and reliable knowledge. Outside the academic environment, she is actively involved as a&hellip;<\/p>\n","protected":false},"author":2,"featured_media":54228,"parent":51893,"menu_order":0,"comment_status":"closed","ping_status":"closed","template":"","meta":{"footnotes":""},"class_list":["post-54236","page","type-page","status-publish","has-post-thumbnail","hentry"],"yoast_head":"<!-- This site is optimized with the Yoast SEO plugin v24.7 - https:\/\/yoast.com\/wordpress\/plugins\/seo\/ -->\n<title>Isabel Ardelean | Observatory of Democracy ISCTE Portugal<\/title>\n<meta name=\"description\" content=\"Degree in International Relations from ISCSP-UL and is currently a Master&#039;s student in Public Policy at ISCTE.\" \/>\n<meta name=\"robots\" content=\"index, follow, max-snippet:-1, max-image-preview:large, max-video-preview:-1\" \/>\n<link rel=\"canonical\" href=\"https:\/\/observatorio-democracia.pt\/en\/equipa\/isabel-ardelean\/\" \/>\n<meta property=\"og:locale\" content=\"en_US\" \/>\n<meta property=\"og:type\" content=\"article\" \/>\n<meta property=\"og:title\" content=\"Isabel Ardelean | Observatory of Democracy ISCTE Portugal\" \/>\n<meta property=\"og:description\" content=\"Degree in International Relations from ISCSP-UL and is currently a Master&#039;s student in Public Policy at ISCTE.\" \/>\n<meta property=\"og:url\" content=\"https:\/\/observatorio-democracia.pt\/en\/equipa\/isabel-ardelean\/\" \/>\n<meta property=\"og:site_name\" content=\"Observat\u00f3rio da Democracia e da Representa\u00e7\u00e3o Pol\u00edtica\" \/>\n<meta property=\"article:publisher\" content=\"https:\/\/www.facebook.com\/observatorio.democracia.representacao.politica\" \/>\n<meta property=\"article:modified_time\" content=\"2024-10-23T17:13:48+00:00\" \/>\n<meta property=\"og:image\" content=\"https:\/\/observatorio-democracia.pt\/wp-content\/uploads\/2024\/08\/IMG-20240823-WA0052-e1724771099596.jpg\" \/>\n\t<meta property=\"og:image:width\" content=\"992\" \/>\n\t<meta property=\"og:image:height\" content=\"1488\" \/>\n\t<meta property=\"og:image:type\" content=\"image\/jpeg\" \/>\n<meta name=\"twitter:card\" content=\"summary_large_image\" \/>\n<meta name=\"twitter:site\" content=\"@Observatorioda4\" \/>\n<meta name=\"twitter:label1\" content=\"Est. reading time\" \/>\n\t<meta name=\"twitter:data1\" content=\"11 minutes\" \/>\n<script type=\"application\/ld+json\" class=\"yoast-schema-graph\">{\"@context\":\"https:\/\/schema.org\",\"@graph\":[{\"@type\":\"WebPage\",\"@id\":\"https:\/\/observatorio-democracia.pt\/en\/equipa\/isabel-ardelean\/\",\"url\":\"https:\/\/observatorio-democracia.pt\/en\/equipa\/isabel-ardelean\/\",\"name\":\"Isabel Ardelean | Observatory of Democracy ISCTE Portugal\",\"isPartOf\":{\"@id\":\"https:\/\/observatorio-democracia.pt\/en\/#website\"},\"primaryImageOfPage\":{\"@id\":\"https:\/\/observatorio-democracia.pt\/en\/equipa\/isabel-ardelean\/#primaryimage\"},\"image\":{\"@id\":\"https:\/\/observatorio-democracia.pt\/en\/equipa\/isabel-ardelean\/#primaryimage\"},\"thumbnailUrl\":\"https:\/\/observatorio-democracia.pt\/wp-content\/uploads\/2024\/08\/IMG-20240823-WA0052-e1724771099596.jpg\",\"datePublished\":\"2024-08-27T15:12:43+00:00\",\"dateModified\":\"2024-10-23T17:13:48+00:00\",\"description\":\"Degree in International Relations from ISCSP-UL and is currently a Master's student in Public Policy at ISCTE.\",\"breadcrumb\":{\"@id\":\"https:\/\/observatorio-democracia.pt\/en\/equipa\/isabel-ardelean\/#breadcrumb\"},\"inLanguage\":\"en-US\",\"potentialAction\":[{\"@type\":\"ReadAction\",\"target\":[\"https:\/\/observatorio-democracia.pt\/en\/equipa\/isabel-ardelean\/\"]}]},{\"@type\":\"ImageObject\",\"inLanguage\":\"en-US\",\"@id\":\"https:\/\/observatorio-democracia.pt\/en\/equipa\/isabel-ardelean\/#primaryimage\",\"url\":\"https:\/\/observatorio-democracia.pt\/wp-content\/uploads\/2024\/08\/IMG-20240823-WA0052-e1724771099596.jpg\",\"contentUrl\":\"https:\/\/observatorio-democracia.pt\/wp-content\/uploads\/2024\/08\/IMG-20240823-WA0052-e1724771099596.jpg\",\"width\":992,\"height\":1488},{\"@type\":\"BreadcrumbList\",\"@id\":\"https:\/\/observatorio-democracia.pt\/en\/equipa\/isabel-ardelean\/#breadcrumb\",\"itemListElement\":[{\"@type\":\"ListItem\",\"position\":1,\"name\":\"In\u00edcio\",\"item\":\"https:\/\/observatorio-democracia.pt\/en\/\"},{\"@type\":\"ListItem\",\"position\":2,\"name\":\"Team\",\"item\":\"https:\/\/observatorio-democracia.pt\/en\/equipa\/\"},{\"@type\":\"ListItem\",\"position\":3,\"name\":\"Isabel Ardelean\"}]},{\"@type\":\"WebSite\",\"@id\":\"https:\/\/observatorio-democracia.pt\/en\/#website\",\"url\":\"https:\/\/observatorio-democracia.pt\/en\/\",\"name\":\"Observat\u00f3rio da Democracia e da Representa\u00e7\u00e3o Pol\u00edtica\",\"description\":\"Um bem para a Cidadania\",\"publisher\":{\"@id\":\"https:\/\/observatorio-democracia.pt\/en\/#organization\"},\"potentialAction\":[{\"@type\":\"SearchAction\",\"target\":{\"@type\":\"EntryPoint\",\"urlTemplate\":\"https:\/\/observatorio-democracia.pt\/en\/?s={search_term_string}\"},\"query-input\":{\"@type\":\"PropertyValueSpecification\",\"valueRequired\":true,\"valueName\":\"search_term_string\"}}],\"inLanguage\":\"en-US\"},{\"@type\":\"Organization\",\"@id\":\"https:\/\/observatorio-democracia.pt\/en\/#organization\",\"name\":\"Observat\u00f3rio da Democracia e da Representa\u00e7\u00e3o Pol\u00edtica\",\"url\":\"https:\/\/observatorio-democracia.pt\/en\/\",\"logo\":{\"@type\":\"ImageObject\",\"inLanguage\":\"en-US\",\"@id\":\"https:\/\/observatorio-democracia.pt\/en\/#\/schema\/logo\/image\/\",\"url\":\"https:\/\/observatorio-democracia.pt\/wp-content\/uploads\/2022\/04\/logo-observatorio-democracia-forms.jpg\",\"contentUrl\":\"https:\/\/observatorio-democracia.pt\/wp-content\/uploads\/2022\/04\/logo-observatorio-democracia-forms.jpg\",\"width\":400,\"height\":98,\"caption\":\"Observat\u00f3rio da Democracia e da Representa\u00e7\u00e3o Pol\u00edtica\"},\"image\":{\"@id\":\"https:\/\/observatorio-democracia.pt\/en\/#\/schema\/logo\/image\/\"},\"sameAs\":[\"https:\/\/www.facebook.com\/observatorio.democracia.representacao.politica\",\"https:\/\/x.com\/Observatorioda4\",\"https:\/\/www.instagram.com\/observatoriodrp\/\"]}]}<\/script>\n<!-- \/ Yoast SEO plugin. -->","yoast_head_json":{"title":"Isabel Ardelean | Observatory of Democracy ISCTE Portugal","description":"Degree in International Relations from ISCSP-UL and is currently a Master's student in Public Policy at ISCTE.","robots":{"index":"index","follow":"follow","max-snippet":"max-snippet:-1","max-image-preview":"max-image-preview:large","max-video-preview":"max-video-preview:-1"},"canonical":"https:\/\/observatorio-democracia.pt\/en\/equipa\/isabel-ardelean\/","og_locale":"en_US","og_type":"article","og_title":"Isabel Ardelean | Observatory of Democracy ISCTE Portugal","og_description":"Degree in International Relations from ISCSP-UL and is currently a Master's student in Public Policy at ISCTE.","og_url":"https:\/\/observatorio-democracia.pt\/en\/equipa\/isabel-ardelean\/","og_site_name":"Observat\u00f3rio da Democracia e da Representa\u00e7\u00e3o Pol\u00edtica","article_publisher":"https:\/\/www.facebook.com\/observatorio.democracia.representacao.politica","article_modified_time":"2024-10-23T17:13:48+00:00","og_image":[{"width":992,"height":1488,"url":"https:\/\/observatorio-democracia.pt\/wp-content\/uploads\/2024\/08\/IMG-20240823-WA0052-e1724771099596.jpg","type":"image\/jpeg"}],"twitter_card":"summary_large_image","twitter_site":"@Observatorioda4","twitter_misc":{"Est. reading time":"11 minutes"},"schema":{"@context":"https:\/\/schema.org","@graph":[{"@type":"WebPage","@id":"https:\/\/observatorio-democracia.pt\/en\/equipa\/isabel-ardelean\/","url":"https:\/\/observatorio-democracia.pt\/en\/equipa\/isabel-ardelean\/","name":"Isabel Ardelean | Observatory of Democracy ISCTE Portugal","isPartOf":{"@id":"https:\/\/observatorio-democracia.pt\/en\/#website"},"primaryImageOfPage":{"@id":"https:\/\/observatorio-democracia.pt\/en\/equipa\/isabel-ardelean\/#primaryimage"},"image":{"@id":"https:\/\/observatorio-democracia.pt\/en\/equipa\/isabel-ardelean\/#primaryimage"},"thumbnailUrl":"https:\/\/observatorio-democracia.pt\/wp-content\/uploads\/2024\/08\/IMG-20240823-WA0052-e1724771099596.jpg","datePublished":"2024-08-27T15:12:43+00:00","dateModified":"2024-10-23T17:13:48+00:00","description":"Degree in International Relations from ISCSP-UL and is currently a Master's student in Public Policy at ISCTE.","breadcrumb":{"@id":"https:\/\/observatorio-democracia.pt\/en\/equipa\/isabel-ardelean\/#breadcrumb"},"inLanguage":"en-US","potentialAction":[{"@type":"ReadAction","target":["https:\/\/observatorio-democracia.pt\/en\/equipa\/isabel-ardelean\/"]}]},{"@type":"ImageObject","inLanguage":"en-US","@id":"https:\/\/observatorio-democracia.pt\/en\/equipa\/isabel-ardelean\/#primaryimage","url":"https:\/\/observatorio-democracia.pt\/wp-content\/uploads\/2024\/08\/IMG-20240823-WA0052-e1724771099596.jpg","contentUrl":"https:\/\/observatorio-democracia.pt\/wp-content\/uploads\/2024\/08\/IMG-20240823-WA0052-e1724771099596.jpg","width":992,"height":1488},{"@type":"BreadcrumbList","@id":"https:\/\/observatorio-democracia.pt\/en\/equipa\/isabel-ardelean\/#breadcrumb","itemListElement":[{"@type":"ListItem","position":1,"name":"In\u00edcio","item":"https:\/\/observatorio-democracia.pt\/en\/"},{"@type":"ListItem","position":2,"name":"Team","item":"https:\/\/observatorio-democracia.pt\/en\/equipa\/"},{"@type":"ListItem","position":3,"name":"Isabel Ardelean"}]},{"@type":"WebSite","@id":"https:\/\/observatorio-democracia.pt\/en\/#website","url":"https:\/\/observatorio-democracia.pt\/en\/","name":"Observat\u00f3rio da Democracia e da Representa\u00e7\u00e3o Pol\u00edtica","description":"Um bem para a Cidadania","publisher":{"@id":"https:\/\/observatorio-democracia.pt\/en\/#organization"},"potentialAction":[{"@type":"SearchAction","target":{"@type":"EntryPoint","urlTemplate":"https:\/\/observatorio-democracia.pt\/en\/?s={search_term_string}"},"query-input":{"@type":"PropertyValueSpecification","valueRequired":true,"valueName":"search_term_string"}}],"inLanguage":"en-US"},{"@type":"Organization","@id":"https:\/\/observatorio-democracia.pt\/en\/#organization","name":"Observat\u00f3rio da Democracia e da Representa\u00e7\u00e3o Pol\u00edtica","url":"https:\/\/observatorio-democracia.pt\/en\/","logo":{"@type":"ImageObject","inLanguage":"en-US","@id":"https:\/\/observatorio-democracia.pt\/en\/#\/schema\/logo\/image\/","url":"https:\/\/observatorio-democracia.pt\/wp-content\/uploads\/2022\/04\/logo-observatorio-democracia-forms.jpg","contentUrl":"https:\/\/observatorio-democracia.pt\/wp-content\/uploads\/2022\/04\/logo-observatorio-democracia-forms.jpg","width":400,"height":98,"caption":"Observat\u00f3rio da Democracia e da Representa\u00e7\u00e3o Pol\u00edtica"},"image":{"@id":"https:\/\/observatorio-democracia.pt\/en\/#\/schema\/logo\/image\/"},"sameAs":["https:\/\/www.facebook.com\/observatorio.democracia.representacao.politica","https:\/\/x.com\/Observatorioda4","https:\/\/www.instagram.com\/observatoriodrp\/"]}]}},"_links":{"self":[{"href":"https:\/\/observatorio-democracia.pt\/en\/wp-json\/wp\/v2\/pages\/54236","targetHints":{"allow":["GET"]}}],"collection":[{"href":"https:\/\/observatorio-democracia.pt\/en\/wp-json\/wp\/v2\/pages"}],"about":[{"href":"https:\/\/observatorio-democracia.pt\/en\/wp-json\/wp\/v2\/types\/page"}],"author":[{"embeddable":true,"href":"https:\/\/observatorio-democracia.pt\/en\/wp-json\/wp\/v2\/users\/2"}],"replies":[{"embeddable":true,"href":"https:\/\/observatorio-democracia.pt\/en\/wp-json\/wp\/v2\/comments?post=54236"}],"version-history":[{"count":11,"href":"https:\/\/observatorio-democracia.pt\/en\/wp-json\/wp\/v2\/pages\/54236\/revisions"}],"predecessor-version":[{"id":54535,"href":"https:\/\/observatorio-democracia.pt\/en\/wp-json\/wp\/v2\/pages\/54236\/revisions\/54535"}],"up":[{"embeddable":true,"href":"https:\/\/observatorio-democracia.pt\/en\/wp-json\/wp\/v2\/pages\/51893"}],"wp:featuredmedia":[{"embeddable":true,"href":"https:\/\/observatorio-democracia.pt\/en\/wp-json\/wp\/v2\/media\/54228"}],"wp:attachment":[{"href":"https:\/\/observatorio-democracia.pt\/en\/wp-json\/wp\/v2\/media?parent=54236"}],"curies":[{"name":"wp","href":"https:\/\/api.w.org\/{rel}","templated":true}]}}