{"id":52182,"date":"2022-04-27T17:42:48","date_gmt":"2022-04-27T17:42:48","guid":{"rendered":"https:\/\/observatorio-democracia.pt\/?page_id=52182"},"modified":"2022-06-22T23:57:46","modified_gmt":"2022-06-22T23:57:46","slug":"news","status":"publish","type":"page","link":"https:\/\/observatorio-democracia.pt\/en\/news\/","title":{"rendered":"News"},"content":{"rendered":"\t\t<div data-elementor-type=\"wp-page\" data-elementor-id=\"52182\" class=\"elementor elementor-52182 elementor-50655\" data-elementor-post-type=\"page\">\n\t\t\t\t\t\t<section class=\"elementor-section elementor-top-section elementor-element elementor-element-64f606a elementor-section-height-min-height elementor-section-items-stretch elementor-section-content-middle elementor-section-boxed elementor-section-height-default\" data-id=\"64f606a\" data-element_type=\"section\">\n\t\t\t\t\t\t\t<div class=\"elementor-background-overlay\"><\/div>\n\t\t\t\t\t\t\t<div class=\"elementor-container elementor-column-gap-wider\">\n\t\t\t\t\t<div class=\"elementor-column elementor-col-100 elementor-top-column elementor-element elementor-element-dd9b4aa\" data-id=\"dd9b4aa\" data-element_type=\"column\" data-settings=\"{&quot;background_background&quot;:&quot;classic&quot;}\">\n\t\t\t<div class=\"elementor-widget-wrap elementor-element-populated\">\n\t\t\t\t\t\t<div class=\"elementor-element elementor-element-fd75ff1 preserve-img-ratio-cover elementor-widget elementor-widget-the7_elements\" data-id=\"fd75ff1\" data-element_type=\"widget\" data-widget_type=\"the7_elements.default\">\n\t\t\t\t<div class=\"elementor-widget-container\">\n\t\t\t\t\t<div class=\"portfolio-shortcode the7-elementor-widget the7_elements-fd75ff1 mode-grid dt-css-grid-wrap classic-layout-list description-under-image quick-scale-img content-bg-on resize-by-browser-width loading-effect-none enable-pagination-scroll jquery-filter\" data-padding=\"60px\" data-mobile-columns-num=\"1\" data-tablet-columns-num=\"2\" data-desktop-columns-num=\"2\" data-wide-desktop-columns-num=\"2\" data-post-limit=\"6\" data-pagination-mode=\"pages\" data-scroll-offset=\"90\" aria-live=\"assertive\"><div class=\"dt-css-grid custom-pagination-handler\"><div class=\"visible wf-cell\" data-post-id=\"55324\" data-date=\"2025-10-30T14:40:22+00:00\" data-name=\"In tribute to Professor Andr\u00e9 Freire, ODRP is making available the database from the Survey of Candidates for Parliament in the 2024 Legislative Elections (both elected and non-elected)\"><article class=\"post visible post-55324 type-post status-publish format-standard has-post-thumbnail hentry category-noticias-en\" data-name=\"In tribute to Professor Andr\u00e9 Freire, ODRP is making available the database from the Survey of Candidates for Parliament in the 2024 Legislative Elections (both elected and non-elected)\" data-date=\"2025-10-30T14:40:22+00:00\">\n\n\t<div class=\"post-thumbnail-wrap\">\n\t\t<div class=\"post-thumbnail\">\n\n\t\t\t<a class=\"post-thumbnail-rollover layzr-bg img-css-resize-wrapper\" aria-label=\"Post image\" href=\"https:\/\/observatorio-democracia.pt\/en\/in-tribute-to-professor-andre-freire-odrp-is-making-available-the-database-from-the-survey-of-candidates-for-parliament-in-the-2024-legislative-elections-both-elected-and-non-elected\/\"><img fetchpriority=\"high\" decoding=\"async\" width=\"1280\" height=\"720\" src=\"data:image\/svg+xml,%3Csvg%20xmlns%3D&#039;http%3A%2F%2Fwww.w3.org%2F2000%2Fsvg&#039;%20viewBox%3D&#039;0%200%201280%20720&#039;%2F%3E\" class=\"attachment-full size-full preload-me aspect lazy lazy-load\" alt=\"\" sizes=\"(max-width: 1280px) 100vw, 1280px\" style=\"--ratio: 1280 \/ 720;\" data-src=\"https:\/\/observatorio-democracia.pt\/wp-content\/uploads\/2025\/10\/Legislativa-2024.png\" loading=\"eager\" data-srcset=\"https:\/\/observatorio-democracia.pt\/wp-content\/uploads\/2025\/10\/Legislativa-2024.png 1280w, https:\/\/observatorio-democracia.pt\/wp-content\/uploads\/2025\/10\/Legislativa-2024-300x169.png 300w, https:\/\/observatorio-democracia.pt\/wp-content\/uploads\/2025\/10\/Legislativa-2024-1024x576.png 1024w, https:\/\/observatorio-democracia.pt\/wp-content\/uploads\/2025\/10\/Legislativa-2024-768x432.png 768w, https:\/\/observatorio-democracia.pt\/wp-content\/uploads\/2025\/10\/Legislativa-2024-1000x563.png 1000w\" \/><span class=\"the7-hover-icon\"><i aria-hidden=\"true\" class=\"feather feather-more-horizontal\"><\/i><\/span><\/a>\n\t\t<\/div>\n\t<\/div>\n\n\n<div class=\"post-entry-content\">\n\n\t<h3 class=\"ele-entry-title\"><a href=\"https:\/\/observatorio-democracia.pt\/en\/in-tribute-to-professor-andre-freire-odrp-is-making-available-the-database-from-the-survey-of-candidates-for-parliament-in-the-2024-legislative-elections-both-elected-and-non-elected\/\" rel=\"bookmark\" title=\"In tribute to Professor Andr\u00e9 Freire, ODRP is making available the database from the Survey of Candidates for Parliament in the 2024 Legislative Elections (both elected and non-elected)\">In tribute to Professor Andr\u00e9 Freire, ODRP is making available the database from the Survey of Candidates for Parliament in the 2024 Legislative Elections (both elected and non-elected)<\/a><\/h3><div class=\"entry-meta\"><span class=\"meta-item category-link\"><a href=\"https:\/\/observatorio-democracia.pt\/en\/category\/noticias-en\/\" rel=\"tag\">News<\/a><\/span><span class=\"meta-item data-link\"><time class=\"entry-date updated\" datetime=\"2025-10-30T14:40:22+00:00\">30 de October, 2025<\/time><\/span><\/div><div class=\"entry-excerpt\"><p>In tribute to Professor Andr\u00e9 Freire, ODRP is making available the database from the Survey of Candidates for Parliament in&hellip;<\/p>\n<\/div><a href=\"https:\/\/observatorio-democracia.pt\/en\/in-tribute-to-professor-andre-freire-odrp-is-making-available-the-database-from-the-survey-of-candidates-for-parliament-in-the-2024-legislative-elections-both-elected-and-non-elected\/\" target=\"\" aria-label=\"Read more about In tribute to Professor Andr\u00e9 Freire, ODRP is making available the database from the Survey of Candidates for Parliament in the 2024 Legislative Elections (both elected and non-elected)\" class=\"box-button elementor-button elementor-size-xs\">Ler mais<\/a>\n<\/div><\/article><\/div><div class=\"visible wf-cell\" data-post-id=\"55254\" data-date=\"2025-08-25T21:07:01+00:00\" data-name=\"CCS III has been updated and now includes the 2022 Portuguese legislative elections\"><article class=\"post visible post-55254 type-post status-publish format-standard has-post-thumbnail hentry category-noticias-en\" data-name=\"CCS III has been updated and now includes the 2022 Portuguese legislative elections\" data-date=\"2025-08-25T21:07:01+00:00\">\n\n\t<div class=\"post-thumbnail-wrap\">\n\t\t<div class=\"post-thumbnail\">\n\n\t\t\t<a class=\"post-thumbnail-rollover layzr-bg img-css-resize-wrapper\" aria-label=\"Post image\" href=\"https:\/\/observatorio-democracia.pt\/en\/ccs-iii-has-been-updated-and-now-includes-the-2022-portuguese-legislative-elections\/\"><img decoding=\"async\" width=\"1183\" height=\"790\" src=\"data:image\/svg+xml,%3Csvg%20xmlns%3D&#039;http%3A%2F%2Fwww.w3.org%2F2000%2Fsvg&#039;%20viewBox%3D&#039;0%200%201183%20790&#039;%2F%3E\" class=\"attachment-full size-full preload-me aspect lazy lazy-load\" alt=\"\" sizes=\"(max-width: 1183px) 100vw, 1183px\" style=\"--ratio: 1183 \/ 790;\" data-src=\"https:\/\/observatorio-democracia.pt\/wp-content\/uploads\/2022\/04\/inquerito-candidatos2022.jpg\" loading=\"eager\" data-srcset=\"https:\/\/observatorio-democracia.pt\/wp-content\/uploads\/2022\/04\/inquerito-candidatos2022.jpg 1183w, https:\/\/observatorio-democracia.pt\/wp-content\/uploads\/2022\/04\/inquerito-candidatos2022-300x200.jpg 300w, https:\/\/observatorio-democracia.pt\/wp-content\/uploads\/2022\/04\/inquerito-candidatos2022-1024x684.jpg 1024w, https:\/\/observatorio-democracia.pt\/wp-content\/uploads\/2022\/04\/inquerito-candidatos2022-768x513.jpg 768w, https:\/\/observatorio-democracia.pt\/wp-content\/uploads\/2022\/04\/inquerito-candidatos2022-391x260.jpg 391w, https:\/\/observatorio-democracia.pt\/wp-content\/uploads\/2022\/04\/inquerito-candidatos2022-1000x668.jpg 1000w\" \/><span class=\"the7-hover-icon\"><i aria-hidden=\"true\" class=\"feather feather-more-horizontal\"><\/i><\/span><\/a>\n\t\t<\/div>\n\t<\/div>\n\n\n<div class=\"post-entry-content\">\n\n\t<h3 class=\"ele-entry-title\"><a href=\"https:\/\/observatorio-democracia.pt\/en\/ccs-iii-has-been-updated-and-now-includes-the-2022-portuguese-legislative-elections\/\" rel=\"bookmark\" title=\"CCS III has been updated and now includes the 2022 Portuguese legislative elections\">CCS III has been updated and now includes the 2022 Portuguese legislative elections<\/a><\/h3><div class=\"entry-meta\"><span class=\"meta-item category-link\"><a href=\"https:\/\/observatorio-democracia.pt\/en\/category\/noticias-en\/\" rel=\"tag\">News<\/a><\/span><span class=\"meta-item data-link\"><time class=\"entry-date updated\" datetime=\"2025-08-25T21:07:01+00:00\">25 de August, 2025<\/time><\/span><\/div><div class=\"entry-excerpt\"><p>Module III of the CCS has been updated and now includes the 2022 Portuguese legislative elections<\/p>\n<\/div><a href=\"https:\/\/observatorio-democracia.pt\/en\/ccs-iii-has-been-updated-and-now-includes-the-2022-portuguese-legislative-elections\/\" target=\"\" aria-label=\"Read more about CCS III has been updated and now includes the 2022 Portuguese legislative elections\" class=\"box-button elementor-button elementor-size-xs\">Ler mais<\/a>\n<\/div><\/article><\/div><div class=\"visible wf-cell\" data-post-id=\"55238\" data-date=\"2025-08-12T18:57:28+00:00\" data-name=\"European Consortium for Political Research (ECPR) calls August - November\"><article class=\"post visible post-55238 type-post status-publish format-standard has-post-thumbnail hentry category-noticias-en\" data-name=\"European Consortium for Political Research (ECPR) calls August &#8211; November\" data-date=\"2025-08-12T18:57:28+00:00\">\n\n\t<div class=\"post-thumbnail-wrap\">\n\t\t<div class=\"post-thumbnail\">\n\n\t\t\t<a class=\"post-thumbnail-rollover layzr-bg img-css-resize-wrapper\" aria-label=\"Post image\" href=\"https:\/\/observatorio-democracia.pt\/en\/european-consortium-for-political-research-ecpr-calls-august-november\/\"><img decoding=\"async\" width=\"1500\" height=\"1000\" src=\"data:image\/svg+xml,%3Csvg%20xmlns%3D&#039;http%3A%2F%2Fwww.w3.org%2F2000%2Fsvg&#039;%20viewBox%3D&#039;0%200%201500%201000&#039;%2F%3E\" class=\"attachment-full size-full preload-me aspect lazy lazy-load\" alt=\"\" style=\"--ratio: 1500 \/ 1000;\" data-src=\"https:\/\/observatorio-democracia.pt\/wp-content\/uploads\/2020\/04\/ba-017-e1735826541405.jpg\" loading=\"eager\" \/><span class=\"the7-hover-icon\"><i aria-hidden=\"true\" class=\"feather feather-more-horizontal\"><\/i><\/span><\/a>\n\t\t<\/div>\n\t<\/div>\n\n\n<div class=\"post-entry-content\">\n\n\t<h3 class=\"ele-entry-title\"><a href=\"https:\/\/observatorio-democracia.pt\/en\/european-consortium-for-political-research-ecpr-calls-august-november\/\" rel=\"bookmark\" title=\"European Consortium for Political Research (ECPR) calls August &#8211; November\">European Consortium for Political Research (ECPR) calls August &#8211; November<\/a><\/h3><div class=\"entry-meta\"><span class=\"meta-item category-link\"><a href=\"https:\/\/observatorio-democracia.pt\/en\/category\/noticias-en\/\" rel=\"tag\">News<\/a><\/span><span class=\"meta-item data-link\"><time class=\"entry-date updated\" datetime=\"2025-08-12T18:57:28+00:00\">12 de August, 2025<\/time><\/span><\/div><div class=\"entry-excerpt\"><p>We are sharing in our site some calls from the European Consortium for Political Research (ECPR) in August &#8211; November<\/p>\n<\/div><a href=\"https:\/\/observatorio-democracia.pt\/en\/european-consortium-for-political-research-ecpr-calls-august-november\/\" target=\"\" aria-label=\"Read more about European Consortium for Political Research (ECPR) calls August &#8211; November\" class=\"box-button elementor-button elementor-size-xs\">Ler mais<\/a>\n<\/div><\/article><\/div><div class=\"visible wf-cell\" data-post-id=\"55222\" data-date=\"2025-06-18T23:14:06+00:00\" data-name=\"The Portuguese way to populism? Portugal after the elections\"><article class=\"post visible post-55222 type-post status-publish format-standard has-post-thumbnail hentry category-noticias-en\" data-name=\"The Portuguese way to populism? Portugal after the elections\" data-date=\"2025-06-18T23:14:06+00:00\">\n\n\t<div class=\"post-thumbnail-wrap\">\n\t\t<div class=\"post-thumbnail\">\n\n\t\t\t<a class=\"post-thumbnail-rollover layzr-bg img-css-resize-wrapper\" aria-label=\"Post image\" href=\"https:\/\/observatorio-democracia.pt\/en\/the-portuguese-way-to-populism-portugal-after-the-elections\/\"><img decoding=\"async\" width=\"1024\" height=\"1024\" src=\"data:image\/svg+xml,%3Csvg%20xmlns%3D&#039;http%3A%2F%2Fwww.w3.org%2F2000%2Fsvg&#039;%20viewBox%3D&#039;0%200%201024%201024&#039;%2F%3E\" class=\"attachment-full size-full preload-me aspect lazy lazy-load\" alt=\"\" style=\"--ratio: 1024 \/ 1024;\" data-src=\"https:\/\/observatorio-democracia.pt\/wp-content\/uploads\/2025\/06\/portugal-caminho-populismo-e1750287201600.png\" loading=\"eager\" \/><span class=\"the7-hover-icon\"><i aria-hidden=\"true\" class=\"feather feather-more-horizontal\"><\/i><\/span><\/a>\n\t\t<\/div>\n\t<\/div>\n\n\n<div class=\"post-entry-content\">\n\n\t<h3 class=\"ele-entry-title\"><a href=\"https:\/\/observatorio-democracia.pt\/en\/the-portuguese-way-to-populism-portugal-after-the-elections\/\" rel=\"bookmark\" title=\"The Portuguese way to populism? Portugal after the elections\">The Portuguese way to populism? Portugal after the elections<\/a><\/h3><div class=\"entry-meta\"><span class=\"meta-item category-link\"><a href=\"https:\/\/observatorio-democracia.pt\/en\/category\/noticias-en\/\" rel=\"tag\">News<\/a><\/span><span class=\"meta-item data-link\"><time class=\"entry-date updated\" datetime=\"2025-06-18T23:14:06+00:00\">18 de June, 2025<\/time><\/span><\/div><div class=\"entry-excerpt\"><p>Guya Accornero Jos\u00e9 Santana Pereira analyze the impacts after the legislative elections on the Italian platform Network for the Study&hellip;<\/p>\n<\/div><a href=\"https:\/\/observatorio-democracia.pt\/en\/the-portuguese-way-to-populism-portugal-after-the-elections\/\" target=\"\" aria-label=\"Read more about The Portuguese way to populism? Portugal after the elections\" class=\"box-button elementor-button elementor-size-xs\">Ler mais<\/a>\n<\/div><\/article><\/div><div class=\"visible wf-cell\" data-post-id=\"55185\" data-date=\"2025-06-02T18:27:02+00:00\" data-name=\"Jos\u00e9 Santana Pereira and Guya Accornero analyze the impact of the 2025 legislative elections\"><article class=\"post visible post-55185 type-post status-publish format-standard has-post-thumbnail hentry category-noticias-en\" data-name=\"Jos\u00e9 Santana Pereira and Guya Accornero analyze the impact of the 2025 legislative elections\" data-date=\"2025-06-02T18:27:02+00:00\">\n\n\t<div class=\"post-thumbnail-wrap\">\n\t\t<div class=\"post-thumbnail\">\n\n\t\t\t<a class=\"post-thumbnail-rollover layzr-bg img-css-resize-wrapper\" aria-label=\"Post image\" href=\"https:\/\/observatorio-democracia.pt\/en\/jose-santana-pereira-and-guya-accornero-analyze-the-impact-of-the-2025-legislative-elections\/\"><img decoding=\"async\" width=\"1024\" height=\"1024\" src=\"data:image\/svg+xml,%3Csvg%20xmlns%3D&#039;http%3A%2F%2Fwww.w3.org%2F2000%2Fsvg&#039;%20viewBox%3D&#039;0%200%201024%201024&#039;%2F%3E\" class=\"attachment-full size-full preload-me aspect lazy lazy-load\" alt=\"\" style=\"--ratio: 1024 \/ 1024;\" data-src=\"https:\/\/observatorio-democracia.pt\/wp-content\/uploads\/2025\/06\/imagem-texto-eleicao-portuguesa-e1748888798319.jpg\" loading=\"eager\" \/><span class=\"the7-hover-icon\"><i aria-hidden=\"true\" class=\"feather feather-more-horizontal\"><\/i><\/span><\/a>\n\t\t<\/div>\n\t<\/div>\n\n\n<div class=\"post-entry-content\">\n\n\t<h3 class=\"ele-entry-title\"><a href=\"https:\/\/observatorio-democracia.pt\/en\/jose-santana-pereira-and-guya-accornero-analyze-the-impact-of-the-2025-legislative-elections\/\" rel=\"bookmark\" title=\"Jos\u00e9 Santana Pereira and Guya Accornero analyze the impact of the 2025 legislative elections\">Jos\u00e9 Santana Pereira and Guya Accornero analyze the impact of the 2025 legislative elections<\/a><\/h3><div class=\"entry-meta\"><span class=\"meta-item category-link\"><a href=\"https:\/\/observatorio-democracia.pt\/en\/category\/noticias-en\/\" rel=\"tag\">News<\/a><\/span><span class=\"meta-item data-link\"><time class=\"entry-date updated\" datetime=\"2025-06-02T18:27:02+00:00\">2 de June, 2025<\/time><\/span><\/div><div class=\"entry-excerpt\"><p>In an article published on the Who Governs Europe platform, the directors of the Observatory of Democracy and Political Representation,&hellip;<\/p>\n<\/div><a href=\"https:\/\/observatorio-democracia.pt\/en\/jose-santana-pereira-and-guya-accornero-analyze-the-impact-of-the-2025-legislative-elections\/\" target=\"\" aria-label=\"Read more about Jos\u00e9 Santana Pereira and Guya Accornero analyze the impact of the 2025 legislative elections\" class=\"box-button elementor-button elementor-size-xs\">Ler mais<\/a>\n<\/div><\/article><\/div><div class=\"visible wf-cell\" data-post-id=\"55163\" data-date=\"2025-05-19T18:12:48+00:00\" data-name=\"ODRP hosts Transparencia Electoral for briefing on Portuguese legislative elections\"><article class=\"post visible post-55163 type-post status-publish format-standard has-post-thumbnail hentry category-noticias-en\" data-name=\"ODRP hosts Transparencia Electoral for briefing on Portuguese legislative elections\" data-date=\"2025-05-19T18:12:48+00:00\">\n\n\t<div class=\"post-thumbnail-wrap\">\n\t\t<div class=\"post-thumbnail\">\n\n\t\t\t<a class=\"post-thumbnail-rollover layzr-bg img-css-resize-wrapper\" aria-label=\"Post image\" href=\"https:\/\/observatorio-democracia.pt\/en\/odrp-hosts-transparencia-electoral\/\"><img decoding=\"async\" width=\"2560\" height=\"1708\" src=\"data:image\/svg+xml,%3Csvg%20xmlns%3D&#039;http%3A%2F%2Fwww.w3.org%2F2000%2Fsvg&#039;%20viewBox%3D&#039;0%200%202560%201708&#039;%2F%3E\" class=\"attachment-full size-full preload-me aspect lazy lazy-load\" alt=\"\" style=\"--ratio: 2560 \/ 1708;\" data-src=\"https:\/\/observatorio-democracia.pt\/wp-content\/uploads\/2025\/05\/IMG_4100-scaled-e1747677598457.jpg\" loading=\"eager\" \/><span class=\"the7-hover-icon\"><i aria-hidden=\"true\" class=\"feather feather-more-horizontal\"><\/i><\/span><\/a>\n\t\t<\/div>\n\t<\/div>\n\n\n<div class=\"post-entry-content\">\n\n\t<h3 class=\"ele-entry-title\"><a href=\"https:\/\/observatorio-democracia.pt\/en\/odrp-hosts-transparencia-electoral\/\" rel=\"bookmark\" title=\"ODRP hosts Transparencia Electoral for briefing on Portuguese legislative elections\">ODRP hosts Transparencia Electoral for briefing on Portuguese legislative elections<\/a><\/h3><div class=\"entry-meta\"><span class=\"meta-item category-link\"><a href=\"https:\/\/observatorio-democracia.pt\/en\/category\/noticias-en\/\" rel=\"tag\">News<\/a><\/span><span class=\"meta-item data-link\"><time class=\"entry-date updated\" datetime=\"2025-05-19T18:12:48+00:00\">19 de May, 2025<\/time><\/span><\/div><div class=\"entry-excerpt\"><p>Observatory for Democracy and Political Representation held a briefing session on the rules, situation and specificities of the Portuguese legislative&hellip;<\/p>\n<\/div><a href=\"https:\/\/observatorio-democracia.pt\/en\/odrp-hosts-transparencia-electoral\/\" target=\"\" aria-label=\"Read more about ODRP hosts Transparencia Electoral for briefing on Portuguese legislative elections\" class=\"box-button elementor-button elementor-size-xs\">Ler mais<\/a>\n<\/div><\/article><\/div><div class=\"hidden wf-cell\" data-post-id=\"55018\" data-date=\"2025-02-03T19:22:24+00:00\" data-name=\"European Consortium for Political Research (ECPR) calls February - June\"><article class=\"post visible post-55018 type-post status-publish format-standard has-post-thumbnail hentry category-noticias-en\" data-name=\"European Consortium for Political Research (ECPR) calls February &#8211; June\" data-date=\"2025-02-03T19:22:24+00:00\">\n\n\t<div class=\"post-thumbnail-wrap\">\n\t\t<div class=\"post-thumbnail\">\n\n\t\t\t<a class=\"post-thumbnail-rollover layzr-bg img-css-resize-wrapper\" aria-label=\"Post image\" href=\"https:\/\/observatorio-democracia.pt\/en\/european-consortium-for-political-research-ecpr-calls-february-june\/\"><img decoding=\"async\" width=\"1500\" height=\"1000\" src=\"data:image\/svg+xml,%3Csvg%20xmlns%3D&#039;http%3A%2F%2Fwww.w3.org%2F2000%2Fsvg&#039;%20viewBox%3D&#039;0%200%201500%201000&#039;%2F%3E\" class=\"attachment-full size-full preload-me aspect lazy lazy-load\" alt=\"\" style=\"--ratio: 1500 \/ 1000;\" data-src=\"https:\/\/observatorio-democracia.pt\/wp-content\/uploads\/2020\/04\/ba-017-e1735826541405.jpg\" loading=\"eager\" \/><span class=\"the7-hover-icon\"><i aria-hidden=\"true\" class=\"feather feather-more-horizontal\"><\/i><\/span><\/a>\n\t\t<\/div>\n\t<\/div>\n\n\n<div class=\"post-entry-content\">\n\n\t<h3 class=\"ele-entry-title\"><a href=\"https:\/\/observatorio-democracia.pt\/en\/european-consortium-for-political-research-ecpr-calls-february-june\/\" rel=\"bookmark\" title=\"European Consortium for Political Research (ECPR) calls February &#8211; June\">European Consortium for Political Research (ECPR) calls February &#8211; June<\/a><\/h3><div class=\"entry-meta\"><span class=\"meta-item category-link\"><a href=\"https:\/\/observatorio-democracia.pt\/en\/category\/noticias-en\/\" rel=\"tag\">News<\/a><\/span><span class=\"meta-item data-link\"><time class=\"entry-date updated\" datetime=\"2025-02-03T19:22:24+00:00\">3 de February, 2025<\/time><\/span><\/div><div class=\"entry-excerpt\"><p>We are sharing in our site some calls from the European Consortium for Political Research (ECPR) in February until June<\/p>\n<\/div><a href=\"https:\/\/observatorio-democracia.pt\/en\/european-consortium-for-political-research-ecpr-calls-february-june\/\" target=\"\" aria-label=\"Read more about European Consortium for Political Research (ECPR) calls February &#8211; June\" class=\"box-button elementor-button elementor-size-xs\">Ler mais<\/a>\n<\/div><\/article><\/div><div class=\"hidden wf-cell\" data-post-id=\"54979\" data-date=\"2025-01-09T13:25:58+00:00\" data-name=\"Contested Solidarities: Contentious Politics Between Resistance, Backlash and Change\"><article class=\"post visible post-54979 type-post status-publish format-standard has-post-thumbnail hentry category-noticias-en\" data-name=\"Contested Solidarities: Contentious Politics Between Resistance, Backlash and Change\" data-date=\"2025-01-09T13:25:58+00:00\">\n\n\t<div class=\"post-thumbnail-wrap\">\n\t\t<div class=\"post-thumbnail\">\n\n\t\t\t<a class=\"post-thumbnail-rollover layzr-bg img-css-resize-wrapper\" aria-label=\"Post image\" href=\"https:\/\/observatorio-democracia.pt\/en\/contested-solidarities-contentious-politics-between-resistance-backlash-and-change\/\"><img decoding=\"async\" width=\"1024\" height=\"1024\" src=\"data:image\/svg+xml,%3Csvg%20xmlns%3D&#039;http%3A%2F%2Fwww.w3.org%2F2000%2Fsvg&#039;%20viewBox%3D&#039;0%200%201024%201024&#039;%2F%3E\" class=\"attachment-full size-full preload-me aspect lazy lazy-load\" alt=\"\" style=\"--ratio: 1024 \/ 1024;\" data-src=\"https:\/\/observatorio-democracia.pt\/wp-content\/uploads\/2025\/01\/imagem-megafone-protesto-e1736429425528.jpg\" loading=\"eager\" \/><span class=\"the7-hover-icon\"><i aria-hidden=\"true\" class=\"feather feather-more-horizontal\"><\/i><\/span><\/a>\n\t\t<\/div>\n\t<\/div>\n\n\n<div class=\"post-entry-content\">\n\n\t<h3 class=\"ele-entry-title\"><a href=\"https:\/\/observatorio-democracia.pt\/en\/contested-solidarities-contentious-politics-between-resistance-backlash-and-change\/\" rel=\"bookmark\" title=\"Contested Solidarities: Contentious Politics Between Resistance, Backlash and Change\">Contested Solidarities: Contentious Politics Between Resistance, Backlash and Change<\/a><\/h3><div class=\"entry-meta\"><span class=\"meta-item category-link\"><a href=\"https:\/\/observatorio-democracia.pt\/en\/category\/noticias-en\/\" rel=\"tag\">News<\/a><\/span><span class=\"meta-item data-link\"><time class=\"entry-date updated\" datetime=\"2025-01-09T13:25:58+00:00\">9 de January, 2025<\/time><\/span><\/div><div class=\"entry-excerpt\"><p>From June 16 to 18, 2025, the conference &#8220;Contested Solidarities: Contentious Politics Between Resistance, Backlash and Change&#8221; will take place&hellip;<\/p>\n<\/div><a href=\"https:\/\/observatorio-democracia.pt\/en\/contested-solidarities-contentious-politics-between-resistance-backlash-and-change\/\" target=\"\" aria-label=\"Read more about Contested Solidarities: Contentious Politics Between Resistance, Backlash and Change\" class=\"box-button elementor-button elementor-size-xs\">Ler mais<\/a>\n<\/div><\/article><\/div><div class=\"hidden wf-cell\" data-post-id=\"54959\" data-date=\"2025-01-02T14:14:54+00:00\" data-name=\"European Consortium for Political Research (ECPR) calls January and February\"><article class=\"post visible post-54959 type-post status-publish format-standard has-post-thumbnail hentry category-noticias-en\" data-name=\"European Consortium for Political Research (ECPR) calls January and February\" data-date=\"2025-01-02T14:14:54+00:00\">\n\n\t<div class=\"post-thumbnail-wrap\">\n\t\t<div class=\"post-thumbnail\">\n\n\t\t\t<a class=\"post-thumbnail-rollover layzr-bg img-css-resize-wrapper\" aria-label=\"Post image\" href=\"https:\/\/observatorio-democracia.pt\/en\/european-consortium-for-political-research-ecpr-calls-january-february\/\"><img decoding=\"async\" width=\"1500\" height=\"1000\" src=\"data:image\/svg+xml,%3Csvg%20xmlns%3D&#039;http%3A%2F%2Fwww.w3.org%2F2000%2Fsvg&#039;%20viewBox%3D&#039;0%200%201500%201000&#039;%2F%3E\" class=\"attachment-full size-full preload-me aspect lazy lazy-load\" alt=\"\" style=\"--ratio: 1500 \/ 1000;\" data-src=\"https:\/\/observatorio-democracia.pt\/wp-content\/uploads\/2020\/04\/ba-017-e1735826541405.jpg\" loading=\"eager\" \/><span class=\"the7-hover-icon\"><i aria-hidden=\"true\" class=\"feather feather-more-horizontal\"><\/i><\/span><\/a>\n\t\t<\/div>\n\t<\/div>\n\n\n<div class=\"post-entry-content\">\n\n\t<h3 class=\"ele-entry-title\"><a href=\"https:\/\/observatorio-democracia.pt\/en\/european-consortium-for-political-research-ecpr-calls-january-february\/\" rel=\"bookmark\" title=\"European Consortium for Political Research (ECPR) calls January and February\">European Consortium for Political Research (ECPR) calls January and February<\/a><\/h3><div class=\"entry-meta\"><span class=\"meta-item category-link\"><a href=\"https:\/\/observatorio-democracia.pt\/en\/category\/noticias-en\/\" rel=\"tag\">News<\/a><\/span><span class=\"meta-item data-link\"><time class=\"entry-date updated\" datetime=\"2025-01-02T14:14:54+00:00\">2 de January, 2025<\/time><\/span><\/div><div class=\"entry-excerpt\"><p>We are sharing in our site some calls from the European Consortium for Political Research (ECPR) in January and February<\/p>\n<\/div><a href=\"https:\/\/observatorio-democracia.pt\/en\/european-consortium-for-political-research-ecpr-calls-january-february\/\" target=\"\" aria-label=\"Read more about European Consortium for Political Research (ECPR) calls January and February\" class=\"box-button elementor-button elementor-size-xs\">Ler mais<\/a>\n<\/div><\/article><\/div><div class=\"hidden wf-cell\" data-post-id=\"54778\" data-date=\"2024-12-04T18:54:08+00:00\" data-name=\"World Democracy Status Report 2023 Now Available\"><article class=\"post visible post-54778 type-post status-publish format-standard has-post-thumbnail hentry category-noticias-en\" data-name=\"World Democracy Status Report 2023 Now Available\" data-date=\"2024-12-04T18:54:08+00:00\">\n\n\t<div class=\"post-thumbnail-wrap\">\n\t\t<div class=\"post-thumbnail\">\n\n\t\t\t<a class=\"post-thumbnail-rollover layzr-bg img-css-resize-wrapper\" aria-label=\"Post image\" href=\"https:\/\/observatorio-democracia.pt\/en\/world-democracy-status-report-2023-now-available\/\"><img decoding=\"async\" width=\"1100\" height=\"735\" src=\"data:image\/svg+xml,%3Csvg%20xmlns%3D&#039;http%3A%2F%2Fwww.w3.org%2F2000%2Fsvg&#039;%20viewBox%3D&#039;0%200%201100%20735&#039;%2F%3E\" class=\"attachment-full size-full preload-me aspect lazy lazy-load\" alt=\"\" sizes=\"(max-width: 1100px) 100vw, 1100px\" style=\"--ratio: 1100 \/ 735;\" data-src=\"https:\/\/observatorio-democracia.pt\/wp-content\/uploads\/2024\/12\/Base-site-relatorio-democracia-2023.png\" loading=\"eager\" data-srcset=\"https:\/\/observatorio-democracia.pt\/wp-content\/uploads\/2024\/12\/Base-site-relatorio-democracia-2023.png 1100w, https:\/\/observatorio-democracia.pt\/wp-content\/uploads\/2024\/12\/Base-site-relatorio-democracia-2023-300x200.png 300w, https:\/\/observatorio-democracia.pt\/wp-content\/uploads\/2024\/12\/Base-site-relatorio-democracia-2023-1024x684.png 1024w, https:\/\/observatorio-democracia.pt\/wp-content\/uploads\/2024\/12\/Base-site-relatorio-democracia-2023-768x513.png 768w, https:\/\/observatorio-democracia.pt\/wp-content\/uploads\/2024\/12\/Base-site-relatorio-democracia-2023-391x260.png 391w, https:\/\/observatorio-democracia.pt\/wp-content\/uploads\/2024\/12\/Base-site-relatorio-democracia-2023-1000x668.png 1000w\" \/><span class=\"the7-hover-icon\"><i aria-hidden=\"true\" class=\"feather feather-more-horizontal\"><\/i><\/span><\/a>\n\t\t<\/div>\n\t<\/div>\n\n\n<div class=\"post-entry-content\">\n\n\t<h3 class=\"ele-entry-title\"><a href=\"https:\/\/observatorio-democracia.pt\/en\/world-democracy-status-report-2023-now-available\/\" rel=\"bookmark\" title=\"World Democracy Status Report 2023 Now Available\">World Democracy Status Report 2023 Now Available<\/a><\/h3><div class=\"entry-meta\"><span class=\"meta-item category-link\"><a href=\"https:\/\/observatorio-democracia.pt\/en\/category\/noticias-en\/\" rel=\"tag\">News<\/a><\/span><span class=\"meta-item data-link\"><time class=\"entry-date updated\" datetime=\"2024-12-04T18:54:08+00:00\">4 de December, 2024<\/time><\/span><\/div><div class=\"entry-excerpt\"><p>This report offers a comprehensive synthesis of the main global democracy reports, including the Democracy Report 2023, the Global State&hellip;<\/p>\n<\/div><a href=\"https:\/\/observatorio-democracia.pt\/en\/world-democracy-status-report-2023-now-available\/\" target=\"\" aria-label=\"Read more about World Democracy Status Report 2023 Now Available\" class=\"box-button elementor-button elementor-size-xs\">Ler mais<\/a>\n<\/div><\/article><\/div><div class=\"hidden wf-cell\" data-post-id=\"54717\" data-date=\"2024-11-28T18:44:03+00:00\" data-name=\"Suggested reading: \u201cO eleitorado portugu\u00eas no s\u00e9culo XXI\u201d\"><article class=\"post visible post-54717 type-post status-publish format-standard has-post-thumbnail hentry category-noticias-en\" data-name=\"Suggested reading: \u201cO eleitorado portugu\u00eas no s\u00e9culo XXI\u201d\" data-date=\"2024-11-28T18:44:03+00:00\">\n\n\t<div class=\"post-thumbnail-wrap\">\n\t\t<div class=\"post-thumbnail\">\n\n\t\t\t<a class=\"post-thumbnail-rollover layzr-bg img-css-resize-wrapper\" aria-label=\"Post image\" href=\"https:\/\/observatorio-democracia.pt\/en\/suggested-reading-o-eleitorado-portugues-no-seculo-xxi\/\"><img decoding=\"async\" width=\"1100\" height=\"735\" src=\"data:image\/svg+xml,%3Csvg%20xmlns%3D&#039;http%3A%2F%2Fwww.w3.org%2F2000%2Fsvg&#039;%20viewBox%3D&#039;0%200%201100%20735&#039;%2F%3E\" class=\"attachment-full size-full preload-me aspect lazy lazy-load\" alt=\"\" sizes=\"(max-width: 1100px) 100vw, 1100px\" style=\"--ratio: 1100 \/ 735;\" data-src=\"https:\/\/observatorio-democracia.pt\/wp-content\/uploads\/2024\/11\/Base-site-eleitorado-pt-sec-XXI.png\" loading=\"eager\" data-srcset=\"https:\/\/observatorio-democracia.pt\/wp-content\/uploads\/2024\/11\/Base-site-eleitorado-pt-sec-XXI.png 1100w, https:\/\/observatorio-democracia.pt\/wp-content\/uploads\/2024\/11\/Base-site-eleitorado-pt-sec-XXI-300x200.png 300w, https:\/\/observatorio-democracia.pt\/wp-content\/uploads\/2024\/11\/Base-site-eleitorado-pt-sec-XXI-1024x684.png 1024w, https:\/\/observatorio-democracia.pt\/wp-content\/uploads\/2024\/11\/Base-site-eleitorado-pt-sec-XXI-768x513.png 768w, https:\/\/observatorio-democracia.pt\/wp-content\/uploads\/2024\/11\/Base-site-eleitorado-pt-sec-XXI-391x260.png 391w, https:\/\/observatorio-democracia.pt\/wp-content\/uploads\/2024\/11\/Base-site-eleitorado-pt-sec-XXI-1000x668.png 1000w\" \/><span class=\"the7-hover-icon\"><i aria-hidden=\"true\" class=\"feather feather-more-horizontal\"><\/i><\/span><\/a>\n\t\t<\/div>\n\t<\/div>\n\n\n<div class=\"post-entry-content\">\n\n\t<h3 class=\"ele-entry-title\"><a href=\"https:\/\/observatorio-democracia.pt\/en\/suggested-reading-o-eleitorado-portugues-no-seculo-xxi\/\" rel=\"bookmark\" title=\"Suggested reading: \u201cO eleitorado portugu\u00eas no s\u00e9culo XXI\u201d\">Suggested reading: \u201cO eleitorado portugu\u00eas no s\u00e9culo XXI\u201d<\/a><\/h3><div class=\"entry-meta\"><span class=\"meta-item category-link\"><a href=\"https:\/\/observatorio-democracia.pt\/en\/category\/noticias-en\/\" rel=\"tag\">News<\/a><\/span><span class=\"meta-item data-link\"><time class=\"entry-date updated\" datetime=\"2024-11-28T18:44:03+00:00\">28 de November, 2024<\/time><\/span><\/div><div class=\"entry-excerpt\"><p>Organized by Marina Costa Lobo and Ana Espirito-Santo, \u201cO eleitorado portugu\u00eas no s\u00e9culo XXI\u201d analyzes the significant political changes resulting&hellip;<\/p>\n<\/div><a href=\"https:\/\/observatorio-democracia.pt\/en\/suggested-reading-o-eleitorado-portugues-no-seculo-xxi\/\" target=\"\" aria-label=\"Read more about Suggested reading: \u201cO eleitorado portugu\u00eas no s\u00e9culo XXI\u201d\" class=\"box-button elementor-button elementor-size-xs\">Ler mais<\/a>\n<\/div><\/article><\/div><div class=\"hidden wf-cell\" data-post-id=\"54703\" data-date=\"2024-11-28T17:24:34+00:00\" data-name=\"Suggested reading: Democratic Quality in Southern Europe\"><article class=\"post visible post-54703 type-post status-publish format-standard has-post-thumbnail hentry category-noticias-en\" data-name=\"Suggested reading: Democratic Quality in Southern Europe\" data-date=\"2024-11-28T17:24:34+00:00\">\n\n\t<div class=\"post-thumbnail-wrap\">\n\t\t<div class=\"post-thumbnail\">\n\n\t\t\t<a class=\"post-thumbnail-rollover layzr-bg img-css-resize-wrapper\" aria-label=\"Post image\" href=\"https:\/\/observatorio-democracia.pt\/en\/democratic-quality-in-southern-europe\/\"><img decoding=\"async\" width=\"1100\" height=\"735\" src=\"data:image\/svg+xml,%3Csvg%20xmlns%3D&#039;http%3A%2F%2Fwww.w3.org%2F2000%2Fsvg&#039;%20viewBox%3D&#039;0%200%201100%20735&#039;%2F%3E\" class=\"attachment-full size-full preload-me aspect lazy lazy-load\" alt=\"\" sizes=\"(max-width: 1100px) 100vw, 1100px\" style=\"--ratio: 1100 \/ 735;\" data-src=\"https:\/\/observatorio-democracia.pt\/wp-content\/uploads\/2024\/11\/Base-site-democratic-quality.png\" loading=\"eager\" data-srcset=\"https:\/\/observatorio-democracia.pt\/wp-content\/uploads\/2024\/11\/Base-site-democratic-quality.png 1100w, https:\/\/observatorio-democracia.pt\/wp-content\/uploads\/2024\/11\/Base-site-democratic-quality-300x200.png 300w, https:\/\/observatorio-democracia.pt\/wp-content\/uploads\/2024\/11\/Base-site-democratic-quality-1024x684.png 1024w, https:\/\/observatorio-democracia.pt\/wp-content\/uploads\/2024\/11\/Base-site-democratic-quality-768x513.png 768w, https:\/\/observatorio-democracia.pt\/wp-content\/uploads\/2024\/11\/Base-site-democratic-quality-391x260.png 391w, https:\/\/observatorio-democracia.pt\/wp-content\/uploads\/2024\/11\/Base-site-democratic-quality-1000x668.png 1000w\" \/><span class=\"the7-hover-icon\"><i aria-hidden=\"true\" class=\"feather feather-more-horizontal\"><\/i><\/span><\/a>\n\t\t<\/div>\n\t<\/div>\n\n\n<div class=\"post-entry-content\">\n\n\t<h3 class=\"ele-entry-title\"><a href=\"https:\/\/observatorio-democracia.pt\/en\/democratic-quality-in-southern-europe\/\" rel=\"bookmark\" title=\"Suggested reading: Democratic Quality in Southern Europe\">Suggested reading: Democratic Quality in Southern Europe<\/a><\/h3><div class=\"entry-meta\"><span class=\"meta-item category-link\"><a href=\"https:\/\/observatorio-democracia.pt\/en\/category\/noticias-en\/\" rel=\"tag\">News<\/a><\/span><span class=\"meta-item data-link\"><time class=\"entry-date updated\" datetime=\"2024-11-28T17:24:34+00:00\">28 de November, 2024<\/time><\/span><\/div><div class=\"entry-excerpt\"><p>Democratic Quality in Southern Europe, edited by Tiago Fernades, analyzes the democratic trajectories of France, Greece, Italy, Portugal and Spain&hellip;<\/p>\n<\/div><a href=\"https:\/\/observatorio-democracia.pt\/en\/democratic-quality-in-southern-europe\/\" target=\"\" aria-label=\"Read more about Suggested reading: Democratic Quality in Southern Europe\" class=\"box-button elementor-button elementor-size-xs\">Ler mais<\/a>\n<\/div><\/article><\/div><div class=\"hidden wf-cell\" data-post-id=\"54663\" data-date=\"2024-11-01T12:21:23+00:00\" data-name=\"To our dear Andr\u00e9 Freire\"><article class=\"post visible post-54663 type-post status-publish format-standard has-post-thumbnail hentry category-noticias-en\" data-name=\"To our dear Andr\u00e9 Freire\" data-date=\"2024-11-01T12:21:23+00:00\">\n\n\t<div class=\"post-thumbnail-wrap\">\n\t\t<div class=\"post-thumbnail\">\n\n\t\t\t<a class=\"post-thumbnail-rollover layzr-bg img-css-resize-wrapper\" aria-label=\"Post image\" href=\"https:\/\/observatorio-democracia.pt\/en\/to-our-dear-andre-freire\/\"><img decoding=\"async\" width=\"1600\" height=\"1063\" src=\"data:image\/svg+xml,%3Csvg%20xmlns%3D&#039;http%3A%2F%2Fwww.w3.org%2F2000%2Fsvg&#039;%20viewBox%3D&#039;0%200%201600%201063&#039;%2F%3E\" class=\"attachment-full size-full preload-me aspect lazy lazy-load\" alt=\"\" style=\"--ratio: 1600 \/ 1063;\" data-src=\"https:\/\/observatorio-democracia.pt\/wp-content\/uploads\/2023\/03\/brown-bag-seminars-2023-observatorio-da-democracia-e-da-representacao-politica_007_52904801830_o-e1719328972929.jpg\" loading=\"eager\" \/><span class=\"the7-hover-icon\"><i aria-hidden=\"true\" class=\"feather feather-more-horizontal\"><\/i><\/span><\/a>\n\t\t<\/div>\n\t<\/div>\n\n\n<div class=\"post-entry-content\">\n\n\t<h3 class=\"ele-entry-title\"><a href=\"https:\/\/observatorio-democracia.pt\/en\/to-our-dear-andre-freire\/\" rel=\"bookmark\" title=\"To our dear Andr\u00e9 Freire\">To our dear Andr\u00e9 Freire<\/a><\/h3><div class=\"entry-meta\"><span class=\"meta-item category-link\"><a href=\"https:\/\/observatorio-democracia.pt\/en\/category\/noticias-en\/\" rel=\"tag\">News<\/a><\/span><span class=\"meta-item data-link\"><time class=\"entry-date updated\" datetime=\"2024-11-01T12:21:23+00:00\">1 de November, 2024<\/time><\/span><\/div><div class=\"entry-excerpt\"><p>Andr\u00e9 Freire, in addition to being a brilliant scholar and leaving an indelible legacy in Portuguese political science, stood out&hellip;<\/p>\n<\/div><a href=\"https:\/\/observatorio-democracia.pt\/en\/to-our-dear-andre-freire\/\" target=\"\" aria-label=\"Read more about To our dear Andr\u00e9 Freire\" class=\"box-button elementor-button elementor-size-xs\">Ler mais<\/a>\n<\/div><\/article><\/div><div class=\"hidden wf-cell\" data-post-id=\"54550\" data-date=\"2024-10-23T19:27:08+00:00\" data-name=\"Seminar celebrates 10 years of reflection on social movements and political action\"><article class=\"post visible post-54550 type-post status-publish format-standard has-post-thumbnail hentry category-noticias-en category-noticias\" data-name=\"Seminar celebrates 10 years of reflection on social movements and political action\" data-date=\"2024-10-23T19:27:08+00:00\">\n\n\t<div class=\"post-thumbnail-wrap\">\n\t\t<div class=\"post-thumbnail\">\n\n\t\t\t<a class=\"post-thumbnail-rollover layzr-bg img-css-resize-wrapper\" aria-label=\"Post image\" href=\"https:\/\/observatorio-democracia.pt\/en\/monthly-seminar-social-movements-and-political-action-celebrated-its-10-anniversary\/\"><img decoding=\"async\" width=\"2560\" height=\"1920\" src=\"data:image\/svg+xml,%3Csvg%20xmlns%3D&#039;http%3A%2F%2Fwww.w3.org%2F2000%2Fsvg&#039;%20viewBox%3D&#039;0%200%202560%201920&#039;%2F%3E\" class=\"attachment-full size-full preload-me aspect lazy lazy-load\" alt=\"\" style=\"--ratio: 2560 \/ 1920;\" data-src=\"https:\/\/observatorio-democracia.pt\/wp-content\/uploads\/2024\/10\/10-anos-Seminario-Movimentos-Sociais-10-scaled-e1729711191556.jpg\" loading=\"eager\" \/><span class=\"the7-hover-icon\"><i aria-hidden=\"true\" class=\"feather feather-more-horizontal\"><\/i><\/span><\/a>\n\t\t<\/div>\n\t<\/div>\n\n\n<div class=\"post-entry-content\">\n\n\t<h3 class=\"ele-entry-title\"><a href=\"https:\/\/observatorio-democracia.pt\/en\/monthly-seminar-social-movements-and-political-action-celebrated-its-10-anniversary\/\" rel=\"bookmark\" title=\"Seminar celebrates 10 years of reflection on social movements and political action\">Seminar celebrates 10 years of reflection on social movements and political action<\/a><\/h3><div class=\"entry-meta\"><span class=\"meta-item category-link\"><a href=\"https:\/\/observatorio-democracia.pt\/en\/category\/noticias-en\/\" rel=\"tag\">News<\/a>, <a href=\"https:\/\/observatorio-democracia.pt\/category\/noticias\/\" rel=\"tag\">Not\u00edcias<\/a><\/span><span class=\"meta-item data-link\"><time class=\"entry-date updated\" datetime=\"2024-10-23T19:27:08+00:00\">23 de October, 2024<\/time><\/span><\/div><div class=\"entry-excerpt\"><p>The Monthly Seminar Social Movements and Political Action celebrated its 10th anniversary on October 15, 2024, with a special edition&hellip;<\/p>\n<\/div><a href=\"https:\/\/observatorio-democracia.pt\/en\/monthly-seminar-social-movements-and-political-action-celebrated-its-10-anniversary\/\" target=\"\" aria-label=\"Read more about Seminar celebrates 10 years of reflection on social movements and political action\" class=\"box-button elementor-button elementor-size-xs\">Ler mais<\/a>\n<\/div><\/article><\/div><div class=\"hidden wf-cell\" data-post-id=\"54158\" data-date=\"2024-05-21T18:06:12+00:00\" data-name=\"The book Contesting Austerity: Social Movements and the Left in Portugal and Spain (2008-2015), by Tiago Carvalho (CIES-Iscte), has been awarded the Jo\u00e3o Ferreira de Almeida prize\"><article class=\"post visible post-54158 type-post status-publish format-standard has-post-thumbnail hentry category-noticias-en\" data-name=\"The book Contesting Austerity: Social Movements and the Left in Portugal and Spain (2008-2015), by Tiago Carvalho (CIES-Iscte), has been awarded the Jo\u00e3o Ferreira de Almeida prize\" data-date=\"2024-05-21T18:06:12+00:00\">\n\n\t<div class=\"post-thumbnail-wrap\">\n\t\t<div class=\"post-thumbnail\">\n\n\t\t\t<a class=\"post-thumbnail-rollover layzr-bg img-css-resize-wrapper\" aria-label=\"Post image\" href=\"https:\/\/observatorio-democracia.pt\/en\/the-book-contesting-austerity-social-movements-and-the-left-in-portugal-and-spain-2008-2015-by-tiago-carvalho-cies-iscte-has-been-awarded-the-joao-ferreira-de-almeida-prize\/\"><img decoding=\"async\" width=\"940\" height=\"788\" src=\"data:image\/svg+xml,%3Csvg%20xmlns%3D&#039;http%3A%2F%2Fwww.w3.org%2F2000%2Fsvg&#039;%20viewBox%3D&#039;0%200%20940%20788&#039;%2F%3E\" class=\"attachment-full size-full preload-me aspect lazy lazy-load\" alt=\"\" style=\"--ratio: 940 \/ 788;\" data-src=\"https:\/\/observatorio-democracia.pt\/wp-content\/uploads\/2024\/05\/441157448_828381705991849_37975696444957-e1716314030613.jpg\" loading=\"eager\" \/><span class=\"the7-hover-icon\"><i aria-hidden=\"true\" class=\"feather feather-more-horizontal\"><\/i><\/span><\/a>\n\t\t<\/div>\n\t<\/div>\n\n\n<div class=\"post-entry-content\">\n\n\t<h3 class=\"ele-entry-title\"><a href=\"https:\/\/observatorio-democracia.pt\/en\/the-book-contesting-austerity-social-movements-and-the-left-in-portugal-and-spain-2008-2015-by-tiago-carvalho-cies-iscte-has-been-awarded-the-joao-ferreira-de-almeida-prize\/\" rel=\"bookmark\" title=\"The book Contesting Austerity: Social Movements and the Left in Portugal and Spain (2008-2015), by Tiago Carvalho (CIES-Iscte), has been awarded the Jo\u00e3o Ferreira de Almeida prize\">The book Contesting Austerity: Social Movements and the Left in Portugal and Spain (2008-2015), by Tiago Carvalho (CIES-Iscte), has been awarded the Jo\u00e3o Ferreira de Almeida prize<\/a><\/h3><div class=\"entry-meta\"><span class=\"meta-item category-link\"><a href=\"https:\/\/observatorio-democracia.pt\/en\/category\/noticias-en\/\" rel=\"tag\">News<\/a><\/span><span class=\"meta-item data-link\"><time class=\"entry-date updated\" datetime=\"2024-05-21T18:06:12+00:00\">21 de May, 2024<\/time><\/span><\/div><div class=\"entry-excerpt\"><p>The book Contesting Austerity: Social Movements and the Left in Portugal and Spain (2008-2015), by Tiago Carvalho (CIES-Iscte), has been&hellip;<\/p>\n<\/div><a href=\"https:\/\/observatorio-democracia.pt\/en\/the-book-contesting-austerity-social-movements-and-the-left-in-portugal-and-spain-2008-2015-by-tiago-carvalho-cies-iscte-has-been-awarded-the-joao-ferreira-de-almeida-prize\/\" target=\"\" aria-label=\"Read more about The book Contesting Austerity: Social Movements and the Left in Portugal and Spain (2008-2015), by Tiago Carvalho (CIES-Iscte), has been awarded the Jo\u00e3o Ferreira de Almeida prize\" class=\"box-button elementor-button elementor-size-xs\">Ler mais<\/a>\n<\/div><\/article><\/div><div class=\"hidden wf-cell\" data-post-id=\"53995\" data-date=\"2024-02-27T20:07:08+00:00\" data-name=\"Guya Accornero comments on the election campaign on Antena 1 radio\"><article class=\"post visible post-53995 type-post status-publish format-standard has-post-thumbnail hentry category-noticias-en category-on-press\" data-name=\"Guya Accornero comments on the election campaign on Antena 1 radio\" data-date=\"2024-02-27T20:07:08+00:00\">\n\n\t<div class=\"post-thumbnail-wrap\">\n\t\t<div class=\"post-thumbnail\">\n\n\t\t\t<a class=\"post-thumbnail-rollover layzr-bg img-css-resize-wrapper\" aria-label=\"Post image\" href=\"https:\/\/observatorio-democracia.pt\/en\/guya-accornero-comments-on-the-election-campaign-on-antena-1-radio\/\"><img decoding=\"async\" width=\"801\" height=\"453\" src=\"data:image\/svg+xml,%3Csvg%20xmlns%3D&#039;http%3A%2F%2Fwww.w3.org%2F2000%2Fsvg&#039;%20viewBox%3D&#039;0%200%20801%20453&#039;%2F%3E\" class=\"attachment-full size-full preload-me aspect lazy lazy-load\" alt=\"\" style=\"--ratio: 801 \/ 453;\" data-src=\"https:\/\/observatorio-democracia.pt\/wp-content\/uploads\/2024\/02\/Captura-de-ecra-contra-factos-ha-argumentos-e1709064213495.png\" loading=\"eager\" \/><span class=\"the7-hover-icon\"><i aria-hidden=\"true\" class=\"feather feather-more-horizontal\"><\/i><\/span><\/a>\n\t\t<\/div>\n\t<\/div>\n\n\n<div class=\"post-entry-content\">\n\n\t<h3 class=\"ele-entry-title\"><a href=\"https:\/\/observatorio-democracia.pt\/en\/guya-accornero-comments-on-the-election-campaign-on-antena-1-radio\/\" rel=\"bookmark\" title=\"Guya Accornero comments on the election campaign on Antena 1 radio\">Guya Accornero comments on the election campaign on Antena 1 radio<\/a><\/h3><div class=\"entry-meta\"><span class=\"meta-item category-link\"><a href=\"https:\/\/observatorio-democracia.pt\/en\/category\/noticias-en\/\" rel=\"tag\">News<\/a>, <a href=\"https:\/\/observatorio-democracia.pt\/en\/category\/on-press\/\" rel=\"tag\">On Press<\/a><\/span><span class=\"meta-item data-link\"><time class=\"entry-date updated\" datetime=\"2024-02-27T20:07:08+00:00\">27 de February, 2024<\/time><\/span><\/div><div class=\"entry-excerpt\"><p>Guya Accornero, professor at Iscte &#8211; Instituto Universit\u00e1rio de Lisboa and sub-director of the Observatory of Democracy and Political Representation,&hellip;<\/p>\n<\/div><a href=\"https:\/\/observatorio-democracia.pt\/en\/guya-accornero-comments-on-the-election-campaign-on-antena-1-radio\/\" target=\"\" aria-label=\"Read more about Guya Accornero comments on the election campaign on Antena 1 radio\" class=\"box-button elementor-button elementor-size-xs\">Ler mais<\/a>\n<\/div><\/article><\/div><div class=\"hidden wf-cell\" data-post-id=\"53981\" data-date=\"2024-02-27T18:03:41+00:00\" data-name=\"How the fire in the Brazilian Amazon was discussed on Jair Bolsonaro&#039;s official Twitter account (now X) is the subject of an article by Laara Carneiro, Livino Neto, Juliana Lima and Gleice Luz.\"><article class=\"post visible post-53981 type-post status-publish format-standard has-post-thumbnail hentry category-noticias-en\" data-name=\"How the fire in the Brazilian Amazon was discussed on Jair Bolsonaro&#8217;s official Twitter account (now X) is the subject of an article by Laara Carneiro, Livino Neto, Juliana Lima and Gleice Luz.\" data-date=\"2024-02-27T18:03:41+00:00\">\n\n\t<div class=\"post-thumbnail-wrap\">\n\t\t<div class=\"post-thumbnail\">\n\n\t\t\t<a class=\"post-thumbnail-rollover layzr-bg img-css-resize-wrapper\" aria-label=\"Post image\" href=\"https:\/\/observatorio-democracia.pt\/en\/fire-brazilian-amazon-jair-bolsonaros-twitter\/\"><img decoding=\"async\" width=\"1777\" height=\"1333\" src=\"data:image\/svg+xml,%3Csvg%20xmlns%3D&#039;http%3A%2F%2Fwww.w3.org%2F2000%2Fsvg&#039;%20viewBox%3D&#039;0%200%201777%201333&#039;%2F%3E\" class=\"attachment-full size-full preload-me aspect lazy lazy-load\" alt=\"\" style=\"--ratio: 1777 \/ 1333;\" data-src=\"https:\/\/observatorio-democracia.pt\/wp-content\/uploads\/2024\/02\/Desmatamento_e_Queimdas_2020_50224576652-e1709056576481.jpg\" loading=\"eager\" \/><span class=\"the7-hover-icon\"><i aria-hidden=\"true\" class=\"feather feather-more-horizontal\"><\/i><\/span><\/a>\n\t\t<\/div>\n\t<\/div>\n\n\n<div class=\"post-entry-content\">\n\n\t<h3 class=\"ele-entry-title\"><a href=\"https:\/\/observatorio-democracia.pt\/en\/fire-brazilian-amazon-jair-bolsonaros-twitter\/\" rel=\"bookmark\" title=\"How the fire in the Brazilian Amazon was discussed on Jair Bolsonaro&#8217;s official Twitter account (now X) is the subject of an article by Laara Carneiro, Livino Neto, Juliana Lima and Gleice Luz.\">How the fire in the Brazilian Amazon was discussed on Jair Bolsonaro&#8217;s official Twitter account (now X) is the subject of an article by Laara Carneiro, Livino Neto, Juliana Lima and Gleice Luz.<\/a><\/h3><div class=\"entry-meta\"><span class=\"meta-item category-link\"><a href=\"https:\/\/observatorio-democracia.pt\/en\/category\/noticias-en\/\" rel=\"tag\">News<\/a><\/span><span class=\"meta-item data-link\"><time class=\"entry-date updated\" datetime=\"2024-02-27T18:03:41+00:00\">27 de February, 2024<\/time><\/span><\/div><div class=\"entry-excerpt\"><p>The article &#8220;&#8221;The sovereignty of the region and its wealth is what really is at stake&#8221;1 Amazon fires in Jair&hellip;<\/p>\n<\/div><a href=\"https:\/\/observatorio-democracia.pt\/en\/fire-brazilian-amazon-jair-bolsonaros-twitter\/\" target=\"\" aria-label=\"Read more about How the fire in the Brazilian Amazon was discussed on Jair Bolsonaro&#8217;s official Twitter account (now X) is the subject of an article by Laara Carneiro, Livino Neto, Juliana Lima and Gleice Luz.\" class=\"box-button elementor-button elementor-size-xs\">Ler mais<\/a>\n<\/div><\/article><\/div><div class=\"hidden wf-cell\" data-post-id=\"53783\" data-date=\"2023-12-04T18:33:03+00:00\" data-name=\"Call for papers for the Social Movements Research Network Pre-Conference\"><article class=\"post visible post-53783 type-post status-publish format-standard has-post-thumbnail hentry category-noticias-en\" data-name=\"Call for papers for the Social Movements Research Network Pre-Conference\" data-date=\"2023-12-04T18:33:03+00:00\">\n\n\t<div class=\"post-thumbnail-wrap\">\n\t\t<div class=\"post-thumbnail\">\n\n\t\t\t<a class=\"post-thumbnail-rollover layzr-bg img-css-resize-wrapper\" aria-label=\"Post image\" href=\"https:\/\/observatorio-democracia.pt\/en\/call-for-papers-para-o-social-movements-research-network-pre-conference\/\"><img decoding=\"async\" width=\"1183\" height=\"790\" src=\"data:image\/svg+xml,%3Csvg%20xmlns%3D&#039;http%3A%2F%2Fwww.w3.org%2F2000%2Fsvg&#039;%20viewBox%3D&#039;0%200%201183%20790&#039;%2F%3E\" class=\"attachment-full size-full preload-me aspect lazy lazy-load\" alt=\"\" style=\"--ratio: 1183 \/ 790;\" data-src=\"https:\/\/observatorio-democracia.pt\/wp-content\/uploads\/2022\/04\/novo-livro-pandemia-austoridade-e1701714702719.jpg\" loading=\"eager\" \/><span class=\"the7-hover-icon\"><i aria-hidden=\"true\" class=\"feather feather-more-horizontal\"><\/i><\/span><\/a>\n\t\t<\/div>\n\t<\/div>\n\n\n<div class=\"post-entry-content\">\n\n\t<h3 class=\"ele-entry-title\"><a href=\"https:\/\/observatorio-democracia.pt\/en\/call-for-papers-para-o-social-movements-research-network-pre-conference\/\" rel=\"bookmark\" title=\"Call for papers for the Social Movements Research Network Pre-Conference\">Call for papers for the Social Movements Research Network Pre-Conference<\/a><\/h3><div class=\"entry-meta\"><span class=\"meta-item category-link\"><a href=\"https:\/\/observatorio-democracia.pt\/en\/category\/noticias-en\/\" rel=\"tag\">News<\/a><\/span><span class=\"meta-item data-link\"><time class=\"entry-date updated\" datetime=\"2023-12-04T18:33:03+00:00\">4 de December, 2023<\/time><\/span><\/div><div class=\"entry-excerpt\"><p>The Council for European Studies (CES) is calling for abstracts for the Social Movements Research Network Pre-Conference, themed &#8220;Researching social&hellip;<\/p>\n<\/div><a href=\"https:\/\/observatorio-democracia.pt\/en\/call-for-papers-para-o-social-movements-research-network-pre-conference\/\" target=\"\" aria-label=\"Read more about Call for papers for the Social Movements Research Network Pre-Conference\" class=\"box-button elementor-button elementor-size-xs\">Ler mais<\/a>\n<\/div><\/article><\/div><div class=\"hidden wf-cell\" data-post-id=\"53357\" data-date=\"2023-10-25T16:54:18+00:00\" data-name=\"&quot;Stop Border Violence - Strategic use of European citizenship, between theories and practices&quot; workshop\"><article class=\"post visible post-53357 type-post status-publish format-standard has-post-thumbnail hentry category-noticias-en\" data-name=\"&#8220;Stop Border Violence &#8211; Strategic use of European citizenship, between theories and practices&#8221; workshop\" data-date=\"2023-10-25T16:54:18+00:00\">\n\n\t<div class=\"post-thumbnail-wrap\">\n\t\t<div class=\"post-thumbnail\">\n\n\t\t\t<a class=\"post-thumbnail-rollover layzr-bg img-css-resize-wrapper\" aria-label=\"Post image\" href=\"https:\/\/observatorio-democracia.pt\/en\/stop-border-violence-strategic-use-of-european-citizenship-between-theories-and-practices-workshop\/\"><img decoding=\"async\" width=\"1083\" height=\"804\" src=\"data:image\/svg+xml,%3Csvg%20xmlns%3D&#039;http%3A%2F%2Fwww.w3.org%2F2000%2Fsvg&#039;%20viewBox%3D&#039;0%200%201083%20804&#039;%2F%3E\" class=\"attachment-full size-full preload-me aspect lazy lazy-load\" alt=\"\" style=\"--ratio: 1083 \/ 804;\" data-src=\"https:\/\/observatorio-democracia.pt\/wp-content\/uploads\/2023\/10\/border-violence-e1698252799472.png\" loading=\"eager\" \/><span class=\"the7-hover-icon\"><i aria-hidden=\"true\" class=\"feather feather-more-horizontal\"><\/i><\/span><\/a>\n\t\t<\/div>\n\t<\/div>\n\n\n<div class=\"post-entry-content\">\n\n\t<h3 class=\"ele-entry-title\"><a href=\"https:\/\/observatorio-democracia.pt\/en\/stop-border-violence-strategic-use-of-european-citizenship-between-theories-and-practices-workshop\/\" rel=\"bookmark\" title=\"&#8220;Stop Border Violence &#8211; Strategic use of European citizenship, between theories and practices&#8221; workshop\">&#8220;Stop Border Violence &#8211; Strategic use of European citizenship, between theories and practices&#8221; workshop<\/a><\/h3><div class=\"entry-meta\"><span class=\"meta-item category-link\"><a href=\"https:\/\/observatorio-democracia.pt\/en\/category\/noticias-en\/\" rel=\"tag\">News<\/a><\/span><span class=\"meta-item data-link\"><time class=\"entry-date updated\" datetime=\"2023-10-25T16:54:18+00:00\">25 de October, 2023<\/time><\/span><\/div><div class=\"entry-excerpt\"><p>On Tuesday, November 28, the &#8220;Stop Border Violence &#8211; Strategic use of European citizenship, between theories and practices&#8221; workshop will&hellip;<\/p>\n<\/div><a href=\"https:\/\/observatorio-democracia.pt\/en\/stop-border-violence-strategic-use-of-european-citizenship-between-theories-and-practices-workshop\/\" target=\"\" aria-label=\"Read more about &#8220;Stop Border Violence &#8211; Strategic use of European citizenship, between theories and practices&#8221; workshop\" class=\"box-button elementor-button elementor-size-xs\">Ler mais<\/a>\n<\/div><\/article><\/div><div class=\"hidden wf-cell\" data-post-id=\"53313\" data-date=\"2023-10-16T18:21:38+00:00\" data-name=\"A new article by Guya Accornero and Tiago Carvalho discusses marginal gentrifiers, mobilization networks and new collective identities of contestation.\"><article class=\"post visible post-53313 type-post status-publish format-standard has-post-thumbnail hentry category-noticias-en\" data-name=\"A new article by Guya Accornero and Tiago Carvalho discusses marginal gentrifiers, mobilization networks and new collective identities of contestation.\" data-date=\"2023-10-16T18:21:38+00:00\">\n\n\t<div class=\"post-thumbnail-wrap\">\n\t\t<div class=\"post-thumbnail\">\n\n\t\t\t<a class=\"post-thumbnail-rollover layzr-bg img-css-resize-wrapper\" aria-label=\"Post image\" href=\"https:\/\/observatorio-democracia.pt\/en\/marginal-gentrifiers\/\"><img decoding=\"async\" width=\"2560\" height=\"2013\" src=\"data:image\/svg+xml,%3Csvg%20xmlns%3D&#039;http%3A%2F%2Fwww.w3.org%2F2000%2Fsvg&#039;%20viewBox%3D&#039;0%200%202560%202013&#039;%2F%3E\" class=\"attachment-full size-full preload-me aspect lazy lazy-load\" alt=\"\" style=\"--ratio: 2560 \/ 2013;\" data-src=\"https:\/\/observatorio-democracia.pt\/wp-content\/uploads\/2023\/10\/fa9496a1-9a2f-44c9-a1a8-a1885748a26c-scaled-e1697480129188.jpg\" loading=\"eager\" \/><span class=\"the7-hover-icon\"><i aria-hidden=\"true\" class=\"feather feather-more-horizontal\"><\/i><\/span><\/a>\n\t\t<\/div>\n\t<\/div>\n\n\n<div class=\"post-entry-content\">\n\n\t<h3 class=\"ele-entry-title\"><a href=\"https:\/\/observatorio-democracia.pt\/en\/marginal-gentrifiers\/\" rel=\"bookmark\" title=\"A new article by Guya Accornero and Tiago Carvalho discusses marginal gentrifiers, mobilization networks and new collective identities of contestation.\">A new article by Guya Accornero and Tiago Carvalho discusses marginal gentrifiers, mobilization networks and new collective identities of contestation.<\/a><\/h3><div class=\"entry-meta\"><span class=\"meta-item category-link\"><a href=\"https:\/\/observatorio-democracia.pt\/en\/category\/noticias-en\/\" rel=\"tag\">News<\/a><\/span><span class=\"meta-item data-link\"><time class=\"entry-date updated\" datetime=\"2023-10-16T18:21:38+00:00\">16 de October, 2023<\/time><\/span><\/div><div class=\"entry-excerpt\"><p>The new article by Guya Accornero and Tiago Carvalho seeks to understand the potential and limits of the contribution of&hellip;<\/p>\n<\/div><a href=\"https:\/\/observatorio-democracia.pt\/en\/marginal-gentrifiers\/\" target=\"\" aria-label=\"Read more about A new article by Guya Accornero and Tiago Carvalho discusses marginal gentrifiers, mobilization networks and new collective identities of contestation.\" class=\"box-button elementor-button elementor-size-xs\">Ler mais<\/a>\n<\/div><\/article><\/div><div class=\"hidden wf-cell\" data-post-id=\"53270\" data-date=\"2023-10-13T15:25:35+00:00\" data-name=\"Photo gallery of the Politics and Citizenship Group meeting\"><article class=\"post visible post-53270 type-post status-publish format-standard has-post-thumbnail hentry category-noticias-en\" data-name=\"Photo gallery of the Politics and Citizenship Group meeting\" data-date=\"2023-10-13T15:25:35+00:00\">\n\n\t<div class=\"post-thumbnail-wrap\">\n\t\t<div class=\"post-thumbnail\">\n\n\t\t\t<a class=\"post-thumbnail-rollover layzr-bg img-css-resize-wrapper\" aria-label=\"Post image\" href=\"https:\/\/observatorio-democracia.pt\/en\/photo-gallery-of-the-politics-and-citizenship-group-meeting\/\"><img decoding=\"async\" width=\"2048\" height=\"1536\" src=\"data:image\/svg+xml,%3Csvg%20xmlns%3D&#039;http%3A%2F%2Fwww.w3.org%2F2000%2Fsvg&#039;%20viewBox%3D&#039;0%200%202048%201536&#039;%2F%3E\" class=\"attachment-full size-full preload-me aspect lazy lazy-load\" alt=\"\" style=\"--ratio: 2048 \/ 1536;\" data-src=\"https:\/\/observatorio-democracia.pt\/wp-content\/uploads\/2023\/10\/GI-Politica-e-Cidadania-8-e1697210613138.jpg\" loading=\"eager\" \/><span class=\"the7-hover-icon\"><i aria-hidden=\"true\" class=\"feather feather-more-horizontal\"><\/i><\/span><\/a>\n\t\t<\/div>\n\t<\/div>\n\n\n<div class=\"post-entry-content\">\n\n\t<h3 class=\"ele-entry-title\"><a href=\"https:\/\/observatorio-democracia.pt\/en\/photo-gallery-of-the-politics-and-citizenship-group-meeting\/\" rel=\"bookmark\" title=\"Photo gallery of the Politics and Citizenship Group meeting\">Photo gallery of the Politics and Citizenship Group meeting<\/a><\/h3><div class=\"entry-meta\"><span class=\"meta-item category-link\"><a href=\"https:\/\/observatorio-democracia.pt\/en\/category\/noticias-en\/\" rel=\"tag\">News<\/a><\/span><span class=\"meta-item data-link\"><time class=\"entry-date updated\" datetime=\"2023-10-13T15:25:35+00:00\">13 de October, 2023<\/time><\/span><\/div><div class=\"entry-excerpt\"><p>Check in the photo gallery the participation of the Observatory of Democracy and Political Representation in the Brown Bag Seminars&hellip;<\/p>\n<\/div><a href=\"https:\/\/observatorio-democracia.pt\/en\/photo-gallery-of-the-politics-and-citizenship-group-meeting\/\" target=\"\" aria-label=\"Read more about Photo gallery of the Politics and Citizenship Group meeting\" class=\"box-button elementor-button elementor-size-xs\">Ler mais<\/a>\n<\/div><\/article><\/div><div class=\"hidden wf-cell\" data-post-id=\"53217\" data-date=\"2023-07-21T16:49:26+00:00\" data-name=\"New article discusses Europeanization in the context of the crisis, focusing on the relationship between social movements and institutional politics\"><article class=\"post visible post-53217 type-post status-publish format-standard has-post-thumbnail hentry category-noticias-en\" data-name=\"New article discusses Europeanization in the context of the crisis, focusing on the relationship between social movements and institutional politics\" data-date=\"2023-07-21T16:49:26+00:00\">\n\n\t<div class=\"post-thumbnail-wrap\">\n\t\t<div class=\"post-thumbnail\">\n\n\t\t\t<a class=\"post-thumbnail-rollover layzr-bg img-css-resize-wrapper\" aria-label=\"Post image\" href=\"https:\/\/observatorio-democracia.pt\/en\/new-article-discusses-europeanization-in-the-context-of-the-crisis\/\"><img decoding=\"async\" width=\"2047\" height=\"1412\" src=\"data:image\/svg+xml,%3Csvg%20xmlns%3D&#039;http%3A%2F%2Fwww.w3.org%2F2000%2Fsvg&#039;%20viewBox%3D&#039;0%200%202047%201412&#039;%2F%3E\" class=\"attachment-full size-full preload-me aspect lazy lazy-load\" alt=\"\" style=\"--ratio: 2047 \/ 1412;\" data-src=\"https:\/\/observatorio-democracia.pt\/wp-content\/uploads\/2023\/07\/8685399781_63086f3edc_k-e1689958146832.jpg\" loading=\"eager\" \/><span class=\"the7-hover-icon\"><i aria-hidden=\"true\" class=\"feather feather-more-horizontal\"><\/i><\/span><\/a>\n\t\t<\/div>\n\t<\/div>\n\n\n<div class=\"post-entry-content\">\n\n\t<h3 class=\"ele-entry-title\"><a href=\"https:\/\/observatorio-democracia.pt\/en\/new-article-discusses-europeanization-in-the-context-of-the-crisis\/\" rel=\"bookmark\" title=\"New article discusses Europeanization in the context of the crisis, focusing on the relationship between social movements and institutional politics\">New article discusses Europeanization in the context of the crisis, focusing on the relationship between social movements and institutional politics<\/a><\/h3><div class=\"entry-meta\"><span class=\"meta-item category-link\"><a href=\"https:\/\/observatorio-democracia.pt\/en\/category\/noticias-en\/\" rel=\"tag\">News<\/a><\/span><span class=\"meta-item data-link\"><time class=\"entry-date updated\" datetime=\"2023-07-21T16:49:26+00:00\">21 de July, 2023<\/time><\/span><\/div><div class=\"entry-excerpt\"><p>Check in the photo gallery the participation of the Observatory of Democracy and Political Representation in the Brown Bag Seminars&hellip;<\/p>\n<\/div><a href=\"https:\/\/observatorio-democracia.pt\/en\/new-article-discusses-europeanization-in-the-context-of-the-crisis\/\" target=\"\" aria-label=\"Read more about New article discusses Europeanization in the context of the crisis, focusing on the relationship between social movements and institutional politics\" class=\"box-button elementor-button elementor-size-xs\">Ler mais<\/a>\n<\/div><\/article><\/div><div class=\"hidden wf-cell\" data-post-id=\"53188\" data-date=\"2023-06-28T15:42:23+00:00\" data-name=\"Photo Galery of the Brown Bag Seminars on Social Data 2023\"><article class=\"post visible post-53188 type-post status-publish format-standard has-post-thumbnail hentry category-noticias-en\" data-name=\"Photo Galery of the Brown Bag Seminars on Social Data 2023\" data-date=\"2023-06-28T15:42:23+00:00\">\n\n\t<div class=\"post-thumbnail-wrap\">\n\t\t<div class=\"post-thumbnail\">\n\n\t\t\t<a class=\"post-thumbnail-rollover layzr-bg img-css-resize-wrapper\" aria-label=\"Post image\" href=\"https:\/\/observatorio-democracia.pt\/en\/photo-galery-of-the-brown-bag-seminars-on-social-data-2023\/\"><img decoding=\"async\" width=\"1600\" height=\"1063\" src=\"data:image\/svg+xml,%3Csvg%20xmlns%3D&#039;http%3A%2F%2Fwww.w3.org%2F2000%2Fsvg&#039;%20viewBox%3D&#039;0%200%201600%201063&#039;%2F%3E\" class=\"attachment-full size-full preload-me aspect lazy lazy-load\" alt=\"\" style=\"--ratio: 1600 \/ 1063;\" data-src=\"https:\/\/observatorio-democracia.pt\/wp-content\/uploads\/2023\/06\/brown-bag-seminars-2023-observatorio-da-democracia-e-da-representacao-politica_001_52904866628_o-e1687966570624.jpg\" loading=\"eager\" \/><span class=\"the7-hover-icon\"><i aria-hidden=\"true\" class=\"feather feather-more-horizontal\"><\/i><\/span><\/a>\n\t\t<\/div>\n\t<\/div>\n\n\n<div class=\"post-entry-content\">\n\n\t<h3 class=\"ele-entry-title\"><a href=\"https:\/\/observatorio-democracia.pt\/en\/photo-galery-of-the-brown-bag-seminars-on-social-data-2023\/\" rel=\"bookmark\" title=\"Photo Galery of the Brown Bag Seminars on Social Data 2023\">Photo Galery of the Brown Bag Seminars on Social Data 2023<\/a><\/h3><div class=\"entry-meta\"><span class=\"meta-item category-link\"><a href=\"https:\/\/observatorio-democracia.pt\/en\/category\/noticias-en\/\" rel=\"tag\">News<\/a><\/span><span class=\"meta-item data-link\"><time class=\"entry-date updated\" datetime=\"2023-06-28T15:42:23+00:00\">28 de June, 2023<\/time><\/span><\/div><div class=\"entry-excerpt\"><p>Check in the photo gallery the participation of the Observatory of Democracy and Political Representation in the Brown Bag Seminars&hellip;<\/p>\n<\/div><a href=\"https:\/\/observatorio-democracia.pt\/en\/photo-galery-of-the-brown-bag-seminars-on-social-data-2023\/\" target=\"\" aria-label=\"Read more about Photo Galery of the Brown Bag Seminars on Social Data 2023\" class=\"box-button elementor-button elementor-size-xs\">Ler mais<\/a>\n<\/div><\/article><\/div><div class=\"hidden wf-cell\" data-post-id=\"53167\" data-date=\"2023-06-22T18:19:47+00:00\" data-name=\"Contract was signed for \u201cThe Elgar Encyclopedia of Political Representation\u201d\"><article class=\"post visible post-53167 type-post status-publish format-standard has-post-thumbnail hentry category-noticias-en\" data-name=\"Contract was signed for \u201cThe Elgar Encyclopedia of Political Representation\u201d\" data-date=\"2023-06-22T18:19:47+00:00\">\n\n\t<div class=\"post-thumbnail-wrap\">\n\t\t<div class=\"post-thumbnail\">\n\n\t\t\t<a class=\"post-thumbnail-rollover layzr-bg img-css-resize-wrapper\" aria-label=\"Post image\" href=\"https:\/\/observatorio-democracia.pt\/en\/contract-was-signed-for-the-elgar-encyclopedia-of-political-representation\/\"><img decoding=\"async\" width=\"3264\" height=\"2448\" src=\"data:image\/svg+xml,%3Csvg%20xmlns%3D&#039;http%3A%2F%2Fwww.w3.org%2F2000%2Fsvg&#039;%20viewBox%3D&#039;0%200%203264%202448&#039;%2F%3E\" class=\"attachment-full size-full preload-me aspect lazy lazy-load\" alt=\"\" style=\"--ratio: 3264 \/ 2448;\" data-src=\"https:\/\/observatorio-democracia.pt\/wp-content\/uploads\/2023\/06\/livros-varios-e1687457044674.png\" loading=\"eager\" \/><span class=\"the7-hover-icon\"><i aria-hidden=\"true\" class=\"feather feather-more-horizontal\"><\/i><\/span><\/a>\n\t\t<\/div>\n\t<\/div>\n\n\n<div class=\"post-entry-content\">\n\n\t<h3 class=\"ele-entry-title\"><a href=\"https:\/\/observatorio-democracia.pt\/en\/contract-was-signed-for-the-elgar-encyclopedia-of-political-representation\/\" rel=\"bookmark\" title=\"Contract was signed for \u201cThe Elgar Encyclopedia of Political Representation\u201d\">Contract was signed for \u201cThe Elgar Encyclopedia of Political Representation\u201d<\/a><\/h3><div class=\"entry-meta\"><span class=\"meta-item category-link\"><a href=\"https:\/\/observatorio-democracia.pt\/en\/category\/noticias-en\/\" rel=\"tag\">News<\/a><\/span><span class=\"meta-item data-link\"><time class=\"entry-date updated\" datetime=\"2023-06-22T18:19:47+00:00\">22 de June, 2023<\/time><\/span><\/div><div class=\"entry-excerpt\"><p>In the end of May 2023, a contract was signed for \u201cThe Elgar Encyclopedia of Political Representation\u201d, posed to be&hellip;<\/p>\n<\/div><a href=\"https:\/\/observatorio-democracia.pt\/en\/contract-was-signed-for-the-elgar-encyclopedia-of-political-representation\/\" target=\"\" aria-label=\"Read more about Contract was signed for \u201cThe Elgar Encyclopedia of Political Representation\u201d\" class=\"box-button elementor-button elementor-size-xs\">Ler mais<\/a>\n<\/div><\/article><\/div><div class=\"hidden wf-cell\" data-post-id=\"53165\" data-date=\"2023-06-22T17:50:05+00:00\" data-name=\"The launching of the collection of books I-IV on the Portuguese Parliament\"><article class=\"post visible post-53165 type-post status-publish format-standard has-post-thumbnail hentry category-noticias-en\" data-name=\"The launching of the collection of books I-IV on the Portuguese Parliament\" data-date=\"2023-06-22T17:50:05+00:00\">\n\n\t<div class=\"post-thumbnail-wrap\">\n\t\t<div class=\"post-thumbnail\">\n\n\t\t\t<a class=\"post-thumbnail-rollover layzr-bg img-css-resize-wrapper\" aria-label=\"Post image\" href=\"https:\/\/observatorio-democracia.pt\/en\/the-launching-of-the-collection-of-books-i-iv-on-the-portuguese-parliament\/\"><img decoding=\"async\" width=\"2048\" height=\"1536\" src=\"data:image\/svg+xml,%3Csvg%20xmlns%3D&#039;http%3A%2F%2Fwww.w3.org%2F2000%2Fsvg&#039;%20viewBox%3D&#039;0%200%202048%201536&#039;%2F%3E\" class=\"attachment-full size-full preload-me aspect lazy lazy-load\" alt=\"\" style=\"--ratio: 2048 \/ 1536;\" data-src=\"https:\/\/observatorio-democracia.pt\/wp-content\/uploads\/2023\/06\/Fotos-Lancamento-Livro-Parlamento-I-IV-21-6-23-F5-e1687451084517.jpg\" loading=\"eager\" \/><span class=\"the7-hover-icon\"><i aria-hidden=\"true\" class=\"feather feather-more-horizontal\"><\/i><\/span><\/a>\n\t\t<\/div>\n\t<\/div>\n\n\n<div class=\"post-entry-content\">\n\n\t<h3 class=\"ele-entry-title\"><a href=\"https:\/\/observatorio-democracia.pt\/en\/the-launching-of-the-collection-of-books-i-iv-on-the-portuguese-parliament\/\" rel=\"bookmark\" title=\"The launching of the collection of books I-IV on the Portuguese Parliament\">The launching of the collection of books I-IV on the Portuguese Parliament<\/a><\/h3><div class=\"entry-meta\"><span class=\"meta-item category-link\"><a href=\"https:\/\/observatorio-democracia.pt\/en\/category\/noticias-en\/\" rel=\"tag\">News<\/a><\/span><span class=\"meta-item data-link\"><time class=\"entry-date updated\" datetime=\"2023-06-22T17:50:05+00:00\">22 de June, 2023<\/time><\/span><\/div><div class=\"entry-excerpt\"><p>The launching of the collection of books I-IV on the Portuguese Parliament, from the Ancien Regime and the Constitutional Monarchy&hellip;<\/p>\n<\/div><a href=\"https:\/\/observatorio-democracia.pt\/en\/the-launching-of-the-collection-of-books-i-iv-on-the-portuguese-parliament\/\" target=\"\" aria-label=\"Read more about The launching of the collection of books I-IV on the Portuguese Parliament\" class=\"box-button elementor-button elementor-size-xs\">Ler mais<\/a>\n<\/div><\/article><\/div><div class=\"hidden wf-cell\" data-post-id=\"53150\" data-date=\"2023-06-22T16:17:26+00:00\" data-name=\"The launching of the collection of books I-IV on the Portuguese Parliament\"><article class=\"post visible post-53150 type-post status-publish format-standard has-post-thumbnail hentry category-noticias-en\" data-name=\"The launching of the collection of books I-IV on the Portuguese Parliament\" data-date=\"2023-06-22T16:17:26+00:00\">\n\n\t<div class=\"post-thumbnail-wrap\">\n\t\t<div class=\"post-thumbnail\">\n\n\t\t\t<a class=\"post-thumbnail-rollover layzr-bg img-css-resize-wrapper\" aria-label=\"Post image\" href=\"https:\/\/observatorio-democracia.pt\/en\/collection-of-books-i-iv-on-the-portuguese-parliament\/\"><img decoding=\"async\" width=\"2048\" height=\"1536\" src=\"data:image\/svg+xml,%3Csvg%20xmlns%3D&#039;http%3A%2F%2Fwww.w3.org%2F2000%2Fsvg&#039;%20viewBox%3D&#039;0%200%202048%201536&#039;%2F%3E\" class=\"attachment-full size-full preload-me aspect lazy lazy-load\" alt=\"\" style=\"--ratio: 2048 \/ 1536;\" data-src=\"https:\/\/observatorio-democracia.pt\/wp-content\/uploads\/2023\/06\/Fotos-Lancamento-Livro-Parlamento-I-IV-21-6-23-F5-e1687451084517.jpg\" loading=\"eager\" \/><span class=\"the7-hover-icon\"><i aria-hidden=\"true\" class=\"feather feather-more-horizontal\"><\/i><\/span><\/a>\n\t\t<\/div>\n\t<\/div>\n\n\n<div class=\"post-entry-content\">\n\n\t<h3 class=\"ele-entry-title\"><a href=\"https:\/\/observatorio-democracia.pt\/en\/collection-of-books-i-iv-on-the-portuguese-parliament\/\" rel=\"bookmark\" title=\"The launching of the collection of books I-IV on the Portuguese Parliament\">The launching of the collection of books I-IV on the Portuguese Parliament<\/a><\/h3><div class=\"entry-meta\"><span class=\"meta-item category-link\"><a href=\"https:\/\/observatorio-democracia.pt\/en\/category\/noticias-en\/\" rel=\"tag\">News<\/a><\/span><span class=\"meta-item data-link\"><time class=\"entry-date updated\" datetime=\"2023-06-22T16:17:26+00:00\">22 de June, 2023<\/time><\/span><\/div><div class=\"entry-excerpt\"><p>The launching of the collection of books I-IV on the Portuguese Parliament, from the Ancien Regime and the Constitutional Monarchy&hellip;<\/p>\n<\/div><a href=\"https:\/\/observatorio-democracia.pt\/en\/collection-of-books-i-iv-on-the-portuguese-parliament\/\" target=\"\" aria-label=\"Read more about The launching of the collection of books I-IV on the Portuguese Parliament\" class=\"box-button elementor-button elementor-size-xs\">Ler mais<\/a>\n<\/div><\/article><\/div><div class=\"hidden wf-cell\" data-post-id=\"53110\" data-date=\"2023-03-28T20:03:38+00:00\" data-name=\"Article published in the International Political Science Review discusses the response of Portuguese political parties to voters\"><article class=\"post visible post-53110 type-post status-publish format-standard has-post-thumbnail hentry category-noticias-en\" data-name=\"Article published in the International Political Science Review discusses the response of Portuguese political parties to voters\" data-date=\"2023-03-28T20:03:38+00:00\">\n\n\t<div class=\"post-thumbnail-wrap\">\n\t\t<div class=\"post-thumbnail\">\n\n\t\t\t<a class=\"post-thumbnail-rollover layzr-bg img-css-resize-wrapper\" aria-label=\"Post image\" href=\"https:\/\/observatorio-democracia.pt\/en\/response-of-portuguese-political-parties-to-voters\/\"><img decoding=\"async\" width=\"1183\" height=\"790\" src=\"data:image\/svg+xml,%3Csvg%20xmlns%3D&#039;http%3A%2F%2Fwww.w3.org%2F2000%2Fsvg&#039;%20viewBox%3D&#039;0%200%201183%20790&#039;%2F%3E\" class=\"attachment-full size-full preload-me aspect lazy lazy-load\" alt=\"\" sizes=\"(max-width: 1183px) 100vw, 1183px\" style=\"--ratio: 1183 \/ 790;\" data-src=\"https:\/\/observatorio-democracia.pt\/wp-content\/uploads\/2022\/04\/arranque-parlamento.jpg\" loading=\"eager\" data-srcset=\"https:\/\/observatorio-democracia.pt\/wp-content\/uploads\/2022\/04\/arranque-parlamento.jpg 1183w, https:\/\/observatorio-democracia.pt\/wp-content\/uploads\/2022\/04\/arranque-parlamento-300x200.jpg 300w, https:\/\/observatorio-democracia.pt\/wp-content\/uploads\/2022\/04\/arranque-parlamento-1024x684.jpg 1024w, https:\/\/observatorio-democracia.pt\/wp-content\/uploads\/2022\/04\/arranque-parlamento-768x513.jpg 768w, https:\/\/observatorio-democracia.pt\/wp-content\/uploads\/2022\/04\/arranque-parlamento-391x260.jpg 391w, https:\/\/observatorio-democracia.pt\/wp-content\/uploads\/2022\/04\/arranque-parlamento-1000x668.jpg 1000w\" \/><span class=\"the7-hover-icon\"><i aria-hidden=\"true\" class=\"feather feather-more-horizontal\"><\/i><\/span><\/a>\n\t\t<\/div>\n\t<\/div>\n\n\n<div class=\"post-entry-content\">\n\n\t<h3 class=\"ele-entry-title\"><a href=\"https:\/\/observatorio-democracia.pt\/en\/response-of-portuguese-political-parties-to-voters\/\" rel=\"bookmark\" title=\"Article published in the International Political Science Review discusses the response of Portuguese political parties to voters\">Article published in the International Political Science Review discusses the response of Portuguese political parties to voters<\/a><\/h3><div class=\"entry-meta\"><span class=\"meta-item category-link\"><a href=\"https:\/\/observatorio-democracia.pt\/en\/category\/noticias-en\/\" rel=\"tag\">News<\/a><\/span><span class=\"meta-item data-link\"><time class=\"entry-date updated\" datetime=\"2023-03-28T20:03:38+00:00\">28 de March, 2023<\/time><\/span><\/div><div class=\"entry-excerpt\"><p>Do Portuguese political parties respond to voters during the campaign and when taking office? An answer to this question is&hellip;<\/p>\n<\/div><a href=\"https:\/\/observatorio-democracia.pt\/en\/response-of-portuguese-political-parties-to-voters\/\" target=\"\" aria-label=\"Read more about Article published in the International Political Science Review discusses the response of Portuguese political parties to voters\" class=\"box-button elementor-button elementor-size-xs\">Ler mais<\/a>\n<\/div><\/article><\/div><div class=\"hidden wf-cell\" data-post-id=\"53053\" data-date=\"2023-01-20T17:53:47+00:00\" data-name=\"New book: &quot;Government Responses to the Covid-19 Pandemic in Europe\"><article class=\"post visible post-53053 type-post status-publish format-standard has-post-thumbnail hentry category-noticias-en\" data-name=\"New book: &#8220;Government Responses to the Covid-19 Pandemic in Europe\" data-date=\"2023-01-20T17:53:47+00:00\">\n\n\t<div class=\"post-thumbnail-wrap\">\n\t\t<div class=\"post-thumbnail\">\n\n\t\t\t<a class=\"post-thumbnail-rollover layzr-bg img-css-resize-wrapper\" aria-label=\"Post image\" href=\"https:\/\/observatorio-democracia.pt\/en\/governments-responses-covid-pandemic-europe\/\"><img decoding=\"async\" width=\"1029\" height=\"730\" src=\"data:image\/svg+xml,%3Csvg%20xmlns%3D&#039;http%3A%2F%2Fwww.w3.org%2F2000%2Fsvg&#039;%20viewBox%3D&#039;0%200%201029%20730&#039;%2F%3E\" class=\"attachment-full size-full preload-me aspect lazy lazy-load\" alt=\"\" sizes=\"(max-width: 1029px) 100vw, 1029px\" style=\"--ratio: 1029 \/ 730;\" data-src=\"https:\/\/observatorio-democracia.pt\/wp-content\/uploads\/2023\/01\/thumbnail_image002-e1674495957908.png\" loading=\"eager\" data-srcset=\"https:\/\/observatorio-democracia.pt\/wp-content\/uploads\/2023\/01\/thumbnail_image002-e1674495957908.png 1029w, https:\/\/observatorio-democracia.pt\/wp-content\/uploads\/2023\/01\/thumbnail_image002-e1674495957908-300x213.png 300w, https:\/\/observatorio-democracia.pt\/wp-content\/uploads\/2023\/01\/thumbnail_image002-e1674495957908-1024x726.png 1024w, https:\/\/observatorio-democracia.pt\/wp-content\/uploads\/2023\/01\/thumbnail_image002-e1674495957908-768x545.png 768w, https:\/\/observatorio-democracia.pt\/wp-content\/uploads\/2023\/01\/thumbnail_image002-e1674495957908-1000x709.png 1000w\" \/><span class=\"the7-hover-icon\"><i aria-hidden=\"true\" class=\"feather feather-more-horizontal\"><\/i><\/span><\/a>\n\t\t<\/div>\n\t<\/div>\n\n\n<div class=\"post-entry-content\">\n\n\t<h3 class=\"ele-entry-title\"><a href=\"https:\/\/observatorio-democracia.pt\/en\/governments-responses-covid-pandemic-europe\/\" rel=\"bookmark\" title=\"New book: &#8220;Government Responses to the Covid-19 Pandemic in Europe\">New book: &#8220;Government Responses to the Covid-19 Pandemic in Europe<\/a><\/h3><div class=\"entry-meta\"><span class=\"meta-item category-link\"><a href=\"https:\/\/observatorio-democracia.pt\/en\/category\/noticias-en\/\" rel=\"tag\">News<\/a><\/span><span class=\"meta-item data-link\"><time class=\"entry-date updated\" datetime=\"2023-01-20T17:53:47+00:00\">20 de January, 2023<\/time><\/span><\/div><div class=\"entry-excerpt\"><p>On February 7, 2023, at 3 pm, the presentation of the book \u201cGovernments&#8217; Responses to the Covid-19 Pandemic in Europe\u201d<\/p>\n<\/div><a href=\"https:\/\/observatorio-democracia.pt\/en\/governments-responses-covid-pandemic-europe\/\" target=\"\" aria-label=\"Read more about New book: &#8220;Government Responses to the Covid-19 Pandemic in Europe\" class=\"box-button elementor-button elementor-size-xs\">Ler mais<\/a>\n<\/div><\/article><\/div><div class=\"hidden wf-cell\" data-post-id=\"53017\" data-date=\"2023-01-03T15:35:19+00:00\" data-name=\"The Observatory starts 2023 with seminar &quot;Rendez Vous with America - the US electoral system&quot;\"><article class=\"post visible post-53017 type-post status-publish format-standard has-post-thumbnail hentry category-noticias-en\" data-name=\"The Observatory starts 2023 with seminar &#8220;Rendez Vous with America &#8211; the US electoral system&#8221;\" data-date=\"2023-01-03T15:35:19+00:00\">\n\n\t<div class=\"post-thumbnail-wrap\">\n\t\t<div class=\"post-thumbnail\">\n\n\t\t\t<a class=\"post-thumbnail-rollover layzr-bg img-css-resize-wrapper\" aria-label=\"Post image\" href=\"https:\/\/observatorio-democracia.pt\/en\/conference-debates-us-electoral-system\/\"><img decoding=\"async\" width=\"842\" height=\"1191\" src=\"data:image\/svg+xml,%3Csvg%20xmlns%3D&#039;http%3A%2F%2Fwww.w3.org%2F2000%2Fsvg&#039;%20viewBox%3D&#039;0%200%20842%201191&#039;%2F%3E\" class=\"attachment-full size-full preload-me aspect lazy lazy-load\" alt=\"\" style=\"--ratio: 842 \/ 1191;\" data-src=\"https:\/\/observatorio-democracia.pt\/wp-content\/uploads\/2023\/01\/2023.01.09_DCP-1-e1672760493529.png\" loading=\"eager\" \/><span class=\"the7-hover-icon\"><i aria-hidden=\"true\" class=\"feather feather-more-horizontal\"><\/i><\/span><\/a>\n\t\t<\/div>\n\t<\/div>\n\n\n<div class=\"post-entry-content\">\n\n\t<h3 class=\"ele-entry-title\"><a href=\"https:\/\/observatorio-democracia.pt\/en\/conference-debates-us-electoral-system\/\" rel=\"bookmark\" title=\"The Observatory starts 2023 with seminar &#8220;Rendez Vous with America &#8211; the US electoral system&#8221;\">The Observatory starts 2023 with seminar &#8220;Rendez Vous with America &#8211; the US electoral system&#8221;<\/a><\/h3><div class=\"entry-meta\"><span class=\"meta-item category-link\"><a href=\"https:\/\/observatorio-democracia.pt\/en\/category\/noticias-en\/\" rel=\"tag\">News<\/a><\/span><span class=\"meta-item data-link\"><time class=\"entry-date updated\" datetime=\"2023-01-03T15:35:19+00:00\">3 de January, 2023<\/time><\/span><\/div><div class=\"entry-excerpt\"><p>The seminar &#8220;Rendez-Vous with America &#8211; the US electoral system&#8221;, with Professor Patrick Siegler-Lathrop, based on his book &#8220;Rendez-Vous with&hellip;<\/p>\n<\/div><a href=\"https:\/\/observatorio-democracia.pt\/en\/conference-debates-us-electoral-system\/\" target=\"\" aria-label=\"Read more about The Observatory starts 2023 with seminar &#8220;Rendez Vous with America &#8211; the US electoral system&#8221;\" class=\"box-button elementor-button elementor-size-xs\">Ler mais<\/a>\n<\/div><\/article><\/div><div class=\"hidden wf-cell\" data-post-id=\"52959\" data-date=\"2022-10-10T16:54:29+00:00\" data-name=\"Conference debates the results of the 2022 Italian elections\"><article class=\"post visible post-52959 type-post status-publish format-standard has-post-thumbnail hentry category-noticias-en\" data-name=\"Conference debates the results of the 2022 Italian elections\" data-date=\"2022-10-10T16:54:29+00:00\">\n\n\t<div class=\"post-thumbnail-wrap\">\n\t\t<div class=\"post-thumbnail\">\n\n\t\t\t<a class=\"post-thumbnail-rollover layzr-bg img-css-resize-wrapper\" aria-label=\"Post image\" href=\"https:\/\/observatorio-democracia.pt\/en\/conference-2022-italian-elections\/\"><img decoding=\"async\" width=\"1280\" height=\"853\" src=\"data:image\/svg+xml,%3Csvg%20xmlns%3D&#039;http%3A%2F%2Fwww.w3.org%2F2000%2Fsvg&#039;%20viewBox%3D&#039;0%200%201280%20853&#039;%2F%3E\" class=\"attachment-full size-full preload-me aspect lazy lazy-load\" alt=\"\" style=\"--ratio: 1280 \/ 853;\" data-src=\"https:\/\/observatorio-democracia.pt\/wp-content\/uploads\/2022\/10\/Meloni_Salvini_Berlusconi-e1665420696120.jpg\" loading=\"eager\" \/><span class=\"the7-hover-icon\"><i aria-hidden=\"true\" class=\"feather feather-more-horizontal\"><\/i><\/span><\/a>\n\t\t<\/div>\n\t<\/div>\n\n\n<div class=\"post-entry-content\">\n\n\t<h3 class=\"ele-entry-title\"><a href=\"https:\/\/observatorio-democracia.pt\/en\/conference-2022-italian-elections\/\" rel=\"bookmark\" title=\"Conference debates the results of the 2022 Italian elections\">Conference debates the results of the 2022 Italian elections<\/a><\/h3><div class=\"entry-meta\"><span class=\"meta-item category-link\"><a href=\"https:\/\/observatorio-democracia.pt\/en\/category\/noticias-en\/\" rel=\"tag\">News<\/a><\/span><span class=\"meta-item data-link\"><time class=\"entry-date updated\" datetime=\"2022-10-10T16:54:29+00:00\">10 de October, 2022<\/time><\/span><\/div><div class=\"entry-excerpt\"><p>The PhD in Political Science at Iscte \u2013 Instituto Universit\u00e1rio de Lisboa holds the conference &#8220;Another electoral earthquake? A preliminary&hellip;<\/p>\n<\/div><a href=\"https:\/\/observatorio-democracia.pt\/en\/conference-2022-italian-elections\/\" target=\"\" aria-label=\"Read more about Conference debates the results of the 2022 Italian elections\" class=\"box-button elementor-button elementor-size-xs\">Ler mais<\/a>\n<\/div><\/article><\/div><div class=\"hidden wf-cell\" data-post-id=\"52933\" data-date=\"2022-10-03T19:33:09+00:00\" data-name=\"New book published: &quot;A Generational Divide? Age-related Aspects of Political Transformation in Post-crisis Southern Europe&quot;\"><article class=\"post visible post-52933 type-post status-publish format-standard has-post-thumbnail hentry category-noticias-en\" data-name=\"New book published: &#8220;A Generational Divide? Age-related Aspects of Political Transformation in Post-crisis Southern Europe&#8221;\" data-date=\"2022-10-03T19:33:09+00:00\">\n\n\t<div class=\"post-thumbnail-wrap\">\n\t\t<div class=\"post-thumbnail\">\n\n\t\t\t<a class=\"post-thumbnail-rollover layzr-bg img-css-resize-wrapper\" aria-label=\"Post image\" href=\"https:\/\/observatorio-democracia.pt\/en\/new-book-published-generational-divide\/\"><img decoding=\"async\" width=\"2560\" height=\"1707\" src=\"data:image\/svg+xml,%3Csvg%20xmlns%3D&#039;http%3A%2F%2Fwww.w3.org%2F2000%2Fsvg&#039;%20viewBox%3D&#039;0%200%202560%201707&#039;%2F%3E\" class=\"attachment-full size-full preload-me aspect lazy lazy-load\" alt=\"\" style=\"--ratio: 2560 \/ 1707;\" data-src=\"https:\/\/observatorio-democracia.pt\/wp-content\/uploads\/2022\/10\/IMG_0968-scaled-e1664825222604.jpg\" loading=\"eager\" \/><span class=\"the7-hover-icon\"><i aria-hidden=\"true\" class=\"feather feather-more-horizontal\"><\/i><\/span><\/a>\n\t\t<\/div>\n\t<\/div>\n\n\n<div class=\"post-entry-content\">\n\n\t<h3 class=\"ele-entry-title\"><a href=\"https:\/\/observatorio-democracia.pt\/en\/new-book-published-generational-divide\/\" rel=\"bookmark\" title=\"New book published: &#8220;A Generational Divide? Age-related Aspects of Political Transformation in Post-crisis Southern Europe&#8221;\">New book published: &#8220;A Generational Divide? Age-related Aspects of Political Transformation in Post-crisis Southern Europe&#8221;<\/a><\/h3><div class=\"entry-meta\"><span class=\"meta-item category-link\"><a href=\"https:\/\/observatorio-democracia.pt\/en\/category\/noticias-en\/\" rel=\"tag\">News<\/a><\/span><span class=\"meta-item data-link\"><time class=\"entry-date updated\" datetime=\"2022-10-03T19:33:09+00:00\">3 de October, 2022<\/time><\/span><\/div><div class=\"entry-excerpt\"><p>Part of Routledge&#8217;s &#8220;South European Society and Politics&#8221; book series, the new publication entitled &#8220;A Generational Divide? Age-related Aspects of&hellip;<\/p>\n<\/div><a href=\"https:\/\/observatorio-democracia.pt\/en\/new-book-published-generational-divide\/\" target=\"\" aria-label=\"Read more about New book published: &#8220;A Generational Divide? Age-related Aspects of Political Transformation in Post-crisis Southern Europe&#8221;\" class=\"box-button elementor-button elementor-size-xs\">Ler mais<\/a>\n<\/div><\/article><\/div><div class=\"hidden wf-cell\" data-post-id=\"52894\" data-date=\"2022-09-22T16:37:20+00:00\" data-name=\"The &quot;Semin\u00e1rio Mensal Movimentos Sociais e A\u00e7\u00e3o Pol\u00edtica&quot; returns with Professor Naim Bro&#039;s presentation\"><article class=\"post visible post-52894 type-post status-publish format-standard has-post-thumbnail hentry category-noticias-en\" data-name=\"The &#8220;Semin\u00e1rio Mensal Movimentos Sociais e A\u00e7\u00e3o Pol\u00edtica&#8221; returns with Professor Naim Bro&#8217;s presentation\" data-date=\"2022-09-22T16:37:20+00:00\">\n\n\t<div class=\"post-thumbnail-wrap\">\n\t\t<div class=\"post-thumbnail\">\n\n\t\t\t<a class=\"post-thumbnail-rollover layzr-bg img-css-resize-wrapper\" aria-label=\"Post image\" href=\"https:\/\/observatorio-democracia.pt\/en\/naim-bros-presentation\/\"><img decoding=\"async\" width=\"1380\" height=\"1046\" src=\"data:image\/svg+xml,%3Csvg%20xmlns%3D&#039;http%3A%2F%2Fwww.w3.org%2F2000%2Fsvg&#039;%20viewBox%3D&#039;0%200%201380%201046&#039;%2F%3E\" class=\"attachment-full size-full preload-me aspect lazy lazy-load\" alt=\"\" style=\"--ratio: 1380 \/ 1046;\" data-src=\"https:\/\/observatorio-democracia.pt\/wp-content\/uploads\/2022\/09\/estudo-Naim-Bro-e1663863955481.png\" loading=\"eager\" \/><span class=\"the7-hover-icon\"><i aria-hidden=\"true\" class=\"feather feather-more-horizontal\"><\/i><\/span><\/a>\n\t\t<\/div>\n\t<\/div>\n\n\n<div class=\"post-entry-content\">\n\n\t<h3 class=\"ele-entry-title\"><a href=\"https:\/\/observatorio-democracia.pt\/en\/naim-bros-presentation\/\" rel=\"bookmark\" title=\"The &#8220;Semin\u00e1rio Mensal Movimentos Sociais e A\u00e7\u00e3o Pol\u00edtica&#8221; returns with Professor Naim Bro&#8217;s presentation\">The &#8220;Semin\u00e1rio Mensal Movimentos Sociais e A\u00e7\u00e3o Pol\u00edtica&#8221; returns with Professor Naim Bro&#8217;s presentation<\/a><\/h3><div class=\"entry-meta\"><span class=\"meta-item category-link\"><a href=\"https:\/\/observatorio-democracia.pt\/en\/category\/noticias-en\/\" rel=\"tag\">News<\/a><\/span><span class=\"meta-item data-link\"><time class=\"entry-date updated\" datetime=\"2022-09-22T16:37:20+00:00\">22 de September, 2022<\/time><\/span><\/div><div class=\"entry-excerpt\"><p>the &#8220;Semin\u00e1rio Mensal Movimentos Sociais e A\u00e7\u00e3o Pol\u00edtica&#8221; returns with Professor Naim Bro&#8217;s presentation of his latest published article, &#8220;The&hellip;<\/p>\n<\/div><a href=\"https:\/\/observatorio-democracia.pt\/en\/naim-bros-presentation\/\" target=\"\" aria-label=\"Read more about The &#8220;Semin\u00e1rio Mensal Movimentos Sociais e A\u00e7\u00e3o Pol\u00edtica&#8221; returns with Professor Naim Bro&#8217;s presentation\" class=\"box-button elementor-button elementor-size-xs\">Ler mais<\/a>\n<\/div><\/article><\/div><div class=\"hidden wf-cell\" data-post-id=\"52868\" data-date=\"2022-09-08T18:22:19+00:00\" data-name=\"The changing city: transformations, politics and movement\"><article class=\"post visible post-52868 type-post status-publish format-standard has-post-thumbnail hentry category-noticias-en category-on-press\" data-name=\"The changing city: transformations, politics and movement\" data-date=\"2022-09-08T18:22:19+00:00\">\n\n\t<div class=\"post-thumbnail-wrap\">\n\t\t<div class=\"post-thumbnail\">\n\n\t\t\t<a class=\"post-thumbnail-rollover layzr-bg img-css-resize-wrapper\" aria-label=\"Post image\" href=\"https:\/\/observatorio-democracia.pt\/en\/the-changing-city-transformations-politics-movement-odrp-iscte\/\"><img decoding=\"async\" width=\"1496\" height=\"1496\" src=\"data:image\/svg+xml,%3Csvg%20xmlns%3D&#039;http%3A%2F%2Fwww.w3.org%2F2000%2Fsvg&#039;%20viewBox%3D&#039;0%200%201496%201496&#039;%2F%3E\" class=\"attachment-full size-full preload-me aspect lazy lazy-load\" alt=\"\" style=\"--ratio: 1496 \/ 1496;\" data-src=\"https:\/\/observatorio-democracia.pt\/wp-content\/uploads\/2022\/09\/Conjunto_Habitacional_da_Av_Infante_Santo_Lisboa_4667-e1662660682816.jpg\" loading=\"eager\" \/><span class=\"the7-hover-icon\"><i aria-hidden=\"true\" class=\"feather feather-more-horizontal\"><\/i><\/span><\/a>\n\t\t<\/div>\n\t<\/div>\n\n\n<div class=\"post-entry-content\">\n\n\t<h3 class=\"ele-entry-title\"><a href=\"https:\/\/observatorio-democracia.pt\/en\/the-changing-city-transformations-politics-movement-odrp-iscte\/\" rel=\"bookmark\" title=\"The changing city: transformations, politics and movement\">The changing city: transformations, politics and movement<\/a><\/h3><div class=\"entry-meta\"><span class=\"meta-item category-link\"><a href=\"https:\/\/observatorio-democracia.pt\/en\/category\/noticias-en\/\" rel=\"tag\">News<\/a>, <a href=\"https:\/\/observatorio-democracia.pt\/en\/category\/on-press\/\" rel=\"tag\">On Press<\/a><\/span><span class=\"meta-item data-link\"><time class=\"entry-date updated\" datetime=\"2022-09-08T18:22:19+00:00\">8 de September, 2022<\/time><\/span><\/div><div class=\"entry-excerpt\"><p>The HOPES, SmarTour and SustainLis projects start the seminar cycle: &#8220;The changing city: transformations, politics and movement&#8221;<\/p>\n<\/div><a href=\"https:\/\/observatorio-democracia.pt\/en\/the-changing-city-transformations-politics-movement-odrp-iscte\/\" target=\"\" aria-label=\"Read more about The changing city: transformations, politics and movement\" class=\"box-button elementor-button elementor-size-xs\">Ler mais<\/a>\n<\/div><\/article><\/div><div class=\"hidden wf-cell\" data-post-id=\"52749\" data-date=\"2022-08-02T19:10:54+00:00\" data-name=\"New book: \u00abA Generational Divide? Age-related Aspects of Political Transformation in Post-crisis Southern Europe\u00bb\"><article class=\"post visible post-52749 type-post status-publish format-standard has-post-thumbnail hentry category-noticias-en\" data-name=\"New book: \u00abA Generational Divide? Age-related Aspects of Political Transformation in Post-crisis Southern Europe\u00bb\" data-date=\"2022-08-02T19:10:54+00:00\">\n\n\t<div class=\"post-thumbnail-wrap\">\n\t\t<div class=\"post-thumbnail\">\n\n\t\t\t<a class=\"post-thumbnail-rollover layzr-bg img-css-resize-wrapper\" aria-label=\"Post image\" href=\"https:\/\/observatorio-democracia.pt\/en\/new-book-generational-divide\/\"><img decoding=\"async\" width=\"2048\" height=\"1366\" src=\"data:image\/svg+xml,%3Csvg%20xmlns%3D&#039;http%3A%2F%2Fwww.w3.org%2F2000%2Fsvg&#039;%20viewBox%3D&#039;0%200%202048%201366&#039;%2F%3E\" class=\"attachment-full size-full preload-me aspect lazy lazy-load\" alt=\"\" style=\"--ratio: 2048 \/ 1366;\" data-src=\"https:\/\/observatorio-democracia.pt\/wp-content\/uploads\/2022\/08\/Manifestacao_Que_se_Lixe_a_Troika_7989841564-e1659467202149.jpg\" loading=\"eager\" \/><span class=\"the7-hover-icon\"><i aria-hidden=\"true\" class=\"feather feather-more-horizontal\"><\/i><\/span><\/a>\n\t\t<\/div>\n\t<\/div>\n\n\n<div class=\"post-entry-content\">\n\n\t<h3 class=\"ele-entry-title\"><a href=\"https:\/\/observatorio-democracia.pt\/en\/new-book-generational-divide\/\" rel=\"bookmark\" title=\"New book: \u00abA Generational Divide? Age-related Aspects of Political Transformation in Post-crisis Southern Europe\u00bb\">New book: \u00abA Generational Divide? Age-related Aspects of Political Transformation in Post-crisis Southern Europe\u00bb<\/a><\/h3><div class=\"entry-meta\"><span class=\"meta-item category-link\"><a href=\"https:\/\/observatorio-democracia.pt\/en\/category\/noticias-en\/\" rel=\"tag\">News<\/a><\/span><span class=\"meta-item data-link\"><time class=\"entry-date updated\" datetime=\"2022-08-02T19:10:54+00:00\">2 de August, 2022<\/time><\/span><\/div><div class=\"entry-excerpt\"><p>Publishing of the new book: &#8220;A Generational Divide? Age-related Aspects of Political Transformation in Post-crisis Southern Europe&#8221;<\/p>\n<\/div><a href=\"https:\/\/observatorio-democracia.pt\/en\/new-book-generational-divide\/\" target=\"\" aria-label=\"Read more about New book: \u00abA Generational Divide? Age-related Aspects of Political Transformation in Post-crisis Southern Europe\u00bb\" class=\"box-button elementor-button elementor-size-xs\">Ler mais<\/a>\n<\/div><\/article><\/div><div class=\"hidden wf-cell\" data-post-id=\"52702\" data-date=\"2022-07-14T18:16:03+00:00\" data-name=\"Photo Gallery of the 28th International Conference of Europeanists\"><article class=\"post visible post-52702 type-post status-publish format-standard has-post-thumbnail hentry category-noticias-en\" data-name=\"Photo Gallery of the 28th International Conference of Europeanists\" data-date=\"2022-07-14T18:16:03+00:00\">\n\n\t<div class=\"post-thumbnail-wrap\">\n\t\t<div class=\"post-thumbnail\">\n\n\t\t\t<a class=\"post-thumbnail-rollover layzr-bg img-css-resize-wrapper\" aria-label=\"Post image\" href=\"https:\/\/observatorio-democracia.pt\/en\/photo-gallery-international-conference-europeanists\/\"><img decoding=\"async\" width=\"1594\" height=\"1063\" src=\"data:image\/svg+xml,%3Csvg%20xmlns%3D&#039;http%3A%2F%2Fwww.w3.org%2F2000%2Fsvg&#039;%20viewBox%3D&#039;0%200%201594%201063&#039;%2F%3E\" class=\"attachment-full size-full preload-me aspect lazy lazy-load\" alt=\"\" style=\"--ratio: 1594 \/ 1063;\" data-src=\"https:\/\/observatorio-democracia.pt\/wp-content\/uploads\/2022\/07\/CES5-e1657821709690.jpg\" loading=\"eager\" \/><span class=\"the7-hover-icon\"><i aria-hidden=\"true\" class=\"feather feather-more-horizontal\"><\/i><\/span><\/a>\n\t\t<\/div>\n\t<\/div>\n\n\n<div class=\"post-entry-content\">\n\n\t<h3 class=\"ele-entry-title\"><a href=\"https:\/\/observatorio-democracia.pt\/en\/photo-gallery-international-conference-europeanists\/\" rel=\"bookmark\" title=\"Photo Gallery of the 28th International Conference of Europeanists\">Photo Gallery of the 28th International Conference of Europeanists<\/a><\/h3><div class=\"entry-meta\"><span class=\"meta-item category-link\"><a href=\"https:\/\/observatorio-democracia.pt\/en\/category\/noticias-en\/\" rel=\"tag\">News<\/a><\/span><span class=\"meta-item data-link\"><time class=\"entry-date updated\" datetime=\"2022-07-14T18:16:03+00:00\">14 de July, 2022<\/time><\/span><\/div><div class=\"entry-excerpt\"><p>Check out the photo gallery for some of the highlights of the 28th International Conference of Europeanists<\/p>\n<\/div><a href=\"https:\/\/observatorio-democracia.pt\/en\/photo-gallery-international-conference-europeanists\/\" target=\"\" aria-label=\"Read more about Photo Gallery of the 28th International Conference of Europeanists\" class=\"box-button elementor-button elementor-size-xs\">Ler mais<\/a>\n<\/div><\/article><\/div><div class=\"hidden wf-cell\" data-post-id=\"52680\" data-date=\"2022-07-14T15:19:15+00:00\" data-name=\"First team-building dinner of the Observatory of Democracy and Political Representation\"><article class=\"post visible post-52680 type-post status-publish format-standard has-post-thumbnail hentry category-noticias-en\" data-name=\"First team-building dinner of the Observatory of Democracy and Political Representation\" data-date=\"2022-07-14T15:19:15+00:00\">\n\n\t<div class=\"post-thumbnail-wrap\">\n\t\t<div class=\"post-thumbnail\">\n\n\t\t\t<a class=\"post-thumbnail-rollover layzr-bg img-css-resize-wrapper\" aria-label=\"Post image\" href=\"https:\/\/observatorio-democracia.pt\/en\/first-team-building-dinner\/\"><img decoding=\"async\" width=\"1183\" height=\"790\" src=\"data:image\/svg+xml,%3Csvg%20xmlns%3D&#039;http%3A%2F%2Fwww.w3.org%2F2000%2Fsvg&#039;%20viewBox%3D&#039;0%200%201183%20790&#039;%2F%3E\" class=\"attachment-full size-full preload-me aspect lazy lazy-load\" alt=\"\" sizes=\"(max-width: 1183px) 100vw, 1183px\" style=\"--ratio: 1183 \/ 790;\" data-src=\"https:\/\/observatorio-democracia.pt\/wp-content\/uploads\/2022\/07\/teambuilding.jpg\" loading=\"eager\" data-srcset=\"https:\/\/observatorio-democracia.pt\/wp-content\/uploads\/2022\/07\/teambuilding.jpg 1183w, https:\/\/observatorio-democracia.pt\/wp-content\/uploads\/2022\/07\/teambuilding-300x200.jpg 300w, https:\/\/observatorio-democracia.pt\/wp-content\/uploads\/2022\/07\/teambuilding-1024x684.jpg 1024w, https:\/\/observatorio-democracia.pt\/wp-content\/uploads\/2022\/07\/teambuilding-768x513.jpg 768w, https:\/\/observatorio-democracia.pt\/wp-content\/uploads\/2022\/07\/teambuilding-391x260.jpg 391w, https:\/\/observatorio-democracia.pt\/wp-content\/uploads\/2022\/07\/teambuilding-1000x668.jpg 1000w\" \/><span class=\"the7-hover-icon\"><i aria-hidden=\"true\" class=\"feather feather-more-horizontal\"><\/i><\/span><\/a>\n\t\t<\/div>\n\t<\/div>\n\n\n<div class=\"post-entry-content\">\n\n\t<h3 class=\"ele-entry-title\"><a href=\"https:\/\/observatorio-democracia.pt\/en\/first-team-building-dinner\/\" rel=\"bookmark\" title=\"First team-building dinner of the Observatory of Democracy and Political Representation\">First team-building dinner of the Observatory of Democracy and Political Representation<\/a><\/h3><div class=\"entry-meta\"><span class=\"meta-item category-link\"><a href=\"https:\/\/observatorio-democracia.pt\/en\/category\/noticias-en\/\" rel=\"tag\">News<\/a><\/span><span class=\"meta-item data-link\"><time class=\"entry-date updated\" datetime=\"2022-07-14T15:19:15+00:00\">14 de July, 2022<\/time><\/span><\/div><div class=\"entry-excerpt\"><p>To celebrate the advances we have made in the last period, and to integrate the team even further, we went,&hellip;<\/p>\n<\/div><a href=\"https:\/\/observatorio-democracia.pt\/en\/first-team-building-dinner\/\" target=\"\" aria-label=\"Read more about First team-building dinner of the Observatory of Democracy and Political Representation\" class=\"box-button elementor-button elementor-size-xs\">Ler mais<\/a>\n<\/div><\/article><\/div><div class=\"hidden wf-cell\" data-post-id=\"52372\" data-date=\"2022-06-20T21:38:07+00:00\" data-name=\"28th International Conference of Europeanists\"><article class=\"post visible post-52372 type-post status-publish format-standard has-post-thumbnail hentry category-noticias-en\" data-name=\"28th International Conference of Europeanists\" data-date=\"2022-06-20T21:38:07+00:00\">\n\n\t<div class=\"post-thumbnail-wrap\">\n\t\t<div class=\"post-thumbnail\">\n\n\t\t\t<a class=\"post-thumbnail-rollover layzr-bg img-css-resize-wrapper\" aria-label=\"Post image\" href=\"https:\/\/observatorio-democracia.pt\/en\/28th-international-conference-of-europeanists\/\"><img decoding=\"async\" width=\"1100\" height=\"735\" src=\"data:image\/svg+xml,%3Csvg%20xmlns%3D&#039;http%3A%2F%2Fwww.w3.org%2F2000%2Fsvg&#039;%20viewBox%3D&#039;0%200%201100%20735&#039;%2F%3E\" class=\"attachment-full size-full preload-me aspect lazy lazy-load\" alt=\"\" sizes=\"(max-width: 1100px) 100vw, 1100px\" style=\"--ratio: 1100 \/ 735;\" data-src=\"https:\/\/observatorio-democracia.pt\/wp-content\/uploads\/2022\/06\/ISCTE-foto-site.png\" loading=\"eager\" data-srcset=\"https:\/\/observatorio-democracia.pt\/wp-content\/uploads\/2022\/06\/ISCTE-foto-site.png 1100w, https:\/\/observatorio-democracia.pt\/wp-content\/uploads\/2022\/06\/ISCTE-foto-site-300x200.png 300w, https:\/\/observatorio-democracia.pt\/wp-content\/uploads\/2022\/06\/ISCTE-foto-site-1024x684.png 1024w, https:\/\/observatorio-democracia.pt\/wp-content\/uploads\/2022\/06\/ISCTE-foto-site-768x513.png 768w, https:\/\/observatorio-democracia.pt\/wp-content\/uploads\/2022\/06\/ISCTE-foto-site-391x260.png 391w, https:\/\/observatorio-democracia.pt\/wp-content\/uploads\/2022\/06\/ISCTE-foto-site-1000x668.png 1000w\" \/><span class=\"the7-hover-icon\"><i aria-hidden=\"true\" class=\"feather feather-more-horizontal\"><\/i><\/span><\/a>\n\t\t<\/div>\n\t<\/div>\n\n\n<div class=\"post-entry-content\">\n\n\t<h3 class=\"ele-entry-title\"><a href=\"https:\/\/observatorio-democracia.pt\/en\/28th-international-conference-of-europeanists\/\" rel=\"bookmark\" title=\"28th International Conference of Europeanists\">28th International Conference of Europeanists<\/a><\/h3><div class=\"entry-meta\"><span class=\"meta-item category-link\"><a href=\"https:\/\/observatorio-democracia.pt\/en\/category\/noticias-en\/\" rel=\"tag\">News<\/a><\/span><span class=\"meta-item data-link\"><time class=\"entry-date updated\" datetime=\"2022-06-20T21:38:07+00:00\">20 de June, 2022<\/time><\/span><\/div><div class=\"entry-excerpt\"><p>Based at Iscte the 28th International Conference of Europeanists will take place between June 29 and July 1<\/p>\n<\/div><a href=\"https:\/\/observatorio-democracia.pt\/en\/28th-international-conference-of-europeanists\/\" target=\"\" aria-label=\"Read more about 28th International Conference of Europeanists\" class=\"box-button elementor-button elementor-size-xs\">Ler mais<\/a>\n<\/div><\/article><\/div><div class=\"hidden wf-cell\" data-post-id=\"52048\" data-date=\"2022-04-27T17:53:44+00:00\" data-name=\"Candidate Survey for the 2022 Parliamentary Elections to be launched soon\"><article class=\"post visible post-52048 type-post status-publish format-standard has-post-thumbnail hentry category-noticias-en\" data-name=\"Candidate Survey for the 2022 Parliamentary Elections to be launched soon\" data-date=\"2022-04-27T17:53:44+00:00\">\n\n\t<div class=\"post-thumbnail-wrap\">\n\t\t<div class=\"post-thumbnail\">\n\n\t\t\t<a class=\"post-thumbnail-rollover layzr-bg img-css-resize-wrapper\" aria-label=\"Post image\" href=\"https:\/\/observatorio-democracia.pt\/en\/inquerito-aos-candidatos-as-eleicoes-legislativas-de-2022\/\"><img decoding=\"async\" width=\"1183\" height=\"790\" src=\"data:image\/svg+xml,%3Csvg%20xmlns%3D&#039;http%3A%2F%2Fwww.w3.org%2F2000%2Fsvg&#039;%20viewBox%3D&#039;0%200%201183%20790&#039;%2F%3E\" class=\"attachment-full size-full preload-me aspect lazy lazy-load\" alt=\"\" sizes=\"(max-width: 1183px) 100vw, 1183px\" style=\"--ratio: 1183 \/ 790;\" data-src=\"https:\/\/observatorio-democracia.pt\/wp-content\/uploads\/2022\/04\/arranque-parlamento.jpg\" loading=\"eager\" data-srcset=\"https:\/\/observatorio-democracia.pt\/wp-content\/uploads\/2022\/04\/arranque-parlamento.jpg 1183w, https:\/\/observatorio-democracia.pt\/wp-content\/uploads\/2022\/04\/arranque-parlamento-300x200.jpg 300w, https:\/\/observatorio-democracia.pt\/wp-content\/uploads\/2022\/04\/arranque-parlamento-1024x684.jpg 1024w, https:\/\/observatorio-democracia.pt\/wp-content\/uploads\/2022\/04\/arranque-parlamento-768x513.jpg 768w, https:\/\/observatorio-democracia.pt\/wp-content\/uploads\/2022\/04\/arranque-parlamento-391x260.jpg 391w, https:\/\/observatorio-democracia.pt\/wp-content\/uploads\/2022\/04\/arranque-parlamento-1000x668.jpg 1000w\" \/><span class=\"the7-hover-icon\"><i aria-hidden=\"true\" class=\"feather feather-more-horizontal\"><\/i><\/span><\/a>\n\t\t<\/div>\n\t<\/div>\n\n\n<div class=\"post-entry-content\">\n\n\t<h3 class=\"ele-entry-title\"><a href=\"https:\/\/observatorio-democracia.pt\/en\/inquerito-aos-candidatos-as-eleicoes-legislativas-de-2022\/\" rel=\"bookmark\" title=\"Candidate Survey for the 2022 Parliamentary Elections to be launched soon\">Candidate Survey for the 2022 Parliamentary Elections to be launched soon<\/a><\/h3><div class=\"entry-meta\"><span class=\"meta-item category-link\"><a href=\"https:\/\/observatorio-democracia.pt\/en\/category\/noticias-en\/\" rel=\"tag\">News<\/a><\/span><span class=\"meta-item data-link\"><time class=\"entry-date updated\" datetime=\"2022-04-27T17:53:44+00:00\">27 de April, 2022<\/time><\/span><\/div><div class=\"entry-excerpt\"><p>The Observatory of Democracy and Political Representation (ODRP) has already started contacts with the Assembly of the Republic and the&hellip;<\/p>\n<\/div><a href=\"https:\/\/observatorio-democracia.pt\/en\/inquerito-aos-candidatos-as-eleicoes-legislativas-de-2022\/\" target=\"\" aria-label=\"Read more about Candidate Survey for the 2022 Parliamentary Elections to be launched soon\" class=\"box-button elementor-button elementor-size-xs\">Ler mais<\/a>\n<\/div><\/article><\/div><div class=\"hidden wf-cell\" data-post-id=\"52059\" data-date=\"2022-04-27T17:30:31+00:00\" data-name=\"New book edited under the ODRP: Left and Right. Meaning and Correlates in Long Consolidated and New Democracies\"><article class=\"post visible post-52059 type-post status-publish format-standard has-post-thumbnail hentry category-noticias-en\" data-name=\"New book edited under the ODRP: Left and Right. Meaning and Correlates in Long Consolidated and New Democracies\" data-date=\"2022-04-27T17:30:31+00:00\">\n\n\t<div class=\"post-thumbnail-wrap\">\n\t\t<div class=\"post-thumbnail\">\n\n\t\t\t<a class=\"post-thumbnail-rollover layzr-bg img-css-resize-wrapper\" aria-label=\"Post image\" href=\"https:\/\/observatorio-democracia.pt\/en\/left-and-right-meaning-and-correlates-in-long-consolidated-and-new-democracies\/\"><img decoding=\"async\" width=\"1183\" height=\"790\" src=\"data:image\/svg+xml,%3Csvg%20xmlns%3D&#039;http%3A%2F%2Fwww.w3.org%2F2000%2Fsvg&#039;%20viewBox%3D&#039;0%200%201183%20790&#039;%2F%3E\" class=\"attachment-full size-full preload-me aspect lazy lazy-load\" alt=\"\" sizes=\"(max-width: 1183px) 100vw, 1183px\" style=\"--ratio: 1183 \/ 790;\" data-src=\"https:\/\/observatorio-democracia.pt\/wp-content\/uploads\/2022\/04\/novo-livro-left-and-right.jpg\" loading=\"eager\" data-srcset=\"https:\/\/observatorio-democracia.pt\/wp-content\/uploads\/2022\/04\/novo-livro-left-and-right.jpg 1183w, https:\/\/observatorio-democracia.pt\/wp-content\/uploads\/2022\/04\/novo-livro-left-and-right-300x200.jpg 300w, https:\/\/observatorio-democracia.pt\/wp-content\/uploads\/2022\/04\/novo-livro-left-and-right-1024x684.jpg 1024w, https:\/\/observatorio-democracia.pt\/wp-content\/uploads\/2022\/04\/novo-livro-left-and-right-768x513.jpg 768w, https:\/\/observatorio-democracia.pt\/wp-content\/uploads\/2022\/04\/novo-livro-left-and-right-391x260.jpg 391w, https:\/\/observatorio-democracia.pt\/wp-content\/uploads\/2022\/04\/novo-livro-left-and-right-1000x668.jpg 1000w\" \/><span class=\"the7-hover-icon\"><i aria-hidden=\"true\" class=\"feather feather-more-horizontal\"><\/i><\/span><\/a>\n\t\t<\/div>\n\t<\/div>\n\n\n<div class=\"post-entry-content\">\n\n\t<h3 class=\"ele-entry-title\"><a href=\"https:\/\/observatorio-democracia.pt\/en\/left-and-right-meaning-and-correlates-in-long-consolidated-and-new-democracies\/\" rel=\"bookmark\" title=\"New book edited under the ODRP: Left and Right. Meaning and Correlates in Long Consolidated and New Democracies\">New book edited under the ODRP: Left and Right. Meaning and Correlates in Long Consolidated and New Democracies<\/a><\/h3><div class=\"entry-meta\"><span class=\"meta-item category-link\"><a href=\"https:\/\/observatorio-democracia.pt\/en\/category\/noticias-en\/\" rel=\"tag\">News<\/a><\/span><span class=\"meta-item data-link\"><time class=\"entry-date updated\" datetime=\"2022-04-27T17:30:31+00:00\">27 de April, 2022<\/time><\/span><\/div><div class=\"entry-excerpt\"><p>Within the scope of the ODRP and with the support of CIES-Iscte, Andr\u00e9 Freire&#8217;s book Left and Right was recently&hellip;<\/p>\n<\/div><a href=\"https:\/\/observatorio-democracia.pt\/en\/left-and-right-meaning-and-correlates-in-long-consolidated-and-new-democracies\/\" target=\"\" aria-label=\"Read more about New book edited under the ODRP: Left and Right. Meaning and Correlates in Long Consolidated and New Democracies\" class=\"box-button elementor-button elementor-size-xs\">Ler mais<\/a>\n<\/div><\/article><\/div><div class=\"hidden wf-cell\" data-post-id=\"52070\" data-date=\"2022-04-20T11:39:34+00:00\" data-name=\"The Observatory of Democracy and Political Representation is online!\"><article class=\"post visible post-52070 type-post status-publish format-standard has-post-thumbnail hentry category-noticias-en\" data-name=\"The Observatory of Democracy and Political Representation is online!\" data-date=\"2022-04-20T11:39:34+00:00\">\n\n\t<div class=\"post-thumbnail-wrap\">\n\t\t<div class=\"post-thumbnail\">\n\n\t\t\t<a class=\"post-thumbnail-rollover layzr-bg img-css-resize-wrapper\" aria-label=\"Post image\" href=\"https:\/\/observatorio-democracia.pt\/en\/observatorio-da-democracia\/\"><img decoding=\"async\" width=\"1183\" height=\"790\" src=\"data:image\/svg+xml,%3Csvg%20xmlns%3D&#039;http%3A%2F%2Fwww.w3.org%2F2000%2Fsvg&#039;%20viewBox%3D&#039;0%200%201183%20790&#039;%2F%3E\" class=\"attachment-full size-full preload-me aspect lazy lazy-load\" alt=\"\" sizes=\"(max-width: 1183px) 100vw, 1183px\" style=\"--ratio: 1183 \/ 790;\" data-src=\"https:\/\/observatorio-democracia.pt\/wp-content\/uploads\/2022\/04\/site-online-observatorio-democracia.jpg\" loading=\"eager\" data-srcset=\"https:\/\/observatorio-democracia.pt\/wp-content\/uploads\/2022\/04\/site-online-observatorio-democracia.jpg 1183w, https:\/\/observatorio-democracia.pt\/wp-content\/uploads\/2022\/04\/site-online-observatorio-democracia-300x200.jpg 300w, https:\/\/observatorio-democracia.pt\/wp-content\/uploads\/2022\/04\/site-online-observatorio-democracia-1024x684.jpg 1024w, https:\/\/observatorio-democracia.pt\/wp-content\/uploads\/2022\/04\/site-online-observatorio-democracia-768x513.jpg 768w, https:\/\/observatorio-democracia.pt\/wp-content\/uploads\/2022\/04\/site-online-observatorio-democracia-391x260.jpg 391w, https:\/\/observatorio-democracia.pt\/wp-content\/uploads\/2022\/04\/site-online-observatorio-democracia-1000x668.jpg 1000w\" \/><span class=\"the7-hover-icon\"><i aria-hidden=\"true\" class=\"feather feather-more-horizontal\"><\/i><\/span><\/a>\n\t\t<\/div>\n\t<\/div>\n\n\n<div class=\"post-entry-content\">\n\n\t<h3 class=\"ele-entry-title\"><a href=\"https:\/\/observatorio-democracia.pt\/en\/observatorio-da-democracia\/\" rel=\"bookmark\" title=\"The Observatory of Democracy and Political Representation is online!\">The Observatory of Democracy and Political Representation is online!<\/a><\/h3><div class=\"entry-meta\"><span class=\"meta-item category-link\"><a href=\"https:\/\/observatorio-democracia.pt\/en\/category\/noticias-en\/\" rel=\"tag\">News<\/a><\/span><span class=\"meta-item data-link\"><time class=\"entry-date updated\" datetime=\"2022-04-20T11:39:34+00:00\">20 de April, 2022<\/time><\/span><\/div><div class=\"entry-excerpt\"><p>Welcome to the website of the Observatory of Democracy and Political Representation. As our Observatory is quite recent, it is&hellip;<\/p>\n<\/div><a href=\"https:\/\/observatorio-democracia.pt\/en\/observatorio-da-democracia\/\" target=\"\" aria-label=\"Read more about The Observatory of Democracy and Political Representation is online!\" class=\"box-button elementor-button elementor-size-xs\">Ler mais<\/a>\n<\/div><\/article><\/div><\/div><!-- iso-container|iso-grid --><div class=\"paginator filter-decorations filter-pointer-underline filter-animation-fade\" role=\"navigation\"><\/div><\/div>\t\t\t\t<\/div>\n\t\t\t\t<\/div>\n\t\t\t\t\t<\/div>\n\t\t<\/div>\n\t\t\t\t\t<\/div>\n\t\t<\/section>\n\t\t\t\t<\/div>\n\t\t","protected":false},"excerpt":{"rendered":"<p>\u00a9 cr\u00e9dito fotogr\u00e1fico: Envato The Observatory for Democracy and Political Representation (ODRP) is Online Welcome to the ODRP website! Since our Observatory is new, you may not yet know us, so we have taken the initiative to write this brief welcome and introduction text. Integrated in the Center for Research and Studies in Sociology (CIES-Iscte),&hellip;<\/p>\n","protected":false},"author":1,"featured_media":0,"parent":0,"menu_order":10,"comment_status":"closed","ping_status":"closed","template":"","meta":{"footnotes":""},"class_list":["post-52182","page","type-page","status-publish","hentry"],"yoast_head":"<!-- This site is optimized with the Yoast SEO plugin v24.7 - https:\/\/yoast.com\/wordpress\/plugins\/seo\/ -->\n<title>News | Observatory of Democracy ISCTE Portugal<\/title>\n<meta name=\"description\" content=\"Follow all related news from the Observatory of Democracy and Political Representation, ISCTE Portugal.\" \/>\n<meta name=\"robots\" content=\"index, follow, max-snippet:-1, max-image-preview:large, max-video-preview:-1\" \/>\n<link rel=\"canonical\" href=\"https:\/\/observatorio-democracia.pt\/en\/news\/\" \/>\n<meta property=\"og:locale\" content=\"en_US\" \/>\n<meta property=\"og:type\" content=\"article\" \/>\n<meta property=\"og:title\" content=\"News | Observatory of Democracy ISCTE Portugal\" \/>\n<meta property=\"og:description\" content=\"Follow all related news from the Observatory of Democracy and Political Representation, ISCTE Portugal.\" \/>\n<meta property=\"og:url\" content=\"https:\/\/observatorio-democracia.pt\/en\/news\/\" \/>\n<meta property=\"og:site_name\" content=\"Observat\u00f3rio da Democracia e da Representa\u00e7\u00e3o Pol\u00edtica\" \/>\n<meta property=\"article:publisher\" content=\"https:\/\/www.facebook.com\/observatorio.democracia.representacao.politica\" \/>\n<meta property=\"article:modified_time\" content=\"2022-06-22T23:57:46+00:00\" \/>\n<meta name=\"twitter:card\" content=\"summary_large_image\" \/>\n<meta name=\"twitter:site\" content=\"@Observatorioda4\" \/>\n<script type=\"application\/ld+json\" class=\"yoast-schema-graph\">{\"@context\":\"https:\/\/schema.org\",\"@graph\":[{\"@type\":\"WebPage\",\"@id\":\"https:\/\/observatorio-democracia.pt\/en\/news\/\",\"url\":\"https:\/\/observatorio-democracia.pt\/en\/news\/\",\"name\":\"News | Observatory of Democracy ISCTE Portugal\",\"isPartOf\":{\"@id\":\"https:\/\/observatorio-democracia.pt\/en\/#website\"},\"datePublished\":\"2022-04-27T17:42:48+00:00\",\"dateModified\":\"2022-06-22T23:57:46+00:00\",\"description\":\"Follow all related news from the Observatory of Democracy and Political Representation, ISCTE Portugal.\",\"breadcrumb\":{\"@id\":\"https:\/\/observatorio-democracia.pt\/en\/news\/#breadcrumb\"},\"inLanguage\":\"en-US\",\"potentialAction\":[{\"@type\":\"ReadAction\",\"target\":[\"https:\/\/observatorio-democracia.pt\/en\/news\/\"]}]},{\"@type\":\"BreadcrumbList\",\"@id\":\"https:\/\/observatorio-democracia.pt\/en\/news\/#breadcrumb\",\"itemListElement\":[{\"@type\":\"ListItem\",\"position\":1,\"name\":\"In\u00edcio\",\"item\":\"https:\/\/observatorio-democracia.pt\/en\/\"},{\"@type\":\"ListItem\",\"position\":2,\"name\":\"News\"}]},{\"@type\":\"WebSite\",\"@id\":\"https:\/\/observatorio-democracia.pt\/en\/#website\",\"url\":\"https:\/\/observatorio-democracia.pt\/en\/\",\"name\":\"Observat\u00f3rio da Democracia e da Representa\u00e7\u00e3o Pol\u00edtica\",\"description\":\"Um bem para a Cidadania\",\"publisher\":{\"@id\":\"https:\/\/observatorio-democracia.pt\/en\/#organization\"},\"potentialAction\":[{\"@type\":\"SearchAction\",\"target\":{\"@type\":\"EntryPoint\",\"urlTemplate\":\"https:\/\/observatorio-democracia.pt\/en\/?s={search_term_string}\"},\"query-input\":{\"@type\":\"PropertyValueSpecification\",\"valueRequired\":true,\"valueName\":\"search_term_string\"}}],\"inLanguage\":\"en-US\"},{\"@type\":\"Organization\",\"@id\":\"https:\/\/observatorio-democracia.pt\/en\/#organization\",\"name\":\"Observat\u00f3rio da Democracia e da Representa\u00e7\u00e3o Pol\u00edtica\",\"url\":\"https:\/\/observatorio-democracia.pt\/en\/\",\"logo\":{\"@type\":\"ImageObject\",\"inLanguage\":\"en-US\",\"@id\":\"https:\/\/observatorio-democracia.pt\/en\/#\/schema\/logo\/image\/\",\"url\":\"https:\/\/observatorio-democracia.pt\/wp-content\/uploads\/2022\/04\/logo-observatorio-democracia-forms.jpg\",\"contentUrl\":\"https:\/\/observatorio-democracia.pt\/wp-content\/uploads\/2022\/04\/logo-observatorio-democracia-forms.jpg\",\"width\":400,\"height\":98,\"caption\":\"Observat\u00f3rio da Democracia e da Representa\u00e7\u00e3o Pol\u00edtica\"},\"image\":{\"@id\":\"https:\/\/observatorio-democracia.pt\/en\/#\/schema\/logo\/image\/\"},\"sameAs\":[\"https:\/\/www.facebook.com\/observatorio.democracia.representacao.politica\",\"https:\/\/x.com\/Observatorioda4\",\"https:\/\/www.instagram.com\/observatoriodrp\/\"]}]}<\/script>\n<!-- \/ Yoast SEO plugin. -->","yoast_head_json":{"title":"News | Observatory of Democracy ISCTE Portugal","description":"Follow all related news from the Observatory of Democracy and Political Representation, ISCTE Portugal.","robots":{"index":"index","follow":"follow","max-snippet":"max-snippet:-1","max-image-preview":"max-image-preview:large","max-video-preview":"max-video-preview:-1"},"canonical":"https:\/\/observatorio-democracia.pt\/en\/news\/","og_locale":"en_US","og_type":"article","og_title":"News | Observatory of Democracy ISCTE Portugal","og_description":"Follow all related news from the Observatory of Democracy and Political Representation, ISCTE Portugal.","og_url":"https:\/\/observatorio-democracia.pt\/en\/news\/","og_site_name":"Observat\u00f3rio da Democracia e da Representa\u00e7\u00e3o Pol\u00edtica","article_publisher":"https:\/\/www.facebook.com\/observatorio.democracia.representacao.politica","article_modified_time":"2022-06-22T23:57:46+00:00","twitter_card":"summary_large_image","twitter_site":"@Observatorioda4","schema":{"@context":"https:\/\/schema.org","@graph":[{"@type":"WebPage","@id":"https:\/\/observatorio-democracia.pt\/en\/news\/","url":"https:\/\/observatorio-democracia.pt\/en\/news\/","name":"News | Observatory of Democracy ISCTE Portugal","isPartOf":{"@id":"https:\/\/observatorio-democracia.pt\/en\/#website"},"datePublished":"2022-04-27T17:42:48+00:00","dateModified":"2022-06-22T23:57:46+00:00","description":"Follow all related news from the Observatory of Democracy and Political Representation, ISCTE Portugal.","breadcrumb":{"@id":"https:\/\/observatorio-democracia.pt\/en\/news\/#breadcrumb"},"inLanguage":"en-US","potentialAction":[{"@type":"ReadAction","target":["https:\/\/observatorio-democracia.pt\/en\/news\/"]}]},{"@type":"BreadcrumbList","@id":"https:\/\/observatorio-democracia.pt\/en\/news\/#breadcrumb","itemListElement":[{"@type":"ListItem","position":1,"name":"In\u00edcio","item":"https:\/\/observatorio-democracia.pt\/en\/"},{"@type":"ListItem","position":2,"name":"News"}]},{"@type":"WebSite","@id":"https:\/\/observatorio-democracia.pt\/en\/#website","url":"https:\/\/observatorio-democracia.pt\/en\/","name":"Observat\u00f3rio da Democracia e da Representa\u00e7\u00e3o Pol\u00edtica","description":"Um bem para a Cidadania","publisher":{"@id":"https:\/\/observatorio-democracia.pt\/en\/#organization"},"potentialAction":[{"@type":"SearchAction","target":{"@type":"EntryPoint","urlTemplate":"https:\/\/observatorio-democracia.pt\/en\/?s={search_term_string}"},"query-input":{"@type":"PropertyValueSpecification","valueRequired":true,"valueName":"search_term_string"}}],"inLanguage":"en-US"},{"@type":"Organization","@id":"https:\/\/observatorio-democracia.pt\/en\/#organization","name":"Observat\u00f3rio da Democracia e da Representa\u00e7\u00e3o Pol\u00edtica","url":"https:\/\/observatorio-democracia.pt\/en\/","logo":{"@type":"ImageObject","inLanguage":"en-US","@id":"https:\/\/observatorio-democracia.pt\/en\/#\/schema\/logo\/image\/","url":"https:\/\/observatorio-democracia.pt\/wp-content\/uploads\/2022\/04\/logo-observatorio-democracia-forms.jpg","contentUrl":"https:\/\/observatorio-democracia.pt\/wp-content\/uploads\/2022\/04\/logo-observatorio-democracia-forms.jpg","width":400,"height":98,"caption":"Observat\u00f3rio da Democracia e da Representa\u00e7\u00e3o Pol\u00edtica"},"image":{"@id":"https:\/\/observatorio-democracia.pt\/en\/#\/schema\/logo\/image\/"},"sameAs":["https:\/\/www.facebook.com\/observatorio.democracia.representacao.politica","https:\/\/x.com\/Observatorioda4","https:\/\/www.instagram.com\/observatoriodrp\/"]}]}},"_links":{"self":[{"href":"https:\/\/observatorio-democracia.pt\/en\/wp-json\/wp\/v2\/pages\/52182","targetHints":{"allow":["GET"]}}],"collection":[{"href":"https:\/\/observatorio-democracia.pt\/en\/wp-json\/wp\/v2\/pages"}],"about":[{"href":"https:\/\/observatorio-democracia.pt\/en\/wp-json\/wp\/v2\/types\/page"}],"author":[{"embeddable":true,"href":"https:\/\/observatorio-democracia.pt\/en\/wp-json\/wp\/v2\/users\/1"}],"replies":[{"embeddable":true,"href":"https:\/\/observatorio-democracia.pt\/en\/wp-json\/wp\/v2\/comments?post=52182"}],"version-history":[{"count":1,"href":"https:\/\/observatorio-democracia.pt\/en\/wp-json\/wp\/v2\/pages\/52182\/revisions"}],"predecessor-version":[{"id":52183,"href":"https:\/\/observatorio-democracia.pt\/en\/wp-json\/wp\/v2\/pages\/52182\/revisions\/52183"}],"wp:attachment":[{"href":"https:\/\/observatorio-democracia.pt\/en\/wp-json\/wp\/v2\/media?parent=52182"}],"curies":[{"name":"wp","href":"https:\/\/api.w.org\/{rel}","templated":true}]}}