{"id":52127,"date":"2022-04-27T16:19:34","date_gmt":"2022-04-27T16:19:34","guid":{"rendered":"https:\/\/observatorio-democracia.pt\/investigacoes-do-observatorio-da-democracia\/"},"modified":"2022-07-12T16:08:24","modified_gmt":"2022-07-12T16:08:24","slug":"investigacoes-do-observatorio-da-democracia","status":"publish","type":"page","link":"https:\/\/observatorio-democracia.pt\/en\/investigacoes-do-observatorio-da-democracia\/","title":{"rendered":"Observatory&#8217;s Research"},"content":{"rendered":"\t\t<div data-elementor-type=\"wp-page\" data-elementor-id=\"52127\" class=\"elementor elementor-52127 elementor-50579\" data-elementor-post-type=\"page\">\n\t\t\t\t\t\t<section class=\"elementor-section elementor-top-section elementor-element elementor-element-64f606a elementor-section-height-min-height elementor-section-items-stretch elementor-section-content-middle elementor-section-boxed elementor-section-height-default\" data-id=\"64f606a\" data-element_type=\"section\">\n\t\t\t\t\t\t\t<div class=\"elementor-background-overlay\"><\/div>\n\t\t\t\t\t\t\t<div class=\"elementor-container elementor-column-gap-wider\">\n\t\t\t\t\t<div class=\"elementor-column elementor-col-100 elementor-top-column elementor-element elementor-element-dd9b4aa\" data-id=\"dd9b4aa\" data-element_type=\"column\" data-settings=\"{&quot;background_background&quot;:&quot;classic&quot;}\">\n\t\t\t<div class=\"elementor-widget-wrap elementor-element-populated\">\n\t\t\t\t\t\t<div class=\"elementor-element elementor-element-fd75ff1 preserve-img-ratio-cover elementor-widget elementor-widget-the7_elements\" data-id=\"fd75ff1\" data-element_type=\"widget\" data-widget_type=\"the7_elements.default\">\n\t\t\t\t<div class=\"elementor-widget-container\">\n\t\t\t\t\t<div class=\"portfolio-shortcode the7-elementor-widget the7_elements-fd75ff1 mode-grid dt-css-grid-wrap classic-layout-list description-under-image quick-scale-img content-bg-on resize-by-browser-width loading-effect-none enable-pagination-scroll jquery-filter\" data-padding=\"60px\" data-mobile-columns-num=\"1\" data-tablet-columns-num=\"2\" data-desktop-columns-num=\"2\" data-wide-desktop-columns-num=\"2\" data-post-limit=\"6\" data-pagination-mode=\"pages\" data-scroll-offset=\"90\" aria-live=\"assertive\"><div class=\"dt-css-grid custom-pagination-handler\"><div class=\"visible wf-cell\" data-post-id=\"55291\" data-date=\"2025-10-29T15:04:42+00:00\" data-name=\"The Portuguese Candidate Survey to the 2022 Legislative Elections\"><article class=\"post visible post-55291 type-post status-publish format-standard has-post-thumbnail hentry category-investigacoes-do-observatorio-en category-investigacao-en\" data-name=\"The Portuguese Candidate Survey to the 2022 Legislative Elections\" data-date=\"2025-10-29T15:04:42+00:00\">\n\n\t<div class=\"post-thumbnail-wrap\">\n\t\t<div class=\"post-thumbnail\">\n\n\t\t\t<a class=\"post-thumbnail-rollover layzr-bg img-css-resize-wrapper\" aria-label=\"Post image\" href=\"https:\/\/observatorio-democracia.pt\/en\/the-portuguese-candidate-survey-to-the-2022-legislative-elections\/\"><img fetchpriority=\"high\" decoding=\"async\" width=\"1183\" height=\"790\" src=\"data:image\/svg+xml,%3Csvg%20xmlns%3D&#039;http%3A%2F%2Fwww.w3.org%2F2000%2Fsvg&#039;%20viewBox%3D&#039;0%200%201183%20790&#039;%2F%3E\" class=\"attachment-full size-full preload-me aspect lazy lazy-load\" alt=\"\" sizes=\"(max-width: 1183px) 100vw, 1183px\" style=\"--ratio: 1183 \/ 790;\" data-src=\"https:\/\/observatorio-democracia.pt\/wp-content\/uploads\/2022\/04\/eleicoes-legislativas2022.jpg\" loading=\"eager\" data-srcset=\"https:\/\/observatorio-democracia.pt\/wp-content\/uploads\/2022\/04\/eleicoes-legislativas2022.jpg 1183w, https:\/\/observatorio-democracia.pt\/wp-content\/uploads\/2022\/04\/eleicoes-legislativas2022-300x200.jpg 300w, https:\/\/observatorio-democracia.pt\/wp-content\/uploads\/2022\/04\/eleicoes-legislativas2022-1024x684.jpg 1024w, https:\/\/observatorio-democracia.pt\/wp-content\/uploads\/2022\/04\/eleicoes-legislativas2022-768x513.jpg 768w, https:\/\/observatorio-democracia.pt\/wp-content\/uploads\/2022\/04\/eleicoes-legislativas2022-391x260.jpg 391w, https:\/\/observatorio-democracia.pt\/wp-content\/uploads\/2022\/04\/eleicoes-legislativas2022-1000x668.jpg 1000w\" \/><span class=\"the7-hover-icon\"><i aria-hidden=\"true\" class=\"feather feather-more-horizontal\"><\/i><\/span><\/a>\n\t\t<\/div>\n\t<\/div>\n\n\n<div class=\"post-entry-content\">\n\n\t<h3 class=\"ele-entry-title\"><a href=\"https:\/\/observatorio-democracia.pt\/en\/the-portuguese-candidate-survey-to-the-2022-legislative-elections\/\" rel=\"bookmark\" title=\"The Portuguese Candidate Survey to the 2022 Legislative Elections\">The Portuguese Candidate Survey to the 2022 Legislative Elections<\/a><\/h3><div class=\"entry-meta\"><span class=\"meta-item category-link\"><a href=\"https:\/\/observatorio-democracia.pt\/en\/category\/investigacao-en\/investigacoes-do-observatorio-en\/\" rel=\"tag\">Observatory Research<\/a>, <a href=\"https:\/\/observatorio-democracia.pt\/en\/category\/investigacao-en\/\" rel=\"tag\">Research<\/a><\/span><span class=\"meta-item data-link\"><time class=\"entry-date updated\" datetime=\"2025-10-29T15:04:42+00:00\">29 de October, 2025<\/time><\/span><\/div><div class=\"entry-excerpt\"><p>Module III of the CCS has been updated and now includes the 2022 Portuguese legislative elections<\/p>\n<\/div><a href=\"https:\/\/observatorio-democracia.pt\/en\/the-portuguese-candidate-survey-to-the-2022-legislative-elections\/\" target=\"\" aria-label=\"Read more about The Portuguese Candidate Survey to the 2022 Legislative Elections\" class=\"box-button elementor-button elementor-size-xs\">Read more<\/a>\n<\/div><\/article><\/div><div class=\"visible wf-cell\" data-post-id=\"52100\" data-date=\"2022-04-27T16:07:07+00:00\" data-name=\"Other Editions of the Portuguese Candidate Survey Legislative Elections\"><article class=\"post visible post-52100 type-post status-publish format-standard has-post-thumbnail hentry category-investigacoes-do-observatorio-en category-investigacao-en\" data-name=\"Other Editions of the Portuguese Candidate Survey Legislative Elections\" data-date=\"2022-04-27T16:07:07+00:00\">\n\n\t<div class=\"post-thumbnail-wrap\">\n\t\t<div class=\"post-thumbnail\">\n\n\t\t\t<a class=\"post-thumbnail-rollover layzr-bg img-css-resize-wrapper\" aria-label=\"Post image\" href=\"https:\/\/observatorio-democracia.pt\/en\/outras-edicoes-dos-inqueritos-aos-candidatos-as-eleicoes-legislativas\/\"><img decoding=\"async\" width=\"1183\" height=\"790\" src=\"data:image\/svg+xml,%3Csvg%20xmlns%3D&#039;http%3A%2F%2Fwww.w3.org%2F2000%2Fsvg&#039;%20viewBox%3D&#039;0%200%201183%20790&#039;%2F%3E\" class=\"attachment-full size-full preload-me aspect lazy lazy-load\" alt=\"\" sizes=\"(max-width: 1183px) 100vw, 1183px\" style=\"--ratio: 1183 \/ 790;\" data-src=\"https:\/\/observatorio-democracia.pt\/wp-content\/uploads\/2022\/04\/legislativas-2005-15.jpg\" loading=\"eager\" data-srcset=\"https:\/\/observatorio-democracia.pt\/wp-content\/uploads\/2022\/04\/legislativas-2005-15.jpg 1183w, https:\/\/observatorio-democracia.pt\/wp-content\/uploads\/2022\/04\/legislativas-2005-15-300x200.jpg 300w, https:\/\/observatorio-democracia.pt\/wp-content\/uploads\/2022\/04\/legislativas-2005-15-1024x684.jpg 1024w, https:\/\/observatorio-democracia.pt\/wp-content\/uploads\/2022\/04\/legislativas-2005-15-768x513.jpg 768w, https:\/\/observatorio-democracia.pt\/wp-content\/uploads\/2022\/04\/legislativas-2005-15-391x260.jpg 391w, https:\/\/observatorio-democracia.pt\/wp-content\/uploads\/2022\/04\/legislativas-2005-15-1000x668.jpg 1000w\" \/><span class=\"the7-hover-icon\"><i aria-hidden=\"true\" class=\"feather feather-more-horizontal\"><\/i><\/span><\/a>\n\t\t<\/div>\n\t<\/div>\n\n\n<div class=\"post-entry-content\">\n\n\t<h3 class=\"ele-entry-title\"><a href=\"https:\/\/observatorio-democracia.pt\/en\/outras-edicoes-dos-inqueritos-aos-candidatos-as-eleicoes-legislativas\/\" rel=\"bookmark\" title=\"Other Editions of the Portuguese Candidate Survey Legislative Elections\">Other Editions of the Portuguese Candidate Survey Legislative Elections<\/a><\/h3><div class=\"entry-meta\"><span class=\"meta-item category-link\"><a href=\"https:\/\/observatorio-democracia.pt\/en\/category\/investigacao-en\/investigacoes-do-observatorio-en\/\" rel=\"tag\">Observatory Research<\/a>, <a href=\"https:\/\/observatorio-democracia.pt\/en\/category\/investigacao-en\/\" rel=\"tag\">Research<\/a><\/span><span class=\"meta-item data-link\"><time class=\"entry-date updated\" datetime=\"2022-04-27T16:07:07+00:00\">27 de April, 2022<\/time><\/span><\/div><div class=\"entry-excerpt\"><p>The \u201cSurveys of Candidates for Legislative Elections\u201d are currently in their 6th edition (referring to the 2022 Legislative Elections)&#8230;<\/p>\n<\/div><a href=\"https:\/\/observatorio-democracia.pt\/en\/outras-edicoes-dos-inqueritos-aos-candidatos-as-eleicoes-legislativas\/\" target=\"\" aria-label=\"Read more about Other Editions of the Portuguese Candidate Survey Legislative Elections\" class=\"box-button elementor-button elementor-size-xs\">Read more<\/a>\n<\/div><\/article><\/div><div class=\"visible wf-cell\" data-post-id=\"52094\" data-date=\"2022-04-27T16:04:09+00:00\" data-name=\"The Portuguese Candidate Survey to the 2019 Legislative Elections\"><article class=\"post visible post-52094 type-post status-publish format-standard has-post-thumbnail hentry category-investigacoes-do-observatorio-en category-investigacao-en\" data-name=\"The Portuguese Candidate Survey to the 2019 Legislative Elections\" data-date=\"2022-04-27T16:04:09+00:00\">\n\n\t<div class=\"post-thumbnail-wrap\">\n\t\t<div class=\"post-thumbnail\">\n\n\t\t\t<a class=\"post-thumbnail-rollover layzr-bg img-css-resize-wrapper\" aria-label=\"Post image\" href=\"https:\/\/observatorio-democracia.pt\/en\/inquerito-aos-candidatos-a-deputados-nas-eleicoes-legislativas-de-2019\/\"><img decoding=\"async\" width=\"1183\" height=\"790\" src=\"data:image\/svg+xml,%3Csvg%20xmlns%3D&#039;http%3A%2F%2Fwww.w3.org%2F2000%2Fsvg&#039;%20viewBox%3D&#039;0%200%201183%20790&#039;%2F%3E\" class=\"attachment-full size-full preload-me aspect lazy lazy-load\" alt=\"\" sizes=\"(max-width: 1183px) 100vw, 1183px\" style=\"--ratio: 1183 \/ 790;\" data-src=\"https:\/\/observatorio-democracia.pt\/wp-content\/uploads\/2022\/04\/eleicoes-legislativas2019.jpg\" loading=\"eager\" data-srcset=\"https:\/\/observatorio-democracia.pt\/wp-content\/uploads\/2022\/04\/eleicoes-legislativas2019.jpg 1183w, https:\/\/observatorio-democracia.pt\/wp-content\/uploads\/2022\/04\/eleicoes-legislativas2019-300x200.jpg 300w, https:\/\/observatorio-democracia.pt\/wp-content\/uploads\/2022\/04\/eleicoes-legislativas2019-1024x684.jpg 1024w, https:\/\/observatorio-democracia.pt\/wp-content\/uploads\/2022\/04\/eleicoes-legislativas2019-768x513.jpg 768w, https:\/\/observatorio-democracia.pt\/wp-content\/uploads\/2022\/04\/eleicoes-legislativas2019-391x260.jpg 391w, https:\/\/observatorio-democracia.pt\/wp-content\/uploads\/2022\/04\/eleicoes-legislativas2019-1000x668.jpg 1000w\" \/><span class=\"the7-hover-icon\"><i aria-hidden=\"true\" class=\"feather feather-more-horizontal\"><\/i><\/span><\/a>\n\t\t<\/div>\n\t<\/div>\n\n\n<div class=\"post-entry-content\">\n\n\t<h3 class=\"ele-entry-title\"><a href=\"https:\/\/observatorio-democracia.pt\/en\/inquerito-aos-candidatos-a-deputados-nas-eleicoes-legislativas-de-2019\/\" rel=\"bookmark\" title=\"The Portuguese Candidate Survey to the 2019 Legislative Elections\">The Portuguese Candidate Survey to the 2019 Legislative Elections<\/a><\/h3><div class=\"entry-meta\"><span class=\"meta-item category-link\"><a href=\"https:\/\/observatorio-democracia.pt\/en\/category\/investigacao-en\/investigacoes-do-observatorio-en\/\" rel=\"tag\">Observatory Research<\/a>, <a href=\"https:\/\/observatorio-democracia.pt\/en\/category\/investigacao-en\/\" rel=\"tag\">Research<\/a><\/span><span class=\"meta-item data-link\"><time class=\"entry-date updated\" datetime=\"2022-04-27T16:04:09+00:00\">27 de April, 2022<\/time><\/span><\/div><div class=\"entry-excerpt\"><p>The \u201cSurvey of Candidates for Deputies in the 2019 Legislative Elections (elected and non-elected)\u201d was conducted by the Observat\u00f3rio da&hellip;<\/p>\n<\/div><a href=\"https:\/\/observatorio-democracia.pt\/en\/inquerito-aos-candidatos-a-deputados-nas-eleicoes-legislativas-de-2019\/\" target=\"\" aria-label=\"Read more about The Portuguese Candidate Survey to the 2019 Legislative Elections\" class=\"box-button elementor-button elementor-size-xs\">Read more<\/a>\n<\/div><\/article><\/div><\/div><!-- iso-container|iso-grid --><div class=\"paginator filter-decorations filter-pointer-underline filter-animation-fade\" role=\"navigation\"><\/div><\/div>\t\t\t\t<\/div>\n\t\t\t\t<\/div>\n\t\t\t\t\t<\/div>\n\t\t<\/div>\n\t\t\t\t\t<\/div>\n\t\t<\/section>\n\t\t\t\t<\/div>\n\t\t","protected":false},"excerpt":{"rendered":"<p>Biographies of Portuguese MPs Investiga\u00e7\u00e3o, Investiga\u00e7\u00f5es do Observat\u00f3rio27 de Abril, 2022 The \u201cBiographies of Portuguese MPs\u201d are sociodemographic files of each Member of the Portuguese Parliament (MP), produced after\u2026 Read more Other Editions of the Portuguese Candidate Survey Legislative Elections Investiga\u00e7\u00e3o, Investiga\u00e7\u00f5es do Observat\u00f3rio27 de Abril, 2022 The \u201cSurveys of Candidates for Legislative Elections\u201d are&hellip;<\/p>\n","protected":false},"author":1,"featured_media":0,"parent":0,"menu_order":10,"comment_status":"closed","ping_status":"closed","template":"","meta":{"footnotes":""},"class_list":["post-52127","page","type-page","status-publish","hentry"],"yoast_head":"<!-- This site is optimized with the Yoast SEO plugin v24.7 - https:\/\/yoast.com\/wordpress\/plugins\/seo\/ -->\n<title>Research | Observatory of Democracy ISCTE Portugal<\/title>\n<meta name=\"description\" content=\"Consult the research carried out by the Observatory of Democracy and Political Representation, ISCTE Portugal.\" \/>\n<meta name=\"robots\" content=\"index, follow, max-snippet:-1, max-image-preview:large, max-video-preview:-1\" \/>\n<link rel=\"canonical\" href=\"https:\/\/observatorio-democracia.pt\/en\/investigacoes-do-observatorio-da-democracia\/\" \/>\n<meta property=\"og:locale\" content=\"en_US\" \/>\n<meta property=\"og:type\" content=\"article\" \/>\n<meta property=\"og:title\" content=\"Research | Observatory of Democracy ISCTE Portugal\" \/>\n<meta property=\"og:description\" content=\"Consult the research carried out by the Observatory of Democracy and Political Representation, ISCTE Portugal.\" \/>\n<meta property=\"og:url\" content=\"https:\/\/observatorio-democracia.pt\/en\/investigacoes-do-observatorio-da-democracia\/\" \/>\n<meta property=\"og:site_name\" content=\"Observat\u00f3rio da Democracia e da Representa\u00e7\u00e3o Pol\u00edtica\" \/>\n<meta property=\"article:publisher\" content=\"https:\/\/www.facebook.com\/observatorio.democracia.representacao.politica\" \/>\n<meta property=\"article:modified_time\" content=\"2022-07-12T16:08:24+00:00\" \/>\n<meta property=\"og:image\" content=\"https:\/\/observatorio-democracia.pt\/wp-content\/uploads\/2022\/04\/biografias-768x512.jpg\" \/>\n<meta name=\"twitter:card\" content=\"summary_large_image\" \/>\n<meta name=\"twitter:site\" content=\"@Observatorioda4\" \/>\n<meta name=\"twitter:label1\" content=\"Est. reading time\" \/>\n\t<meta name=\"twitter:data1\" content=\"3 minutes\" \/>\n<script type=\"application\/ld+json\" class=\"yoast-schema-graph\">{\"@context\":\"https:\/\/schema.org\",\"@graph\":[{\"@type\":\"WebPage\",\"@id\":\"https:\/\/observatorio-democracia.pt\/en\/investigacoes-do-observatorio-da-democracia\/\",\"url\":\"https:\/\/observatorio-democracia.pt\/en\/investigacoes-do-observatorio-da-democracia\/\",\"name\":\"Research | Observatory of Democracy ISCTE Portugal\",\"isPartOf\":{\"@id\":\"https:\/\/observatorio-democracia.pt\/en\/#website\"},\"primaryImageOfPage\":{\"@id\":\"https:\/\/observatorio-democracia.pt\/en\/investigacoes-do-observatorio-da-democracia\/#primaryimage\"},\"image\":{\"@id\":\"https:\/\/observatorio-democracia.pt\/en\/investigacoes-do-observatorio-da-democracia\/#primaryimage\"},\"thumbnailUrl\":\"https:\/\/observatorio-democracia.pt\/wp-content\/uploads\/2022\/04\/biografias-768x512.jpg\",\"datePublished\":\"2022-04-27T16:19:34+00:00\",\"dateModified\":\"2022-07-12T16:08:24+00:00\",\"description\":\"Consult the research carried out by the Observatory of Democracy and Political Representation, ISCTE Portugal.\",\"breadcrumb\":{\"@id\":\"https:\/\/observatorio-democracia.pt\/en\/investigacoes-do-observatorio-da-democracia\/#breadcrumb\"},\"inLanguage\":\"en-US\",\"potentialAction\":[{\"@type\":\"ReadAction\",\"target\":[\"https:\/\/observatorio-democracia.pt\/en\/investigacoes-do-observatorio-da-democracia\/\"]}]},{\"@type\":\"ImageObject\",\"inLanguage\":\"en-US\",\"@id\":\"https:\/\/observatorio-democracia.pt\/en\/investigacoes-do-observatorio-da-democracia\/#primaryimage\",\"url\":\"https:\/\/observatorio-democracia.pt\/wp-content\/uploads\/2022\/04\/biografias-768x512.jpg\",\"contentUrl\":\"https:\/\/observatorio-democracia.pt\/wp-content\/uploads\/2022\/04\/biografias-768x512.jpg\"},{\"@type\":\"BreadcrumbList\",\"@id\":\"https:\/\/observatorio-democracia.pt\/en\/investigacoes-do-observatorio-da-democracia\/#breadcrumb\",\"itemListElement\":[{\"@type\":\"ListItem\",\"position\":1,\"name\":\"In\u00edcio\",\"item\":\"https:\/\/observatorio-democracia.pt\/en\/\"},{\"@type\":\"ListItem\",\"position\":2,\"name\":\"Observatory&#8217;s Research\"}]},{\"@type\":\"WebSite\",\"@id\":\"https:\/\/observatorio-democracia.pt\/en\/#website\",\"url\":\"https:\/\/observatorio-democracia.pt\/en\/\",\"name\":\"Observat\u00f3rio da Democracia e da Representa\u00e7\u00e3o Pol\u00edtica\",\"description\":\"Um bem para a Cidadania\",\"publisher\":{\"@id\":\"https:\/\/observatorio-democracia.pt\/en\/#organization\"},\"potentialAction\":[{\"@type\":\"SearchAction\",\"target\":{\"@type\":\"EntryPoint\",\"urlTemplate\":\"https:\/\/observatorio-democracia.pt\/en\/?s={search_term_string}\"},\"query-input\":{\"@type\":\"PropertyValueSpecification\",\"valueRequired\":true,\"valueName\":\"search_term_string\"}}],\"inLanguage\":\"en-US\"},{\"@type\":\"Organization\",\"@id\":\"https:\/\/observatorio-democracia.pt\/en\/#organization\",\"name\":\"Observat\u00f3rio da Democracia e da Representa\u00e7\u00e3o Pol\u00edtica\",\"url\":\"https:\/\/observatorio-democracia.pt\/en\/\",\"logo\":{\"@type\":\"ImageObject\",\"inLanguage\":\"en-US\",\"@id\":\"https:\/\/observatorio-democracia.pt\/en\/#\/schema\/logo\/image\/\",\"url\":\"https:\/\/observatorio-democracia.pt\/wp-content\/uploads\/2022\/04\/logo-observatorio-democracia-forms.jpg\",\"contentUrl\":\"https:\/\/observatorio-democracia.pt\/wp-content\/uploads\/2022\/04\/logo-observatorio-democracia-forms.jpg\",\"width\":400,\"height\":98,\"caption\":\"Observat\u00f3rio da Democracia e da Representa\u00e7\u00e3o Pol\u00edtica\"},\"image\":{\"@id\":\"https:\/\/observatorio-democracia.pt\/en\/#\/schema\/logo\/image\/\"},\"sameAs\":[\"https:\/\/www.facebook.com\/observatorio.democracia.representacao.politica\",\"https:\/\/x.com\/Observatorioda4\",\"https:\/\/www.instagram.com\/observatoriodrp\/\"]}]}<\/script>\n<!-- \/ Yoast SEO plugin. -->","yoast_head_json":{"title":"Research | Observatory of Democracy ISCTE Portugal","description":"Consult the research carried out by the Observatory of Democracy and Political Representation, ISCTE Portugal.","robots":{"index":"index","follow":"follow","max-snippet":"max-snippet:-1","max-image-preview":"max-image-preview:large","max-video-preview":"max-video-preview:-1"},"canonical":"https:\/\/observatorio-democracia.pt\/en\/investigacoes-do-observatorio-da-democracia\/","og_locale":"en_US","og_type":"article","og_title":"Research | Observatory of Democracy ISCTE Portugal","og_description":"Consult the research carried out by the Observatory of Democracy and Political Representation, ISCTE Portugal.","og_url":"https:\/\/observatorio-democracia.pt\/en\/investigacoes-do-observatorio-da-democracia\/","og_site_name":"Observat\u00f3rio da Democracia e da Representa\u00e7\u00e3o Pol\u00edtica","article_publisher":"https:\/\/www.facebook.com\/observatorio.democracia.representacao.politica","article_modified_time":"2022-07-12T16:08:24+00:00","og_image":[{"url":"https:\/\/observatorio-democracia.pt\/wp-content\/uploads\/2022\/04\/biografias-768x512.jpg","type":"","width":"","height":""}],"twitter_card":"summary_large_image","twitter_site":"@Observatorioda4","twitter_misc":{"Est. reading time":"3 minutes"},"schema":{"@context":"https:\/\/schema.org","@graph":[{"@type":"WebPage","@id":"https:\/\/observatorio-democracia.pt\/en\/investigacoes-do-observatorio-da-democracia\/","url":"https:\/\/observatorio-democracia.pt\/en\/investigacoes-do-observatorio-da-democracia\/","name":"Research | Observatory of Democracy ISCTE Portugal","isPartOf":{"@id":"https:\/\/observatorio-democracia.pt\/en\/#website"},"primaryImageOfPage":{"@id":"https:\/\/observatorio-democracia.pt\/en\/investigacoes-do-observatorio-da-democracia\/#primaryimage"},"image":{"@id":"https:\/\/observatorio-democracia.pt\/en\/investigacoes-do-observatorio-da-democracia\/#primaryimage"},"thumbnailUrl":"https:\/\/observatorio-democracia.pt\/wp-content\/uploads\/2022\/04\/biografias-768x512.jpg","datePublished":"2022-04-27T16:19:34+00:00","dateModified":"2022-07-12T16:08:24+00:00","description":"Consult the research carried out by the Observatory of Democracy and Political Representation, ISCTE Portugal.","breadcrumb":{"@id":"https:\/\/observatorio-democracia.pt\/en\/investigacoes-do-observatorio-da-democracia\/#breadcrumb"},"inLanguage":"en-US","potentialAction":[{"@type":"ReadAction","target":["https:\/\/observatorio-democracia.pt\/en\/investigacoes-do-observatorio-da-democracia\/"]}]},{"@type":"ImageObject","inLanguage":"en-US","@id":"https:\/\/observatorio-democracia.pt\/en\/investigacoes-do-observatorio-da-democracia\/#primaryimage","url":"https:\/\/observatorio-democracia.pt\/wp-content\/uploads\/2022\/04\/biografias-768x512.jpg","contentUrl":"https:\/\/observatorio-democracia.pt\/wp-content\/uploads\/2022\/04\/biografias-768x512.jpg"},{"@type":"BreadcrumbList","@id":"https:\/\/observatorio-democracia.pt\/en\/investigacoes-do-observatorio-da-democracia\/#breadcrumb","itemListElement":[{"@type":"ListItem","position":1,"name":"In\u00edcio","item":"https:\/\/observatorio-democracia.pt\/en\/"},{"@type":"ListItem","position":2,"name":"Observatory&#8217;s Research"}]},{"@type":"WebSite","@id":"https:\/\/observatorio-democracia.pt\/en\/#website","url":"https:\/\/observatorio-democracia.pt\/en\/","name":"Observat\u00f3rio da Democracia e da Representa\u00e7\u00e3o Pol\u00edtica","description":"Um bem para a Cidadania","publisher":{"@id":"https:\/\/observatorio-democracia.pt\/en\/#organization"},"potentialAction":[{"@type":"SearchAction","target":{"@type":"EntryPoint","urlTemplate":"https:\/\/observatorio-democracia.pt\/en\/?s={search_term_string}"},"query-input":{"@type":"PropertyValueSpecification","valueRequired":true,"valueName":"search_term_string"}}],"inLanguage":"en-US"},{"@type":"Organization","@id":"https:\/\/observatorio-democracia.pt\/en\/#organization","name":"Observat\u00f3rio da Democracia e da Representa\u00e7\u00e3o Pol\u00edtica","url":"https:\/\/observatorio-democracia.pt\/en\/","logo":{"@type":"ImageObject","inLanguage":"en-US","@id":"https:\/\/observatorio-democracia.pt\/en\/#\/schema\/logo\/image\/","url":"https:\/\/observatorio-democracia.pt\/wp-content\/uploads\/2022\/04\/logo-observatorio-democracia-forms.jpg","contentUrl":"https:\/\/observatorio-democracia.pt\/wp-content\/uploads\/2022\/04\/logo-observatorio-democracia-forms.jpg","width":400,"height":98,"caption":"Observat\u00f3rio da Democracia e da Representa\u00e7\u00e3o Pol\u00edtica"},"image":{"@id":"https:\/\/observatorio-democracia.pt\/en\/#\/schema\/logo\/image\/"},"sameAs":["https:\/\/www.facebook.com\/observatorio.democracia.representacao.politica","https:\/\/x.com\/Observatorioda4","https:\/\/www.instagram.com\/observatoriodrp\/"]}]}},"_links":{"self":[{"href":"https:\/\/observatorio-democracia.pt\/en\/wp-json\/wp\/v2\/pages\/52127","targetHints":{"allow":["GET"]}}],"collection":[{"href":"https:\/\/observatorio-democracia.pt\/en\/wp-json\/wp\/v2\/pages"}],"about":[{"href":"https:\/\/observatorio-democracia.pt\/en\/wp-json\/wp\/v2\/types\/page"}],"author":[{"embeddable":true,"href":"https:\/\/observatorio-democracia.pt\/en\/wp-json\/wp\/v2\/users\/1"}],"replies":[{"embeddable":true,"href":"https:\/\/observatorio-democracia.pt\/en\/wp-json\/wp\/v2\/comments?post=52127"}],"version-history":[{"count":7,"href":"https:\/\/observatorio-democracia.pt\/en\/wp-json\/wp\/v2\/pages\/52127\/revisions"}],"predecessor-version":[{"id":52666,"href":"https:\/\/observatorio-democracia.pt\/en\/wp-json\/wp\/v2\/pages\/52127\/revisions\/52666"}],"wp:attachment":[{"href":"https:\/\/observatorio-democracia.pt\/en\/wp-json\/wp\/v2\/media?parent=52127"}],"curies":[{"name":"wp","href":"https:\/\/api.w.org\/{rel}","templated":true}]}}