{"id":51987,"date":"2022-04-27T16:30:38","date_gmt":"2022-04-27T16:30:38","guid":{"rendered":"https:\/\/observatorio-democracia.pt\/investigacoes-dos-membros-do-grupo-politica-e-cidadania\/"},"modified":"2022-07-12T16:22:35","modified_gmt":"2022-07-12T16:22:35","slug":"investigacoes-dos-membros-do-grupo-politica-e-cidadania","status":"publish","type":"page","link":"https:\/\/observatorio-democracia.pt\/en\/investigacoes-dos-membros-do-grupo-politica-e-cidadania\/","title":{"rendered":"Research by members of the group \u2013 Politics and Citizenship"},"content":{"rendered":"\t\t<div data-elementor-type=\"wp-page\" data-elementor-id=\"51987\" class=\"elementor elementor-51987 elementor-50603\" data-elementor-post-type=\"page\">\n\t\t\t\t\t\t<section class=\"elementor-section elementor-top-section elementor-element elementor-element-836ddc3 elementor-section-boxed elementor-section-height-default elementor-section-height-default\" data-id=\"836ddc3\" data-element_type=\"section\">\n\t\t\t\t\t\t<div class=\"elementor-container elementor-column-gap-default\">\n\t\t\t\t\t<div class=\"elementor-column elementor-col-100 elementor-top-column elementor-element elementor-element-367501b\" data-id=\"367501b\" data-element_type=\"column\">\n\t\t\t<div class=\"elementor-widget-wrap elementor-element-populated\">\n\t\t\t\t\t\t<div class=\"elementor-element elementor-element-bb01066 icon-box-vertical-align-center icon-vertical-align-center content-align-left icon-position-left elementor-widget elementor-widget-the7_icon_box_grid_widget\" data-id=\"bb01066\" data-element_type=\"widget\" data-widget_type=\"the7_icon_box_grid_widget.default\">\n\t\t\t\t<div class=\"elementor-widget-container\">\n\t\t\t\t\t<div class=\"the7-box-grid-wrapper the7-elementor-widget loading-effect-none the7_icon_box_grid_widget-bb01066 widget-divider-on\">\t\t\t<div class=\"dt-css-grid\">\n\t\t\t\t\t\t\t\t\t<div class=\"wf-cell shown\">\n\t\t\t\t\t\t<div class=\"the7-icon-box-grid\">\t\t\t\t\t\t\t<div class=\"box-content-wrapper\">\n\t\t\t\t\t\t\t\t\t\t\t\t\t\t\t\t\t<a class=\"elementor-icon-div\" href=\"https:\/\/www.cies.iscte-iul.pt\/np4\/projectos?pj=928\" aria-label=\"A crise do emprego e o Estado Social em Portugal: deter a produ\u00e7\u00e3o de vulnerabilidades sociais e de desigualdades (2018-2022)\">\t\t\t\t\t\t\t\t\t\t<div class=\"elementor-icon\">\n\t\t\t\t\t\t\t\t\t\t\t<i aria-hidden=\"true\" class=\" icomoon-the7-font-the7-arrow-11\"><\/i>\t\t\t\t\t\t\t\t\t\t<\/div>\n\t\t\t\t\t\t\t\t\t<\/a>\t\t\t\t\t\t\t\t\t\t\t\t\t\t\t\t<div class=\"box-content\">\n\t\t\t\t\t\t\t\t\t\t\t\t\t\t\t\t\t\t\t\t\t\t\t\t\t\t\t\t\t<h4 class=\"box-heading\">\n\t\t\t\t\t\t\t\t\t\t\t<a href=\"https:\/\/www.cies.iscte-iul.pt\/np4\/projectos?pj=928\" aria-label=\"A crise do emprego e o Estado Social em Portugal: deter a produ\u00e7\u00e3o de vulnerabilidades sociais e de desigualdades (2018-2022)\">\t\t\t\t\t\t\t\t\t\t\t\tA crise do emprego e o Estado Social em Portugal: deter a produ\u00e7\u00e3o de vulnerabilidades sociais e de desigualdades (2018-2022)\t\t\t\t\t\t\t\t\t\t\t<\/a>\t\t\t\t\t\t\t\t\t\t<\/h4>\n\t\t\t\t\t\t\t\t\t\t\t\t\t\t\t\t\t\t\t\t\t\t\t\t\t\t\t\t<div class=\"box-description\">Duration: 01\/10\/2018-31\/03\/2022\nResearch team: Renato Carmo (Coordenador), Frederico Manuel Pincho Cantante, Jorge Manuel Alves Caleiras, Lu\u00eds Capucha, Nuno Nunes, Paulo Pedroso, Pedro Ad\u00e3o e Silva, Pedro Ant\u00f3nio da Silva Abrantes<\/div>\n\t\t\t\t\t\t\t\t\t\t\t\t\t\t\t\t\t\t<a href=\"https:\/\/www.cies.iscte-iul.pt\/np4\/projectos?pj=928\" aria-label=\"A crise do emprego e o Estado Social em Portugal: deter a produ\u00e7\u00e3o de vulnerabilidades sociais e de desigualdades (2018-2022)\" class=\"box-button elementor-button elementor-size-xs\">Read more<\/a>\t\t\t\t\t\t\t\t<\/div>\n\t\t\t\t\t\t\t<\/div>\n\t\t\t\t\t\t<\/div>\t\t\t\t\t<\/div>\n\t\t\t\t\t\t\t\t\t<div class=\"wf-cell shown\">\n\t\t\t\t\t\t<div class=\"the7-icon-box-grid\">\t\t\t\t\t\t\t<div class=\"box-content-wrapper\">\n\t\t\t\t\t\t\t\t\t\t\t\t\t\t\t\t\t<a class=\"elementor-icon-div\" href=\"https:\/\/www.cies.iscte-iul.pt\/np4\/projectos?pj=945\" aria-label=\"A Nova Direita Radical Euro-Americana em Portugal: Uma Perspectiva Comparada (2018-2021)\">\t\t\t\t\t\t\t\t\t\t<div class=\"elementor-icon\">\n\t\t\t\t\t\t\t\t\t\t\t<i aria-hidden=\"true\" class=\" icomoon-the7-font-the7-arrow-11\"><\/i>\t\t\t\t\t\t\t\t\t\t<\/div>\n\t\t\t\t\t\t\t\t\t<\/a>\t\t\t\t\t\t\t\t\t\t\t\t\t\t\t\t<div class=\"box-content\">\n\t\t\t\t\t\t\t\t\t\t\t\t\t\t\t\t\t\t\t\t\t\t\t\t\t\t\t\t\t<h4 class=\"box-heading\">\n\t\t\t\t\t\t\t\t\t\t\t<a href=\"https:\/\/www.cies.iscte-iul.pt\/np4\/projectos?pj=945\" aria-label=\"A Nova Direita Radical Euro-Americana em Portugal: Uma Perspectiva Comparada (2018-2021)\">\t\t\t\t\t\t\t\t\t\t\t\tA Nova Direita Radical Euro-Americana em Portugal: Uma Perspectiva Comparada (2018-2021)\t\t\t\t\t\t\t\t\t\t\t<\/a>\t\t\t\t\t\t\t\t\t\t<\/h4>\n\t\t\t\t\t\t\t\t\t\t\t\t\t\t\t\t\t\t\t\t\t\t\t\t\t\t\t\t<div class=\"box-description\">Duration: 01\/10\/2018-30\/09\/2021\nResearch team: Jo\u00e3o Carvalho, Jos\u00e9 Pedro Silveira, Riccardo Marchi<\/div>\n\t\t\t\t\t\t\t\t\t\t\t\t\t\t\t\t\t\t<a href=\"https:\/\/www.cies.iscte-iul.pt\/np4\/projectos?pj=945\" aria-label=\"A Nova Direita Radical Euro-Americana em Portugal: Uma Perspectiva Comparada (2018-2021)\" class=\"box-button elementor-button elementor-size-xs\">Read more<\/a>\t\t\t\t\t\t\t\t<\/div>\n\t\t\t\t\t\t\t<\/div>\n\t\t\t\t\t\t<\/div>\t\t\t\t\t<\/div>\n\t\t\t\t\t\t\t\t\t<div class=\"wf-cell shown\">\n\t\t\t\t\t\t<div class=\"the7-icon-box-grid\">\t\t\t\t\t\t\t<div class=\"box-content-wrapper\">\n\t\t\t\t\t\t\t\t\t\t\t\t\t\t\t\t\t<a class=\"elementor-icon-div\" href=\"https:\/\/www.cies.iscte-iul.pt\/np4\/projectos?pj=1393\" aria-label=\"Applying Sustainability Transition Research in Social Work tackling Major Societal Challenge of Social Inclusion (2020-2024)\">\t\t\t\t\t\t\t\t\t\t<div class=\"elementor-icon\">\n\t\t\t\t\t\t\t\t\t\t\t<i aria-hidden=\"true\" class=\" icomoon-the7-font-the7-arrow-11\"><\/i>\t\t\t\t\t\t\t\t\t\t<\/div>\n\t\t\t\t\t\t\t\t\t<\/a>\t\t\t\t\t\t\t\t\t\t\t\t\t\t\t\t<div class=\"box-content\">\n\t\t\t\t\t\t\t\t\t\t\t\t\t\t\t\t\t\t\t\t\t\t\t\t\t\t\t\t\t<h4 class=\"box-heading\">\n\t\t\t\t\t\t\t\t\t\t\t<a href=\"https:\/\/www.cies.iscte-iul.pt\/np4\/projectos?pj=1393\" aria-label=\"Applying Sustainability Transition Research in Social Work tackling Major Societal Challenge of Social Inclusion (2020-2024)\">\t\t\t\t\t\t\t\t\t\t\t\tApplying Sustainability Transition Research in Social Work tackling Major Societal Challenge of Social Inclusion (2020-2024)\t\t\t\t\t\t\t\t\t\t\t<\/a>\t\t\t\t\t\t\t\t\t\t<\/h4>\n\t\t\t\t\t\t\t\t\t\t\t\t\t\t\t\t\t\t\t\t\t\t\t\t\t\t\t\t<div class=\"box-description\">Duration: 01\/10\/2020-30\/09\/2024\nResearch team: Amy Terese Shackelford, Helena Belchior Rocha, Jorge Manuel Ferreira, Maria Jo\u00e3o Pena<\/div>\n\t\t\t\t\t\t\t\t\t\t\t\t\t\t\t\t\t\t<a href=\"https:\/\/www.cies.iscte-iul.pt\/np4\/projectos?pj=1393\" aria-label=\"Applying Sustainability Transition Research in Social Work tackling Major Societal Challenge of Social Inclusion (2020-2024)\" class=\"box-button elementor-button elementor-size-xs\">Read more<\/a>\t\t\t\t\t\t\t\t<\/div>\n\t\t\t\t\t\t\t<\/div>\n\t\t\t\t\t\t<\/div>\t\t\t\t\t<\/div>\n\t\t\t\t\t\t\t\t\t<div class=\"wf-cell shown\">\n\t\t\t\t\t\t<div class=\"the7-icon-box-grid\">\t\t\t\t\t\t\t<div class=\"box-content-wrapper\">\n\t\t\t\t\t\t\t\t\t\t\t\t\t\t\t\t\t<a class=\"elementor-icon-div\" href=\"https:\/\/www.cies.iscte-iul.pt\/np4\/projectos?pj=1394\" aria-label=\"A realidade do trabalho profissional na doa\u00e7\u00e3o de \u00f3rg\u00e3os e tecidos e nos transplantes (2020-2022)\">\t\t\t\t\t\t\t\t\t\t<div class=\"elementor-icon\">\n\t\t\t\t\t\t\t\t\t\t\t<i aria-hidden=\"true\" class=\" icomoon-the7-font-the7-arrow-11\"><\/i>\t\t\t\t\t\t\t\t\t\t<\/div>\n\t\t\t\t\t\t\t\t\t<\/a>\t\t\t\t\t\t\t\t\t\t\t\t\t\t\t\t<div class=\"box-content\">\n\t\t\t\t\t\t\t\t\t\t\t\t\t\t\t\t\t\t\t\t\t\t\t\t\t\t\t\t\t<h4 class=\"box-heading\">\n\t\t\t\t\t\t\t\t\t\t\t<a href=\"https:\/\/www.cies.iscte-iul.pt\/np4\/projectos?pj=1394\" aria-label=\"A realidade do trabalho profissional na doa\u00e7\u00e3o de \u00f3rg\u00e3os e tecidos e nos transplantes (2020-2022)\">\t\t\t\t\t\t\t\t\t\t\t\tA realidade do trabalho profissional na doa\u00e7\u00e3o de \u00f3rg\u00e3os e tecidos e nos transplantes (2020-2022)\t\t\t\t\t\t\t\t\t\t\t<\/a>\t\t\t\t\t\t\t\t\t\t<\/h4>\n\t\t\t\t\t\t\t\t\t\t\t\t\t\t\t\t\t\t\t\t\t\t\t\t\t\t\t\t<div class=\"box-description\">Duration: 01\/10\/2020-31\/03\/2022\nResearch team: Jorge Manuel Leit\u00e3o Ferreira<\/div>\n\t\t\t\t\t\t\t\t\t\t\t\t\t\t\t\t\t\t<a href=\"https:\/\/www.cies.iscte-iul.pt\/np4\/projectos?pj=1394\" aria-label=\"A realidade do trabalho profissional na doa\u00e7\u00e3o de \u00f3rg\u00e3os e tecidos e nos transplantes (2020-2022)\" class=\"box-button elementor-button elementor-size-xs\">Read more<\/a>\t\t\t\t\t\t\t\t<\/div>\n\t\t\t\t\t\t\t<\/div>\n\t\t\t\t\t\t<\/div>\t\t\t\t\t<\/div>\n\t\t\t\t\t\t\t\t\t<div class=\"wf-cell shown\">\n\t\t\t\t\t\t<div class=\"the7-icon-box-grid\">\t\t\t\t\t\t\t<div class=\"box-content-wrapper\">\n\t\t\t\t\t\t\t\t\t\t\t\t\t\t\t\t\t<a class=\"elementor-icon-div\" href=\"https:\/\/www.cies.iscte-iul.pt\/np4\/projectos?pj=1624\" aria-label=\"Avaliando e Explicando o Resultado da Justi\u00e7a Transicional no Mundo: uma Tipologia (2018-2022)\">\t\t\t\t\t\t\t\t\t\t<div class=\"elementor-icon\">\n\t\t\t\t\t\t\t\t\t\t\t<i aria-hidden=\"true\" class=\" icomoon-the7-font-the7-arrow-11\"><\/i>\t\t\t\t\t\t\t\t\t\t<\/div>\n\t\t\t\t\t\t\t\t\t<\/a>\t\t\t\t\t\t\t\t\t\t\t\t\t\t\t\t<div class=\"box-content\">\n\t\t\t\t\t\t\t\t\t\t\t\t\t\t\t\t\t\t\t\t\t\t\t\t\t\t\t\t\t<h4 class=\"box-heading\">\n\t\t\t\t\t\t\t\t\t\t\t<a href=\"https:\/\/www.cies.iscte-iul.pt\/np4\/projectos?pj=1624\" aria-label=\"Avaliando e Explicando o Resultado da Justi\u00e7a Transicional no Mundo: uma Tipologia (2018-2022)\">\t\t\t\t\t\t\t\t\t\t\t\tAvaliando e Explicando o Resultado da Justi\u00e7a Transicional no Mundo: uma Tipologia (2018-2022)\t\t\t\t\t\t\t\t\t\t\t<\/a>\t\t\t\t\t\t\t\t\t\t<\/h4>\n\t\t\t\t\t\t\t\t\t\t\t\t\t\t\t\t\t\t\t\t\t\t\t\t\t\t\t\t<div class=\"box-description\">Duration: 01\/10\/2018-30\/09\/2022\nResearch team: Filipa Alves Raimundo (Coordenador)<\/div>\n\t\t\t\t\t\t\t\t\t\t\t\t\t\t\t\t\t\t<a href=\"https:\/\/www.cies.iscte-iul.pt\/np4\/projectos?pj=1624\" aria-label=\"Avaliando e Explicando o Resultado da Justi\u00e7a Transicional no Mundo: uma Tipologia (2018-2022)\" class=\"box-button elementor-button elementor-size-xs\">Read more<\/a>\t\t\t\t\t\t\t\t<\/div>\n\t\t\t\t\t\t\t<\/div>\n\t\t\t\t\t\t<\/div>\t\t\t\t\t<\/div>\n\t\t\t\t\t\t\t\t\t<div class=\"wf-cell shown\">\n\t\t\t\t\t\t<div class=\"the7-icon-box-grid\">\t\t\t\t\t\t\t<div class=\"box-content-wrapper\">\n\t\t\t\t\t\t\t\t\t\t\t\t\t\t\t\t\t<a class=\"elementor-icon-div\" href=\"https:\/\/www.cies.iscte-iul.pt\/np4\/projectos?pj=1604\" aria-label=\"Barreiras ao recrutamento nas For\u00e7as Armadas (2020-2021)\">\t\t\t\t\t\t\t\t\t\t<div class=\"elementor-icon\">\n\t\t\t\t\t\t\t\t\t\t\t<i aria-hidden=\"true\" class=\" icomoon-the7-font-the7-arrow-11\"><\/i>\t\t\t\t\t\t\t\t\t\t<\/div>\n\t\t\t\t\t\t\t\t\t<\/a>\t\t\t\t\t\t\t\t\t\t\t\t\t\t\t\t<div class=\"box-content\">\n\t\t\t\t\t\t\t\t\t\t\t\t\t\t\t\t\t\t\t\t\t\t\t\t\t\t\t\t\t<h4 class=\"box-heading\">\n\t\t\t\t\t\t\t\t\t\t\t<a href=\"https:\/\/www.cies.iscte-iul.pt\/np4\/projectos?pj=1604\" aria-label=\"Barreiras ao recrutamento nas For\u00e7as Armadas (2020-2021)\">\t\t\t\t\t\t\t\t\t\t\t\tBarreiras ao recrutamento nas For\u00e7as Armadas (2020-2021)\t\t\t\t\t\t\t\t\t\t\t<\/a>\t\t\t\t\t\t\t\t\t\t<\/h4>\n\t\t\t\t\t\t\t\t\t\t\t\t\t\t\t\t\t\t\t\t\t\t\t\t\t\t\t\t<div class=\"box-description\">Duration: 03\/12\/2020-31\/12\/2021\nResearch team: Maria Lu\u00edsa Macedo Ferreira Veloso (Coordenador), Nuno Alexandre de Almeida Alves (Coordenador), Margarida Lino de Sousa Estev\u00e3o<\/div>\n\t\t\t\t\t\t\t\t\t\t\t\t\t\t\t\t\t\t<a href=\"https:\/\/www.cies.iscte-iul.pt\/np4\/projectos?pj=1604\" aria-label=\"Barreiras ao recrutamento nas For\u00e7as Armadas (2020-2021)\" class=\"box-button elementor-button elementor-size-xs\">Read more<\/a>\t\t\t\t\t\t\t\t<\/div>\n\t\t\t\t\t\t\t<\/div>\n\t\t\t\t\t\t<\/div>\t\t\t\t\t<\/div>\n\t\t\t\t\t\t\t\t\t<div class=\"wf-cell shown\">\n\t\t\t\t\t\t<div class=\"the7-icon-box-grid\">\t\t\t\t\t\t\t<div class=\"box-content-wrapper\">\n\t\t\t\t\t\t\t\t\t\t\t\t\t\t\t\t\t<a class=\"elementor-icon-div\" href=\"https:\/\/www.cies.iscte-iul.pt\/np4\/projectos?pj=514\" aria-label=\"Cadetes das For\u00e7as de Seguran\u00e7a (2019-2021)\">\t\t\t\t\t\t\t\t\t\t<div class=\"elementor-icon\">\n\t\t\t\t\t\t\t\t\t\t\t<i aria-hidden=\"true\" class=\" icomoon-the7-font-the7-arrow-11\"><\/i>\t\t\t\t\t\t\t\t\t\t<\/div>\n\t\t\t\t\t\t\t\t\t<\/a>\t\t\t\t\t\t\t\t\t\t\t\t\t\t\t\t<div class=\"box-content\">\n\t\t\t\t\t\t\t\t\t\t\t\t\t\t\t\t\t\t\t\t\t\t\t\t\t\t\t\t\t<h4 class=\"box-heading\">\n\t\t\t\t\t\t\t\t\t\t\t<a href=\"https:\/\/www.cies.iscte-iul.pt\/np4\/projectos?pj=514\" aria-label=\"Cadetes das For\u00e7as de Seguran\u00e7a (2019-2021)\">\t\t\t\t\t\t\t\t\t\t\t\tCadetes das For\u00e7as de Seguran\u00e7a (2019-2021)\t\t\t\t\t\t\t\t\t\t\t<\/a>\t\t\t\t\t\t\t\t\t\t<\/h4>\n\t\t\t\t\t\t\t\t\t\t\t\t\t\t\t\t\t\t\t\t\t\t\t\t\t\t\t\t<div class=\"box-description\">Duration: 03\/04\/2019\nResearch team: Fernando Jos\u00e9 da Concei\u00e7\u00e3o Bessa (Coordenador)<\/div>\n\t\t\t\t\t\t\t\t\t\t\t\t\t\t\t\t\t\t<a href=\"https:\/\/www.cies.iscte-iul.pt\/np4\/projectos?pj=514\" aria-label=\"Cadetes das For\u00e7as de Seguran\u00e7a (2019-2021)\" class=\"box-button elementor-button elementor-size-xs\">Read more<\/a>\t\t\t\t\t\t\t\t<\/div>\n\t\t\t\t\t\t\t<\/div>\n\t\t\t\t\t\t<\/div>\t\t\t\t\t<\/div>\n\t\t\t\t\t\t\t\t\t<div class=\"wf-cell shown\">\n\t\t\t\t\t\t<div class=\"the7-icon-box-grid\">\t\t\t\t\t\t\t<div class=\"box-content-wrapper\">\n\t\t\t\t\t\t\t\t\t\t\t\t\t\t\t\t\t<a class=\"elementor-icon-div\" href=\"https:\/\/www.cies.iscte-iul.pt\/np4\/projectos?pj=1169\" aria-label=\"Democracias representativas liberais e regimes autorit\u00e1rios na Europa do Sul (2018-2024)\">\t\t\t\t\t\t\t\t\t\t<div class=\"elementor-icon\">\n\t\t\t\t\t\t\t\t\t\t\t<i aria-hidden=\"true\" class=\" icomoon-the7-font-the7-arrow-11\"><\/i>\t\t\t\t\t\t\t\t\t\t<\/div>\n\t\t\t\t\t\t\t\t\t<\/a>\t\t\t\t\t\t\t\t\t\t\t\t\t\t\t\t<div class=\"box-content\">\n\t\t\t\t\t\t\t\t\t\t\t\t\t\t\t\t\t\t\t\t\t\t\t\t\t\t\t\t\t<h4 class=\"box-heading\">\n\t\t\t\t\t\t\t\t\t\t\t<a href=\"https:\/\/www.cies.iscte-iul.pt\/np4\/projectos?pj=1169\" aria-label=\"Democracias representativas liberais e regimes autorit\u00e1rios na Europa do Sul (2018-2024)\">\t\t\t\t\t\t\t\t\t\t\t\tDemocracias representativas liberais e regimes autorit\u00e1rios na Europa do Sul (2018-2024)\t\t\t\t\t\t\t\t\t\t\t<\/a>\t\t\t\t\t\t\t\t\t\t<\/h4>\n\t\t\t\t\t\t\t\t\t\t\t\t\t\t\t\t\t\t\t\t\t\t\t\t\t\t\t\t<div class=\"box-description\">Duration: 01\/11\/2018-31\/10\/2024\nResearch team: Goffredo Adinolfi (Coordenador)<\/div>\n\t\t\t\t\t\t\t\t\t\t\t\t\t\t\t\t\t\t<a href=\"https:\/\/www.cies.iscte-iul.pt\/np4\/projectos?pj=1169\" aria-label=\"Democracias representativas liberais e regimes autorit\u00e1rios na Europa do Sul (2018-2024)\" class=\"box-button elementor-button elementor-size-xs\">Read more<\/a>\t\t\t\t\t\t\t\t<\/div>\n\t\t\t\t\t\t\t<\/div>\n\t\t\t\t\t\t<\/div>\t\t\t\t\t<\/div>\n\t\t\t\t\t\t\t\t\t<div class=\"wf-cell shown\">\n\t\t\t\t\t\t<div class=\"the7-icon-box-grid\">\t\t\t\t\t\t\t<div class=\"box-content-wrapper\">\n\t\t\t\t\t\t\t\t\t\t\t\t\t\t\t\t\t<a class=\"elementor-icon-div\" href=\"https:\/\/www.cies.iscte-iul.pt\/np4\/projectos?pj=1552\" aria-label=\"Enhance and Stimulate Trust while Exploring new form of Entrepreneurship Modules (2020-2022)\">\t\t\t\t\t\t\t\t\t\t<div class=\"elementor-icon\">\n\t\t\t\t\t\t\t\t\t\t\t<i aria-hidden=\"true\" class=\" icomoon-the7-font-the7-arrow-11\"><\/i>\t\t\t\t\t\t\t\t\t\t<\/div>\n\t\t\t\t\t\t\t\t\t<\/a>\t\t\t\t\t\t\t\t\t\t\t\t\t\t\t\t<div class=\"box-content\">\n\t\t\t\t\t\t\t\t\t\t\t\t\t\t\t\t\t\t\t\t\t\t\t\t\t\t\t\t\t<h4 class=\"box-heading\">\n\t\t\t\t\t\t\t\t\t\t\t<a href=\"https:\/\/www.cies.iscte-iul.pt\/np4\/projectos?pj=1552\" aria-label=\"Enhance and Stimulate Trust while Exploring new form of Entrepreneurship Modules (2020-2022)\">\t\t\t\t\t\t\t\t\t\t\t\tEnhance and Stimulate Trust while Exploring new form of Entrepreneurship Modules (2020-2022)\t\t\t\t\t\t\t\t\t\t\t<\/a>\t\t\t\t\t\t\t\t\t\t<\/h4>\n\t\t\t\t\t\t\t\t\t\t\t\t\t\t\t\t\t\t\t\t\t\t\t\t\t\t\t\t<div class=\"box-description\">Duration: 01\/10\/2020-30\/09\/2022\nResearch team: C\u00e1tia Miriam da Silva Costa, Marcelo\u00a0 Moriconi\u00a0\n<\/div>\n\t\t\t\t\t\t\t\t\t\t\t\t\t\t\t\t\t\t<a href=\"https:\/\/www.cies.iscte-iul.pt\/np4\/projectos?pj=1552\" aria-label=\"Enhance and Stimulate Trust while Exploring new form of Entrepreneurship Modules (2020-2022)\" class=\"box-button elementor-button elementor-size-xs\">Read more<\/a>\t\t\t\t\t\t\t\t<\/div>\n\t\t\t\t\t\t\t<\/div>\n\t\t\t\t\t\t<\/div>\t\t\t\t\t<\/div>\n\t\t\t\t\t\t\t\t\t<div class=\"wf-cell shown\">\n\t\t\t\t\t\t<div class=\"the7-icon-box-grid\">\t\t\t\t\t\t\t<div class=\"box-content-wrapper\">\n\t\t\t\t\t\t\t\t\t\t\t\t\t\t\t\t\t<a class=\"elementor-icon-div\" href=\"https:\/\/www.cies.iscte-iul.pt\/np4\/projectos?pj=929\" aria-label=\"HOPES - Perspetivas e lutas em torno da habita\u00e7\u00e3o. Movimentos, pol\u00edticas e din\u00e2micas residenciais em e para al\u00e9m de Lisboa (2018-2022)\">\t\t\t\t\t\t\t\t\t\t<div class=\"elementor-icon\">\n\t\t\t\t\t\t\t\t\t\t\t<i aria-hidden=\"true\" class=\" icomoon-the7-font-the7-arrow-11\"><\/i>\t\t\t\t\t\t\t\t\t\t<\/div>\n\t\t\t\t\t\t\t\t\t<\/a>\t\t\t\t\t\t\t\t\t\t\t\t\t\t\t\t<div class=\"box-content\">\n\t\t\t\t\t\t\t\t\t\t\t\t\t\t\t\t\t\t\t\t\t\t\t\t\t\t\t\t\t<h4 class=\"box-heading\">\n\t\t\t\t\t\t\t\t\t\t\t<a href=\"https:\/\/www.cies.iscte-iul.pt\/np4\/projectos?pj=929\" aria-label=\"HOPES - Perspetivas e lutas em torno da habita\u00e7\u00e3o. Movimentos, pol\u00edticas e din\u00e2micas residenciais em e para al\u00e9m de Lisboa (2018-2022)\">\t\t\t\t\t\t\t\t\t\t\t\tHOPES - Perspetivas e lutas em torno da habita\u00e7\u00e3o. Movimentos, pol\u00edticas e din\u00e2micas residenciais em e para al\u00e9m de Lisboa (2018-2022)\t\t\t\t\t\t\t\t\t\t\t<\/a>\t\t\t\t\t\t\t\t\t\t<\/h4>\n\t\t\t\t\t\t\t\t\t\t\t\t\t\t\t\t\t\t\t\t\t\t\t\t\t\t\t\t<div class=\"box-description\">Duration: 01\/10\/2018-30\/09\/2022\nResearch team: Guya Accornero (Coordenador), Lucca Barros Silva, Ot\u00e1vio Ribeiro Raposo, Renato Carmo, Tiago Carvalho<\/div>\n\t\t\t\t\t\t\t\t\t\t\t\t\t\t\t\t\t\t<a href=\"https:\/\/www.cies.iscte-iul.pt\/np4\/projectos?pj=929\" aria-label=\"HOPES - Perspetivas e lutas em torno da habita\u00e7\u00e3o. Movimentos, pol\u00edticas e din\u00e2micas residenciais em e para al\u00e9m de Lisboa (2018-2022)\" class=\"box-button elementor-button elementor-size-xs\">Read more<\/a>\t\t\t\t\t\t\t\t<\/div>\n\t\t\t\t\t\t\t<\/div>\n\t\t\t\t\t\t<\/div>\t\t\t\t\t<\/div>\n\t\t\t\t\t\t\t\t\t<div class=\"wf-cell shown\">\n\t\t\t\t\t\t<div class=\"the7-icon-box-grid\">\t\t\t\t\t\t\t<div class=\"box-content-wrapper\">\n\t\t\t\t\t\t\t\t\t\t\t\t\t\t\t\t\t<a class=\"elementor-icon-div\" href=\"https:\/\/www.cies.iscte-iul.pt\/np4\/projectos?pj=1492\" aria-label=\"Impacto da pandemia Covid-19 no sistema pol\u00edtico portugu\u00eas, em perspetiva comparada\">\t\t\t\t\t\t\t\t\t\t<div class=\"elementor-icon\">\n\t\t\t\t\t\t\t\t\t\t\t<i aria-hidden=\"true\" class=\" icomoon-the7-font-the7-arrow-11\"><\/i>\t\t\t\t\t\t\t\t\t\t<\/div>\n\t\t\t\t\t\t\t\t\t<\/a>\t\t\t\t\t\t\t\t\t\t\t\t\t\t\t\t<div class=\"box-content\">\n\t\t\t\t\t\t\t\t\t\t\t\t\t\t\t\t\t\t\t\t\t\t\t\t\t\t\t\t\t<h4 class=\"box-heading\">\n\t\t\t\t\t\t\t\t\t\t\t<a href=\"https:\/\/www.cies.iscte-iul.pt\/np4\/projectos?pj=1492\" aria-label=\"Impacto da pandemia Covid-19 no sistema pol\u00edtico portugu\u00eas, em perspetiva comparada\">\t\t\t\t\t\t\t\t\t\t\t\tImpacto da pandemia Covid-19 no sistema pol\u00edtico portugu\u00eas, em perspetiva comparada\t\t\t\t\t\t\t\t\t\t\t<\/a>\t\t\t\t\t\t\t\t\t\t<\/h4>\n\t\t\t\t\t\t\t\t\t\t\t\t\t\t\t\t\t\t\t\t\t\t\t\t\t\t\t\t<div class=\"box-description\">Duration: 14\/12\/2020-31\/03\/2022\nResearch team: Ana Maria Belchior (Coordenador), Jos\u00e9 Santana Pereira, Nuno Filipe Andrade Martins, Tiago Nunes An\u00edbal Sousa Br\u00e1s<\/div>\n\t\t\t\t\t\t\t\t\t\t\t\t\t\t\t\t\t\t<a href=\"https:\/\/www.cies.iscte-iul.pt\/np4\/projectos?pj=1492\" aria-label=\"Impacto da pandemia Covid-19 no sistema pol\u00edtico portugu\u00eas, em perspetiva comparada\" class=\"box-button elementor-button elementor-size-xs\">Read more<\/a>\t\t\t\t\t\t\t\t<\/div>\n\t\t\t\t\t\t\t<\/div>\n\t\t\t\t\t\t<\/div>\t\t\t\t\t<\/div>\n\t\t\t\t\t\t\t\t\t<div class=\"wf-cell shown\">\n\t\t\t\t\t\t<div class=\"the7-icon-box-grid\">\t\t\t\t\t\t\t<div class=\"box-content-wrapper\">\n\t\t\t\t\t\t\t\t\t\t\t\t\t\t\t\t\t<a class=\"elementor-icon-div\" href=\"https:\/\/www.cies.iscte-iul.pt\/np4\/projectos?pj=1170\" aria-label=\"Impacto dos partidos de extrema direita na pol\u00edtica de imigra\u00e7\u00e3o (2018-2024)\">\t\t\t\t\t\t\t\t\t\t<div class=\"elementor-icon\">\n\t\t\t\t\t\t\t\t\t\t\t<i aria-hidden=\"true\" class=\" icomoon-the7-font-the7-arrow-11\"><\/i>\t\t\t\t\t\t\t\t\t\t<\/div>\n\t\t\t\t\t\t\t\t\t<\/a>\t\t\t\t\t\t\t\t\t\t\t\t\t\t\t\t<div class=\"box-content\">\n\t\t\t\t\t\t\t\t\t\t\t\t\t\t\t\t\t\t\t\t\t\t\t\t\t\t\t\t\t<h4 class=\"box-heading\">\n\t\t\t\t\t\t\t\t\t\t\t<a href=\"https:\/\/www.cies.iscte-iul.pt\/np4\/projectos?pj=1170\" aria-label=\"Impacto dos partidos de extrema direita na pol\u00edtica de imigra\u00e7\u00e3o (2018-2024)\">\t\t\t\t\t\t\t\t\t\t\t\tImpacto dos partidos de extrema direita na pol\u00edtica de imigra\u00e7\u00e3o (2018-2024)\t\t\t\t\t\t\t\t\t\t\t<\/a>\t\t\t\t\t\t\t\t\t\t<\/h4>\n\t\t\t\t\t\t\t\t\t\t\t\t\t\t\t\t\t\t\t\t\t\t\t\t\t\t\t\t<div class=\"box-description\">Duration: 01\/11\/2018-31\/10\/2024\nResearch team: Jo\u00e3o Carvalho (Coordenador)<\/div>\n\t\t\t\t\t\t\t\t\t\t\t\t\t\t\t\t\t\t<a href=\"https:\/\/www.cies.iscte-iul.pt\/np4\/projectos?pj=1170\" aria-label=\"Impacto dos partidos de extrema direita na pol\u00edtica de imigra\u00e7\u00e3o (2018-2024)\" class=\"box-button elementor-button elementor-size-xs\">Read more<\/a>\t\t\t\t\t\t\t\t<\/div>\n\t\t\t\t\t\t\t<\/div>\n\t\t\t\t\t\t<\/div>\t\t\t\t\t<\/div>\n\t\t\t\t\t\t\t\t\t<div class=\"wf-cell shown\">\n\t\t\t\t\t\t<div class=\"the7-icon-box-grid\">\t\t\t\t\t\t\t<div class=\"box-content-wrapper\">\n\t\t\t\t\t\t\t\t\t\t\t\t\t\t\t\t\t<a class=\"elementor-icon-div\" href=\"https:\/\/www.cies.iscte-iul.pt\/np4\/projectos?pj=937\" aria-label=\"Juventude e as artes da cidadania: pr\u00e1ticas criativas, cultura participativa e activismo (2018-2022)\">\t\t\t\t\t\t\t\t\t\t<div class=\"elementor-icon\">\n\t\t\t\t\t\t\t\t\t\t\t<i aria-hidden=\"true\" class=\" icomoon-the7-font-the7-arrow-11\"><\/i>\t\t\t\t\t\t\t\t\t\t<\/div>\n\t\t\t\t\t\t\t\t\t<\/a>\t\t\t\t\t\t\t\t\t\t\t\t\t\t\t\t<div class=\"box-content\">\n\t\t\t\t\t\t\t\t\t\t\t\t\t\t\t\t\t\t\t\t\t\t\t\t\t\t\t\t\t<h4 class=\"box-heading\">\n\t\t\t\t\t\t\t\t\t\t\t<a href=\"https:\/\/www.cies.iscte-iul.pt\/np4\/projectos?pj=937\" aria-label=\"Juventude e as artes da cidadania: pr\u00e1ticas criativas, cultura participativa e activismo (2018-2022)\">\t\t\t\t\t\t\t\t\t\t\t\tJuventude e as artes da cidadania: pr\u00e1ticas criativas, cultura participativa e activismo (2018-2022)\t\t\t\t\t\t\t\t\t\t\t<\/a>\t\t\t\t\t\t\t\t\t\t<\/h4>\n\t\t\t\t\t\t\t\t\t\t\t\t\t\t\t\t\t\t\t\t\t\t\t\t\t\t\t\t<div class=\"box-description\">Duration: 01\/10\/2018-31\/05\/2022\nResearch team: Gabriela Pereira de Oliveira Leal, Guya Accornero, Ot\u00e1vio Ribeiro Raposo<\/div>\n\t\t\t\t\t\t\t\t\t\t\t\t\t\t\t\t\t\t<a href=\"https:\/\/www.cies.iscte-iul.pt\/np4\/projectos?pj=937\" aria-label=\"Juventude e as artes da cidadania: pr\u00e1ticas criativas, cultura participativa e activismo (2018-2022)\" class=\"box-button elementor-button elementor-size-xs\">Read more<\/a>\t\t\t\t\t\t\t\t<\/div>\n\t\t\t\t\t\t\t<\/div>\n\t\t\t\t\t\t<\/div>\t\t\t\t\t<\/div>\n\t\t\t\t\t\t\t\t\t<div class=\"wf-cell shown\">\n\t\t\t\t\t\t<div class=\"the7-icon-box-grid\">\t\t\t\t\t\t\t<div class=\"box-content-wrapper\">\n\t\t\t\t\t\t\t\t\t\t\t\t\t\t\t\t\t<a class=\"elementor-icon-div\" href=\"https:\/\/www.cies.iscte-iul.pt\/np4\/projectos?pj=1287\" aria-label=\"Les enjeux formatifs de l\u2019interprofessionnalit\u00e9 dans le travail social (2019-2022)\">\t\t\t\t\t\t\t\t\t\t<div class=\"elementor-icon\">\n\t\t\t\t\t\t\t\t\t\t\t<i aria-hidden=\"true\" class=\" icomoon-the7-font-the7-arrow-11\"><\/i>\t\t\t\t\t\t\t\t\t\t<\/div>\n\t\t\t\t\t\t\t\t\t<\/a>\t\t\t\t\t\t\t\t\t\t\t\t\t\t\t\t<div class=\"box-content\">\n\t\t\t\t\t\t\t\t\t\t\t\t\t\t\t\t\t\t\t\t\t\t\t\t\t\t\t\t\t<h4 class=\"box-heading\">\n\t\t\t\t\t\t\t\t\t\t\t<a href=\"https:\/\/www.cies.iscte-iul.pt\/np4\/projectos?pj=1287\" aria-label=\"Les enjeux formatifs de l\u2019interprofessionnalit\u00e9 dans le travail social (2019-2022)\">\t\t\t\t\t\t\t\t\t\t\t\tLes enjeux formatifs de l\u2019interprofessionnalit\u00e9 dans le travail social (2019-2022)\t\t\t\t\t\t\t\t\t\t\t<\/a>\t\t\t\t\t\t\t\t\t\t<\/h4>\n\t\t\t\t\t\t\t\t\t\t\t\t\t\t\t\t\t\t\t\t\t\t\t\t\t\t\t\t<div class=\"box-description\">Duration: 01\/11\/2019-31\/08\/2022\nResearch team: Jorge Manuel Ferreira (Coordenador), Helena Maria Barroso Carvalho, Maria Jo\u00e3o Pena, Pablo \u00c1lvarez P\u00e9rez<\/div>\n\t\t\t\t\t\t\t\t\t\t\t\t\t\t\t\t\t\t<a href=\"https:\/\/www.cies.iscte-iul.pt\/np4\/projectos?pj=1287\" aria-label=\"Les enjeux formatifs de l\u2019interprofessionnalit\u00e9 dans le travail social (2019-2022)\" class=\"box-button elementor-button elementor-size-xs\">Read more<\/a>\t\t\t\t\t\t\t\t<\/div>\n\t\t\t\t\t\t\t<\/div>\n\t\t\t\t\t\t<\/div>\t\t\t\t\t<\/div>\n\t\t\t\t\t\t\t\t\t<div class=\"wf-cell shown\">\n\t\t\t\t\t\t<div class=\"the7-icon-box-grid\">\t\t\t\t\t\t\t<div class=\"box-content-wrapper\">\n\t\t\t\t\t\t\t\t\t\t\t\t\t\t\t\t\t<a class=\"elementor-icon-div\" href=\"https:\/\/www.cies.iscte-iul.pt\/np4\/projectos?pj=935\" aria-label=\"O direito \u00e0 seguran\u00e7a social e a crise - O retrocesso social como normaliza\u00e7\u00e3o do estado de exce\u00e7\u00e3o financeira (2018-2022)\">\t\t\t\t\t\t\t\t\t\t<div class=\"elementor-icon\">\n\t\t\t\t\t\t\t\t\t\t\t<i aria-hidden=\"true\" class=\" icomoon-the7-font-the7-arrow-11\"><\/i>\t\t\t\t\t\t\t\t\t\t<\/div>\n\t\t\t\t\t\t\t\t\t<\/a>\t\t\t\t\t\t\t\t\t\t\t\t\t\t\t\t<div class=\"box-content\">\n\t\t\t\t\t\t\t\t\t\t\t\t\t\t\t\t\t\t\t\t\t\t\t\t\t\t\t\t\t<h4 class=\"box-heading\">\n\t\t\t\t\t\t\t\t\t\t\t<a href=\"https:\/\/www.cies.iscte-iul.pt\/np4\/projectos?pj=935\" aria-label=\"O direito \u00e0 seguran\u00e7a social e a crise - O retrocesso social como normaliza\u00e7\u00e3o do estado de exce\u00e7\u00e3o financeira (2018-2022)\">\t\t\t\t\t\t\t\t\t\t\t\tO direito \u00e0 seguran\u00e7a social e a crise - O retrocesso social como normaliza\u00e7\u00e3o do estado de exce\u00e7\u00e3o financeira (2018-2022)\t\t\t\t\t\t\t\t\t\t\t<\/a>\t\t\t\t\t\t\t\t\t\t<\/h4>\n\t\t\t\t\t\t\t\t\t\t\t\t\t\t\t\t\t\t\t\t\t\t\t\t\t\t\t\t<div class=\"box-description\">Duration: 01\/10\/2018-30\/05\/2022\nResearch team: Frederico Manuel Pincho Cantante, Paulo Pedroso, Pedro Ad\u00e3o e Silva, Renato Carmo, Rodrigo Vieira de Assis<\/div>\n\t\t\t\t\t\t\t\t\t\t\t\t\t\t\t\t\t\t<a href=\"https:\/\/www.cies.iscte-iul.pt\/np4\/projectos?pj=935\" aria-label=\"O direito \u00e0 seguran\u00e7a social e a crise - O retrocesso social como normaliza\u00e7\u00e3o do estado de exce\u00e7\u00e3o financeira (2018-2022)\" class=\"box-button elementor-button elementor-size-xs\">Read more<\/a>\t\t\t\t\t\t\t\t<\/div>\n\t\t\t\t\t\t\t<\/div>\n\t\t\t\t\t\t<\/div>\t\t\t\t\t<\/div>\n\t\t\t\t\t\t\t\t\t<div class=\"wf-cell shown\">\n\t\t\t\t\t\t<div class=\"the7-icon-box-grid\">\t\t\t\t\t\t\t<div class=\"box-content-wrapper\">\n\t\t\t\t\t\t\t\t\t\t\t\t\t\t\t\t\t<a class=\"elementor-icon-div\" href=\"https:\/\/www.cies.iscte-iul.pt\/np4\/projectos?pj=1200\" aria-label=\"O impacto das caracter\u00edsticas dos l\u00edderes pol\u00edticos e do tom da campanha no comportamento de voto: uma abordagem multimodal (2018-2021)\">\t\t\t\t\t\t\t\t\t\t<div class=\"elementor-icon\">\n\t\t\t\t\t\t\t\t\t\t\t<i aria-hidden=\"true\" class=\" icomoon-the7-font-the7-arrow-11\"><\/i>\t\t\t\t\t\t\t\t\t\t<\/div>\n\t\t\t\t\t\t\t\t\t<\/a>\t\t\t\t\t\t\t\t\t\t\t\t\t\t\t\t<div class=\"box-content\">\n\t\t\t\t\t\t\t\t\t\t\t\t\t\t\t\t\t\t\t\t\t\t\t\t\t\t\t\t\t<h4 class=\"box-heading\">\n\t\t\t\t\t\t\t\t\t\t\t<a href=\"https:\/\/www.cies.iscte-iul.pt\/np4\/projectos?pj=1200\" aria-label=\"O impacto das caracter\u00edsticas dos l\u00edderes pol\u00edticos e do tom da campanha no comportamento de voto: uma abordagem multimodal (2018-2021)\">\t\t\t\t\t\t\t\t\t\t\t\tO impacto das caracter\u00edsticas dos l\u00edderes pol\u00edticos e do tom da campanha no comportamento de voto: uma abordagem multimodal (2018-2021)\t\t\t\t\t\t\t\t\t\t\t<\/a>\t\t\t\t\t\t\t\t\t\t<\/h4>\n\t\t\t\t\t\t\t\t\t\t\t\t\t\t\t\t\t\t\t\t\t\t\t\t\t\t\t\t<div class=\"box-description\">Duration: 01\/10\/2018-30\/09\/2021\nResearch team: Jos\u00e9 Santana Pereira\u00a0<\/div>\n\t\t\t\t\t\t\t\t\t\t\t\t\t\t\t\t\t\t<a href=\"https:\/\/www.cies.iscte-iul.pt\/np4\/projectos?pj=1200\" aria-label=\"O impacto das caracter\u00edsticas dos l\u00edderes pol\u00edticos e do tom da campanha no comportamento de voto: uma abordagem multimodal (2018-2021)\" class=\"box-button elementor-button elementor-size-xs\">Read more<\/a>\t\t\t\t\t\t\t\t<\/div>\n\t\t\t\t\t\t\t<\/div>\n\t\t\t\t\t\t<\/div>\t\t\t\t\t<\/div>\n\t\t\t\t\t\t\t\t\t<div class=\"wf-cell shown\">\n\t\t\t\t\t\t<div class=\"the7-icon-box-grid\">\t\t\t\t\t\t\t<div class=\"box-content-wrapper\">\n\t\t\t\t\t\t\t\t\t\t\t\t\t\t\t\t\t<a class=\"elementor-icon-div\" href=\"https:\/\/www.cies.iscte-iul.pt\/np4\/projectos?pj=1499\" aria-label=\"ParticipA\u00e7\u00e3o (2020-2022)\">\t\t\t\t\t\t\t\t\t\t<div class=\"elementor-icon\">\n\t\t\t\t\t\t\t\t\t\t\t<i aria-hidden=\"true\" class=\" icomoon-the7-font-the7-arrow-11\"><\/i>\t\t\t\t\t\t\t\t\t\t<\/div>\n\t\t\t\t\t\t\t\t\t<\/a>\t\t\t\t\t\t\t\t\t\t\t\t\t\t\t\t<div class=\"box-content\">\n\t\t\t\t\t\t\t\t\t\t\t\t\t\t\t\t\t\t\t\t\t\t\t\t\t\t\t\t\t<h4 class=\"box-heading\">\n\t\t\t\t\t\t\t\t\t\t\t<a href=\"https:\/\/www.cies.iscte-iul.pt\/np4\/projectos?pj=1499\" aria-label=\"ParticipA\u00e7\u00e3o (2020-2022)\">\t\t\t\t\t\t\t\t\t\t\t\tParticipA\u00e7\u00e3o (2020-2022)\t\t\t\t\t\t\t\t\t\t\t<\/a>\t\t\t\t\t\t\t\t\t\t<\/h4>\n\t\t\t\t\t\t\t\t\t\t\t\t\t\t\t\t\t\t\t\t\t\t\t\t\t\t\t\t<div class=\"box-description\">Duration: 01\/10\/2020-30\/09\/2022\nResearch team: Maria In\u00eas Martinho Antunes Amaro (Coordenador), Antonela Filipa Sp\u00ednola Rodrigues Pereira Jesus<\/div>\n\t\t\t\t\t\t\t\t\t\t\t\t\t\t\t\t\t\t<a href=\"https:\/\/www.cies.iscte-iul.pt\/np4\/projectos?pj=1499\" aria-label=\"ParticipA\u00e7\u00e3o (2020-2022)\" class=\"box-button elementor-button elementor-size-xs\">Read more<\/a>\t\t\t\t\t\t\t\t<\/div>\n\t\t\t\t\t\t\t<\/div>\n\t\t\t\t\t\t<\/div>\t\t\t\t\t<\/div>\n\t\t\t\t\t\t\t\t\t<div class=\"wf-cell shown\">\n\t\t\t\t\t\t<div class=\"the7-icon-box-grid\">\t\t\t\t\t\t\t<div class=\"box-content-wrapper\">\n\t\t\t\t\t\t\t\t\t\t\t\t\t\t\t\t\t<a class=\"elementor-icon-div\" href=\"https:\/\/www.cies.iscte-iul.pt\/np4\/projectos?pj=1175\" aria-label=\"Poder local em Portugal: responsabilidade social e pol\u00edtica sobre o desenvolvimento sustent\u00e1vel de territ\u00f3rios desiguais (2018-2024)\">\t\t\t\t\t\t\t\t\t\t<div class=\"elementor-icon\">\n\t\t\t\t\t\t\t\t\t\t\t<i aria-hidden=\"true\" class=\" icomoon-the7-font-the7-arrow-11\"><\/i>\t\t\t\t\t\t\t\t\t\t<\/div>\n\t\t\t\t\t\t\t\t\t<\/a>\t\t\t\t\t\t\t\t\t\t\t\t\t\t\t\t<div class=\"box-content\">\n\t\t\t\t\t\t\t\t\t\t\t\t\t\t\t\t\t\t\t\t\t\t\t\t\t\t\t\t\t<h4 class=\"box-heading\">\n\t\t\t\t\t\t\t\t\t\t\t<a href=\"https:\/\/www.cies.iscte-iul.pt\/np4\/projectos?pj=1175\" aria-label=\"Poder local em Portugal: responsabilidade social e pol\u00edtica sobre o desenvolvimento sustent\u00e1vel de territ\u00f3rios desiguais (2018-2024)\">\t\t\t\t\t\t\t\t\t\t\t\tPoder local em Portugal: responsabilidade social e pol\u00edtica sobre o desenvolvimento sustent\u00e1vel de territ\u00f3rios desiguais (2018-2024)\t\t\t\t\t\t\t\t\t\t\t<\/a>\t\t\t\t\t\t\t\t\t\t<\/h4>\n\t\t\t\t\t\t\t\t\t\t\t\t\t\t\t\t\t\t\t\t\t\t\t\t\t\t\t\t<div class=\"box-description\">Duration: 01\/10\/2018-30\/09\/2024\nResearch team: Maria Ant\u00f3nia Pires de Almeida (Coordenador)<\/div>\n\t\t\t\t\t\t\t\t\t\t\t\t\t\t\t\t\t\t<a href=\"https:\/\/www.cies.iscte-iul.pt\/np4\/projectos?pj=1175\" aria-label=\"Poder local em Portugal: responsabilidade social e pol\u00edtica sobre o desenvolvimento sustent\u00e1vel de territ\u00f3rios desiguais (2018-2024)\" class=\"box-button elementor-button elementor-size-xs\">Read more<\/a>\t\t\t\t\t\t\t\t<\/div>\n\t\t\t\t\t\t\t<\/div>\n\t\t\t\t\t\t<\/div>\t\t\t\t\t<\/div>\n\t\t\t\t\t\t\t\t\t<div class=\"wf-cell shown\">\n\t\t\t\t\t\t<div class=\"the7-icon-box-grid\">\t\t\t\t\t\t\t<div class=\"box-content-wrapper\">\n\t\t\t\t\t\t\t\t\t\t\t\t\t\t\t\t\t<a class=\"elementor-icon-div\" href=\"https:\/\/www.cies.iscte-iul.pt\/np4\/projectos?pj=919\" aria-label=\"Rebellion and Resistance in the Iberian Empires, 16th-19th centuries (2018-2022)\">\t\t\t\t\t\t\t\t\t\t<div class=\"elementor-icon\">\n\t\t\t\t\t\t\t\t\t\t\t<i aria-hidden=\"true\" class=\" icomoon-the7-font-the7-arrow-11\"><\/i>\t\t\t\t\t\t\t\t\t\t<\/div>\n\t\t\t\t\t\t\t\t\t<\/a>\t\t\t\t\t\t\t\t\t\t\t\t\t\t\t\t<div class=\"box-content\">\n\t\t\t\t\t\t\t\t\t\t\t\t\t\t\t\t\t\t\t\t\t\t\t\t\t\t\t\t\t<h4 class=\"box-heading\">\n\t\t\t\t\t\t\t\t\t\t\t<a href=\"https:\/\/www.cies.iscte-iul.pt\/np4\/projectos?pj=919\" aria-label=\"Rebellion and Resistance in the Iberian Empires, 16th-19th centuries (2018-2022)\">\t\t\t\t\t\t\t\t\t\t\t\tRebellion and Resistance in the Iberian Empires, 16th-19th centuries (2018-2022)\t\t\t\t\t\t\t\t\t\t\t<\/a>\t\t\t\t\t\t\t\t\t\t<\/h4>\n\t\t\t\t\t\t\t\t\t\t\t\t\t\t\t\t\t\t\t\t\t\t\t\t\t\t\t\t<div class=\"box-description\">Duration: 01\/06\/2018-31\/05\/2022\nResearch team: Jos\u00e9 Joaquim Vicente Serr\u00e3o (Coordenador), Andreia Lopes Fidalgo, Catarina Sales Barbas de Oliveira, Daniel Malet Calvo, Maria Ant\u00f3nia de Figueiredo Pires de Almeida, Maria de F\u00e1tima S\u00e1 e Melo Ferreira, Maria Sarita Cristina Mota, Paulo dos M\u00e1rtires Lopes Teodoro de Matos<\/div>\n\t\t\t\t\t\t\t\t\t\t\t\t\t\t\t\t\t\t<a href=\"https:\/\/www.cies.iscte-iul.pt\/np4\/projectos?pj=919\" aria-label=\"Rebellion and Resistance in the Iberian Empires, 16th-19th centuries (2018-2022)\" class=\"box-button elementor-button elementor-size-xs\">Read more<\/a>\t\t\t\t\t\t\t\t<\/div>\n\t\t\t\t\t\t\t<\/div>\n\t\t\t\t\t\t<\/div>\t\t\t\t\t<\/div>\n\t\t\t\t\t\t\t\t\t<div class=\"wf-cell shown\">\n\t\t\t\t\t\t<div class=\"the7-icon-box-grid\">\t\t\t\t\t\t\t<div class=\"box-content-wrapper\">\n\t\t\t\t\t\t\t\t\t\t\t\t\t\t\t\t\t<a class=\"elementor-icon-div\" href=\"https:\/\/www.cies.iscte-iul.pt\/np4\/projectos?pj=1300\" aria-label=\"SKILLS by SPORT 4 MED: Sport as a vehicle for developing skills for the labor market and promoting employability and entrepreneurship (2020-2023)\">\t\t\t\t\t\t\t\t\t\t<div class=\"elementor-icon\">\n\t\t\t\t\t\t\t\t\t\t\t<i aria-hidden=\"true\" class=\" icomoon-the7-font-the7-arrow-11\"><\/i>\t\t\t\t\t\t\t\t\t\t<\/div>\n\t\t\t\t\t\t\t\t\t<\/a>\t\t\t\t\t\t\t\t\t\t\t\t\t\t\t\t<div class=\"box-content\">\n\t\t\t\t\t\t\t\t\t\t\t\t\t\t\t\t\t\t\t\t\t\t\t\t\t\t\t\t\t<h4 class=\"box-heading\">\n\t\t\t\t\t\t\t\t\t\t\t<a href=\"https:\/\/www.cies.iscte-iul.pt\/np4\/projectos?pj=1300\" aria-label=\"SKILLS by SPORT 4 MED: Sport as a vehicle for developing skills for the labor market and promoting employability and entrepreneurship (2020-2023)\">\t\t\t\t\t\t\t\t\t\t\t\tSKILLS by SPORT 4 MED: Sport as a vehicle for developing skills for the labor market and promoting employability and entrepreneurship (2020-2023)\t\t\t\t\t\t\t\t\t\t\t<\/a>\t\t\t\t\t\t\t\t\t\t<\/h4>\n\t\t\t\t\t\t\t\t\t\t\t\t\t\t\t\t\t\t\t\t\t\t\t\t\t\t\t\t<div class=\"box-description\">Duration: 02\/01\/2020-02\/01\/2023\nResearch team: C\u00e1tia Miriam da Silva Costa (Coordenador), Marcelo Moriconi (Coordenador)<\/div>\n\t\t\t\t\t\t\t\t\t\t\t\t\t\t\t\t\t\t<a href=\"https:\/\/www.cies.iscte-iul.pt\/np4\/projectos?pj=1300\" aria-label=\"SKILLS by SPORT 4 MED: Sport as a vehicle for developing skills for the labor market and promoting employability and entrepreneurship (2020-2023)\" class=\"box-button elementor-button elementor-size-xs\">Read more<\/a>\t\t\t\t\t\t\t\t<\/div>\n\t\t\t\t\t\t\t<\/div>\n\t\t\t\t\t\t<\/div>\t\t\t\t\t<\/div>\n\t\t\t\t\t\t\t\t\t<div class=\"wf-cell shown\">\n\t\t\t\t\t\t<div class=\"the7-icon-box-grid\">\t\t\t\t\t\t\t<div class=\"box-content-wrapper\">\n\t\t\t\t\t\t\t\t\t\t\t\t\t\t\t\t\t<a class=\"elementor-icon-div\" href=\"https:\/\/www.cies.iscte-iul.pt\/np4\/projectos?pj=1627\" aria-label=\"The Microfoundations of Legislative Behavior in European Democracies: Parliamentary Committees and Administrative Procedures (2020-2026)\">\t\t\t\t\t\t\t\t\t\t<div class=\"elementor-icon\">\n\t\t\t\t\t\t\t\t\t\t\t<i aria-hidden=\"true\" class=\" icomoon-the7-font-the7-arrow-11\"><\/i>\t\t\t\t\t\t\t\t\t\t<\/div>\n\t\t\t\t\t\t\t\t\t<\/a>\t\t\t\t\t\t\t\t\t\t\t\t\t\t\t\t<div class=\"box-content\">\n\t\t\t\t\t\t\t\t\t\t\t\t\t\t\t\t\t\t\t\t\t\t\t\t\t\t\t\t\t<h4 class=\"box-heading\">\n\t\t\t\t\t\t\t\t\t\t\t<a href=\"https:\/\/www.cies.iscte-iul.pt\/np4\/projectos?pj=1627\" aria-label=\"The Microfoundations of Legislative Behavior in European Democracies: Parliamentary Committees and Administrative Procedures (2020-2026)\">\t\t\t\t\t\t\t\t\t\t\t\tThe Microfoundations of Legislative Behavior in European Democracies: Parliamentary Committees and Administrative Procedures (2020-2026)\t\t\t\t\t\t\t\t\t\t\t<\/a>\t\t\t\t\t\t\t\t\t\t<\/h4>\n\t\t\t\t\t\t\t\t\t\t\t\t\t\t\t\t\t\t\t\t\t\t\t\t\t\t\t\t<div class=\"box-description\">Duration: 01\/09\/2020-31\/08\/2026\nResearch team: Patr\u00edcia Calca (Coordenador)<\/div>\n\t\t\t\t\t\t\t\t\t\t\t\t\t\t\t\t\t\t<a href=\"https:\/\/www.cies.iscte-iul.pt\/np4\/projectos?pj=1627\" aria-label=\"The Microfoundations of Legislative Behavior in European Democracies: Parliamentary Committees and Administrative Procedures (2020-2026)\" class=\"box-button elementor-button elementor-size-xs\">Read more<\/a>\t\t\t\t\t\t\t\t<\/div>\n\t\t\t\t\t\t\t<\/div>\n\t\t\t\t\t\t<\/div>\t\t\t\t\t<\/div>\n\t\t\t\t\t\t\t<\/div>\n\t\t<\/div>\t\t\t\t<\/div>\n\t\t\t\t<\/div>\n\t\t\t\t<div class=\"elementor-element elementor-element-c90549a elementor-widget elementor-widget-spacer\" data-id=\"c90549a\" data-element_type=\"widget\" data-widget_type=\"spacer.default\">\n\t\t\t\t<div class=\"elementor-widget-container\">\n\t\t\t\t\t\t\t<div class=\"elementor-spacer\">\n\t\t\t<div class=\"elementor-spacer-inner\"><\/div>\n\t\t<\/div>\n\t\t\t\t\t\t<\/div>\n\t\t\t\t<\/div>\n\t\t\t\t\t<\/div>\n\t\t<\/div>\n\t\t\t\t\t<\/div>\n\t\t<\/section>\n\t\t\t\t<section class=\"elementor-section elementor-top-section elementor-element elementor-element-b09d578 elementor-section-boxed elementor-section-height-default elementor-section-height-default\" data-id=\"b09d578\" data-element_type=\"section\">\n\t\t\t\t\t\t<div class=\"elementor-container elementor-column-gap-default\">\n\t\t\t\t\t<div class=\"elementor-column elementor-col-100 elementor-top-column elementor-element elementor-element-3f16833\" data-id=\"3f16833\" data-element_type=\"column\">\n\t\t\t<div class=\"elementor-widget-wrap elementor-element-populated\">\n\t\t\t\t\t\t<div class=\"elementor-element elementor-element-9c73a7f elementor-widget elementor-widget-spacer\" data-id=\"9c73a7f\" data-element_type=\"widget\" data-widget_type=\"spacer.default\">\n\t\t\t\t<div class=\"elementor-widget-container\">\n\t\t\t\t\t\t\t<div class=\"elementor-spacer\">\n\t\t\t<div class=\"elementor-spacer-inner\"><\/div>\n\t\t<\/div>\n\t\t\t\t\t\t<\/div>\n\t\t\t\t<\/div>\n\t\t\t\t\t<\/div>\n\t\t<\/div>\n\t\t\t\t\t<\/div>\n\t\t<\/section>\n\t\t\t\t<\/div>\n\t\t","protected":false},"excerpt":{"rendered":"<p>\u00a0 A crise do emprego e o Estado Social em Portugal: deter a produ\u00e7\u00e3o de vulnerabilidades sociais e de desigualdades (2018-2022) Duration: 01\/10\/2018-31\/03\/2022 Research team: Renato Carmo (Coordenador), Frederico Manuel Pincho Cantante, Jorge Manuel Alves Caleiras, Lu\u00eds Capucha, Nuno Nunes, Paulo Pedroso, Pedro Ad\u00e3o e Silva, Pedro Ant\u00f3nio da Silva Abrantes Read more A Nova&hellip;<\/p>\n","protected":false},"author":1,"featured_media":0,"parent":0,"menu_order":0,"comment_status":"closed","ping_status":"closed","template":"","meta":{"footnotes":""},"class_list":["post-51987","page","type-page","status-publish","hentry"],"yoast_head":"<!-- This site is optimized with the Yoast SEO plugin v24.7 - https:\/\/yoast.com\/wordpress\/plugins\/seo\/ -->\n<title>Investigations Politics and Citizenship | Observatory of Democracy ISCTE<\/title>\n<meta name=\"description\" content=\"Investigations by members Politics and Citizenship at the Observatory of Democracy and Political Representation, ISCTE Portugal.\" \/>\n<meta name=\"robots\" content=\"index, follow, max-snippet:-1, max-image-preview:large, max-video-preview:-1\" \/>\n<link rel=\"canonical\" href=\"https:\/\/observatorio-democracia.pt\/en\/investigacoes-dos-membros-do-grupo-politica-e-cidadania\/\" \/>\n<meta property=\"og:locale\" content=\"en_US\" \/>\n<meta property=\"og:type\" content=\"article\" \/>\n<meta property=\"og:title\" content=\"Investigations Politics and Citizenship | Observatory of Democracy ISCTE\" \/>\n<meta property=\"og:description\" content=\"Investigations by members Politics and Citizenship at the Observatory of Democracy and Political Representation, ISCTE Portugal.\" \/>\n<meta property=\"og:url\" content=\"https:\/\/observatorio-democracia.pt\/en\/investigacoes-dos-membros-do-grupo-politica-e-cidadania\/\" \/>\n<meta property=\"og:site_name\" content=\"Observat\u00f3rio da Democracia e da Representa\u00e7\u00e3o Pol\u00edtica\" \/>\n<meta property=\"article:publisher\" content=\"https:\/\/www.facebook.com\/observatorio.democracia.representacao.politica\" \/>\n<meta property=\"article:modified_time\" content=\"2022-07-12T16:22:35+00:00\" \/>\n<meta name=\"twitter:card\" content=\"summary_large_image\" \/>\n<meta name=\"twitter:site\" content=\"@Observatorioda4\" \/>\n<meta name=\"twitter:label1\" content=\"Est. reading time\" \/>\n\t<meta name=\"twitter:data1\" content=\"4 minutes\" \/>\n<script type=\"application\/ld+json\" class=\"yoast-schema-graph\">{\"@context\":\"https:\/\/schema.org\",\"@graph\":[{\"@type\":\"WebPage\",\"@id\":\"https:\/\/observatorio-democracia.pt\/en\/investigacoes-dos-membros-do-grupo-politica-e-cidadania\/\",\"url\":\"https:\/\/observatorio-democracia.pt\/en\/investigacoes-dos-membros-do-grupo-politica-e-cidadania\/\",\"name\":\"Investigations Politics and Citizenship | Observatory of Democracy ISCTE\",\"isPartOf\":{\"@id\":\"https:\/\/observatorio-democracia.pt\/en\/#website\"},\"datePublished\":\"2022-04-27T16:30:38+00:00\",\"dateModified\":\"2022-07-12T16:22:35+00:00\",\"description\":\"Investigations by members Politics and Citizenship at the Observatory of Democracy and Political Representation, ISCTE Portugal.\",\"breadcrumb\":{\"@id\":\"https:\/\/observatorio-democracia.pt\/en\/investigacoes-dos-membros-do-grupo-politica-e-cidadania\/#breadcrumb\"},\"inLanguage\":\"en-US\",\"potentialAction\":[{\"@type\":\"ReadAction\",\"target\":[\"https:\/\/observatorio-democracia.pt\/en\/investigacoes-dos-membros-do-grupo-politica-e-cidadania\/\"]}]},{\"@type\":\"BreadcrumbList\",\"@id\":\"https:\/\/observatorio-democracia.pt\/en\/investigacoes-dos-membros-do-grupo-politica-e-cidadania\/#breadcrumb\",\"itemListElement\":[{\"@type\":\"ListItem\",\"position\":1,\"name\":\"In\u00edcio\",\"item\":\"https:\/\/observatorio-democracia.pt\/en\/\"},{\"@type\":\"ListItem\",\"position\":2,\"name\":\"Research by members of the group \u2013 Politics and Citizenship\"}]},{\"@type\":\"WebSite\",\"@id\":\"https:\/\/observatorio-democracia.pt\/en\/#website\",\"url\":\"https:\/\/observatorio-democracia.pt\/en\/\",\"name\":\"Observat\u00f3rio da Democracia e da Representa\u00e7\u00e3o Pol\u00edtica\",\"description\":\"Um bem para a Cidadania\",\"publisher\":{\"@id\":\"https:\/\/observatorio-democracia.pt\/en\/#organization\"},\"potentialAction\":[{\"@type\":\"SearchAction\",\"target\":{\"@type\":\"EntryPoint\",\"urlTemplate\":\"https:\/\/observatorio-democracia.pt\/en\/?s={search_term_string}\"},\"query-input\":{\"@type\":\"PropertyValueSpecification\",\"valueRequired\":true,\"valueName\":\"search_term_string\"}}],\"inLanguage\":\"en-US\"},{\"@type\":\"Organization\",\"@id\":\"https:\/\/observatorio-democracia.pt\/en\/#organization\",\"name\":\"Observat\u00f3rio da Democracia e da Representa\u00e7\u00e3o Pol\u00edtica\",\"url\":\"https:\/\/observatorio-democracia.pt\/en\/\",\"logo\":{\"@type\":\"ImageObject\",\"inLanguage\":\"en-US\",\"@id\":\"https:\/\/observatorio-democracia.pt\/en\/#\/schema\/logo\/image\/\",\"url\":\"https:\/\/observatorio-democracia.pt\/wp-content\/uploads\/2022\/04\/logo-observatorio-democracia-forms.jpg\",\"contentUrl\":\"https:\/\/observatorio-democracia.pt\/wp-content\/uploads\/2022\/04\/logo-observatorio-democracia-forms.jpg\",\"width\":400,\"height\":98,\"caption\":\"Observat\u00f3rio da Democracia e da Representa\u00e7\u00e3o Pol\u00edtica\"},\"image\":{\"@id\":\"https:\/\/observatorio-democracia.pt\/en\/#\/schema\/logo\/image\/\"},\"sameAs\":[\"https:\/\/www.facebook.com\/observatorio.democracia.representacao.politica\",\"https:\/\/x.com\/Observatorioda4\",\"https:\/\/www.instagram.com\/observatoriodrp\/\"]}]}<\/script>\n<!-- \/ Yoast SEO plugin. -->","yoast_head_json":{"title":"Investigations Politics and Citizenship | Observatory of Democracy ISCTE","description":"Investigations by members Politics and Citizenship at the Observatory of Democracy and Political Representation, ISCTE Portugal.","robots":{"index":"index","follow":"follow","max-snippet":"max-snippet:-1","max-image-preview":"max-image-preview:large","max-video-preview":"max-video-preview:-1"},"canonical":"https:\/\/observatorio-democracia.pt\/en\/investigacoes-dos-membros-do-grupo-politica-e-cidadania\/","og_locale":"en_US","og_type":"article","og_title":"Investigations Politics and Citizenship | Observatory of Democracy ISCTE","og_description":"Investigations by members Politics and Citizenship at the Observatory of Democracy and Political Representation, ISCTE Portugal.","og_url":"https:\/\/observatorio-democracia.pt\/en\/investigacoes-dos-membros-do-grupo-politica-e-cidadania\/","og_site_name":"Observat\u00f3rio da Democracia e da Representa\u00e7\u00e3o Pol\u00edtica","article_publisher":"https:\/\/www.facebook.com\/observatorio.democracia.representacao.politica","article_modified_time":"2022-07-12T16:22:35+00:00","twitter_card":"summary_large_image","twitter_site":"@Observatorioda4","twitter_misc":{"Est. reading time":"4 minutes"},"schema":{"@context":"https:\/\/schema.org","@graph":[{"@type":"WebPage","@id":"https:\/\/observatorio-democracia.pt\/en\/investigacoes-dos-membros-do-grupo-politica-e-cidadania\/","url":"https:\/\/observatorio-democracia.pt\/en\/investigacoes-dos-membros-do-grupo-politica-e-cidadania\/","name":"Investigations Politics and Citizenship | Observatory of Democracy ISCTE","isPartOf":{"@id":"https:\/\/observatorio-democracia.pt\/en\/#website"},"datePublished":"2022-04-27T16:30:38+00:00","dateModified":"2022-07-12T16:22:35+00:00","description":"Investigations by members Politics and Citizenship at the Observatory of Democracy and Political Representation, ISCTE Portugal.","breadcrumb":{"@id":"https:\/\/observatorio-democracia.pt\/en\/investigacoes-dos-membros-do-grupo-politica-e-cidadania\/#breadcrumb"},"inLanguage":"en-US","potentialAction":[{"@type":"ReadAction","target":["https:\/\/observatorio-democracia.pt\/en\/investigacoes-dos-membros-do-grupo-politica-e-cidadania\/"]}]},{"@type":"BreadcrumbList","@id":"https:\/\/observatorio-democracia.pt\/en\/investigacoes-dos-membros-do-grupo-politica-e-cidadania\/#breadcrumb","itemListElement":[{"@type":"ListItem","position":1,"name":"In\u00edcio","item":"https:\/\/observatorio-democracia.pt\/en\/"},{"@type":"ListItem","position":2,"name":"Research by members of the group \u2013 Politics and Citizenship"}]},{"@type":"WebSite","@id":"https:\/\/observatorio-democracia.pt\/en\/#website","url":"https:\/\/observatorio-democracia.pt\/en\/","name":"Observat\u00f3rio da Democracia e da Representa\u00e7\u00e3o Pol\u00edtica","description":"Um bem para a Cidadania","publisher":{"@id":"https:\/\/observatorio-democracia.pt\/en\/#organization"},"potentialAction":[{"@type":"SearchAction","target":{"@type":"EntryPoint","urlTemplate":"https:\/\/observatorio-democracia.pt\/en\/?s={search_term_string}"},"query-input":{"@type":"PropertyValueSpecification","valueRequired":true,"valueName":"search_term_string"}}],"inLanguage":"en-US"},{"@type":"Organization","@id":"https:\/\/observatorio-democracia.pt\/en\/#organization","name":"Observat\u00f3rio da Democracia e da Representa\u00e7\u00e3o Pol\u00edtica","url":"https:\/\/observatorio-democracia.pt\/en\/","logo":{"@type":"ImageObject","inLanguage":"en-US","@id":"https:\/\/observatorio-democracia.pt\/en\/#\/schema\/logo\/image\/","url":"https:\/\/observatorio-democracia.pt\/wp-content\/uploads\/2022\/04\/logo-observatorio-democracia-forms.jpg","contentUrl":"https:\/\/observatorio-democracia.pt\/wp-content\/uploads\/2022\/04\/logo-observatorio-democracia-forms.jpg","width":400,"height":98,"caption":"Observat\u00f3rio da Democracia e da Representa\u00e7\u00e3o Pol\u00edtica"},"image":{"@id":"https:\/\/observatorio-democracia.pt\/en\/#\/schema\/logo\/image\/"},"sameAs":["https:\/\/www.facebook.com\/observatorio.democracia.representacao.politica","https:\/\/x.com\/Observatorioda4","https:\/\/www.instagram.com\/observatoriodrp\/"]}]}},"_links":{"self":[{"href":"https:\/\/observatorio-democracia.pt\/en\/wp-json\/wp\/v2\/pages\/51987","targetHints":{"allow":["GET"]}}],"collection":[{"href":"https:\/\/observatorio-democracia.pt\/en\/wp-json\/wp\/v2\/pages"}],"about":[{"href":"https:\/\/observatorio-democracia.pt\/en\/wp-json\/wp\/v2\/types\/page"}],"author":[{"embeddable":true,"href":"https:\/\/observatorio-democracia.pt\/en\/wp-json\/wp\/v2\/users\/1"}],"replies":[{"embeddable":true,"href":"https:\/\/observatorio-democracia.pt\/en\/wp-json\/wp\/v2\/comments?post=51987"}],"version-history":[{"count":9,"href":"https:\/\/observatorio-democracia.pt\/en\/wp-json\/wp\/v2\/pages\/51987\/revisions"}],"predecessor-version":[{"id":52674,"href":"https:\/\/observatorio-democracia.pt\/en\/wp-json\/wp\/v2\/pages\/51987\/revisions\/52674"}],"wp:attachment":[{"href":"https:\/\/observatorio-democracia.pt\/en\/wp-json\/wp\/v2\/media?parent=51987"}],"curies":[{"name":"wp","href":"https:\/\/api.w.org\/{rel}","templated":true}]}}