{"id":51967,"date":"2022-04-27T23:45:39","date_gmt":"2022-04-27T23:45:39","guid":{"rendered":"https:\/\/observatorio-democracia.pt\/equipa\/livino-neto\/"},"modified":"2024-12-23T19:54:18","modified_gmt":"2024-12-23T19:54:18","slug":"livino-neto","status":"publish","type":"page","link":"https:\/\/observatorio-democracia.pt\/en\/equipa\/livino-neto\/","title":{"rendered":"Livino Neto"},"content":{"rendered":"\t\t<div data-elementor-type=\"wp-page\" data-elementor-id=\"51967\" class=\"elementor elementor-51967 elementor-50919\" data-elementor-post-type=\"page\">\n\t\t\t\t\t\t<section class=\"elementor-section elementor-top-section elementor-element elementor-element-01de9c6 elementor-section-content-middle elementor-section-boxed elementor-section-height-default elementor-section-height-default\" data-id=\"01de9c6\" data-element_type=\"section\">\n\t\t\t\t\t\t<div class=\"elementor-container elementor-column-gap-default\">\n\t\t\t\t\t<div class=\"elementor-column elementor-col-50 elementor-top-column elementor-element elementor-element-4617a98\" data-id=\"4617a98\" data-element_type=\"column\">\n\t\t\t<div class=\"elementor-widget-wrap elementor-element-populated\">\n\t\t\t\t\t\t<div class=\"elementor-element elementor-element-dbf9854 elementor-widget elementor-widget-image\" data-id=\"dbf9854\" data-element_type=\"widget\" data-widget_type=\"image.default\">\n\t\t\t\t<div class=\"elementor-widget-container\">\n\t\t\t\t\t\t\t\t\t\t\t\t\t\t\t<img fetchpriority=\"high\" decoding=\"async\" width=\"880\" height=\"866\" src=\"https:\/\/observatorio-democracia.pt\/wp-content\/uploads\/2022\/04\/foto-Livino-Neto-grande.jpg\" class=\"attachment-large size-large wp-image-50921\" alt=\"\" srcset=\"https:\/\/observatorio-democracia.pt\/wp-content\/uploads\/2022\/04\/foto-Livino-Neto-grande.jpg 880w, https:\/\/observatorio-democracia.pt\/wp-content\/uploads\/2022\/04\/foto-Livino-Neto-grande-300x295.jpg 300w, https:\/\/observatorio-democracia.pt\/wp-content\/uploads\/2022\/04\/foto-Livino-Neto-grande-768x756.jpg 768w\" sizes=\"(max-width: 880px) 100vw, 880px\" \/>\t\t\t\t\t\t\t\t\t\t\t\t\t\t\t<\/div>\n\t\t\t\t<\/div>\n\t\t\t\t<div class=\"elementor-element elementor-element-c2c8cd3 elementor-widget elementor-widget-spacer\" data-id=\"c2c8cd3\" data-element_type=\"widget\" data-widget_type=\"spacer.default\">\n\t\t\t\t<div class=\"elementor-widget-container\">\n\t\t\t\t\t\t\t<div class=\"elementor-spacer\">\n\t\t\t<div class=\"elementor-spacer-inner\"><\/div>\n\t\t<\/div>\n\t\t\t\t\t\t<\/div>\n\t\t\t\t<\/div>\n\t\t\t\t\t<\/div>\n\t\t<\/div>\n\t\t\t\t<div class=\"elementor-column elementor-col-50 elementor-top-column elementor-element elementor-element-7b8d547\" data-id=\"7b8d547\" data-element_type=\"column\">\n\t\t\t<div class=\"elementor-widget-wrap elementor-element-populated\">\n\t\t\t\t\t\t<div class=\"elementor-element elementor-element-04ca05c elementor-widget elementor-widget-text-editor\" data-id=\"04ca05c\" data-element_type=\"widget\" data-widget_type=\"text-editor.default\">\n\t\t\t\t<div class=\"elementor-widget-container\">\n\t\t\t\t\t\t\t\t\t<strong>Livino Neto<\/strong>\t\t\t\t\t\t\t\t<\/div>\n\t\t\t\t<\/div>\n\t\t\t\t<div class=\"elementor-element elementor-element-d4cc3c2 elementor-widget elementor-widget-spacer\" data-id=\"d4cc3c2\" data-element_type=\"widget\" data-widget_type=\"spacer.default\">\n\t\t\t\t<div class=\"elementor-widget-container\">\n\t\t\t\t\t\t\t<div class=\"elementor-spacer\">\n\t\t\t<div class=\"elementor-spacer-inner\"><\/div>\n\t\t<\/div>\n\t\t\t\t\t\t<\/div>\n\t\t\t\t<\/div>\n\t\t\t\t<div class=\"elementor-element elementor-element-c732561 elementor-widget elementor-widget-text-editor\" data-id=\"c732561\" data-element_type=\"widget\" data-widget_type=\"text-editor.default\">\n\t\t\t\t<div class=\"elementor-widget-container\">\n\t\t\t\t\t\t\t\t\tResearch fellow\t\t\t\t\t\t\t\t<\/div>\n\t\t\t\t<\/div>\n\t\t\t\t<div class=\"elementor-element elementor-element-0be412e elementor-widget elementor-widget-text-editor\" data-id=\"0be412e\" data-element_type=\"widget\" data-widget_type=\"text-editor.default\">\n\t\t\t\t<div class=\"elementor-widget-container\">\n\t\t\t\t\t\t\t\t\t<p class=\"p1\"><span class=\"s1\">Livino Neto is a PhD student in Communication Sciences (ISCTE-IUL &#8211; Lisbon University Institute) and a journalist, with a <i>lato sensu<\/i> postgraduate studies in Communication Consultant and a master\u2019s degree in communication, Culture and Information Technology (ISCTE-IUL &#8211; Lisbon University Institute), specializing in Communication and Politics. <\/span><\/p><p class=\"p1\"><span class=\"s1\">He has worked in Brazil, in the state of Cear\u00e1, as communication coordinator of electoral campaigns, parliamentary mandates and political parties. He is currently researching the discourse of leaders of the populist radical right on issues related to environmental and climate issues based on their publications on Twitter.<\/span><\/p>\t\t\t\t\t\t\t\t<\/div>\n\t\t\t\t<\/div>\n\t\t\t\t\t<\/div>\n\t\t<\/div>\n\t\t\t\t\t<\/div>\n\t\t<\/section>\n\t\t\t\t<section class=\"elementor-section elementor-top-section elementor-element elementor-element-a062729 elementor-section-boxed elementor-section-height-default elementor-section-height-default\" data-id=\"a062729\" data-element_type=\"section\">\n\t\t\t\t\t\t<div class=\"elementor-container elementor-column-gap-default\">\n\t\t\t\t\t<div class=\"elementor-column elementor-col-100 elementor-top-column elementor-element elementor-element-b0b8122\" data-id=\"b0b8122\" data-element_type=\"column\">\n\t\t\t<div class=\"elementor-widget-wrap elementor-element-populated\">\n\t\t\t\t\t\t<div class=\"elementor-element elementor-element-35d3875 elementor-widget elementor-widget-spacer\" data-id=\"35d3875\" data-element_type=\"widget\" data-widget_type=\"spacer.default\">\n\t\t\t\t<div class=\"elementor-widget-container\">\n\t\t\t\t\t\t\t<div class=\"elementor-spacer\">\n\t\t\t<div class=\"elementor-spacer-inner\"><\/div>\n\t\t<\/div>\n\t\t\t\t\t\t<\/div>\n\t\t\t\t<\/div>\n\t\t\t\t\t<\/div>\n\t\t<\/div>\n\t\t\t\t\t<\/div>\n\t\t<\/section>\n\t\t\t\t<section class=\"elementor-section elementor-top-section elementor-element elementor-element-41acc57e elementor-section-boxed elementor-section-height-default elementor-section-height-default\" data-id=\"41acc57e\" data-element_type=\"section\">\n\t\t\t\t\t\t<div class=\"elementor-container elementor-column-gap-default\">\n\t\t\t\t\t<div class=\"elementor-column elementor-col-100 elementor-top-column elementor-element elementor-element-68cec7ea\" data-id=\"68cec7ea\" data-element_type=\"column\">\n\t\t\t<div class=\"elementor-widget-wrap elementor-element-populated\">\n\t\t\t\t\t\t<div class=\"elementor-element elementor-element-3c83c682 elementor-widget elementor-widget-heading\" data-id=\"3c83c682\" data-element_type=\"widget\" data-widget_type=\"heading.default\">\n\t\t\t\t<div class=\"elementor-widget-container\">\n\t\t\t\t\t<h2 class=\"elementor-heading-title elementor-size-default\">Observatory Team<\/h2>\t\t\t\t<\/div>\n\t\t\t\t<\/div>\n\t\t\t\t<div class=\"elementor-element elementor-element-140e7fa7 elementor-widget-divider--view-line elementor-widget elementor-widget-divider\" data-id=\"140e7fa7\" data-element_type=\"widget\" data-widget_type=\"divider.default\">\n\t\t\t\t<div class=\"elementor-widget-container\">\n\t\t\t\t\t\t\t<div class=\"elementor-divider\">\n\t\t\t<span class=\"elementor-divider-separator\">\n\t\t\t\t\t\t<\/span>\n\t\t<\/div>\n\t\t\t\t\t\t<\/div>\n\t\t\t\t<\/div>\n\t\t\t\t<div class=\"elementor-element elementor-element-5dee695d elementor-widget elementor-widget-spacer\" data-id=\"5dee695d\" data-element_type=\"widget\" data-widget_type=\"spacer.default\">\n\t\t\t\t<div class=\"elementor-widget-container\">\n\t\t\t\t\t\t\t<div class=\"elementor-spacer\">\n\t\t\t<div class=\"elementor-spacer-inner\"><\/div>\n\t\t<\/div>\n\t\t\t\t\t\t<\/div>\n\t\t\t\t<\/div>\n\t\t\t\t<div class=\"elementor-element elementor-element-9cfdada arrows-relative-to-box_area bullets-small-dot-stroke elementor-widget elementor-widget-the7_testimonials_carousel\" data-id=\"9cfdada\" data-element_type=\"widget\" data-settings=\"{&quot;widget_columns&quot;:4,&quot;gap_between_posts&quot;:{&quot;unit&quot;:&quot;px&quot;,&quot;size&quot;:12,&quot;sizes&quot;:[]},&quot;widget_columns_tablet&quot;:2,&quot;widget_columns_mobile&quot;:1,&quot;gap_between_posts_tablet&quot;:{&quot;unit&quot;:&quot;px&quot;,&quot;size&quot;:&quot;&quot;,&quot;sizes&quot;:[]},&quot;gap_between_posts_mobile&quot;:{&quot;unit&quot;:&quot;px&quot;,&quot;size&quot;:&quot;&quot;,&quot;sizes&quot;:[]}}\" data-widget_type=\"the7_testimonials_carousel.default\">\n\t\t\t\t<div class=\"elementor-widget-container\">\n\t\t\t\t\t<div class=\"disable-arrows-hover-bg owl-carousel testimonials-carousel elementor-owl-carousel-call the7-elementor-widget the7_testimonials_carousel-9cfdada scale-img\" data-scroll-mode=\"page\" data-auto-height=\"false\" data-speed=\"600\" data-autoplay=\"false\" data-autoplay_speed=\"\"><div  class=\"dt-owl-item-wrap hide-btn elements-hover elements-hover\"  ><div class=\"dt-owl-item-inner \"><a href=\"\/en\/equipa\/guya-accornero\/\" class=\"dt-owl-item-image layzr-bg img-css-resize-wrapper\"> <img decoding=\"async\" width=\"400\" height=\"400\" src=\"data:image\/svg+xml,%3Csvg%20xmlns%3D&#039;http%3A%2F%2Fwww.w3.org%2F2000%2Fsvg&#039;%20viewBox%3D&#039;0%200%20400%20400&#039;%2F%3E\" class=\"attachment-full size-full preload-me aspect lazy lazy-load\" alt=\"\" sizes=\"(max-width: 400px) 100vw, 400px\" style=\"--ratio: 400 \/ 400;\" data-src=\"https:\/\/observatorio-democracia.pt\/wp-content\/uploads\/2023\/11\/foto-Guya-Accornero3.png\" loading=\"eager\" data-srcset=\"https:\/\/observatorio-democracia.pt\/wp-content\/uploads\/2023\/11\/foto-Guya-Accornero3.png 400w, https:\/\/observatorio-democracia.pt\/wp-content\/uploads\/2023\/11\/foto-Guya-Accornero3-300x300.png 300w, https:\/\/observatorio-democracia.pt\/wp-content\/uploads\/2023\/11\/foto-Guya-Accornero3-150x150.png 150w, https:\/\/observatorio-democracia.pt\/wp-content\/uploads\/2023\/11\/foto-Guya-Accornero3-200x200.png 200w\" \/><\/a><h4  class=\"dt-owl-item-heading\"><a href=\"\/en\/equipa\/guya-accornero\/\">Guya Accornero<\/a><\/h4><h6  class=\"dt-owl-item-subtitle\">Observatory Director<\/h6><\/div><\/div><div  class=\"dt-owl-item-wrap hide-btn elements-hover elements-hover\"  ><div class=\"dt-owl-item-inner \"><a href=\"https:\/\/observatorio-democracia.pt\/en\/equipa\/jose-santana-pereira\/\" class=\"dt-owl-item-image layzr-bg img-css-resize-wrapper\"> <img decoding=\"async\" width=\"400\" height=\"400\" src=\"data:image\/svg+xml,%3Csvg%20xmlns%3D&#039;http%3A%2F%2Fwww.w3.org%2F2000%2Fsvg&#039;%20viewBox%3D&#039;0%200%20400%20400&#039;%2F%3E\" class=\"attachment-full size-full preload-me aspect lazy lazy-load\" alt=\"\" sizes=\"(max-width: 400px) 100vw, 400px\" style=\"--ratio: 400 \/ 400;\" data-src=\"https:\/\/observatorio-democracia.pt\/wp-content\/uploads\/2024\/08\/foto-Jose-Santana-Pereira2.png\" loading=\"eager\" data-srcset=\"https:\/\/observatorio-democracia.pt\/wp-content\/uploads\/2024\/08\/foto-Jose-Santana-Pereira2.png 400w, https:\/\/observatorio-democracia.pt\/wp-content\/uploads\/2024\/08\/foto-Jose-Santana-Pereira2-300x300.png 300w, https:\/\/observatorio-democracia.pt\/wp-content\/uploads\/2024\/08\/foto-Jose-Santana-Pereira2-150x150.png 150w, https:\/\/observatorio-democracia.pt\/wp-content\/uploads\/2024\/08\/foto-Jose-Santana-Pereira2-200x200.png 200w\" \/><\/a><h4  class=\"dt-owl-item-heading\"><a href=\"https:\/\/observatorio-democracia.pt\/en\/equipa\/jose-santana-pereira\/\">Jos\u00e9 Santana-Pereira<\/a><\/h4><h6  class=\"dt-owl-item-subtitle\">Deputy Director of the Observatory<\/h6><\/div><\/div><div  class=\"dt-owl-item-wrap hide-btn elements-hover elements-hover\"  ><div class=\"dt-owl-item-inner \"><a href=\"\/en\/equipa\/helena-belchior-rocha\/\" class=\"dt-owl-item-image layzr-bg img-css-resize-wrapper\"> <img decoding=\"async\" width=\"400\" height=\"400\" src=\"data:image\/svg+xml,%3Csvg%20xmlns%3D&#039;http%3A%2F%2Fwww.w3.org%2F2000%2Fsvg&#039;%20viewBox%3D&#039;0%200%20400%20400&#039;%2F%3E\" class=\"attachment-full size-full preload-me aspect lazy lazy-load\" alt=\"\" sizes=\"(max-width: 400px) 100vw, 400px\" style=\"--ratio: 400 \/ 400;\" data-src=\"https:\/\/observatorio-democracia.pt\/wp-content\/uploads\/2022\/02\/foto-Helena-Belchior-Rocha.png\" loading=\"eager\" data-srcset=\"https:\/\/observatorio-democracia.pt\/wp-content\/uploads\/2022\/02\/foto-Helena-Belchior-Rocha.png 400w, https:\/\/observatorio-democracia.pt\/wp-content\/uploads\/2022\/02\/foto-Helena-Belchior-Rocha-300x300.png 300w, https:\/\/observatorio-democracia.pt\/wp-content\/uploads\/2022\/02\/foto-Helena-Belchior-Rocha-150x150.png 150w, https:\/\/observatorio-democracia.pt\/wp-content\/uploads\/2022\/02\/foto-Helena-Belchior-Rocha-200x200.png 200w\" \/><\/a><h4  class=\"dt-owl-item-heading\"><a href=\"\/en\/equipa\/helena-belchior-rocha\/\">Helena Belchior Rocha<\/a><\/h4><h6  class=\"dt-owl-item-subtitle\">Scientific Commission<\/h6><\/div><\/div><div  class=\"dt-owl-item-wrap hide-btn elements-hover elements-hover\"  ><div class=\"dt-owl-item-inner \"><a href=\"https:\/\/observatorio-democracia.pt\/en\/equipa\/maria-asensio\/\" class=\"dt-owl-item-image layzr-bg img-css-resize-wrapper\"> <img decoding=\"async\" width=\"1030\" height=\"1034\" src=\"data:image\/svg+xml,%3Csvg%20xmlns%3D&#039;http%3A%2F%2Fwww.w3.org%2F2000%2Fsvg&#039;%20viewBox%3D&#039;0%200%201030%201034&#039;%2F%3E\" class=\"attachment-full size-full preload-me aspect lazy lazy-load\" alt=\"\" sizes=\"(max-width: 1030px) 100vw, 1030px\" style=\"--ratio: 1030 \/ 1034;\" data-src=\"https:\/\/observatorio-democracia.pt\/wp-content\/uploads\/2024\/01\/Maria-Asensio_0001pb-tamanho-original-e1727955540971.png\" loading=\"eager\" data-srcset=\"https:\/\/observatorio-democracia.pt\/wp-content\/uploads\/2024\/01\/Maria-Asensio_0001pb-tamanho-original-e1727955540971.png 1030w, https:\/\/observatorio-democracia.pt\/wp-content\/uploads\/2024\/01\/Maria-Asensio_0001pb-tamanho-original-e1727955540971-300x300.png 300w, https:\/\/observatorio-democracia.pt\/wp-content\/uploads\/2024\/01\/Maria-Asensio_0001pb-tamanho-original-e1727955540971-1020x1024.png 1020w, https:\/\/observatorio-democracia.pt\/wp-content\/uploads\/2024\/01\/Maria-Asensio_0001pb-tamanho-original-e1727955540971-150x150.png 150w, https:\/\/observatorio-democracia.pt\/wp-content\/uploads\/2024\/01\/Maria-Asensio_0001pb-tamanho-original-e1727955540971-768x771.png 768w, https:\/\/observatorio-democracia.pt\/wp-content\/uploads\/2024\/01\/Maria-Asensio_0001pb-tamanho-original-e1727955540971-1000x1004.png 1000w, https:\/\/observatorio-democracia.pt\/wp-content\/uploads\/2024\/01\/Maria-Asensio_0001pb-tamanho-original-e1727955540971-200x200.png 200w\" \/><\/a><h4  class=\"dt-owl-item-heading\"><a href=\"https:\/\/observatorio-democracia.pt\/en\/equipa\/maria-asensio\/\">Maria Asensio<\/a><\/h4><h6  class=\"dt-owl-item-subtitle\">Scientific Commission<\/h6><\/div><\/div><div  class=\"dt-owl-item-wrap hide-btn elements-hover elements-hover\"  ><div class=\"dt-owl-item-inner \"><a href=\"https:\/\/observatorio-democracia.pt\/en\/equipa\/filipa-raimundo\" class=\"dt-owl-item-image layzr-bg img-css-resize-wrapper\"> <img decoding=\"async\" width=\"1080\" height=\"1080\" src=\"data:image\/svg+xml,%3Csvg%20xmlns%3D&#039;http%3A%2F%2Fwww.w3.org%2F2000%2Fsvg&#039;%20viewBox%3D&#039;0%200%201080%201080&#039;%2F%3E\" class=\"attachment-full size-full preload-me aspect lazy lazy-load\" alt=\"\" style=\"--ratio: 1080 \/ 1080;\" data-src=\"https:\/\/observatorio-democracia.pt\/wp-content\/uploads\/2024\/12\/foto-Filipa-Raimundo-e1734102129915.png\" loading=\"eager\" \/><\/a><h4  class=\"dt-owl-item-heading\"><a href=\"https:\/\/observatorio-democracia.pt\/en\/equipa\/filipa-raimundo\">Filipa Raimundo<\/a><\/h4><h6  class=\"dt-owl-item-subtitle\">Scientific Commission<\/h6><\/div><\/div><\/div><div class=\"owl-nav disabled\"><div class=\"owl-prev\" role=\"button\"><i class=\"fas fa-chevron-left\"><\/i><\/div><div class=\"owl-next\" role=\"button\"><i class=\"fas fa-chevron-right\"><\/i><\/div><\/div>\t\t\t\t<\/div>\n\t\t\t\t<\/div>\n\t\t\t\t<div class=\"elementor-element elementor-element-8631e21 elementor-widget elementor-widget-spacer\" data-id=\"8631e21\" data-element_type=\"widget\" data-widget_type=\"spacer.default\">\n\t\t\t\t<div class=\"elementor-widget-container\">\n\t\t\t\t\t\t\t<div class=\"elementor-spacer\">\n\t\t\t<div class=\"elementor-spacer-inner\"><\/div>\n\t\t<\/div>\n\t\t\t\t\t\t<\/div>\n\t\t\t\t<\/div>\n\t\t\t\t\t<\/div>\n\t\t<\/div>\n\t\t\t\t\t<\/div>\n\t\t<\/section>\n\t\t\t\t<\/div>\n\t\t","protected":false},"excerpt":{"rendered":"<p>Livino Neto Research fellow Livino Neto is a PhD student in Communication Sciences (ISCTE-IUL &#8211; Lisbon University Institute) and a journalist, with a lato sensu postgraduate studies in Communication Consultant and a master\u2019s degree in communication, Culture and Information Technology (ISCTE-IUL &#8211; Lisbon University Institute), specializing in Communication and Politics. He has worked in Brazil,&hellip;<\/p>\n","protected":false},"author":1,"featured_media":0,"parent":51893,"menu_order":0,"comment_status":"closed","ping_status":"closed","template":"","meta":{"footnotes":""},"class_list":["post-51967","page","type-page","status-publish","hentry"],"yoast_head":"<!-- This site is optimized with the Yoast SEO plugin v24.7 - https:\/\/yoast.com\/wordpress\/plugins\/seo\/ -->\n<title>Livino Neto | Observatory of Democracy ISCTE Portugal<\/title>\n<meta name=\"description\" content=\"Doctoral student in Communication Sciences ISCTE, journalist, master in Communication, Culture and Information Technologies.\" \/>\n<meta name=\"robots\" content=\"index, follow, max-snippet:-1, max-image-preview:large, max-video-preview:-1\" \/>\n<link rel=\"canonical\" href=\"https:\/\/observatorio-democracia.pt\/en\/equipa\/livino-neto\/\" \/>\n<meta property=\"og:locale\" content=\"en_US\" \/>\n<meta property=\"og:type\" content=\"article\" \/>\n<meta property=\"og:title\" content=\"Livino Neto | Observatory of Democracy ISCTE Portugal\" \/>\n<meta property=\"og:description\" content=\"Doctoral student in Communication Sciences ISCTE, journalist, master in Communication, Culture and Information Technologies.\" \/>\n<meta property=\"og:url\" content=\"https:\/\/observatorio-democracia.pt\/en\/equipa\/livino-neto\/\" \/>\n<meta property=\"og:site_name\" content=\"Observat\u00f3rio da Democracia e da Representa\u00e7\u00e3o Pol\u00edtica\" \/>\n<meta property=\"article:publisher\" content=\"https:\/\/www.facebook.com\/observatorio.democracia.representacao.politica\" \/>\n<meta property=\"article:modified_time\" content=\"2024-12-23T19:54:18+00:00\" \/>\n<meta property=\"og:image\" content=\"https:\/\/observatorio-democracia.pt\/wp-content\/uploads\/2022\/04\/foto-Livino-Neto-grande.jpg\" \/>\n<meta name=\"twitter:card\" content=\"summary_large_image\" \/>\n<meta name=\"twitter:site\" content=\"@Observatorioda4\" \/>\n<meta name=\"twitter:label1\" content=\"Est. reading time\" \/>\n\t<meta name=\"twitter:data1\" content=\"9 minutes\" \/>\n<script type=\"application\/ld+json\" class=\"yoast-schema-graph\">{\"@context\":\"https:\/\/schema.org\",\"@graph\":[{\"@type\":\"WebPage\",\"@id\":\"https:\/\/observatorio-democracia.pt\/en\/equipa\/livino-neto\/\",\"url\":\"https:\/\/observatorio-democracia.pt\/en\/equipa\/livino-neto\/\",\"name\":\"Livino Neto | Observatory of Democracy ISCTE Portugal\",\"isPartOf\":{\"@id\":\"https:\/\/observatorio-democracia.pt\/en\/#website\"},\"primaryImageOfPage\":{\"@id\":\"https:\/\/observatorio-democracia.pt\/en\/equipa\/livino-neto\/#primaryimage\"},\"image\":{\"@id\":\"https:\/\/observatorio-democracia.pt\/en\/equipa\/livino-neto\/#primaryimage\"},\"thumbnailUrl\":\"https:\/\/observatorio-democracia.pt\/wp-content\/uploads\/2022\/04\/foto-Livino-Neto-grande.jpg\",\"datePublished\":\"2022-04-27T23:45:39+00:00\",\"dateModified\":\"2024-12-23T19:54:18+00:00\",\"description\":\"Doctoral student in Communication Sciences ISCTE, journalist, master in Communication, Culture and Information Technologies.\",\"breadcrumb\":{\"@id\":\"https:\/\/observatorio-democracia.pt\/en\/equipa\/livino-neto\/#breadcrumb\"},\"inLanguage\":\"en-US\",\"potentialAction\":[{\"@type\":\"ReadAction\",\"target\":[\"https:\/\/observatorio-democracia.pt\/en\/equipa\/livino-neto\/\"]}]},{\"@type\":\"ImageObject\",\"inLanguage\":\"en-US\",\"@id\":\"https:\/\/observatorio-democracia.pt\/en\/equipa\/livino-neto\/#primaryimage\",\"url\":\"https:\/\/observatorio-democracia.pt\/wp-content\/uploads\/2022\/04\/foto-Livino-Neto-grande.jpg\",\"contentUrl\":\"https:\/\/observatorio-democracia.pt\/wp-content\/uploads\/2022\/04\/foto-Livino-Neto-grande.jpg\"},{\"@type\":\"BreadcrumbList\",\"@id\":\"https:\/\/observatorio-democracia.pt\/en\/equipa\/livino-neto\/#breadcrumb\",\"itemListElement\":[{\"@type\":\"ListItem\",\"position\":1,\"name\":\"In\u00edcio\",\"item\":\"https:\/\/observatorio-democracia.pt\/en\/\"},{\"@type\":\"ListItem\",\"position\":2,\"name\":\"Team\",\"item\":\"https:\/\/observatorio-democracia.pt\/en\/equipa\/\"},{\"@type\":\"ListItem\",\"position\":3,\"name\":\"Livino Neto\"}]},{\"@type\":\"WebSite\",\"@id\":\"https:\/\/observatorio-democracia.pt\/en\/#website\",\"url\":\"https:\/\/observatorio-democracia.pt\/en\/\",\"name\":\"Observat\u00f3rio da Democracia e da Representa\u00e7\u00e3o Pol\u00edtica\",\"description\":\"Um bem para a Cidadania\",\"publisher\":{\"@id\":\"https:\/\/observatorio-democracia.pt\/en\/#organization\"},\"potentialAction\":[{\"@type\":\"SearchAction\",\"target\":{\"@type\":\"EntryPoint\",\"urlTemplate\":\"https:\/\/observatorio-democracia.pt\/en\/?s={search_term_string}\"},\"query-input\":{\"@type\":\"PropertyValueSpecification\",\"valueRequired\":true,\"valueName\":\"search_term_string\"}}],\"inLanguage\":\"en-US\"},{\"@type\":\"Organization\",\"@id\":\"https:\/\/observatorio-democracia.pt\/en\/#organization\",\"name\":\"Observat\u00f3rio da Democracia e da Representa\u00e7\u00e3o Pol\u00edtica\",\"url\":\"https:\/\/observatorio-democracia.pt\/en\/\",\"logo\":{\"@type\":\"ImageObject\",\"inLanguage\":\"en-US\",\"@id\":\"https:\/\/observatorio-democracia.pt\/en\/#\/schema\/logo\/image\/\",\"url\":\"https:\/\/observatorio-democracia.pt\/wp-content\/uploads\/2022\/04\/logo-observatorio-democracia-forms.jpg\",\"contentUrl\":\"https:\/\/observatorio-democracia.pt\/wp-content\/uploads\/2022\/04\/logo-observatorio-democracia-forms.jpg\",\"width\":400,\"height\":98,\"caption\":\"Observat\u00f3rio da Democracia e da Representa\u00e7\u00e3o Pol\u00edtica\"},\"image\":{\"@id\":\"https:\/\/observatorio-democracia.pt\/en\/#\/schema\/logo\/image\/\"},\"sameAs\":[\"https:\/\/www.facebook.com\/observatorio.democracia.representacao.politica\",\"https:\/\/x.com\/Observatorioda4\",\"https:\/\/www.instagram.com\/observatoriodrp\/\"]}]}<\/script>\n<!-- \/ Yoast SEO plugin. -->","yoast_head_json":{"title":"Livino Neto | Observatory of Democracy ISCTE Portugal","description":"Doctoral student in Communication Sciences ISCTE, journalist, master in Communication, Culture and Information Technologies.","robots":{"index":"index","follow":"follow","max-snippet":"max-snippet:-1","max-image-preview":"max-image-preview:large","max-video-preview":"max-video-preview:-1"},"canonical":"https:\/\/observatorio-democracia.pt\/en\/equipa\/livino-neto\/","og_locale":"en_US","og_type":"article","og_title":"Livino Neto | Observatory of Democracy ISCTE Portugal","og_description":"Doctoral student in Communication Sciences ISCTE, journalist, master in Communication, Culture and Information Technologies.","og_url":"https:\/\/observatorio-democracia.pt\/en\/equipa\/livino-neto\/","og_site_name":"Observat\u00f3rio da Democracia e da Representa\u00e7\u00e3o Pol\u00edtica","article_publisher":"https:\/\/www.facebook.com\/observatorio.democracia.representacao.politica","article_modified_time":"2024-12-23T19:54:18+00:00","og_image":[{"url":"https:\/\/observatorio-democracia.pt\/wp-content\/uploads\/2022\/04\/foto-Livino-Neto-grande.jpg","type":"","width":"","height":""}],"twitter_card":"summary_large_image","twitter_site":"@Observatorioda4","twitter_misc":{"Est. reading time":"9 minutes"},"schema":{"@context":"https:\/\/schema.org","@graph":[{"@type":"WebPage","@id":"https:\/\/observatorio-democracia.pt\/en\/equipa\/livino-neto\/","url":"https:\/\/observatorio-democracia.pt\/en\/equipa\/livino-neto\/","name":"Livino Neto | Observatory of Democracy ISCTE Portugal","isPartOf":{"@id":"https:\/\/observatorio-democracia.pt\/en\/#website"},"primaryImageOfPage":{"@id":"https:\/\/observatorio-democracia.pt\/en\/equipa\/livino-neto\/#primaryimage"},"image":{"@id":"https:\/\/observatorio-democracia.pt\/en\/equipa\/livino-neto\/#primaryimage"},"thumbnailUrl":"https:\/\/observatorio-democracia.pt\/wp-content\/uploads\/2022\/04\/foto-Livino-Neto-grande.jpg","datePublished":"2022-04-27T23:45:39+00:00","dateModified":"2024-12-23T19:54:18+00:00","description":"Doctoral student in Communication Sciences ISCTE, journalist, master in Communication, Culture and Information Technologies.","breadcrumb":{"@id":"https:\/\/observatorio-democracia.pt\/en\/equipa\/livino-neto\/#breadcrumb"},"inLanguage":"en-US","potentialAction":[{"@type":"ReadAction","target":["https:\/\/observatorio-democracia.pt\/en\/equipa\/livino-neto\/"]}]},{"@type":"ImageObject","inLanguage":"en-US","@id":"https:\/\/observatorio-democracia.pt\/en\/equipa\/livino-neto\/#primaryimage","url":"https:\/\/observatorio-democracia.pt\/wp-content\/uploads\/2022\/04\/foto-Livino-Neto-grande.jpg","contentUrl":"https:\/\/observatorio-democracia.pt\/wp-content\/uploads\/2022\/04\/foto-Livino-Neto-grande.jpg"},{"@type":"BreadcrumbList","@id":"https:\/\/observatorio-democracia.pt\/en\/equipa\/livino-neto\/#breadcrumb","itemListElement":[{"@type":"ListItem","position":1,"name":"In\u00edcio","item":"https:\/\/observatorio-democracia.pt\/en\/"},{"@type":"ListItem","position":2,"name":"Team","item":"https:\/\/observatorio-democracia.pt\/en\/equipa\/"},{"@type":"ListItem","position":3,"name":"Livino Neto"}]},{"@type":"WebSite","@id":"https:\/\/observatorio-democracia.pt\/en\/#website","url":"https:\/\/observatorio-democracia.pt\/en\/","name":"Observat\u00f3rio da Democracia e da Representa\u00e7\u00e3o Pol\u00edtica","description":"Um bem para a Cidadania","publisher":{"@id":"https:\/\/observatorio-democracia.pt\/en\/#organization"},"potentialAction":[{"@type":"SearchAction","target":{"@type":"EntryPoint","urlTemplate":"https:\/\/observatorio-democracia.pt\/en\/?s={search_term_string}"},"query-input":{"@type":"PropertyValueSpecification","valueRequired":true,"valueName":"search_term_string"}}],"inLanguage":"en-US"},{"@type":"Organization","@id":"https:\/\/observatorio-democracia.pt\/en\/#organization","name":"Observat\u00f3rio da Democracia e da Representa\u00e7\u00e3o Pol\u00edtica","url":"https:\/\/observatorio-democracia.pt\/en\/","logo":{"@type":"ImageObject","inLanguage":"en-US","@id":"https:\/\/observatorio-democracia.pt\/en\/#\/schema\/logo\/image\/","url":"https:\/\/observatorio-democracia.pt\/wp-content\/uploads\/2022\/04\/logo-observatorio-democracia-forms.jpg","contentUrl":"https:\/\/observatorio-democracia.pt\/wp-content\/uploads\/2022\/04\/logo-observatorio-democracia-forms.jpg","width":400,"height":98,"caption":"Observat\u00f3rio da Democracia e da Representa\u00e7\u00e3o Pol\u00edtica"},"image":{"@id":"https:\/\/observatorio-democracia.pt\/en\/#\/schema\/logo\/image\/"},"sameAs":["https:\/\/www.facebook.com\/observatorio.democracia.representacao.politica","https:\/\/x.com\/Observatorioda4","https:\/\/www.instagram.com\/observatoriodrp\/"]}]}},"_links":{"self":[{"href":"https:\/\/observatorio-democracia.pt\/en\/wp-json\/wp\/v2\/pages\/51967","targetHints":{"allow":["GET"]}}],"collection":[{"href":"https:\/\/observatorio-democracia.pt\/en\/wp-json\/wp\/v2\/pages"}],"about":[{"href":"https:\/\/observatorio-democracia.pt\/en\/wp-json\/wp\/v2\/types\/page"}],"author":[{"embeddable":true,"href":"https:\/\/observatorio-democracia.pt\/en\/wp-json\/wp\/v2\/users\/1"}],"replies":[{"embeddable":true,"href":"https:\/\/observatorio-democracia.pt\/en\/wp-json\/wp\/v2\/comments?post=51967"}],"version-history":[{"count":33,"href":"https:\/\/observatorio-democracia.pt\/en\/wp-json\/wp\/v2\/pages\/51967\/revisions"}],"predecessor-version":[{"id":54942,"href":"https:\/\/observatorio-democracia.pt\/en\/wp-json\/wp\/v2\/pages\/51967\/revisions\/54942"}],"up":[{"embeddable":true,"href":"https:\/\/observatorio-democracia.pt\/en\/wp-json\/wp\/v2\/pages\/51893"}],"wp:attachment":[{"href":"https:\/\/observatorio-democracia.pt\/en\/wp-json\/wp\/v2\/media?parent=51967"}],"curies":[{"name":"wp","href":"https:\/\/api.w.org\/{rel}","templated":true}]}}