{"id":51911,"date":"2022-04-07T14:47:25","date_gmt":"2022-04-07T14:47:25","guid":{"rendered":"https:\/\/observatorio-democracia.pt\/equipa\/guya-accornero\/"},"modified":"2024-12-23T19:55:39","modified_gmt":"2024-12-23T19:55:39","slug":"guya-accornero","status":"publish","type":"page","link":"https:\/\/observatorio-democracia.pt\/en\/equipa\/guya-accornero\/","title":{"rendered":"Guya Accornero"},"content":{"rendered":"\t\t<div data-elementor-type=\"wp-page\" data-elementor-id=\"51911\" class=\"elementor elementor-51911 elementor-50255\" data-elementor-post-type=\"page\">\n\t\t\t\t\t\t<section class=\"elementor-section elementor-top-section elementor-element elementor-element-01de9c6 elementor-section-content-middle elementor-section-boxed elementor-section-height-default elementor-section-height-default\" data-id=\"01de9c6\" data-element_type=\"section\">\n\t\t\t\t\t\t<div class=\"elementor-container elementor-column-gap-default\">\n\t\t\t\t\t<div class=\"elementor-column elementor-col-50 elementor-top-column elementor-element elementor-element-4617a98\" data-id=\"4617a98\" data-element_type=\"column\">\n\t\t\t<div class=\"elementor-widget-wrap elementor-element-populated\">\n\t\t\t\t\t\t<div class=\"elementor-element elementor-element-dbf9854 elementor-widget elementor-widget-image\" data-id=\"dbf9854\" data-element_type=\"widget\" data-widget_type=\"image.default\">\n\t\t\t\t<div class=\"elementor-widget-container\">\n\t\t\t\t\t\t\t\t\t\t\t\t\t\t\t<img fetchpriority=\"high\" decoding=\"async\" width=\"400\" height=\"400\" src=\"https:\/\/observatorio-democracia.pt\/wp-content\/uploads\/2023\/11\/foto-Guya-Accornero3.png\" class=\"attachment-large size-large wp-image-53534\" alt=\"\" srcset=\"https:\/\/observatorio-democracia.pt\/wp-content\/uploads\/2023\/11\/foto-Guya-Accornero3.png 400w, https:\/\/observatorio-democracia.pt\/wp-content\/uploads\/2023\/11\/foto-Guya-Accornero3-300x300.png 300w, https:\/\/observatorio-democracia.pt\/wp-content\/uploads\/2023\/11\/foto-Guya-Accornero3-150x150.png 150w, https:\/\/observatorio-democracia.pt\/wp-content\/uploads\/2023\/11\/foto-Guya-Accornero3-200x200.png 200w\" sizes=\"(max-width: 400px) 100vw, 400px\" \/>\t\t\t\t\t\t\t\t\t\t\t\t\t\t\t<\/div>\n\t\t\t\t<\/div>\n\t\t\t\t<div class=\"elementor-element elementor-element-c2c8cd3 elementor-widget elementor-widget-spacer\" data-id=\"c2c8cd3\" data-element_type=\"widget\" data-widget_type=\"spacer.default\">\n\t\t\t\t<div class=\"elementor-widget-container\">\n\t\t\t\t\t\t\t<div class=\"elementor-spacer\">\n\t\t\t<div class=\"elementor-spacer-inner\"><\/div>\n\t\t<\/div>\n\t\t\t\t\t\t<\/div>\n\t\t\t\t<\/div>\n\t\t\t\t\t<\/div>\n\t\t<\/div>\n\t\t\t\t<div class=\"elementor-column elementor-col-50 elementor-top-column elementor-element elementor-element-7b8d547\" data-id=\"7b8d547\" data-element_type=\"column\">\n\t\t\t<div class=\"elementor-widget-wrap elementor-element-populated\">\n\t\t\t\t\t\t<div class=\"elementor-element elementor-element-64afc22 elementor-widget elementor-widget-spacer\" data-id=\"64afc22\" data-element_type=\"widget\" data-widget_type=\"spacer.default\">\n\t\t\t\t<div class=\"elementor-widget-container\">\n\t\t\t\t\t\t\t<div class=\"elementor-spacer\">\n\t\t\t<div class=\"elementor-spacer-inner\"><\/div>\n\t\t<\/div>\n\t\t\t\t\t\t<\/div>\n\t\t\t\t<\/div>\n\t\t\t\t<div class=\"elementor-element elementor-element-04ca05c elementor-widget elementor-widget-text-editor\" data-id=\"04ca05c\" data-element_type=\"widget\" data-widget_type=\"text-editor.default\">\n\t\t\t\t<div class=\"elementor-widget-container\">\n\t\t\t\t\t\t\t\t\t<p><strong>Guya Accornero<\/strong><\/p>\t\t\t\t\t\t\t\t<\/div>\n\t\t\t\t<\/div>\n\t\t\t\t<div class=\"elementor-element elementor-element-c732561 elementor-widget elementor-widget-text-editor\" data-id=\"c732561\" data-element_type=\"widget\" data-widget_type=\"text-editor.default\">\n\t\t\t\t<div class=\"elementor-widget-container\">\n\t\t\t\t\t\t\t\t\t<p>Observatory Director<\/p>\t\t\t\t\t\t\t\t<\/div>\n\t\t\t\t<\/div>\n\t\t\t\t<div class=\"elementor-element elementor-element-0be412e elementor-widget elementor-widget-text-editor\" data-id=\"0be412e\" data-element_type=\"widget\" data-widget_type=\"text-editor.default\">\n\t\t\t\t<div class=\"elementor-widget-container\">\n\t\t\t\t\t\t\t\t\t<p>Assistant Professor in Political Science at the Lisbon University Institute (Iscte) and co-chair of the Research Group on &#8216;Politics and Citizenship&#8217; at CIES-Iscte. She is the Principal Investigator of the FCT funded Project &#8216;HOPES: HOusing PErspectives and Struggles&#8217;, and co-chair of the Council of European Studies Research Network Social Movements. Her main area of teaching and research are social movements, digital activism, policing protest, radicalism, gentrification and housing activism, and citizenship. She has published articles in four languages in journals including Current Sociology, Mobilization, Social Movement Studies, Journal of Contemporary Religion, West European Politics, Estudos Ibero-Americanos, Democratization, Cultures et Conflits, Historein. She is the author of the monograph Democratization, Cultures et Conflits, Historein. She is the author of the monograph The Revolution before the Revolution: Late Authoritarianism and Student Protest in Portugal, and co-editor (with Olivier Fillieule) of the book Social Movement Studies in Europe (both 2016 Berghahn Books).<\/p>\t\t\t\t\t\t\t\t<\/div>\n\t\t\t\t<\/div>\n\t\t\t\t<div class=\"elementor-element elementor-element-bf8b388 elementor-widget elementor-widget-spacer\" data-id=\"bf8b388\" data-element_type=\"widget\" data-widget_type=\"spacer.default\">\n\t\t\t\t<div class=\"elementor-widget-container\">\n\t\t\t\t\t\t\t<div class=\"elementor-spacer\">\n\t\t\t<div class=\"elementor-spacer-inner\"><\/div>\n\t\t<\/div>\n\t\t\t\t\t\t<\/div>\n\t\t\t\t<\/div>\n\t\t\t\t<div class=\"elementor-element elementor-element-621d77f elementor-align-left elementor-widget elementor-widget-button\" data-id=\"621d77f\" data-element_type=\"widget\" data-widget_type=\"button.default\">\n\t\t\t\t<div class=\"elementor-widget-container\">\n\t\t\t\t\t\t\t\t\t<div class=\"elementor-button-wrapper\">\n\t\t\t\t\t<a class=\"elementor-button elementor-button-link elementor-size-sm\" href=\"https:\/\/ciencia.iscte-iul.pt\/authors\/guya-accornero\/cv\/\">\n\t\t\t\t\t\t<span class=\"elementor-button-content-wrapper\">\n\t\t\t\t\t\t\t\t\t<span class=\"elementor-button-text\">ISCTE | Summary CV <\/span>\n\t\t\t\t\t<\/span>\n\t\t\t\t\t<\/a>\n\t\t\t\t<\/div>\n\t\t\t\t\t\t\t\t<\/div>\n\t\t\t\t<\/div>\n\t\t\t\t\t<\/div>\n\t\t<\/div>\n\t\t\t\t\t<\/div>\n\t\t<\/section>\n\t\t\t\t<section class=\"elementor-section elementor-top-section elementor-element elementor-element-a062729 elementor-section-boxed elementor-section-height-default elementor-section-height-default\" data-id=\"a062729\" data-element_type=\"section\">\n\t\t\t\t\t\t<div class=\"elementor-container elementor-column-gap-default\">\n\t\t\t\t\t<div class=\"elementor-column elementor-col-100 elementor-top-column elementor-element elementor-element-b0b8122\" data-id=\"b0b8122\" data-element_type=\"column\">\n\t\t\t<div class=\"elementor-widget-wrap elementor-element-populated\">\n\t\t\t\t\t\t<div class=\"elementor-element elementor-element-35d3875 elementor-widget elementor-widget-spacer\" data-id=\"35d3875\" data-element_type=\"widget\" data-widget_type=\"spacer.default\">\n\t\t\t\t<div class=\"elementor-widget-container\">\n\t\t\t\t\t\t\t<div class=\"elementor-spacer\">\n\t\t\t<div class=\"elementor-spacer-inner\"><\/div>\n\t\t<\/div>\n\t\t\t\t\t\t<\/div>\n\t\t\t\t<\/div>\n\t\t\t\t\t<\/div>\n\t\t<\/div>\n\t\t\t\t\t<\/div>\n\t\t<\/section>\n\t\t\t\t<section class=\"elementor-section elementor-top-section elementor-element elementor-element-27219d55 elementor-section-boxed elementor-section-height-default elementor-section-height-default\" data-id=\"27219d55\" data-element_type=\"section\">\n\t\t\t\t\t\t<div class=\"elementor-container elementor-column-gap-default\">\n\t\t\t\t\t<div class=\"elementor-column elementor-col-100 elementor-top-column elementor-element elementor-element-75c6e18f\" data-id=\"75c6e18f\" data-element_type=\"column\">\n\t\t\t<div class=\"elementor-widget-wrap elementor-element-populated\">\n\t\t\t\t\t\t<div class=\"elementor-element elementor-element-5c5f1046 elementor-widget elementor-widget-heading\" data-id=\"5c5f1046\" data-element_type=\"widget\" data-widget_type=\"heading.default\">\n\t\t\t\t<div class=\"elementor-widget-container\">\n\t\t\t\t\t<h2 class=\"elementor-heading-title elementor-size-default\">Observatory Team<\/h2>\t\t\t\t<\/div>\n\t\t\t\t<\/div>\n\t\t\t\t<div class=\"elementor-element elementor-element-2b5ce33b elementor-widget-divider--view-line elementor-widget elementor-widget-divider\" data-id=\"2b5ce33b\" data-element_type=\"widget\" data-widget_type=\"divider.default\">\n\t\t\t\t<div class=\"elementor-widget-container\">\n\t\t\t\t\t\t\t<div class=\"elementor-divider\">\n\t\t\t<span class=\"elementor-divider-separator\">\n\t\t\t\t\t\t<\/span>\n\t\t<\/div>\n\t\t\t\t\t\t<\/div>\n\t\t\t\t<\/div>\n\t\t\t\t<div class=\"elementor-element elementor-element-786603bb elementor-widget elementor-widget-spacer\" data-id=\"786603bb\" data-element_type=\"widget\" data-widget_type=\"spacer.default\">\n\t\t\t\t<div class=\"elementor-widget-container\">\n\t\t\t\t\t\t\t<div class=\"elementor-spacer\">\n\t\t\t<div class=\"elementor-spacer-inner\"><\/div>\n\t\t<\/div>\n\t\t\t\t\t\t<\/div>\n\t\t\t\t<\/div>\n\t\t\t\t<div class=\"elementor-element elementor-element-479e6766 arrows-relative-to-box_area bullets-small-dot-stroke elementor-widget elementor-widget-the7_testimonials_carousel\" data-id=\"479e6766\" data-element_type=\"widget\" data-settings=\"{&quot;widget_columns&quot;:4,&quot;gap_between_posts&quot;:{&quot;unit&quot;:&quot;px&quot;,&quot;size&quot;:12,&quot;sizes&quot;:[]},&quot;widget_columns_tablet&quot;:2,&quot;widget_columns_mobile&quot;:1,&quot;gap_between_posts_tablet&quot;:{&quot;unit&quot;:&quot;px&quot;,&quot;size&quot;:&quot;&quot;,&quot;sizes&quot;:[]},&quot;gap_between_posts_mobile&quot;:{&quot;unit&quot;:&quot;px&quot;,&quot;size&quot;:&quot;&quot;,&quot;sizes&quot;:[]}}\" data-widget_type=\"the7_testimonials_carousel.default\">\n\t\t\t\t<div class=\"elementor-widget-container\">\n\t\t\t\t\t<div class=\"disable-arrows-hover-bg owl-carousel testimonials-carousel elementor-owl-carousel-call the7-elementor-widget the7_testimonials_carousel-479e6766 scale-img\" data-scroll-mode=\"page\" data-auto-height=\"false\" data-speed=\"600\" data-autoplay=\"false\" data-autoplay_speed=\"\"><div  class=\"dt-owl-item-wrap hide-btn elements-hover elements-hover\"  ><div class=\"dt-owl-item-inner \"><a href=\"https:\/\/observatorio-democracia.pt\/en\/equipa\/jose-santana-pereira\/\" class=\"dt-owl-item-image layzr-bg img-css-resize-wrapper\"> <img decoding=\"async\" width=\"400\" height=\"400\" src=\"data:image\/svg+xml,%3Csvg%20xmlns%3D&#039;http%3A%2F%2Fwww.w3.org%2F2000%2Fsvg&#039;%20viewBox%3D&#039;0%200%20400%20400&#039;%2F%3E\" class=\"attachment-full size-full preload-me aspect lazy lazy-load\" alt=\"\" sizes=\"(max-width: 400px) 100vw, 400px\" style=\"--ratio: 400 \/ 400;\" data-src=\"https:\/\/observatorio-democracia.pt\/wp-content\/uploads\/2024\/08\/foto-Jose-Santana-Pereira2.png\" loading=\"eager\" data-srcset=\"https:\/\/observatorio-democracia.pt\/wp-content\/uploads\/2024\/08\/foto-Jose-Santana-Pereira2.png 400w, https:\/\/observatorio-democracia.pt\/wp-content\/uploads\/2024\/08\/foto-Jose-Santana-Pereira2-300x300.png 300w, https:\/\/observatorio-democracia.pt\/wp-content\/uploads\/2024\/08\/foto-Jose-Santana-Pereira2-150x150.png 150w, https:\/\/observatorio-democracia.pt\/wp-content\/uploads\/2024\/08\/foto-Jose-Santana-Pereira2-200x200.png 200w\" \/><\/a><h4  class=\"dt-owl-item-heading\"><a href=\"https:\/\/observatorio-democracia.pt\/en\/equipa\/jose-santana-pereira\/\">Jos\u00e9 Santana-Pereira<\/a><\/h4><h6  class=\"dt-owl-item-subtitle\">Deputy Director of the Observatory<\/h6><\/div><\/div><div  class=\"dt-owl-item-wrap hide-btn elements-hover elements-hover\"  ><div class=\"dt-owl-item-inner \"><a href=\"\/en\/equipa\/helena-belchior-rocha\/\" class=\"dt-owl-item-image layzr-bg img-css-resize-wrapper\"> <img decoding=\"async\" width=\"400\" height=\"400\" src=\"data:image\/svg+xml,%3Csvg%20xmlns%3D&#039;http%3A%2F%2Fwww.w3.org%2F2000%2Fsvg&#039;%20viewBox%3D&#039;0%200%20400%20400&#039;%2F%3E\" class=\"attachment-full size-full preload-me aspect lazy lazy-load\" alt=\"\" sizes=\"(max-width: 400px) 100vw, 400px\" style=\"--ratio: 400 \/ 400;\" data-src=\"https:\/\/observatorio-democracia.pt\/wp-content\/uploads\/2022\/02\/foto-Helena-Belchior-Rocha.png\" loading=\"eager\" data-srcset=\"https:\/\/observatorio-democracia.pt\/wp-content\/uploads\/2022\/02\/foto-Helena-Belchior-Rocha.png 400w, https:\/\/observatorio-democracia.pt\/wp-content\/uploads\/2022\/02\/foto-Helena-Belchior-Rocha-300x300.png 300w, https:\/\/observatorio-democracia.pt\/wp-content\/uploads\/2022\/02\/foto-Helena-Belchior-Rocha-150x150.png 150w, https:\/\/observatorio-democracia.pt\/wp-content\/uploads\/2022\/02\/foto-Helena-Belchior-Rocha-200x200.png 200w\" \/><\/a><h4  class=\"dt-owl-item-heading\"><a href=\"\/en\/equipa\/helena-belchior-rocha\/\">Helena Belchior Rocha<\/a><\/h4><h6  class=\"dt-owl-item-subtitle\">Scientific Commission<\/h6><\/div><\/div><div  class=\"dt-owl-item-wrap hide-btn elements-hover elements-hover\"  ><div class=\"dt-owl-item-inner \"><a href=\"https:\/\/observatorio-democracia.pt\/en\/equipa\/maria-asensio\/\" class=\"dt-owl-item-image layzr-bg img-css-resize-wrapper\"> <img decoding=\"async\" width=\"1030\" height=\"1034\" src=\"data:image\/svg+xml,%3Csvg%20xmlns%3D&#039;http%3A%2F%2Fwww.w3.org%2F2000%2Fsvg&#039;%20viewBox%3D&#039;0%200%201030%201034&#039;%2F%3E\" class=\"attachment-full size-full preload-me aspect lazy lazy-load\" alt=\"\" sizes=\"(max-width: 1030px) 100vw, 1030px\" style=\"--ratio: 1030 \/ 1034;\" data-src=\"https:\/\/observatorio-democracia.pt\/wp-content\/uploads\/2024\/01\/Maria-Asensio_0001pb-tamanho-original-e1727955540971.png\" loading=\"eager\" data-srcset=\"https:\/\/observatorio-democracia.pt\/wp-content\/uploads\/2024\/01\/Maria-Asensio_0001pb-tamanho-original-e1727955540971.png 1030w, https:\/\/observatorio-democracia.pt\/wp-content\/uploads\/2024\/01\/Maria-Asensio_0001pb-tamanho-original-e1727955540971-300x300.png 300w, https:\/\/observatorio-democracia.pt\/wp-content\/uploads\/2024\/01\/Maria-Asensio_0001pb-tamanho-original-e1727955540971-1020x1024.png 1020w, https:\/\/observatorio-democracia.pt\/wp-content\/uploads\/2024\/01\/Maria-Asensio_0001pb-tamanho-original-e1727955540971-150x150.png 150w, https:\/\/observatorio-democracia.pt\/wp-content\/uploads\/2024\/01\/Maria-Asensio_0001pb-tamanho-original-e1727955540971-768x771.png 768w, https:\/\/observatorio-democracia.pt\/wp-content\/uploads\/2024\/01\/Maria-Asensio_0001pb-tamanho-original-e1727955540971-1000x1004.png 1000w, https:\/\/observatorio-democracia.pt\/wp-content\/uploads\/2024\/01\/Maria-Asensio_0001pb-tamanho-original-e1727955540971-200x200.png 200w\" \/><\/a><h4  class=\"dt-owl-item-heading\"><a href=\"https:\/\/observatorio-democracia.pt\/en\/equipa\/maria-asensio\/\">Maria Asensio<\/a><\/h4><h6  class=\"dt-owl-item-subtitle\">Scientific Commission<\/h6><\/div><\/div><div  class=\"dt-owl-item-wrap hide-btn elements-hover elements-hover\"  ><div class=\"dt-owl-item-inner \"><a href=\"https:\/\/observatorio-democracia.pt\/en\/equipa\/filipa-raimundo\" class=\"dt-owl-item-image layzr-bg img-css-resize-wrapper\"> <img decoding=\"async\" width=\"1080\" height=\"1080\" src=\"data:image\/svg+xml,%3Csvg%20xmlns%3D&#039;http%3A%2F%2Fwww.w3.org%2F2000%2Fsvg&#039;%20viewBox%3D&#039;0%200%201080%201080&#039;%2F%3E\" class=\"attachment-full size-full preload-me aspect lazy lazy-load\" alt=\"\" style=\"--ratio: 1080 \/ 1080;\" data-src=\"https:\/\/observatorio-democracia.pt\/wp-content\/uploads\/2024\/12\/foto-Filipa-Raimundo-e1734102129915.png\" loading=\"eager\" \/><\/a><h4  class=\"dt-owl-item-heading\"><a href=\"https:\/\/observatorio-democracia.pt\/en\/equipa\/filipa-raimundo\">Filipa Raimundo<\/a><\/h4><h6  class=\"dt-owl-item-subtitle\">Scientific Commission<\/h6><\/div><\/div><div  class=\"dt-owl-item-wrap hide-btn elements-hover elements-hover\"  ><div class=\"dt-owl-item-inner \"><a href=\"\/en\/equipa\/livino-neto\/\" class=\"dt-owl-item-image layzr-bg img-css-resize-wrapper\"> <img decoding=\"async\" width=\"880\" height=\"866\" src=\"data:image\/svg+xml,%3Csvg%20xmlns%3D&#039;http%3A%2F%2Fwww.w3.org%2F2000%2Fsvg&#039;%20viewBox%3D&#039;0%200%20880%20866&#039;%2F%3E\" class=\"attachment-full size-full preload-me aspect lazy lazy-load\" alt=\"\" sizes=\"(max-width: 880px) 100vw, 880px\" style=\"--ratio: 880 \/ 866;\" data-src=\"https:\/\/observatorio-democracia.pt\/wp-content\/uploads\/2022\/04\/foto-Livino-Neto-grande.jpg\" loading=\"eager\" data-srcset=\"https:\/\/observatorio-democracia.pt\/wp-content\/uploads\/2022\/04\/foto-Livino-Neto-grande.jpg 880w, https:\/\/observatorio-democracia.pt\/wp-content\/uploads\/2022\/04\/foto-Livino-Neto-grande-300x295.jpg 300w, https:\/\/observatorio-democracia.pt\/wp-content\/uploads\/2022\/04\/foto-Livino-Neto-grande-768x756.jpg 768w\" \/><\/a><h4  class=\"dt-owl-item-heading\"><a href=\"\/en\/equipa\/livino-neto\/\">Livino Neto<\/a><\/h4><h6  class=\"dt-owl-item-subtitle\">Research fellow<\/h6><\/div><\/div><\/div><div class=\"owl-nav disabled\"><div class=\"owl-prev\" role=\"button\"><i class=\"fas fa-chevron-left\"><\/i><\/div><div class=\"owl-next\" role=\"button\"><i class=\"fas fa-chevron-right\"><\/i><\/div><\/div>\t\t\t\t<\/div>\n\t\t\t\t<\/div>\n\t\t\t\t<div class=\"elementor-element elementor-element-22e2fb44 elementor-widget elementor-widget-spacer\" data-id=\"22e2fb44\" data-element_type=\"widget\" data-widget_type=\"spacer.default\">\n\t\t\t\t<div class=\"elementor-widget-container\">\n\t\t\t\t\t\t\t<div class=\"elementor-spacer\">\n\t\t\t<div class=\"elementor-spacer-inner\"><\/div>\n\t\t<\/div>\n\t\t\t\t\t\t<\/div>\n\t\t\t\t<\/div>\n\t\t\t\t\t<\/div>\n\t\t<\/div>\n\t\t\t\t\t<\/div>\n\t\t<\/section>\n\t\t\t\t<\/div>\n\t\t","protected":false},"excerpt":{"rendered":"<p>Guya Accornero Observatory Director Assistant Professor in Political Science at the Lisbon University Institute (Iscte) and co-chair of the Research Group on &#8216;Politics and Citizenship&#8217; at CIES-Iscte. She is the Principal Investigator of the FCT funded Project &#8216;HOPES: HOusing PErspectives and Struggles&#8217;, and co-chair of the Council of European Studies Research Network Social Movements. Her&hellip;<\/p>\n","protected":false},"author":1,"featured_media":0,"parent":51893,"menu_order":0,"comment_status":"closed","ping_status":"closed","template":"","meta":{"footnotes":""},"class_list":["post-51911","page","type-page","status-publish","hentry"],"yoast_head":"<!-- This site is optimized with the Yoast SEO plugin v24.7 - https:\/\/yoast.com\/wordpress\/plugins\/seo\/ -->\n<title>Guya Accornero | Observatory of Democracy ISCTE Portugal<\/title>\n<meta name=\"description\" content=\"Assistant Professor in Political Science at Iscte \u2013 Instituto Universit\u00e1rio de Lisboa and integrated researcher at CIES-ISCTE.\" \/>\n<meta name=\"robots\" content=\"index, follow, max-snippet:-1, max-image-preview:large, max-video-preview:-1\" \/>\n<link rel=\"canonical\" href=\"https:\/\/observatorio-democracia.pt\/en\/equipa\/guya-accornero\/\" \/>\n<meta property=\"og:locale\" content=\"en_US\" \/>\n<meta property=\"og:type\" content=\"article\" \/>\n<meta property=\"og:title\" content=\"Guya Accornero | Observatory of Democracy ISCTE Portugal\" \/>\n<meta property=\"og:description\" content=\"Assistant Professor in Political Science at Iscte \u2013 Instituto Universit\u00e1rio de Lisboa and integrated researcher at CIES-ISCTE.\" \/>\n<meta property=\"og:url\" content=\"https:\/\/observatorio-democracia.pt\/en\/equipa\/guya-accornero\/\" \/>\n<meta property=\"og:site_name\" content=\"Observat\u00f3rio da Democracia e da Representa\u00e7\u00e3o Pol\u00edtica\" \/>\n<meta property=\"article:publisher\" content=\"https:\/\/www.facebook.com\/observatorio.democracia.representacao.politica\" \/>\n<meta property=\"article:modified_time\" content=\"2024-12-23T19:55:39+00:00\" \/>\n<meta property=\"og:image\" content=\"https:\/\/observatorio-democracia.pt\/wp-content\/uploads\/2023\/11\/foto-Guya-Accornero3.png\" \/>\n<meta name=\"twitter:card\" content=\"summary_large_image\" \/>\n<meta name=\"twitter:site\" content=\"@Observatorioda4\" \/>\n<meta name=\"twitter:label1\" content=\"Est. reading time\" \/>\n\t<meta name=\"twitter:data1\" content=\"9 minutes\" \/>\n<script type=\"application\/ld+json\" class=\"yoast-schema-graph\">{\"@context\":\"https:\/\/schema.org\",\"@graph\":[{\"@type\":\"WebPage\",\"@id\":\"https:\/\/observatorio-democracia.pt\/en\/equipa\/guya-accornero\/\",\"url\":\"https:\/\/observatorio-democracia.pt\/en\/equipa\/guya-accornero\/\",\"name\":\"Guya Accornero | Observatory of Democracy ISCTE Portugal\",\"isPartOf\":{\"@id\":\"https:\/\/observatorio-democracia.pt\/en\/#website\"},\"primaryImageOfPage\":{\"@id\":\"https:\/\/observatorio-democracia.pt\/en\/equipa\/guya-accornero\/#primaryimage\"},\"image\":{\"@id\":\"https:\/\/observatorio-democracia.pt\/en\/equipa\/guya-accornero\/#primaryimage\"},\"thumbnailUrl\":\"https:\/\/observatorio-democracia.pt\/wp-content\/uploads\/2023\/11\/foto-Guya-Accornero3.png\",\"datePublished\":\"2022-04-07T14:47:25+00:00\",\"dateModified\":\"2024-12-23T19:55:39+00:00\",\"description\":\"Assistant Professor in Political Science at Iscte \u2013 Instituto Universit\u00e1rio de Lisboa and integrated researcher at CIES-ISCTE.\",\"breadcrumb\":{\"@id\":\"https:\/\/observatorio-democracia.pt\/en\/equipa\/guya-accornero\/#breadcrumb\"},\"inLanguage\":\"en-US\",\"potentialAction\":[{\"@type\":\"ReadAction\",\"target\":[\"https:\/\/observatorio-democracia.pt\/en\/equipa\/guya-accornero\/\"]}]},{\"@type\":\"ImageObject\",\"inLanguage\":\"en-US\",\"@id\":\"https:\/\/observatorio-democracia.pt\/en\/equipa\/guya-accornero\/#primaryimage\",\"url\":\"https:\/\/observatorio-democracia.pt\/wp-content\/uploads\/2023\/11\/foto-Guya-Accornero3.png\",\"contentUrl\":\"https:\/\/observatorio-democracia.pt\/wp-content\/uploads\/2023\/11\/foto-Guya-Accornero3.png\"},{\"@type\":\"BreadcrumbList\",\"@id\":\"https:\/\/observatorio-democracia.pt\/en\/equipa\/guya-accornero\/#breadcrumb\",\"itemListElement\":[{\"@type\":\"ListItem\",\"position\":1,\"name\":\"In\u00edcio\",\"item\":\"https:\/\/observatorio-democracia.pt\/en\/\"},{\"@type\":\"ListItem\",\"position\":2,\"name\":\"Team\",\"item\":\"https:\/\/observatorio-democracia.pt\/en\/equipa\/\"},{\"@type\":\"ListItem\",\"position\":3,\"name\":\"Guya Accornero\"}]},{\"@type\":\"WebSite\",\"@id\":\"https:\/\/observatorio-democracia.pt\/en\/#website\",\"url\":\"https:\/\/observatorio-democracia.pt\/en\/\",\"name\":\"Observat\u00f3rio da Democracia e da Representa\u00e7\u00e3o Pol\u00edtica\",\"description\":\"Um bem para a Cidadania\",\"publisher\":{\"@id\":\"https:\/\/observatorio-democracia.pt\/en\/#organization\"},\"potentialAction\":[{\"@type\":\"SearchAction\",\"target\":{\"@type\":\"EntryPoint\",\"urlTemplate\":\"https:\/\/observatorio-democracia.pt\/en\/?s={search_term_string}\"},\"query-input\":{\"@type\":\"PropertyValueSpecification\",\"valueRequired\":true,\"valueName\":\"search_term_string\"}}],\"inLanguage\":\"en-US\"},{\"@type\":\"Organization\",\"@id\":\"https:\/\/observatorio-democracia.pt\/en\/#organization\",\"name\":\"Observat\u00f3rio da Democracia e da Representa\u00e7\u00e3o Pol\u00edtica\",\"url\":\"https:\/\/observatorio-democracia.pt\/en\/\",\"logo\":{\"@type\":\"ImageObject\",\"inLanguage\":\"en-US\",\"@id\":\"https:\/\/observatorio-democracia.pt\/en\/#\/schema\/logo\/image\/\",\"url\":\"https:\/\/observatorio-democracia.pt\/wp-content\/uploads\/2022\/04\/logo-observatorio-democracia-forms.jpg\",\"contentUrl\":\"https:\/\/observatorio-democracia.pt\/wp-content\/uploads\/2022\/04\/logo-observatorio-democracia-forms.jpg\",\"width\":400,\"height\":98,\"caption\":\"Observat\u00f3rio da Democracia e da Representa\u00e7\u00e3o Pol\u00edtica\"},\"image\":{\"@id\":\"https:\/\/observatorio-democracia.pt\/en\/#\/schema\/logo\/image\/\"},\"sameAs\":[\"https:\/\/www.facebook.com\/observatorio.democracia.representacao.politica\",\"https:\/\/x.com\/Observatorioda4\",\"https:\/\/www.instagram.com\/observatoriodrp\/\"]}]}<\/script>\n<!-- \/ Yoast SEO plugin. -->","yoast_head_json":{"title":"Guya Accornero | Observatory of Democracy ISCTE Portugal","description":"Assistant Professor in Political Science at Iscte \u2013 Instituto Universit\u00e1rio de Lisboa and integrated researcher at CIES-ISCTE.","robots":{"index":"index","follow":"follow","max-snippet":"max-snippet:-1","max-image-preview":"max-image-preview:large","max-video-preview":"max-video-preview:-1"},"canonical":"https:\/\/observatorio-democracia.pt\/en\/equipa\/guya-accornero\/","og_locale":"en_US","og_type":"article","og_title":"Guya Accornero | Observatory of Democracy ISCTE Portugal","og_description":"Assistant Professor in Political Science at Iscte \u2013 Instituto Universit\u00e1rio de Lisboa and integrated researcher at CIES-ISCTE.","og_url":"https:\/\/observatorio-democracia.pt\/en\/equipa\/guya-accornero\/","og_site_name":"Observat\u00f3rio da Democracia e da Representa\u00e7\u00e3o Pol\u00edtica","article_publisher":"https:\/\/www.facebook.com\/observatorio.democracia.representacao.politica","article_modified_time":"2024-12-23T19:55:39+00:00","og_image":[{"url":"https:\/\/observatorio-democracia.pt\/wp-content\/uploads\/2023\/11\/foto-Guya-Accornero3.png","type":"","width":"","height":""}],"twitter_card":"summary_large_image","twitter_site":"@Observatorioda4","twitter_misc":{"Est. reading time":"9 minutes"},"schema":{"@context":"https:\/\/schema.org","@graph":[{"@type":"WebPage","@id":"https:\/\/observatorio-democracia.pt\/en\/equipa\/guya-accornero\/","url":"https:\/\/observatorio-democracia.pt\/en\/equipa\/guya-accornero\/","name":"Guya Accornero | Observatory of Democracy ISCTE Portugal","isPartOf":{"@id":"https:\/\/observatorio-democracia.pt\/en\/#website"},"primaryImageOfPage":{"@id":"https:\/\/observatorio-democracia.pt\/en\/equipa\/guya-accornero\/#primaryimage"},"image":{"@id":"https:\/\/observatorio-democracia.pt\/en\/equipa\/guya-accornero\/#primaryimage"},"thumbnailUrl":"https:\/\/observatorio-democracia.pt\/wp-content\/uploads\/2023\/11\/foto-Guya-Accornero3.png","datePublished":"2022-04-07T14:47:25+00:00","dateModified":"2024-12-23T19:55:39+00:00","description":"Assistant Professor in Political Science at Iscte \u2013 Instituto Universit\u00e1rio de Lisboa and integrated researcher at CIES-ISCTE.","breadcrumb":{"@id":"https:\/\/observatorio-democracia.pt\/en\/equipa\/guya-accornero\/#breadcrumb"},"inLanguage":"en-US","potentialAction":[{"@type":"ReadAction","target":["https:\/\/observatorio-democracia.pt\/en\/equipa\/guya-accornero\/"]}]},{"@type":"ImageObject","inLanguage":"en-US","@id":"https:\/\/observatorio-democracia.pt\/en\/equipa\/guya-accornero\/#primaryimage","url":"https:\/\/observatorio-democracia.pt\/wp-content\/uploads\/2023\/11\/foto-Guya-Accornero3.png","contentUrl":"https:\/\/observatorio-democracia.pt\/wp-content\/uploads\/2023\/11\/foto-Guya-Accornero3.png"},{"@type":"BreadcrumbList","@id":"https:\/\/observatorio-democracia.pt\/en\/equipa\/guya-accornero\/#breadcrumb","itemListElement":[{"@type":"ListItem","position":1,"name":"In\u00edcio","item":"https:\/\/observatorio-democracia.pt\/en\/"},{"@type":"ListItem","position":2,"name":"Team","item":"https:\/\/observatorio-democracia.pt\/en\/equipa\/"},{"@type":"ListItem","position":3,"name":"Guya Accornero"}]},{"@type":"WebSite","@id":"https:\/\/observatorio-democracia.pt\/en\/#website","url":"https:\/\/observatorio-democracia.pt\/en\/","name":"Observat\u00f3rio da Democracia e da Representa\u00e7\u00e3o Pol\u00edtica","description":"Um bem para a Cidadania","publisher":{"@id":"https:\/\/observatorio-democracia.pt\/en\/#organization"},"potentialAction":[{"@type":"SearchAction","target":{"@type":"EntryPoint","urlTemplate":"https:\/\/observatorio-democracia.pt\/en\/?s={search_term_string}"},"query-input":{"@type":"PropertyValueSpecification","valueRequired":true,"valueName":"search_term_string"}}],"inLanguage":"en-US"},{"@type":"Organization","@id":"https:\/\/observatorio-democracia.pt\/en\/#organization","name":"Observat\u00f3rio da Democracia e da Representa\u00e7\u00e3o Pol\u00edtica","url":"https:\/\/observatorio-democracia.pt\/en\/","logo":{"@type":"ImageObject","inLanguage":"en-US","@id":"https:\/\/observatorio-democracia.pt\/en\/#\/schema\/logo\/image\/","url":"https:\/\/observatorio-democracia.pt\/wp-content\/uploads\/2022\/04\/logo-observatorio-democracia-forms.jpg","contentUrl":"https:\/\/observatorio-democracia.pt\/wp-content\/uploads\/2022\/04\/logo-observatorio-democracia-forms.jpg","width":400,"height":98,"caption":"Observat\u00f3rio da Democracia e da Representa\u00e7\u00e3o Pol\u00edtica"},"image":{"@id":"https:\/\/observatorio-democracia.pt\/en\/#\/schema\/logo\/image\/"},"sameAs":["https:\/\/www.facebook.com\/observatorio.democracia.representacao.politica","https:\/\/x.com\/Observatorioda4","https:\/\/www.instagram.com\/observatoriodrp\/"]}]}},"_links":{"self":[{"href":"https:\/\/observatorio-democracia.pt\/en\/wp-json\/wp\/v2\/pages\/51911","targetHints":{"allow":["GET"]}}],"collection":[{"href":"https:\/\/observatorio-democracia.pt\/en\/wp-json\/wp\/v2\/pages"}],"about":[{"href":"https:\/\/observatorio-democracia.pt\/en\/wp-json\/wp\/v2\/types\/page"}],"author":[{"embeddable":true,"href":"https:\/\/observatorio-democracia.pt\/en\/wp-json\/wp\/v2\/users\/1"}],"replies":[{"embeddable":true,"href":"https:\/\/observatorio-democracia.pt\/en\/wp-json\/wp\/v2\/comments?post=51911"}],"version-history":[{"count":35,"href":"https:\/\/observatorio-democracia.pt\/en\/wp-json\/wp\/v2\/pages\/51911\/revisions"}],"predecessor-version":[{"id":54945,"href":"https:\/\/observatorio-democracia.pt\/en\/wp-json\/wp\/v2\/pages\/51911\/revisions\/54945"}],"up":[{"embeddable":true,"href":"https:\/\/observatorio-democracia.pt\/en\/wp-json\/wp\/v2\/pages\/51893"}],"wp:attachment":[{"href":"https:\/\/observatorio-democracia.pt\/en\/wp-json\/wp\/v2\/media?parent=51911"}],"curies":[{"name":"wp","href":"https:\/\/api.w.org\/{rel}","templated":true}]}}