{"id":55216,"date":"2025-06-03T15:58:08","date_gmt":"2025-06-03T15:58:08","guid":{"rendered":"https:\/\/observatorio-democracia.pt\/?post_type=mec-events&#038;p=55216"},"modified":"2025-06-03T16:53:58","modified_gmt":"2025-06-03T16:53:58","slug":"the-challenges-of-institutionalized-participation-in-times-of-ecological-transition-a-collective-effort","status":"publish","type":"mec-events","link":"https:\/\/observatorio-democracia.pt\/en\/events\/the-challenges-of-institutionalized-participation-in-times-of-ecological-transition-a-collective-effort\/","title":{"rendered":"The challenges of institutionalized participation in times of ecological transition. A collective effort?"},"content":{"rendered":"<p>On May 12, at 6pm, we will welcome Giovanni Allegretti, from the Centre for Social Studies (University of Coimbra), who will present the conference \u201cThe challenges of institutionalized participation in times of ecological transition. A collective effort?\u201d<\/p>\n<p>The event takes place as part of the PhD in Political Science, in a hybrid format.<\/p>\n<p>Admission is free.<\/p>\n<p>&nbsp;<\/p>\n<p><strong>Venue<\/strong><\/p>\n<p>Iscte-Instituto Universit\u00e1rio de Lisboa, Building 4, Aud 302<\/p>\n<p>&nbsp;<\/p>\n<p><strong>Link ZOOM<\/strong><\/p>\n<p><a id=\"menur695\" class=\"fui-Link ___1q1shib f2hkw1w f3rmtva f1ewtqcl fyind8e f1k6fduh f1w7gpdv fk6fouc fjoy568 figsok6 f1s184ao f1mk8lai fnbmjn9 f1o700av f13mvf36 f1cmlufx f9n3di6 f1ids18y f1tx3yz7 f1deo86v f1eh06m1 f1iescvh fhgqx19 f1olyrje f1p93eir f1nev41a f1h8hb77 f1lqvz6u f10aw75t fsle3fq f17ae5zn\" title=\"https:\/\/bit.ly\/gallegretti_iscteconference\" href=\"https:\/\/bit.ly\/GAllegretti_IscteConference\" target=\"_blank\" rel=\"noreferrer noopener\">https:\/\/bit.ly\/GAllegretti_IscteConference<\/a><\/p>\n","protected":false},"excerpt":{"rendered":"<p>On May 12, at 6pm, we will welcome Giovanni Allegretti, from the Centre for Social Studies (University of Coimbra), who will present the conference \u201cThe challenges of institutionalized participation in times of ecological transition. A collective effort?\u201d<\/p>\n","protected":false},"author":2,"featured_media":55215,"comment_status":"closed","ping_status":"closed","template":"","tags":[],"mec_category":[],"class_list":["post-55216","mec-events","type-mec-events","status-publish","has-post-thumbnail","hentry","description-off"],"yoast_head":"<!-- This site is optimized with the Yoast SEO plugin v24.7 - https:\/\/yoast.com\/wordpress\/plugins\/seo\/ -->\n<title>The challenges of institutionalized participation in times of ecological transition. A collective effort? | Observat\u00f3rio da Democracia e da Representa\u00e7\u00e3o Pol\u00edtica<\/title>\n<meta name=\"description\" content=\"The challenges of institutionalized participation in times of ecological transition. A collective effort? | ODRP-Iscte\" \/>\n<meta name=\"robots\" content=\"index, follow, max-snippet:-1, max-image-preview:large, max-video-preview:-1\" \/>\n<link rel=\"canonical\" href=\"https:\/\/observatorio-democracia.pt\/en\/events\/the-challenges-of-institutionalized-participation-in-times-of-ecological-transition-a-collective-effort\/\" \/>\n<meta property=\"og:locale\" content=\"en_US\" \/>\n<meta property=\"og:type\" content=\"article\" \/>\n<meta property=\"og:title\" content=\"The challenges of institutionalized participation in times of ecological transition. A collective effort? | Observat\u00f3rio da Democracia e da Representa\u00e7\u00e3o Pol\u00edtica\" \/>\n<meta property=\"og:description\" content=\"The challenges of institutionalized participation in times of ecological transition. A collective effort? | ODRP-Iscte\" \/>\n<meta property=\"og:url\" content=\"https:\/\/observatorio-democracia.pt\/en\/events\/the-challenges-of-institutionalized-participation-in-times-of-ecological-transition-a-collective-effort\/\" \/>\n<meta property=\"og:site_name\" content=\"Observat\u00f3rio da Democracia e da Representa\u00e7\u00e3o Pol\u00edtica\" \/>\n<meta property=\"article:publisher\" content=\"https:\/\/www.facebook.com\/observatorio.democracia.representacao.politica\" \/>\n<meta property=\"article:modified_time\" content=\"2025-06-03T16:53:58+00:00\" \/>\n<meta property=\"og:image\" content=\"https:\/\/observatorio-democracia.pt\/wp-content\/uploads\/2025\/06\/ConfDSS_12MAIO_DCP_vf.png\" \/>\n\t<meta property=\"og:image:width\" content=\"842\" \/>\n\t<meta property=\"og:image:height\" content=\"1191\" \/>\n\t<meta property=\"og:image:type\" content=\"image\/png\" \/>\n<meta name=\"twitter:card\" content=\"summary_large_image\" \/>\n<meta name=\"twitter:site\" content=\"@Observatorioda4\" \/>\n<meta name=\"twitter:label1\" content=\"Est. reading time\" \/>\n\t<meta name=\"twitter:data1\" content=\"1 minute\" \/>\n<script type=\"application\/ld+json\" class=\"yoast-schema-graph\">{\"@context\":\"https:\/\/schema.org\",\"@graph\":[{\"@type\":\"WebPage\",\"@id\":\"https:\/\/observatorio-democracia.pt\/en\/events\/the-challenges-of-institutionalized-participation-in-times-of-ecological-transition-a-collective-effort\/\",\"url\":\"https:\/\/observatorio-democracia.pt\/en\/events\/the-challenges-of-institutionalized-participation-in-times-of-ecological-transition-a-collective-effort\/\",\"name\":\"The challenges of institutionalized participation in times of ecological transition. A collective effort? | Observat\u00f3rio da Democracia e da Representa\u00e7\u00e3o Pol\u00edtica\",\"isPartOf\":{\"@id\":\"https:\/\/observatorio-democracia.pt\/en\/#website\"},\"primaryImageOfPage\":{\"@id\":\"https:\/\/observatorio-democracia.pt\/en\/events\/the-challenges-of-institutionalized-participation-in-times-of-ecological-transition-a-collective-effort\/#primaryimage\"},\"image\":{\"@id\":\"https:\/\/observatorio-democracia.pt\/en\/events\/the-challenges-of-institutionalized-participation-in-times-of-ecological-transition-a-collective-effort\/#primaryimage\"},\"thumbnailUrl\":\"https:\/\/observatorio-democracia.pt\/wp-content\/uploads\/2025\/06\/ConfDSS_12MAIO_DCP_vf.png\",\"datePublished\":\"2025-06-03T15:58:08+00:00\",\"dateModified\":\"2025-06-03T16:53:58+00:00\",\"description\":\"The challenges of institutionalized participation in times of ecological transition. A collective effort? | ODRP-Iscte\",\"breadcrumb\":{\"@id\":\"https:\/\/observatorio-democracia.pt\/en\/events\/the-challenges-of-institutionalized-participation-in-times-of-ecological-transition-a-collective-effort\/#breadcrumb\"},\"inLanguage\":\"en-US\",\"potentialAction\":[{\"@type\":\"ReadAction\",\"target\":[\"https:\/\/observatorio-democracia.pt\/en\/events\/the-challenges-of-institutionalized-participation-in-times-of-ecological-transition-a-collective-effort\/\"]}]},{\"@type\":\"ImageObject\",\"inLanguage\":\"en-US\",\"@id\":\"https:\/\/observatorio-democracia.pt\/en\/events\/the-challenges-of-institutionalized-participation-in-times-of-ecological-transition-a-collective-effort\/#primaryimage\",\"url\":\"https:\/\/observatorio-democracia.pt\/wp-content\/uploads\/2025\/06\/ConfDSS_12MAIO_DCP_vf.png\",\"contentUrl\":\"https:\/\/observatorio-democracia.pt\/wp-content\/uploads\/2025\/06\/ConfDSS_12MAIO_DCP_vf.png\",\"width\":842,\"height\":1191},{\"@type\":\"BreadcrumbList\",\"@id\":\"https:\/\/observatorio-democracia.pt\/en\/events\/the-challenges-of-institutionalized-participation-in-times-of-ecological-transition-a-collective-effort\/#breadcrumb\",\"itemListElement\":[{\"@type\":\"ListItem\",\"position\":1,\"name\":\"In\u00edcio\",\"item\":\"https:\/\/observatorio-democracia.pt\/en\/\"},{\"@type\":\"ListItem\",\"position\":2,\"name\":\"Events\",\"item\":\"https:\/\/observatorio-democracia.pt\/en\/events\/\"},{\"@type\":\"ListItem\",\"position\":3,\"name\":\"The challenges of institutionalized participation in times of ecological transition. A collective effort?\"}]},{\"@type\":\"WebSite\",\"@id\":\"https:\/\/observatorio-democracia.pt\/en\/#website\",\"url\":\"https:\/\/observatorio-democracia.pt\/en\/\",\"name\":\"Observat\u00f3rio da Democracia e da Representa\u00e7\u00e3o Pol\u00edtica\",\"description\":\"Um bem para a Cidadania\",\"publisher\":{\"@id\":\"https:\/\/observatorio-democracia.pt\/en\/#organization\"},\"potentialAction\":[{\"@type\":\"SearchAction\",\"target\":{\"@type\":\"EntryPoint\",\"urlTemplate\":\"https:\/\/observatorio-democracia.pt\/en\/?s={search_term_string}\"},\"query-input\":{\"@type\":\"PropertyValueSpecification\",\"valueRequired\":true,\"valueName\":\"search_term_string\"}}],\"inLanguage\":\"en-US\"},{\"@type\":\"Organization\",\"@id\":\"https:\/\/observatorio-democracia.pt\/en\/#organization\",\"name\":\"Observat\u00f3rio da Democracia e da Representa\u00e7\u00e3o Pol\u00edtica\",\"url\":\"https:\/\/observatorio-democracia.pt\/en\/\",\"logo\":{\"@type\":\"ImageObject\",\"inLanguage\":\"en-US\",\"@id\":\"https:\/\/observatorio-democracia.pt\/en\/#\/schema\/logo\/image\/\",\"url\":\"https:\/\/observatorio-democracia.pt\/wp-content\/uploads\/2022\/04\/logo-observatorio-democracia-forms.jpg\",\"contentUrl\":\"https:\/\/observatorio-democracia.pt\/wp-content\/uploads\/2022\/04\/logo-observatorio-democracia-forms.jpg\",\"width\":400,\"height\":98,\"caption\":\"Observat\u00f3rio da Democracia e da Representa\u00e7\u00e3o Pol\u00edtica\"},\"image\":{\"@id\":\"https:\/\/observatorio-democracia.pt\/en\/#\/schema\/logo\/image\/\"},\"sameAs\":[\"https:\/\/www.facebook.com\/observatorio.democracia.representacao.politica\",\"https:\/\/x.com\/Observatorioda4\",\"https:\/\/www.instagram.com\/observatoriodrp\/\"]}]}<\/script>\n<!-- \/ Yoast SEO plugin. -->","yoast_head_json":{"title":"The challenges of institutionalized participation in times of ecological transition. A collective effort? | Observat\u00f3rio da Democracia e da Representa\u00e7\u00e3o Pol\u00edtica","description":"The challenges of institutionalized participation in times of ecological transition. A collective effort? | ODRP-Iscte","robots":{"index":"index","follow":"follow","max-snippet":"max-snippet:-1","max-image-preview":"max-image-preview:large","max-video-preview":"max-video-preview:-1"},"canonical":"https:\/\/observatorio-democracia.pt\/en\/events\/the-challenges-of-institutionalized-participation-in-times-of-ecological-transition-a-collective-effort\/","og_locale":"en_US","og_type":"article","og_title":"The challenges of institutionalized participation in times of ecological transition. A collective effort? | Observat\u00f3rio da Democracia e da Representa\u00e7\u00e3o Pol\u00edtica","og_description":"The challenges of institutionalized participation in times of ecological transition. A collective effort? | ODRP-Iscte","og_url":"https:\/\/observatorio-democracia.pt\/en\/events\/the-challenges-of-institutionalized-participation-in-times-of-ecological-transition-a-collective-effort\/","og_site_name":"Observat\u00f3rio da Democracia e da Representa\u00e7\u00e3o Pol\u00edtica","article_publisher":"https:\/\/www.facebook.com\/observatorio.democracia.representacao.politica","article_modified_time":"2025-06-03T16:53:58+00:00","og_image":[{"width":842,"height":1191,"url":"https:\/\/observatorio-democracia.pt\/wp-content\/uploads\/2025\/06\/ConfDSS_12MAIO_DCP_vf.png","type":"image\/png"}],"twitter_card":"summary_large_image","twitter_site":"@Observatorioda4","twitter_misc":{"Est. reading time":"1 minute"},"schema":{"@context":"https:\/\/schema.org","@graph":[{"@type":"WebPage","@id":"https:\/\/observatorio-democracia.pt\/en\/events\/the-challenges-of-institutionalized-participation-in-times-of-ecological-transition-a-collective-effort\/","url":"https:\/\/observatorio-democracia.pt\/en\/events\/the-challenges-of-institutionalized-participation-in-times-of-ecological-transition-a-collective-effort\/","name":"The challenges of institutionalized participation in times of ecological transition. A collective effort? | Observat\u00f3rio da Democracia e da Representa\u00e7\u00e3o Pol\u00edtica","isPartOf":{"@id":"https:\/\/observatorio-democracia.pt\/en\/#website"},"primaryImageOfPage":{"@id":"https:\/\/observatorio-democracia.pt\/en\/events\/the-challenges-of-institutionalized-participation-in-times-of-ecological-transition-a-collective-effort\/#primaryimage"},"image":{"@id":"https:\/\/observatorio-democracia.pt\/en\/events\/the-challenges-of-institutionalized-participation-in-times-of-ecological-transition-a-collective-effort\/#primaryimage"},"thumbnailUrl":"https:\/\/observatorio-democracia.pt\/wp-content\/uploads\/2025\/06\/ConfDSS_12MAIO_DCP_vf.png","datePublished":"2025-06-03T15:58:08+00:00","dateModified":"2025-06-03T16:53:58+00:00","description":"The challenges of institutionalized participation in times of ecological transition. A collective effort? | ODRP-Iscte","breadcrumb":{"@id":"https:\/\/observatorio-democracia.pt\/en\/events\/the-challenges-of-institutionalized-participation-in-times-of-ecological-transition-a-collective-effort\/#breadcrumb"},"inLanguage":"en-US","potentialAction":[{"@type":"ReadAction","target":["https:\/\/observatorio-democracia.pt\/en\/events\/the-challenges-of-institutionalized-participation-in-times-of-ecological-transition-a-collective-effort\/"]}]},{"@type":"ImageObject","inLanguage":"en-US","@id":"https:\/\/observatorio-democracia.pt\/en\/events\/the-challenges-of-institutionalized-participation-in-times-of-ecological-transition-a-collective-effort\/#primaryimage","url":"https:\/\/observatorio-democracia.pt\/wp-content\/uploads\/2025\/06\/ConfDSS_12MAIO_DCP_vf.png","contentUrl":"https:\/\/observatorio-democracia.pt\/wp-content\/uploads\/2025\/06\/ConfDSS_12MAIO_DCP_vf.png","width":842,"height":1191},{"@type":"BreadcrumbList","@id":"https:\/\/observatorio-democracia.pt\/en\/events\/the-challenges-of-institutionalized-participation-in-times-of-ecological-transition-a-collective-effort\/#breadcrumb","itemListElement":[{"@type":"ListItem","position":1,"name":"In\u00edcio","item":"https:\/\/observatorio-democracia.pt\/en\/"},{"@type":"ListItem","position":2,"name":"Events","item":"https:\/\/observatorio-democracia.pt\/en\/events\/"},{"@type":"ListItem","position":3,"name":"The challenges of institutionalized participation in times of ecological transition. A collective effort?"}]},{"@type":"WebSite","@id":"https:\/\/observatorio-democracia.pt\/en\/#website","url":"https:\/\/observatorio-democracia.pt\/en\/","name":"Observat\u00f3rio da Democracia e da Representa\u00e7\u00e3o Pol\u00edtica","description":"Um bem para a Cidadania","publisher":{"@id":"https:\/\/observatorio-democracia.pt\/en\/#organization"},"potentialAction":[{"@type":"SearchAction","target":{"@type":"EntryPoint","urlTemplate":"https:\/\/observatorio-democracia.pt\/en\/?s={search_term_string}"},"query-input":{"@type":"PropertyValueSpecification","valueRequired":true,"valueName":"search_term_string"}}],"inLanguage":"en-US"},{"@type":"Organization","@id":"https:\/\/observatorio-democracia.pt\/en\/#organization","name":"Observat\u00f3rio da Democracia e da Representa\u00e7\u00e3o Pol\u00edtica","url":"https:\/\/observatorio-democracia.pt\/en\/","logo":{"@type":"ImageObject","inLanguage":"en-US","@id":"https:\/\/observatorio-democracia.pt\/en\/#\/schema\/logo\/image\/","url":"https:\/\/observatorio-democracia.pt\/wp-content\/uploads\/2022\/04\/logo-observatorio-democracia-forms.jpg","contentUrl":"https:\/\/observatorio-democracia.pt\/wp-content\/uploads\/2022\/04\/logo-observatorio-democracia-forms.jpg","width":400,"height":98,"caption":"Observat\u00f3rio da Democracia e da Representa\u00e7\u00e3o Pol\u00edtica"},"image":{"@id":"https:\/\/observatorio-democracia.pt\/en\/#\/schema\/logo\/image\/"},"sameAs":["https:\/\/www.facebook.com\/observatorio.democracia.representacao.politica","https:\/\/x.com\/Observatorioda4","https:\/\/www.instagram.com\/observatoriodrp\/"]}]}},"_links":{"self":[{"href":"https:\/\/observatorio-democracia.pt\/en\/wp-json\/wp\/v2\/mec-events\/55216","targetHints":{"allow":["GET"]}}],"collection":[{"href":"https:\/\/observatorio-democracia.pt\/en\/wp-json\/wp\/v2\/mec-events"}],"about":[{"href":"https:\/\/observatorio-democracia.pt\/en\/wp-json\/wp\/v2\/types\/mec-events"}],"author":[{"embeddable":true,"href":"https:\/\/observatorio-democracia.pt\/en\/wp-json\/wp\/v2\/users\/2"}],"replies":[{"embeddable":true,"href":"https:\/\/observatorio-democracia.pt\/en\/wp-json\/wp\/v2\/comments?post=55216"}],"wp:featuredmedia":[{"embeddable":true,"href":"https:\/\/observatorio-democracia.pt\/en\/wp-json\/wp\/v2\/media\/55215"}],"wp:attachment":[{"href":"https:\/\/observatorio-democracia.pt\/en\/wp-json\/wp\/v2\/media?parent=55216"}],"wp:term":[{"taxonomy":"post_tag","embeddable":true,"href":"https:\/\/observatorio-democracia.pt\/en\/wp-json\/wp\/v2\/tags?post=55216"},{"taxonomy":"mec_category","embeddable":true,"href":"https:\/\/observatorio-democracia.pt\/en\/wp-json\/wp\/v2\/mec_category?post=55216"}],"curies":[{"name":"wp","href":"https:\/\/api.w.org\/{rel}","templated":true}]}}