{"id":55009,"date":"2025-01-16T16:31:29","date_gmt":"2025-01-16T16:31:29","guid":{"rendered":"https:\/\/observatorio-democracia.pt\/?post_type=mec-events&#038;p=55009"},"modified":"2025-01-16T16:48:27","modified_gmt":"2025-01-16T16:48:27","slug":"cies-research-forum-participation-and-democracy","status":"publish","type":"mec-events","link":"https:\/\/observatorio-democracia.pt\/en\/events\/cies-research-forum-participation-and-democracy\/","title":{"rendered":"CIES Research Forum: Participation and Democracy"},"content":{"rendered":"<p><img fetchpriority=\"high\" decoding=\"async\" class=\"alignnone size-medium wp-image-55005\" src=\"https:\/\/observatorio-democracia.pt\/wp-content\/uploads\/2025\/01\/Forum_Pesquisas_CIES_25_Cartaz@2-212x300.png\" alt=\"\" width=\"212\" height=\"300\" srcset=\"https:\/\/observatorio-democracia.pt\/wp-content\/uploads\/2025\/01\/Forum_Pesquisas_CIES_25_Cartaz@2-212x300.png 212w, https:\/\/observatorio-democracia.pt\/wp-content\/uploads\/2025\/01\/Forum_Pesquisas_CIES_25_Cartaz@2-724x1024.png 724w, https:\/\/observatorio-democracia.pt\/wp-content\/uploads\/2025\/01\/Forum_Pesquisas_CIES_25_Cartaz@2-768x1086.png 768w, https:\/\/observatorio-democracia.pt\/wp-content\/uploads\/2025\/01\/Forum_Pesquisas_CIES_25_Cartaz@2-1086x1536.png 1086w, https:\/\/observatorio-democracia.pt\/wp-content\/uploads\/2025\/01\/Forum_Pesquisas_CIES_25_Cartaz@2-1448x2048.png 1448w, https:\/\/observatorio-democracia.pt\/wp-content\/uploads\/2025\/01\/Forum_Pesquisas_CIES_25_Cartaz@2-1320x1867.png 1320w, https:\/\/observatorio-democracia.pt\/wp-content\/uploads\/2025\/01\/Forum_Pesquisas_CIES_25_Cartaz@2-1000x1414.png 1000w, https:\/\/observatorio-democracia.pt\/wp-content\/uploads\/2025\/01\/Forum_Pesquisas_CIES_25_Cartaz@2.png 1684w\" sizes=\"(max-width: 212px) 100vw, 212px\" \/><\/p>\n<p>The 18th edition of the CIES Research Forum returns on the afternoon of January 27, 2025. In this edition of the annual CIES-Iscte event, which brings together researchers from the center and guests from other institutions, papers, projects and work in progress will be presented, focusing on the theme of \u201cParticipation and Democracy\u201d.<\/p>\n<p>This year, the Forum is organized in tribute to Professor Andr\u00e9 Freire, in recognition of his invaluable contribution to Political Science in Portugal.<\/p>\n<p><strong>Date:<\/strong>\u00a0January 27, 2025<br \/>\n<strong>Time:\u00a0<\/strong>14h10<br \/>\n<strong>Venue:<\/strong>\u00a0Iscte &#8211; Knowledge and Innovation (Building 4, Auditorium B302) &#8211; Free admission<\/p>\n<p>The program includes three thematic panels:<\/p>\n<p>Panel 1: Democracy: between Inclusion and Exclusion<br \/>\nPanel 2\u00a0 (Anti-)democratic processes and polarization<br \/>\nPanel 3: Andr\u00e9 Freire and Political Science in Portugal<\/p>\n<p><strong>Organization:\u00a0<\/strong>Guya Accornero (CIES-Iscte) and Ana Esp\u00edrito-Santo (CIES-Iscte)<\/p>\n<p>&nbsp;<\/p>\n<p><strong>Program:<\/strong><\/p>\n<p>14h10 &#8211; 14h20<br \/>\n<em><strong>Opening Ceremony<\/strong><\/em><br \/>\nTeresa Patr\u00edcio &#8211; Director of CIES-Iscte<\/p>\n<p>14h20 &#8211; 15h35<br \/>\n<em><strong>Event 1: Democracy: between Inclusion and Exclusion<\/strong><\/em><\/p>\n<p>Moderator: Helena Belchior-Rocha (CIES-Iscte)<\/p>\n<p>Ana Maria Belchior (CIES-Iscte): The effect of income distribution on the inequality of political effectiveness: a comparative European perspective<\/p>\n<p>Renato do Carmo (CIES-Iscte): The impact of social inequalities on political participation: some reflections<\/p>\n<p>Vania Baldi (CIES-Iscte): Democracy against itself<\/p>\n<p>&nbsp;<\/p>\n<p>15h35-16h00 &#8211; coffee break<\/p>\n<p><em><strong>16h00 &#8211; 17h15<\/strong><\/em><br \/>\n<em><strong>Event 2: (Anti-)democratic processes and polarization<\/strong><\/em><\/p>\n<p>Moderator: Maria Asensio (CIES-Iscte)<\/p>\n<p>Filipa Raimundo (CIES-Iscte) and Luca Mannucci (ICS-ULisboa): Populism and transitional justice<\/p>\n<p>Susana Nina (Lus\u00f3fona University) and Jos\u00e9 Santana Pereira (CIES-Iscte): The relevance and resilience of the cordon sanitaire in Portugal: the 2024 legislative elections<\/p>\n<p>Roberto Falanga (ICS-ULisboa): Participatory democracy as an antidote to polarization?<\/p>\n<p>&nbsp;<\/p>\n<p><em><strong>17h15 &#8211; 18h00<\/strong><\/em><br \/>\n<em><strong>Event 3: Andr\u00e9 Freire and Political Science in Portugal<\/strong><\/em><\/p>\n<p>Moderator: Ana Maria Belchior (CIES-Iscte)<\/p>\n<p>Marco Lisi (NOVA-FCSH\/IPRI)<\/p>\n<p>Daniel Adri\u00e3o (CIES-Iscte)<\/p>\n<p>Helena Carvalho (CIES-Iscte)<\/p>\n<p><em><strong>Closing remarks<\/strong><\/em><br \/>\nGuya Accornero (CIES-Iscte) and Ana Esp\u00edrito-Santo (CIES-Iscte)<\/p>\n<p>&nbsp;<\/p>\n<p><strong>Date:<\/strong> January 27, 2025<\/p>\n<p><strong>Time:<\/strong> 14h:10<\/p>\n<p><strong>Venue<\/strong>: Iscte Knowledge Innovation (Building 4, Auditorium B302) &#8211; Free entry<\/p>\n<p>&nbsp;<\/p>\n","protected":false},"excerpt":{"rendered":"<p>The 18th edition of the CIES Research Forum returns on the afternoon of January 27, 2025. In this edition of the annual CIES-Iscte event, which brings together researchers from the center and guests from other institutions, papers, projects and work in progress will be presented, focusing on the theme of \u201cParticipation and Democracy\u201d.<\/p>\n","protected":false},"author":2,"featured_media":55007,"comment_status":"closed","ping_status":"closed","template":"","tags":[],"mec_category":[],"class_list":["post-55009","mec-events","type-mec-events","status-publish","has-post-thumbnail","hentry","description-off"],"yoast_head":"<!-- This site is optimized with the Yoast SEO plugin v24.7 - https:\/\/yoast.com\/wordpress\/plugins\/seo\/ -->\n<title>CIES Research Forum: Participation and Democracy | Observat\u00f3rio da Democracia e da Representa\u00e7\u00e3o Pol\u00edtica<\/title>\n<meta name=\"description\" content=\"In this edition of the annual CIES-Iscte event papers and projects will be presented, focusing on the theme of \u201cParticipation and Democracy\u201d.\" \/>\n<meta name=\"robots\" content=\"index, follow, max-snippet:-1, max-image-preview:large, max-video-preview:-1\" \/>\n<link rel=\"canonical\" href=\"https:\/\/observatorio-democracia.pt\/en\/events\/cies-research-forum-participation-and-democracy\/\" \/>\n<meta property=\"og:locale\" content=\"en_US\" \/>\n<meta property=\"og:type\" content=\"article\" \/>\n<meta property=\"og:title\" content=\"CIES Research Forum: Participation and Democracy | Observat\u00f3rio da Democracia e da Representa\u00e7\u00e3o Pol\u00edtica\" \/>\n<meta property=\"og:description\" content=\"In this edition of the annual CIES-Iscte event papers and projects will be presented, focusing on the theme of \u201cParticipation and Democracy\u201d.\" \/>\n<meta property=\"og:url\" content=\"https:\/\/observatorio-democracia.pt\/en\/events\/cies-research-forum-participation-and-democracy\/\" \/>\n<meta property=\"og:site_name\" content=\"Observat\u00f3rio da Democracia e da Representa\u00e7\u00e3o Pol\u00edtica\" \/>\n<meta property=\"article:publisher\" content=\"https:\/\/www.facebook.com\/observatorio.democracia.representacao.politica\" \/>\n<meta property=\"article:modified_time\" content=\"2025-01-16T16:48:27+00:00\" \/>\n<meta property=\"og:image\" content=\"https:\/\/observatorio-democracia.pt\/wp-content\/uploads\/2025\/01\/forum-participacao-e-democracia-e1737045036112.png\" \/>\n\t<meta property=\"og:image:width\" content=\"1920\" \/>\n\t<meta property=\"og:image:height\" content=\"1080\" \/>\n\t<meta property=\"og:image:type\" content=\"image\/png\" \/>\n<meta name=\"twitter:card\" content=\"summary_large_image\" \/>\n<meta name=\"twitter:site\" content=\"@Observatorioda4\" \/>\n<meta name=\"twitter:label1\" content=\"Est. reading time\" \/>\n\t<meta name=\"twitter:data1\" content=\"2 minutes\" \/>\n<script type=\"application\/ld+json\" class=\"yoast-schema-graph\">{\"@context\":\"https:\/\/schema.org\",\"@graph\":[{\"@type\":\"WebPage\",\"@id\":\"https:\/\/observatorio-democracia.pt\/en\/events\/cies-research-forum-participation-and-democracy\/\",\"url\":\"https:\/\/observatorio-democracia.pt\/en\/events\/cies-research-forum-participation-and-democracy\/\",\"name\":\"CIES Research Forum: Participation and Democracy | Observat\u00f3rio da Democracia e da Representa\u00e7\u00e3o Pol\u00edtica\",\"isPartOf\":{\"@id\":\"https:\/\/observatorio-democracia.pt\/en\/#website\"},\"primaryImageOfPage\":{\"@id\":\"https:\/\/observatorio-democracia.pt\/en\/events\/cies-research-forum-participation-and-democracy\/#primaryimage\"},\"image\":{\"@id\":\"https:\/\/observatorio-democracia.pt\/en\/events\/cies-research-forum-participation-and-democracy\/#primaryimage\"},\"thumbnailUrl\":\"https:\/\/observatorio-democracia.pt\/wp-content\/uploads\/2025\/01\/forum-participacao-e-democracia-e1737045036112.png\",\"datePublished\":\"2025-01-16T16:31:29+00:00\",\"dateModified\":\"2025-01-16T16:48:27+00:00\",\"description\":\"In this edition of the annual CIES-Iscte event papers and projects will be presented, focusing on the theme of \u201cParticipation and Democracy\u201d.\",\"breadcrumb\":{\"@id\":\"https:\/\/observatorio-democracia.pt\/en\/events\/cies-research-forum-participation-and-democracy\/#breadcrumb\"},\"inLanguage\":\"en-US\",\"potentialAction\":[{\"@type\":\"ReadAction\",\"target\":[\"https:\/\/observatorio-democracia.pt\/en\/events\/cies-research-forum-participation-and-democracy\/\"]}]},{\"@type\":\"ImageObject\",\"inLanguage\":\"en-US\",\"@id\":\"https:\/\/observatorio-democracia.pt\/en\/events\/cies-research-forum-participation-and-democracy\/#primaryimage\",\"url\":\"https:\/\/observatorio-democracia.pt\/wp-content\/uploads\/2025\/01\/forum-participacao-e-democracia-e1737045036112.png\",\"contentUrl\":\"https:\/\/observatorio-democracia.pt\/wp-content\/uploads\/2025\/01\/forum-participacao-e-democracia-e1737045036112.png\",\"width\":1920,\"height\":1080},{\"@type\":\"BreadcrumbList\",\"@id\":\"https:\/\/observatorio-democracia.pt\/en\/events\/cies-research-forum-participation-and-democracy\/#breadcrumb\",\"itemListElement\":[{\"@type\":\"ListItem\",\"position\":1,\"name\":\"In\u00edcio\",\"item\":\"https:\/\/observatorio-democracia.pt\/en\/\"},{\"@type\":\"ListItem\",\"position\":2,\"name\":\"Events\",\"item\":\"https:\/\/observatorio-democracia.pt\/en\/events\/\"},{\"@type\":\"ListItem\",\"position\":3,\"name\":\"CIES Research Forum: Participation and Democracy\"}]},{\"@type\":\"WebSite\",\"@id\":\"https:\/\/observatorio-democracia.pt\/en\/#website\",\"url\":\"https:\/\/observatorio-democracia.pt\/en\/\",\"name\":\"Observat\u00f3rio da Democracia e da Representa\u00e7\u00e3o Pol\u00edtica\",\"description\":\"Um bem para a Cidadania\",\"publisher\":{\"@id\":\"https:\/\/observatorio-democracia.pt\/en\/#organization\"},\"potentialAction\":[{\"@type\":\"SearchAction\",\"target\":{\"@type\":\"EntryPoint\",\"urlTemplate\":\"https:\/\/observatorio-democracia.pt\/en\/?s={search_term_string}\"},\"query-input\":{\"@type\":\"PropertyValueSpecification\",\"valueRequired\":true,\"valueName\":\"search_term_string\"}}],\"inLanguage\":\"en-US\"},{\"@type\":\"Organization\",\"@id\":\"https:\/\/observatorio-democracia.pt\/en\/#organization\",\"name\":\"Observat\u00f3rio da Democracia e da Representa\u00e7\u00e3o Pol\u00edtica\",\"url\":\"https:\/\/observatorio-democracia.pt\/en\/\",\"logo\":{\"@type\":\"ImageObject\",\"inLanguage\":\"en-US\",\"@id\":\"https:\/\/observatorio-democracia.pt\/en\/#\/schema\/logo\/image\/\",\"url\":\"https:\/\/observatorio-democracia.pt\/wp-content\/uploads\/2022\/04\/logo-observatorio-democracia-forms.jpg\",\"contentUrl\":\"https:\/\/observatorio-democracia.pt\/wp-content\/uploads\/2022\/04\/logo-observatorio-democracia-forms.jpg\",\"width\":400,\"height\":98,\"caption\":\"Observat\u00f3rio da Democracia e da Representa\u00e7\u00e3o Pol\u00edtica\"},\"image\":{\"@id\":\"https:\/\/observatorio-democracia.pt\/en\/#\/schema\/logo\/image\/\"},\"sameAs\":[\"https:\/\/www.facebook.com\/observatorio.democracia.representacao.politica\",\"https:\/\/x.com\/Observatorioda4\",\"https:\/\/www.instagram.com\/observatoriodrp\/\"]}]}<\/script>\n<!-- \/ Yoast SEO plugin. -->","yoast_head_json":{"title":"CIES Research Forum: Participation and Democracy | Observat\u00f3rio da Democracia e da Representa\u00e7\u00e3o Pol\u00edtica","description":"In this edition of the annual CIES-Iscte event papers and projects will be presented, focusing on the theme of \u201cParticipation and Democracy\u201d.","robots":{"index":"index","follow":"follow","max-snippet":"max-snippet:-1","max-image-preview":"max-image-preview:large","max-video-preview":"max-video-preview:-1"},"canonical":"https:\/\/observatorio-democracia.pt\/en\/events\/cies-research-forum-participation-and-democracy\/","og_locale":"en_US","og_type":"article","og_title":"CIES Research Forum: Participation and Democracy | Observat\u00f3rio da Democracia e da Representa\u00e7\u00e3o Pol\u00edtica","og_description":"In this edition of the annual CIES-Iscte event papers and projects will be presented, focusing on the theme of \u201cParticipation and Democracy\u201d.","og_url":"https:\/\/observatorio-democracia.pt\/en\/events\/cies-research-forum-participation-and-democracy\/","og_site_name":"Observat\u00f3rio da Democracia e da Representa\u00e7\u00e3o Pol\u00edtica","article_publisher":"https:\/\/www.facebook.com\/observatorio.democracia.representacao.politica","article_modified_time":"2025-01-16T16:48:27+00:00","og_image":[{"width":1920,"height":1080,"url":"https:\/\/observatorio-democracia.pt\/wp-content\/uploads\/2025\/01\/forum-participacao-e-democracia-e1737045036112.png","type":"image\/png"}],"twitter_card":"summary_large_image","twitter_site":"@Observatorioda4","twitter_misc":{"Est. reading time":"2 minutes"},"schema":{"@context":"https:\/\/schema.org","@graph":[{"@type":"WebPage","@id":"https:\/\/observatorio-democracia.pt\/en\/events\/cies-research-forum-participation-and-democracy\/","url":"https:\/\/observatorio-democracia.pt\/en\/events\/cies-research-forum-participation-and-democracy\/","name":"CIES Research Forum: Participation and Democracy | Observat\u00f3rio da Democracia e da Representa\u00e7\u00e3o Pol\u00edtica","isPartOf":{"@id":"https:\/\/observatorio-democracia.pt\/en\/#website"},"primaryImageOfPage":{"@id":"https:\/\/observatorio-democracia.pt\/en\/events\/cies-research-forum-participation-and-democracy\/#primaryimage"},"image":{"@id":"https:\/\/observatorio-democracia.pt\/en\/events\/cies-research-forum-participation-and-democracy\/#primaryimage"},"thumbnailUrl":"https:\/\/observatorio-democracia.pt\/wp-content\/uploads\/2025\/01\/forum-participacao-e-democracia-e1737045036112.png","datePublished":"2025-01-16T16:31:29+00:00","dateModified":"2025-01-16T16:48:27+00:00","description":"In this edition of the annual CIES-Iscte event papers and projects will be presented, focusing on the theme of \u201cParticipation and Democracy\u201d.","breadcrumb":{"@id":"https:\/\/observatorio-democracia.pt\/en\/events\/cies-research-forum-participation-and-democracy\/#breadcrumb"},"inLanguage":"en-US","potentialAction":[{"@type":"ReadAction","target":["https:\/\/observatorio-democracia.pt\/en\/events\/cies-research-forum-participation-and-democracy\/"]}]},{"@type":"ImageObject","inLanguage":"en-US","@id":"https:\/\/observatorio-democracia.pt\/en\/events\/cies-research-forum-participation-and-democracy\/#primaryimage","url":"https:\/\/observatorio-democracia.pt\/wp-content\/uploads\/2025\/01\/forum-participacao-e-democracia-e1737045036112.png","contentUrl":"https:\/\/observatorio-democracia.pt\/wp-content\/uploads\/2025\/01\/forum-participacao-e-democracia-e1737045036112.png","width":1920,"height":1080},{"@type":"BreadcrumbList","@id":"https:\/\/observatorio-democracia.pt\/en\/events\/cies-research-forum-participation-and-democracy\/#breadcrumb","itemListElement":[{"@type":"ListItem","position":1,"name":"In\u00edcio","item":"https:\/\/observatorio-democracia.pt\/en\/"},{"@type":"ListItem","position":2,"name":"Events","item":"https:\/\/observatorio-democracia.pt\/en\/events\/"},{"@type":"ListItem","position":3,"name":"CIES Research Forum: Participation and Democracy"}]},{"@type":"WebSite","@id":"https:\/\/observatorio-democracia.pt\/en\/#website","url":"https:\/\/observatorio-democracia.pt\/en\/","name":"Observat\u00f3rio da Democracia e da Representa\u00e7\u00e3o Pol\u00edtica","description":"Um bem para a Cidadania","publisher":{"@id":"https:\/\/observatorio-democracia.pt\/en\/#organization"},"potentialAction":[{"@type":"SearchAction","target":{"@type":"EntryPoint","urlTemplate":"https:\/\/observatorio-democracia.pt\/en\/?s={search_term_string}"},"query-input":{"@type":"PropertyValueSpecification","valueRequired":true,"valueName":"search_term_string"}}],"inLanguage":"en-US"},{"@type":"Organization","@id":"https:\/\/observatorio-democracia.pt\/en\/#organization","name":"Observat\u00f3rio da Democracia e da Representa\u00e7\u00e3o Pol\u00edtica","url":"https:\/\/observatorio-democracia.pt\/en\/","logo":{"@type":"ImageObject","inLanguage":"en-US","@id":"https:\/\/observatorio-democracia.pt\/en\/#\/schema\/logo\/image\/","url":"https:\/\/observatorio-democracia.pt\/wp-content\/uploads\/2022\/04\/logo-observatorio-democracia-forms.jpg","contentUrl":"https:\/\/observatorio-democracia.pt\/wp-content\/uploads\/2022\/04\/logo-observatorio-democracia-forms.jpg","width":400,"height":98,"caption":"Observat\u00f3rio da Democracia e da Representa\u00e7\u00e3o Pol\u00edtica"},"image":{"@id":"https:\/\/observatorio-democracia.pt\/en\/#\/schema\/logo\/image\/"},"sameAs":["https:\/\/www.facebook.com\/observatorio.democracia.representacao.politica","https:\/\/x.com\/Observatorioda4","https:\/\/www.instagram.com\/observatoriodrp\/"]}]}},"_links":{"self":[{"href":"https:\/\/observatorio-democracia.pt\/en\/wp-json\/wp\/v2\/mec-events\/55009","targetHints":{"allow":["GET"]}}],"collection":[{"href":"https:\/\/observatorio-democracia.pt\/en\/wp-json\/wp\/v2\/mec-events"}],"about":[{"href":"https:\/\/observatorio-democracia.pt\/en\/wp-json\/wp\/v2\/types\/mec-events"}],"author":[{"embeddable":true,"href":"https:\/\/observatorio-democracia.pt\/en\/wp-json\/wp\/v2\/users\/2"}],"replies":[{"embeddable":true,"href":"https:\/\/observatorio-democracia.pt\/en\/wp-json\/wp\/v2\/comments?post=55009"}],"wp:featuredmedia":[{"embeddable":true,"href":"https:\/\/observatorio-democracia.pt\/en\/wp-json\/wp\/v2\/media\/55007"}],"wp:attachment":[{"href":"https:\/\/observatorio-democracia.pt\/en\/wp-json\/wp\/v2\/media?parent=55009"}],"wp:term":[{"taxonomy":"post_tag","embeddable":true,"href":"https:\/\/observatorio-democracia.pt\/en\/wp-json\/wp\/v2\/tags?post=55009"},{"taxonomy":"mec_category","embeddable":true,"href":"https:\/\/observatorio-democracia.pt\/en\/wp-json\/wp\/v2\/mec_category?post=55009"}],"curies":[{"name":"wp","href":"https:\/\/api.w.org\/{rel}","templated":true}]}}