{"id":54225,"date":"2024-07-08T14:41:05","date_gmt":"2024-07-08T14:41:05","guid":{"rendered":"https:\/\/observatorio-democracia.pt\/?post_type=mec-events&#038;p=54225"},"modified":"2024-07-08T14:46:59","modified_gmt":"2024-07-08T14:46:59","slug":"radical-left-parties-and-national-identity-in-spain-italy-and-portugalen","status":"publish","type":"mec-events","link":"https:\/\/observatorio-democracia.pt\/en\/events\/radical-left-parties-and-national-identity-in-spain-italy-and-portugalen\/","title":{"rendered":"Book discussion: Radical Left Parties and National Identity in Spain, Italy and Portugal: rejacting or reclaiming the nation"},"content":{"rendered":"<p>As part of the Monthly Cycle of Seminars Social Movements and Political Action, the Seminar &#8220;Radical Left Parties and National Identity in Spain, Italy and Portugal: rejacting or reclaiming the nation&#8221; will take place on July 10 at 5pm via Zoom.<\/p>\n<p>It will be a &#8216;Book discussion&#8217;, of the book by Jacopo Custodi (Scuola Normale Superiore (Florence, Italy)) Radical Left Parties and National Identity in Spain, Italy and Portugal. Rejecting or Reclaiming the Nation, with commentary by Luca Manucci (ICS-ULisboa).<\/p>\n<p><strong>Author<\/strong><\/p>\n<p>Jacopo Custodi, Scuola Normale Superiore (Florence, Italy)<\/p>\n<p><strong>Discussant<\/strong><\/p>\n<p>Luca Manucci, ICS-ULisboa<\/p>\n<p><strong>Link ZOOM<\/strong><\/p>\n<p><a href=\"https:\/\/bit.ly\/MovSoc_jul24\">https:\/\/bit.ly\/MovSoc_jul24<\/a><\/p>\n","protected":false},"excerpt":{"rendered":"<p>As part of the Monthly Cycle of Seminars Social Movements and Political Action, the Seminar &#8220;Radical Left Parties and National Identity in Spain, Italy and Portugal: rejacting or reclaiming the nation&#8221; will take place on July 10 at 5pm via Zoom.<\/p>\n","protected":false},"author":2,"featured_media":54224,"comment_status":"closed","ping_status":"closed","template":"","tags":[],"mec_category":[],"class_list":["post-54225","mec-events","type-mec-events","status-publish","has-post-thumbnail","hentry","description-off"],"yoast_head":"<!-- This site is optimized with the Yoast SEO plugin v24.7 - https:\/\/yoast.com\/wordpress\/plugins\/seo\/ -->\n<title>Book discussion: Radical Left Parties and National Identity in Spain, Italy and Portugal: rejacting or reclaiming the nation | Observat\u00f3rio da Democracia e da Representa\u00e7\u00e3o Pol\u00edtica<\/title>\n<meta name=\"description\" content=\"&#039;Book discussion&#039; Radical left parties and national identity in Spain, Italy and Portugal | ODRP-CIES\" \/>\n<meta name=\"robots\" content=\"index, follow, max-snippet:-1, max-image-preview:large, max-video-preview:-1\" \/>\n<link rel=\"canonical\" href=\"https:\/\/observatorio-democracia.pt\/en\/events\/radical-left-parties-and-national-identity-in-spain-italy-and-portugalen\/\" \/>\n<meta property=\"og:locale\" content=\"en_US\" \/>\n<meta property=\"og:type\" content=\"article\" \/>\n<meta property=\"og:title\" content=\"Book discussion: Radical Left Parties and National Identity in Spain, Italy and Portugal: rejacting or reclaiming the nation | Observat\u00f3rio da Democracia e da Representa\u00e7\u00e3o Pol\u00edtica\" \/>\n<meta property=\"og:description\" content=\"&#039;Book discussion&#039; Radical left parties and national identity in Spain, Italy and Portugal | ODRP-CIES\" \/>\n<meta property=\"og:url\" content=\"https:\/\/observatorio-democracia.pt\/en\/events\/radical-left-parties-and-national-identity-in-spain-italy-and-portugalen\/\" \/>\n<meta property=\"og:site_name\" content=\"Observat\u00f3rio da Democracia e da Representa\u00e7\u00e3o Pol\u00edtica\" \/>\n<meta property=\"article:publisher\" content=\"https:\/\/www.facebook.com\/observatorio.democracia.representacao.politica\" \/>\n<meta property=\"article:modified_time\" content=\"2024-07-08T14:46:59+00:00\" \/>\n<meta property=\"og:image\" content=\"https:\/\/observatorio-democracia.pt\/wp-content\/uploads\/2024\/07\/MSociais_2024_07@2x.png\" \/>\n\t<meta property=\"og:image:width\" content=\"3840\" \/>\n\t<meta property=\"og:image:height\" content=\"2160\" \/>\n\t<meta property=\"og:image:type\" content=\"image\/png\" \/>\n<meta name=\"twitter:card\" content=\"summary_large_image\" \/>\n<meta name=\"twitter:site\" content=\"@Observatorioda4\" \/>\n<meta name=\"twitter:label1\" content=\"Est. reading time\" \/>\n\t<meta name=\"twitter:data1\" content=\"1 minute\" \/>\n<script type=\"application\/ld+json\" class=\"yoast-schema-graph\">{\"@context\":\"https:\/\/schema.org\",\"@graph\":[{\"@type\":\"WebPage\",\"@id\":\"https:\/\/observatorio-democracia.pt\/en\/events\/radical-left-parties-and-national-identity-in-spain-italy-and-portugalen\/\",\"url\":\"https:\/\/observatorio-democracia.pt\/en\/events\/radical-left-parties-and-national-identity-in-spain-italy-and-portugalen\/\",\"name\":\"Book discussion: Radical Left Parties and National Identity in Spain, Italy and Portugal: rejacting or reclaiming the nation | Observat\u00f3rio da Democracia e da Representa\u00e7\u00e3o Pol\u00edtica\",\"isPartOf\":{\"@id\":\"https:\/\/observatorio-democracia.pt\/en\/#website\"},\"primaryImageOfPage\":{\"@id\":\"https:\/\/observatorio-democracia.pt\/en\/events\/radical-left-parties-and-national-identity-in-spain-italy-and-portugalen\/#primaryimage\"},\"image\":{\"@id\":\"https:\/\/observatorio-democracia.pt\/en\/events\/radical-left-parties-and-national-identity-in-spain-italy-and-portugalen\/#primaryimage\"},\"thumbnailUrl\":\"https:\/\/observatorio-democracia.pt\/wp-content\/uploads\/2024\/07\/MSociais_2024_07@2x.png\",\"datePublished\":\"2024-07-08T14:41:05+00:00\",\"dateModified\":\"2024-07-08T14:46:59+00:00\",\"description\":\"'Book discussion' Radical left parties and national identity in Spain, Italy and Portugal | ODRP-CIES\",\"breadcrumb\":{\"@id\":\"https:\/\/observatorio-democracia.pt\/en\/events\/radical-left-parties-and-national-identity-in-spain-italy-and-portugalen\/#breadcrumb\"},\"inLanguage\":\"en-US\",\"potentialAction\":[{\"@type\":\"ReadAction\",\"target\":[\"https:\/\/observatorio-democracia.pt\/en\/events\/radical-left-parties-and-national-identity-in-spain-italy-and-portugalen\/\"]}]},{\"@type\":\"ImageObject\",\"inLanguage\":\"en-US\",\"@id\":\"https:\/\/observatorio-democracia.pt\/en\/events\/radical-left-parties-and-national-identity-in-spain-italy-and-portugalen\/#primaryimage\",\"url\":\"https:\/\/observatorio-democracia.pt\/wp-content\/uploads\/2024\/07\/MSociais_2024_07@2x.png\",\"contentUrl\":\"https:\/\/observatorio-democracia.pt\/wp-content\/uploads\/2024\/07\/MSociais_2024_07@2x.png\",\"width\":3840,\"height\":2160},{\"@type\":\"BreadcrumbList\",\"@id\":\"https:\/\/observatorio-democracia.pt\/en\/events\/radical-left-parties-and-national-identity-in-spain-italy-and-portugalen\/#breadcrumb\",\"itemListElement\":[{\"@type\":\"ListItem\",\"position\":1,\"name\":\"In\u00edcio\",\"item\":\"https:\/\/observatorio-democracia.pt\/en\/\"},{\"@type\":\"ListItem\",\"position\":2,\"name\":\"Events\",\"item\":\"https:\/\/observatorio-democracia.pt\/en\/events\/\"},{\"@type\":\"ListItem\",\"position\":3,\"name\":\"Book discussion: Radical Left Parties and National Identity in Spain, Italy and Portugal: rejacting or reclaiming the nation\"}]},{\"@type\":\"WebSite\",\"@id\":\"https:\/\/observatorio-democracia.pt\/en\/#website\",\"url\":\"https:\/\/observatorio-democracia.pt\/en\/\",\"name\":\"Observat\u00f3rio da Democracia e da Representa\u00e7\u00e3o Pol\u00edtica\",\"description\":\"Um bem para a Cidadania\",\"publisher\":{\"@id\":\"https:\/\/observatorio-democracia.pt\/en\/#organization\"},\"potentialAction\":[{\"@type\":\"SearchAction\",\"target\":{\"@type\":\"EntryPoint\",\"urlTemplate\":\"https:\/\/observatorio-democracia.pt\/en\/?s={search_term_string}\"},\"query-input\":{\"@type\":\"PropertyValueSpecification\",\"valueRequired\":true,\"valueName\":\"search_term_string\"}}],\"inLanguage\":\"en-US\"},{\"@type\":\"Organization\",\"@id\":\"https:\/\/observatorio-democracia.pt\/en\/#organization\",\"name\":\"Observat\u00f3rio da Democracia e da Representa\u00e7\u00e3o Pol\u00edtica\",\"url\":\"https:\/\/observatorio-democracia.pt\/en\/\",\"logo\":{\"@type\":\"ImageObject\",\"inLanguage\":\"en-US\",\"@id\":\"https:\/\/observatorio-democracia.pt\/en\/#\/schema\/logo\/image\/\",\"url\":\"https:\/\/observatorio-democracia.pt\/wp-content\/uploads\/2022\/04\/logo-observatorio-democracia-forms.jpg\",\"contentUrl\":\"https:\/\/observatorio-democracia.pt\/wp-content\/uploads\/2022\/04\/logo-observatorio-democracia-forms.jpg\",\"width\":400,\"height\":98,\"caption\":\"Observat\u00f3rio da Democracia e da Representa\u00e7\u00e3o Pol\u00edtica\"},\"image\":{\"@id\":\"https:\/\/observatorio-democracia.pt\/en\/#\/schema\/logo\/image\/\"},\"sameAs\":[\"https:\/\/www.facebook.com\/observatorio.democracia.representacao.politica\",\"https:\/\/x.com\/Observatorioda4\",\"https:\/\/www.instagram.com\/observatoriodrp\/\"]}]}<\/script>\n<!-- \/ Yoast SEO plugin. -->","yoast_head_json":{"title":"Book discussion: Radical Left Parties and National Identity in Spain, Italy and Portugal: rejacting or reclaiming the nation | Observat\u00f3rio da Democracia e da Representa\u00e7\u00e3o Pol\u00edtica","description":"'Book discussion' Radical left parties and national identity in Spain, Italy and Portugal | ODRP-CIES","robots":{"index":"index","follow":"follow","max-snippet":"max-snippet:-1","max-image-preview":"max-image-preview:large","max-video-preview":"max-video-preview:-1"},"canonical":"https:\/\/observatorio-democracia.pt\/en\/events\/radical-left-parties-and-national-identity-in-spain-italy-and-portugalen\/","og_locale":"en_US","og_type":"article","og_title":"Book discussion: Radical Left Parties and National Identity in Spain, Italy and Portugal: rejacting or reclaiming the nation | Observat\u00f3rio da Democracia e da Representa\u00e7\u00e3o Pol\u00edtica","og_description":"'Book discussion' Radical left parties and national identity in Spain, Italy and Portugal | ODRP-CIES","og_url":"https:\/\/observatorio-democracia.pt\/en\/events\/radical-left-parties-and-national-identity-in-spain-italy-and-portugalen\/","og_site_name":"Observat\u00f3rio da Democracia e da Representa\u00e7\u00e3o Pol\u00edtica","article_publisher":"https:\/\/www.facebook.com\/observatorio.democracia.representacao.politica","article_modified_time":"2024-07-08T14:46:59+00:00","og_image":[{"width":3840,"height":2160,"url":"https:\/\/observatorio-democracia.pt\/wp-content\/uploads\/2024\/07\/MSociais_2024_07@2x.png","type":"image\/png"}],"twitter_card":"summary_large_image","twitter_site":"@Observatorioda4","twitter_misc":{"Est. reading time":"1 minute"},"schema":{"@context":"https:\/\/schema.org","@graph":[{"@type":"WebPage","@id":"https:\/\/observatorio-democracia.pt\/en\/events\/radical-left-parties-and-national-identity-in-spain-italy-and-portugalen\/","url":"https:\/\/observatorio-democracia.pt\/en\/events\/radical-left-parties-and-national-identity-in-spain-italy-and-portugalen\/","name":"Book discussion: Radical Left Parties and National Identity in Spain, Italy and Portugal: rejacting or reclaiming the nation | Observat\u00f3rio da Democracia e da Representa\u00e7\u00e3o Pol\u00edtica","isPartOf":{"@id":"https:\/\/observatorio-democracia.pt\/en\/#website"},"primaryImageOfPage":{"@id":"https:\/\/observatorio-democracia.pt\/en\/events\/radical-left-parties-and-national-identity-in-spain-italy-and-portugalen\/#primaryimage"},"image":{"@id":"https:\/\/observatorio-democracia.pt\/en\/events\/radical-left-parties-and-national-identity-in-spain-italy-and-portugalen\/#primaryimage"},"thumbnailUrl":"https:\/\/observatorio-democracia.pt\/wp-content\/uploads\/2024\/07\/MSociais_2024_07@2x.png","datePublished":"2024-07-08T14:41:05+00:00","dateModified":"2024-07-08T14:46:59+00:00","description":"'Book discussion' Radical left parties and national identity in Spain, Italy and Portugal | ODRP-CIES","breadcrumb":{"@id":"https:\/\/observatorio-democracia.pt\/en\/events\/radical-left-parties-and-national-identity-in-spain-italy-and-portugalen\/#breadcrumb"},"inLanguage":"en-US","potentialAction":[{"@type":"ReadAction","target":["https:\/\/observatorio-democracia.pt\/en\/events\/radical-left-parties-and-national-identity-in-spain-italy-and-portugalen\/"]}]},{"@type":"ImageObject","inLanguage":"en-US","@id":"https:\/\/observatorio-democracia.pt\/en\/events\/radical-left-parties-and-national-identity-in-spain-italy-and-portugalen\/#primaryimage","url":"https:\/\/observatorio-democracia.pt\/wp-content\/uploads\/2024\/07\/MSociais_2024_07@2x.png","contentUrl":"https:\/\/observatorio-democracia.pt\/wp-content\/uploads\/2024\/07\/MSociais_2024_07@2x.png","width":3840,"height":2160},{"@type":"BreadcrumbList","@id":"https:\/\/observatorio-democracia.pt\/en\/events\/radical-left-parties-and-national-identity-in-spain-italy-and-portugalen\/#breadcrumb","itemListElement":[{"@type":"ListItem","position":1,"name":"In\u00edcio","item":"https:\/\/observatorio-democracia.pt\/en\/"},{"@type":"ListItem","position":2,"name":"Events","item":"https:\/\/observatorio-democracia.pt\/en\/events\/"},{"@type":"ListItem","position":3,"name":"Book discussion: Radical Left Parties and National Identity in Spain, Italy and Portugal: rejacting or reclaiming the nation"}]},{"@type":"WebSite","@id":"https:\/\/observatorio-democracia.pt\/en\/#website","url":"https:\/\/observatorio-democracia.pt\/en\/","name":"Observat\u00f3rio da Democracia e da Representa\u00e7\u00e3o Pol\u00edtica","description":"Um bem para a Cidadania","publisher":{"@id":"https:\/\/observatorio-democracia.pt\/en\/#organization"},"potentialAction":[{"@type":"SearchAction","target":{"@type":"EntryPoint","urlTemplate":"https:\/\/observatorio-democracia.pt\/en\/?s={search_term_string}"},"query-input":{"@type":"PropertyValueSpecification","valueRequired":true,"valueName":"search_term_string"}}],"inLanguage":"en-US"},{"@type":"Organization","@id":"https:\/\/observatorio-democracia.pt\/en\/#organization","name":"Observat\u00f3rio da Democracia e da Representa\u00e7\u00e3o Pol\u00edtica","url":"https:\/\/observatorio-democracia.pt\/en\/","logo":{"@type":"ImageObject","inLanguage":"en-US","@id":"https:\/\/observatorio-democracia.pt\/en\/#\/schema\/logo\/image\/","url":"https:\/\/observatorio-democracia.pt\/wp-content\/uploads\/2022\/04\/logo-observatorio-democracia-forms.jpg","contentUrl":"https:\/\/observatorio-democracia.pt\/wp-content\/uploads\/2022\/04\/logo-observatorio-democracia-forms.jpg","width":400,"height":98,"caption":"Observat\u00f3rio da Democracia e da Representa\u00e7\u00e3o Pol\u00edtica"},"image":{"@id":"https:\/\/observatorio-democracia.pt\/en\/#\/schema\/logo\/image\/"},"sameAs":["https:\/\/www.facebook.com\/observatorio.democracia.representacao.politica","https:\/\/x.com\/Observatorioda4","https:\/\/www.instagram.com\/observatoriodrp\/"]}]}},"_links":{"self":[{"href":"https:\/\/observatorio-democracia.pt\/en\/wp-json\/wp\/v2\/mec-events\/54225","targetHints":{"allow":["GET"]}}],"collection":[{"href":"https:\/\/observatorio-democracia.pt\/en\/wp-json\/wp\/v2\/mec-events"}],"about":[{"href":"https:\/\/observatorio-democracia.pt\/en\/wp-json\/wp\/v2\/types\/mec-events"}],"author":[{"embeddable":true,"href":"https:\/\/observatorio-democracia.pt\/en\/wp-json\/wp\/v2\/users\/2"}],"replies":[{"embeddable":true,"href":"https:\/\/observatorio-democracia.pt\/en\/wp-json\/wp\/v2\/comments?post=54225"}],"wp:featuredmedia":[{"embeddable":true,"href":"https:\/\/observatorio-democracia.pt\/en\/wp-json\/wp\/v2\/media\/54224"}],"wp:attachment":[{"href":"https:\/\/observatorio-democracia.pt\/en\/wp-json\/wp\/v2\/media?parent=54225"}],"wp:term":[{"taxonomy":"post_tag","embeddable":true,"href":"https:\/\/observatorio-democracia.pt\/en\/wp-json\/wp\/v2\/tags?post=54225"},{"taxonomy":"mec_category","embeddable":true,"href":"https:\/\/observatorio-democracia.pt\/en\/wp-json\/wp\/v2\/mec_category?post=54225"}],"curies":[{"name":"wp","href":"https:\/\/api.w.org\/{rel}","templated":true}]}}