{"id":54155,"date":"2024-05-08T15:32:52","date_gmt":"2024-05-08T15:32:52","guid":{"rendered":"https:\/\/observatorio-democracia.pt\/?post_type=mec-events&#038;p=54155"},"modified":"2024-05-08T15:46:03","modified_gmt":"2024-05-08T15:46:03","slug":"whats-democratic-about-innovations-democratic-innovations-seen-from-below","status":"publish","type":"mec-events","link":"https:\/\/observatorio-democracia.pt\/en\/events\/whats-democratic-about-innovations-democratic-innovations-seen-from-below\/","title":{"rendered":"What\u2019s democratic about innovations? Democratic innovations seen from below"},"content":{"rendered":"<p>On Tuesday, May 28, at 11 a.m., in a hybrid format, the seminar \u201cWhat&#8217;s democratic about innovations? Democratic innovations seen from below&#8221;, as part of the Seminar on <a href=\"https:\/\/cies.iscte-iul.pt\/np4EN\/183\/\">Social Movements and Political Action<\/a>. The event is organized by CIES-Iscte in partnership with ICS-ULisboa&#8217;s RIGoP Group, as part of the <a href=\"https:\/\/incite-dem.eu\/\">INCITE-DEM project<\/a>.<\/p>\n<p>The seminar will feature the participation of Andrea Felicetti, Senior Assistant Professor in the Department of Political Science, Law and International Studies at the<a href=\"https:\/\/www.unipd.it\/en\/\"> University of Padua<\/a>. With research on democratic theories, public spheres and governance, Felicetti is the author of Deliberative Democracy and Social Movements (2016, Rowman &amp; Littlefield International) and co-author of Discursive Turns and Critical Junctures (2020, Oxford University Press). The seminar can be accessed via the <a href=\"https:\/\/videoconf-colibri.zoom.us\/meeting\/register\/tJUvcumgqTMqHd1yXw_0xnxvDPJo5ACl3N4e\">link<\/a>.<\/p>\n<p>Organized by Guya Accornero and Tiago Carvalho, the Social Movements and Political Action Seminar takes place monthly and promotes multidisciplinary reflection on issues related to social movements and different forms of political action, dialoguing different perspectives, methodologies and approaches.<\/p>\n<p><strong>Venue<\/strong><\/p>\n<p>ICS-ULisboa, Room 1<\/p>\n<p><strong>Link ZOOM<\/strong><\/p>\n<p><a href=\"https:\/\/videoconf-colibri.zoom.us\/meeting\/register\/tJUvcumgqTMqHd1yXw_0xnxvDPJo5ACl3N4e\">https:\/\/videoconf-colibri.zoom.us\/meeting\/register\/tJUvcumgqTMqHd1yXw_0xnxvDPJo5ACl3N4e<\/a><\/p>\n<p>&nbsp;<\/p>\n","protected":false},"excerpt":{"rendered":"<p>On Tuesday, May 28, at 11 a.m., in a hybrid format, the seminar \u201cWhat&#8217;s democratic about innovations? Democratic innovations seen from below&#8221;, as part of the Seminar on Social Movements and Political Action.<\/p>\n","protected":false},"author":2,"featured_media":54154,"comment_status":"closed","ping_status":"closed","template":"","tags":[],"mec_category":[],"class_list":["post-54155","mec-events","type-mec-events","status-publish","has-post-thumbnail","hentry","description-off"],"yoast_head":"<!-- This site is optimized with the Yoast SEO plugin v24.7 - https:\/\/yoast.com\/wordpress\/plugins\/seo\/ -->\n<title>What\u2019s democratic about innovations? Democratic innovations seen from below | Observat\u00f3rio da Democracia e da Representa\u00e7\u00e3o Pol\u00edtica<\/title>\n<meta name=\"description\" content=\"What&#039;s democratic about innovations? Democratic innovations seen from below | Observat\u00f3rio da Democracia CIES - Iscte\" \/>\n<meta name=\"robots\" content=\"index, follow, max-snippet:-1, max-image-preview:large, max-video-preview:-1\" \/>\n<link rel=\"canonical\" href=\"https:\/\/observatorio-democracia.pt\/en\/events\/whats-democratic-about-innovations-democratic-innovations-seen-from-below\/\" \/>\n<meta property=\"og:locale\" content=\"en_US\" \/>\n<meta property=\"og:type\" content=\"article\" \/>\n<meta property=\"og:title\" content=\"What\u2019s democratic about innovations? Democratic innovations seen from below | Observat\u00f3rio da Democracia e da Representa\u00e7\u00e3o Pol\u00edtica\" \/>\n<meta property=\"og:description\" content=\"What&#039;s democratic about innovations? Democratic innovations seen from below | Observat\u00f3rio da Democracia CIES - Iscte\" \/>\n<meta property=\"og:url\" content=\"https:\/\/observatorio-democracia.pt\/en\/events\/whats-democratic-about-innovations-democratic-innovations-seen-from-below\/\" \/>\n<meta property=\"og:site_name\" content=\"Observat\u00f3rio da Democracia e da Representa\u00e7\u00e3o Pol\u00edtica\" \/>\n<meta property=\"article:publisher\" content=\"https:\/\/www.facebook.com\/observatorio.democracia.representacao.politica\" \/>\n<meta property=\"article:modified_time\" content=\"2024-05-08T15:46:03+00:00\" \/>\n<meta property=\"og:image\" content=\"https:\/\/observatorio-democracia.pt\/wp-content\/uploads\/2024\/05\/MSociais_2024_05.png\" \/>\n\t<meta property=\"og:image:width\" content=\"3841\" \/>\n\t<meta property=\"og:image:height\" content=\"2160\" \/>\n\t<meta property=\"og:image:type\" content=\"image\/png\" \/>\n<meta name=\"twitter:card\" content=\"summary_large_image\" \/>\n<meta name=\"twitter:site\" content=\"@Observatorioda4\" \/>\n<meta name=\"twitter:label1\" content=\"Est. reading time\" \/>\n\t<meta name=\"twitter:data1\" content=\"1 minute\" \/>\n<script type=\"application\/ld+json\" class=\"yoast-schema-graph\">{\"@context\":\"https:\/\/schema.org\",\"@graph\":[{\"@type\":\"WebPage\",\"@id\":\"https:\/\/observatorio-democracia.pt\/en\/events\/whats-democratic-about-innovations-democratic-innovations-seen-from-below\/\",\"url\":\"https:\/\/observatorio-democracia.pt\/en\/events\/whats-democratic-about-innovations-democratic-innovations-seen-from-below\/\",\"name\":\"What\u2019s democratic about innovations? Democratic innovations seen from below | Observat\u00f3rio da Democracia e da Representa\u00e7\u00e3o Pol\u00edtica\",\"isPartOf\":{\"@id\":\"https:\/\/observatorio-democracia.pt\/en\/#website\"},\"primaryImageOfPage\":{\"@id\":\"https:\/\/observatorio-democracia.pt\/en\/events\/whats-democratic-about-innovations-democratic-innovations-seen-from-below\/#primaryimage\"},\"image\":{\"@id\":\"https:\/\/observatorio-democracia.pt\/en\/events\/whats-democratic-about-innovations-democratic-innovations-seen-from-below\/#primaryimage\"},\"thumbnailUrl\":\"https:\/\/observatorio-democracia.pt\/wp-content\/uploads\/2024\/05\/MSociais_2024_05.png\",\"datePublished\":\"2024-05-08T15:32:52+00:00\",\"dateModified\":\"2024-05-08T15:46:03+00:00\",\"description\":\"What's democratic about innovations? Democratic innovations seen from below | Observat\u00f3rio da Democracia CIES - Iscte\",\"breadcrumb\":{\"@id\":\"https:\/\/observatorio-democracia.pt\/en\/events\/whats-democratic-about-innovations-democratic-innovations-seen-from-below\/#breadcrumb\"},\"inLanguage\":\"en-US\",\"potentialAction\":[{\"@type\":\"ReadAction\",\"target\":[\"https:\/\/observatorio-democracia.pt\/en\/events\/whats-democratic-about-innovations-democratic-innovations-seen-from-below\/\"]}]},{\"@type\":\"ImageObject\",\"inLanguage\":\"en-US\",\"@id\":\"https:\/\/observatorio-democracia.pt\/en\/events\/whats-democratic-about-innovations-democratic-innovations-seen-from-below\/#primaryimage\",\"url\":\"https:\/\/observatorio-democracia.pt\/wp-content\/uploads\/2024\/05\/MSociais_2024_05.png\",\"contentUrl\":\"https:\/\/observatorio-democracia.pt\/wp-content\/uploads\/2024\/05\/MSociais_2024_05.png\",\"width\":3841,\"height\":2160},{\"@type\":\"BreadcrumbList\",\"@id\":\"https:\/\/observatorio-democracia.pt\/en\/events\/whats-democratic-about-innovations-democratic-innovations-seen-from-below\/#breadcrumb\",\"itemListElement\":[{\"@type\":\"ListItem\",\"position\":1,\"name\":\"In\u00edcio\",\"item\":\"https:\/\/observatorio-democracia.pt\/en\/\"},{\"@type\":\"ListItem\",\"position\":2,\"name\":\"Events\",\"item\":\"https:\/\/observatorio-democracia.pt\/en\/events\/\"},{\"@type\":\"ListItem\",\"position\":3,\"name\":\"What\u2019s democratic about innovations? Democratic innovations seen from below\"}]},{\"@type\":\"WebSite\",\"@id\":\"https:\/\/observatorio-democracia.pt\/en\/#website\",\"url\":\"https:\/\/observatorio-democracia.pt\/en\/\",\"name\":\"Observat\u00f3rio da Democracia e da Representa\u00e7\u00e3o Pol\u00edtica\",\"description\":\"Um bem para a Cidadania\",\"publisher\":{\"@id\":\"https:\/\/observatorio-democracia.pt\/en\/#organization\"},\"potentialAction\":[{\"@type\":\"SearchAction\",\"target\":{\"@type\":\"EntryPoint\",\"urlTemplate\":\"https:\/\/observatorio-democracia.pt\/en\/?s={search_term_string}\"},\"query-input\":{\"@type\":\"PropertyValueSpecification\",\"valueRequired\":true,\"valueName\":\"search_term_string\"}}],\"inLanguage\":\"en-US\"},{\"@type\":\"Organization\",\"@id\":\"https:\/\/observatorio-democracia.pt\/en\/#organization\",\"name\":\"Observat\u00f3rio da Democracia e da Representa\u00e7\u00e3o Pol\u00edtica\",\"url\":\"https:\/\/observatorio-democracia.pt\/en\/\",\"logo\":{\"@type\":\"ImageObject\",\"inLanguage\":\"en-US\",\"@id\":\"https:\/\/observatorio-democracia.pt\/en\/#\/schema\/logo\/image\/\",\"url\":\"https:\/\/observatorio-democracia.pt\/wp-content\/uploads\/2022\/04\/logo-observatorio-democracia-forms.jpg\",\"contentUrl\":\"https:\/\/observatorio-democracia.pt\/wp-content\/uploads\/2022\/04\/logo-observatorio-democracia-forms.jpg\",\"width\":400,\"height\":98,\"caption\":\"Observat\u00f3rio da Democracia e da Representa\u00e7\u00e3o Pol\u00edtica\"},\"image\":{\"@id\":\"https:\/\/observatorio-democracia.pt\/en\/#\/schema\/logo\/image\/\"},\"sameAs\":[\"https:\/\/www.facebook.com\/observatorio.democracia.representacao.politica\",\"https:\/\/x.com\/Observatorioda4\",\"https:\/\/www.instagram.com\/observatoriodrp\/\"]}]}<\/script>\n<!-- \/ Yoast SEO plugin. -->","yoast_head_json":{"title":"What\u2019s democratic about innovations? Democratic innovations seen from below | Observat\u00f3rio da Democracia e da Representa\u00e7\u00e3o Pol\u00edtica","description":"What's democratic about innovations? Democratic innovations seen from below | Observat\u00f3rio da Democracia CIES - Iscte","robots":{"index":"index","follow":"follow","max-snippet":"max-snippet:-1","max-image-preview":"max-image-preview:large","max-video-preview":"max-video-preview:-1"},"canonical":"https:\/\/observatorio-democracia.pt\/en\/events\/whats-democratic-about-innovations-democratic-innovations-seen-from-below\/","og_locale":"en_US","og_type":"article","og_title":"What\u2019s democratic about innovations? Democratic innovations seen from below | Observat\u00f3rio da Democracia e da Representa\u00e7\u00e3o Pol\u00edtica","og_description":"What's democratic about innovations? Democratic innovations seen from below | Observat\u00f3rio da Democracia CIES - Iscte","og_url":"https:\/\/observatorio-democracia.pt\/en\/events\/whats-democratic-about-innovations-democratic-innovations-seen-from-below\/","og_site_name":"Observat\u00f3rio da Democracia e da Representa\u00e7\u00e3o Pol\u00edtica","article_publisher":"https:\/\/www.facebook.com\/observatorio.democracia.representacao.politica","article_modified_time":"2024-05-08T15:46:03+00:00","og_image":[{"width":3841,"height":2160,"url":"https:\/\/observatorio-democracia.pt\/wp-content\/uploads\/2024\/05\/MSociais_2024_05.png","type":"image\/png"}],"twitter_card":"summary_large_image","twitter_site":"@Observatorioda4","twitter_misc":{"Est. reading time":"1 minute"},"schema":{"@context":"https:\/\/schema.org","@graph":[{"@type":"WebPage","@id":"https:\/\/observatorio-democracia.pt\/en\/events\/whats-democratic-about-innovations-democratic-innovations-seen-from-below\/","url":"https:\/\/observatorio-democracia.pt\/en\/events\/whats-democratic-about-innovations-democratic-innovations-seen-from-below\/","name":"What\u2019s democratic about innovations? Democratic innovations seen from below | Observat\u00f3rio da Democracia e da Representa\u00e7\u00e3o Pol\u00edtica","isPartOf":{"@id":"https:\/\/observatorio-democracia.pt\/en\/#website"},"primaryImageOfPage":{"@id":"https:\/\/observatorio-democracia.pt\/en\/events\/whats-democratic-about-innovations-democratic-innovations-seen-from-below\/#primaryimage"},"image":{"@id":"https:\/\/observatorio-democracia.pt\/en\/events\/whats-democratic-about-innovations-democratic-innovations-seen-from-below\/#primaryimage"},"thumbnailUrl":"https:\/\/observatorio-democracia.pt\/wp-content\/uploads\/2024\/05\/MSociais_2024_05.png","datePublished":"2024-05-08T15:32:52+00:00","dateModified":"2024-05-08T15:46:03+00:00","description":"What's democratic about innovations? Democratic innovations seen from below | Observat\u00f3rio da Democracia CIES - Iscte","breadcrumb":{"@id":"https:\/\/observatorio-democracia.pt\/en\/events\/whats-democratic-about-innovations-democratic-innovations-seen-from-below\/#breadcrumb"},"inLanguage":"en-US","potentialAction":[{"@type":"ReadAction","target":["https:\/\/observatorio-democracia.pt\/en\/events\/whats-democratic-about-innovations-democratic-innovations-seen-from-below\/"]}]},{"@type":"ImageObject","inLanguage":"en-US","@id":"https:\/\/observatorio-democracia.pt\/en\/events\/whats-democratic-about-innovations-democratic-innovations-seen-from-below\/#primaryimage","url":"https:\/\/observatorio-democracia.pt\/wp-content\/uploads\/2024\/05\/MSociais_2024_05.png","contentUrl":"https:\/\/observatorio-democracia.pt\/wp-content\/uploads\/2024\/05\/MSociais_2024_05.png","width":3841,"height":2160},{"@type":"BreadcrumbList","@id":"https:\/\/observatorio-democracia.pt\/en\/events\/whats-democratic-about-innovations-democratic-innovations-seen-from-below\/#breadcrumb","itemListElement":[{"@type":"ListItem","position":1,"name":"In\u00edcio","item":"https:\/\/observatorio-democracia.pt\/en\/"},{"@type":"ListItem","position":2,"name":"Events","item":"https:\/\/observatorio-democracia.pt\/en\/events\/"},{"@type":"ListItem","position":3,"name":"What\u2019s democratic about innovations? Democratic innovations seen from below"}]},{"@type":"WebSite","@id":"https:\/\/observatorio-democracia.pt\/en\/#website","url":"https:\/\/observatorio-democracia.pt\/en\/","name":"Observat\u00f3rio da Democracia e da Representa\u00e7\u00e3o Pol\u00edtica","description":"Um bem para a Cidadania","publisher":{"@id":"https:\/\/observatorio-democracia.pt\/en\/#organization"},"potentialAction":[{"@type":"SearchAction","target":{"@type":"EntryPoint","urlTemplate":"https:\/\/observatorio-democracia.pt\/en\/?s={search_term_string}"},"query-input":{"@type":"PropertyValueSpecification","valueRequired":true,"valueName":"search_term_string"}}],"inLanguage":"en-US"},{"@type":"Organization","@id":"https:\/\/observatorio-democracia.pt\/en\/#organization","name":"Observat\u00f3rio da Democracia e da Representa\u00e7\u00e3o Pol\u00edtica","url":"https:\/\/observatorio-democracia.pt\/en\/","logo":{"@type":"ImageObject","inLanguage":"en-US","@id":"https:\/\/observatorio-democracia.pt\/en\/#\/schema\/logo\/image\/","url":"https:\/\/observatorio-democracia.pt\/wp-content\/uploads\/2022\/04\/logo-observatorio-democracia-forms.jpg","contentUrl":"https:\/\/observatorio-democracia.pt\/wp-content\/uploads\/2022\/04\/logo-observatorio-democracia-forms.jpg","width":400,"height":98,"caption":"Observat\u00f3rio da Democracia e da Representa\u00e7\u00e3o Pol\u00edtica"},"image":{"@id":"https:\/\/observatorio-democracia.pt\/en\/#\/schema\/logo\/image\/"},"sameAs":["https:\/\/www.facebook.com\/observatorio.democracia.representacao.politica","https:\/\/x.com\/Observatorioda4","https:\/\/www.instagram.com\/observatoriodrp\/"]}]}},"_links":{"self":[{"href":"https:\/\/observatorio-democracia.pt\/en\/wp-json\/wp\/v2\/mec-events\/54155","targetHints":{"allow":["GET"]}}],"collection":[{"href":"https:\/\/observatorio-democracia.pt\/en\/wp-json\/wp\/v2\/mec-events"}],"about":[{"href":"https:\/\/observatorio-democracia.pt\/en\/wp-json\/wp\/v2\/types\/mec-events"}],"author":[{"embeddable":true,"href":"https:\/\/observatorio-democracia.pt\/en\/wp-json\/wp\/v2\/users\/2"}],"replies":[{"embeddable":true,"href":"https:\/\/observatorio-democracia.pt\/en\/wp-json\/wp\/v2\/comments?post=54155"}],"wp:featuredmedia":[{"embeddable":true,"href":"https:\/\/observatorio-democracia.pt\/en\/wp-json\/wp\/v2\/media\/54154"}],"wp:attachment":[{"href":"https:\/\/observatorio-democracia.pt\/en\/wp-json\/wp\/v2\/media?parent=54155"}],"wp:term":[{"taxonomy":"post_tag","embeddable":true,"href":"https:\/\/observatorio-democracia.pt\/en\/wp-json\/wp\/v2\/tags?post=54155"},{"taxonomy":"mec_category","embeddable":true,"href":"https:\/\/observatorio-democracia.pt\/en\/wp-json\/wp\/v2\/mec_category?post=54155"}],"curies":[{"name":"wp","href":"https:\/\/api.w.org\/{rel}","templated":true}]}}