{"id":53977,"date":"2024-02-19T18:03:06","date_gmt":"2024-02-19T18:03:06","guid":{"rendered":"https:\/\/observatorio-democracia.pt\/?post_type=mec-events&#038;p=53977"},"modified":"2024-02-20T20:54:54","modified_gmt":"2024-02-20T20:54:54","slug":"reclaiming-public-spaces-radical-alternatives-to-the-exclusionary-project-of-rightsizing-policies","status":"publish","type":"mec-events","link":"https:\/\/observatorio-democracia.pt\/en\/events\/reclaiming-public-spaces-radical-alternatives-to-the-exclusionary-project-of-rightsizing-policies\/","title":{"rendered":"Reclaiming Public Spaces: Radical Alternatives To The Exclusionary Project Of Rightsizing Policies"},"content":{"rendered":"<p>The Seminar on Social Movements and Political Action, which takes place on April 17 at 5pm, will have the theme &#8220;Reclaiming Public Spaces: Radical Alternatives To The Exclusionary Project Of Rightsizing Policies&#8221;. The event is organized by Guya Accornero (CIES-Iscte) and Tiago Carvalho (CIES-Iscte) and will have a hybrid format: in person at the Silva Leal Auditorium (Building 3 of Iscte &#8211; University Institute of Lisbon) and via ZOOM link.<br \/>\nThe event will feature the participation of Luisa Rossini (ICS-ULisboa), who will explore the theme based on the case of NewYorck Bethanien, an association of various groups working together to build a space for emancipatory projects, which originated from an occupation in 2005 in the city of Berlin.<br \/>\nOrganized by Guya Accornero and Tiago Carvalho, the Social Movements and Political Action Seminar takes place every month and promotes multidisciplinary reflection on issues related to social movements and different forms of political action, dialoguing different perspectives, methodologies and approaches.<\/p>\n<p>&nbsp;<\/p>\n<p><strong>Venue<\/strong><br \/>\nSilva Leal Auditorium &#8211; Building 3 of Iscte &#8211; University Institute of Lisbon<\/p>\n<p><strong>Link ZOOM<\/strong><br \/>\n<a href=\"https:\/\/videoconf-colibri.zoom.us\/meeting\/register\/tJAtdeCvrD0jGt3hOLoiqtv87wIXzz-4Puz7\">https:\/\/videoconf-colibri.zoom.us\/meeting\/register\/tJAtdeCvrD0jGt3hOLoiqtv87wIXzz-4Puz7<\/a><\/p>\n","protected":false},"excerpt":{"rendered":"<p>The Seminar on Social Movements and Political Action, which takes place on April 17 at 5pm, will have the theme &#8220;Reclaiming Public Spaces: Radical Alternatives To The Exclusionary Project Of Rightsizing Policies&#8221;<\/p>\n","protected":false},"author":2,"featured_media":53944,"comment_status":"closed","ping_status":"closed","template":"","tags":[],"mec_category":[],"class_list":["post-53977","mec-events","type-mec-events","status-publish","has-post-thumbnail","hentry","description-off"],"yoast_head":"<!-- This site is optimized with the Yoast SEO plugin v24.7 - https:\/\/yoast.com\/wordpress\/plugins\/seo\/ -->\n<title>Reclaiming Public Spaces: Radical Alternatives To The Exclusionary Project Of Rightsizing Policies | Observat\u00f3rio da Democracia e da Representa\u00e7\u00e3o Pol\u00edtica<\/title>\n<meta name=\"description\" content=\"The Seminar on Social Movements &quot;Reclaiming Public Spaces: Radical Alternatives To The Exclusionary Project Of Rightsizing Policies&quot;\" \/>\n<meta name=\"robots\" content=\"index, follow, max-snippet:-1, max-image-preview:large, max-video-preview:-1\" \/>\n<link rel=\"canonical\" href=\"https:\/\/observatorio-democracia.pt\/en\/events\/reclaiming-public-spaces-radical-alternatives-to-the-exclusionary-project-of-rightsizing-policies\/\" \/>\n<meta property=\"og:locale\" content=\"en_US\" \/>\n<meta property=\"og:type\" content=\"article\" \/>\n<meta property=\"og:title\" content=\"Reclaiming Public Spaces: Radical Alternatives To The Exclusionary Project Of Rightsizing Policies | Observat\u00f3rio da Democracia e da Representa\u00e7\u00e3o Pol\u00edtica\" \/>\n<meta property=\"og:description\" content=\"The Seminar on Social Movements &quot;Reclaiming Public Spaces: Radical Alternatives To The Exclusionary Project Of Rightsizing Policies&quot;\" \/>\n<meta property=\"og:url\" content=\"https:\/\/observatorio-democracia.pt\/en\/events\/reclaiming-public-spaces-radical-alternatives-to-the-exclusionary-project-of-rightsizing-policies\/\" \/>\n<meta property=\"og:site_name\" content=\"Observat\u00f3rio da Democracia e da Representa\u00e7\u00e3o Pol\u00edtica\" \/>\n<meta property=\"article:publisher\" content=\"https:\/\/www.facebook.com\/observatorio.democracia.representacao.politica\" \/>\n<meta property=\"article:modified_time\" content=\"2024-02-20T20:54:54+00:00\" \/>\n<meta property=\"og:image\" content=\"https:\/\/observatorio-democracia.pt\/wp-content\/uploads\/2024\/02\/MSociais_2024_04.png\" \/>\n\t<meta property=\"og:image:width\" content=\"1920\" \/>\n\t<meta property=\"og:image:height\" content=\"1080\" \/>\n\t<meta property=\"og:image:type\" content=\"image\/png\" \/>\n<meta name=\"twitter:card\" content=\"summary_large_image\" \/>\n<meta name=\"twitter:site\" content=\"@Observatorioda4\" \/>\n<meta name=\"twitter:label1\" content=\"Est. reading time\" \/>\n\t<meta name=\"twitter:data1\" content=\"1 minute\" \/>\n<script type=\"application\/ld+json\" class=\"yoast-schema-graph\">{\"@context\":\"https:\/\/schema.org\",\"@graph\":[{\"@type\":\"WebPage\",\"@id\":\"https:\/\/observatorio-democracia.pt\/en\/events\/reclaiming-public-spaces-radical-alternatives-to-the-exclusionary-project-of-rightsizing-policies\/\",\"url\":\"https:\/\/observatorio-democracia.pt\/en\/events\/reclaiming-public-spaces-radical-alternatives-to-the-exclusionary-project-of-rightsizing-policies\/\",\"name\":\"Reclaiming Public Spaces: Radical Alternatives To The Exclusionary Project Of Rightsizing Policies | Observat\u00f3rio da Democracia e da Representa\u00e7\u00e3o Pol\u00edtica\",\"isPartOf\":{\"@id\":\"https:\/\/observatorio-democracia.pt\/en\/#website\"},\"primaryImageOfPage\":{\"@id\":\"https:\/\/observatorio-democracia.pt\/en\/events\/reclaiming-public-spaces-radical-alternatives-to-the-exclusionary-project-of-rightsizing-policies\/#primaryimage\"},\"image\":{\"@id\":\"https:\/\/observatorio-democracia.pt\/en\/events\/reclaiming-public-spaces-radical-alternatives-to-the-exclusionary-project-of-rightsizing-policies\/#primaryimage\"},\"thumbnailUrl\":\"https:\/\/observatorio-democracia.pt\/wp-content\/uploads\/2024\/02\/MSociais_2024_04.png\",\"datePublished\":\"2024-02-19T18:03:06+00:00\",\"dateModified\":\"2024-02-20T20:54:54+00:00\",\"description\":\"The Seminar on Social Movements \\\"Reclaiming Public Spaces: Radical Alternatives To The Exclusionary Project Of Rightsizing Policies\\\"\",\"breadcrumb\":{\"@id\":\"https:\/\/observatorio-democracia.pt\/en\/events\/reclaiming-public-spaces-radical-alternatives-to-the-exclusionary-project-of-rightsizing-policies\/#breadcrumb\"},\"inLanguage\":\"en-US\",\"potentialAction\":[{\"@type\":\"ReadAction\",\"target\":[\"https:\/\/observatorio-democracia.pt\/en\/events\/reclaiming-public-spaces-radical-alternatives-to-the-exclusionary-project-of-rightsizing-policies\/\"]}]},{\"@type\":\"ImageObject\",\"inLanguage\":\"en-US\",\"@id\":\"https:\/\/observatorio-democracia.pt\/en\/events\/reclaiming-public-spaces-radical-alternatives-to-the-exclusionary-project-of-rightsizing-policies\/#primaryimage\",\"url\":\"https:\/\/observatorio-democracia.pt\/wp-content\/uploads\/2024\/02\/MSociais_2024_04.png\",\"contentUrl\":\"https:\/\/observatorio-democracia.pt\/wp-content\/uploads\/2024\/02\/MSociais_2024_04.png\",\"width\":1920,\"height\":1080},{\"@type\":\"BreadcrumbList\",\"@id\":\"https:\/\/observatorio-democracia.pt\/en\/events\/reclaiming-public-spaces-radical-alternatives-to-the-exclusionary-project-of-rightsizing-policies\/#breadcrumb\",\"itemListElement\":[{\"@type\":\"ListItem\",\"position\":1,\"name\":\"In\u00edcio\",\"item\":\"https:\/\/observatorio-democracia.pt\/en\/\"},{\"@type\":\"ListItem\",\"position\":2,\"name\":\"Events\",\"item\":\"https:\/\/observatorio-democracia.pt\/en\/events\/\"},{\"@type\":\"ListItem\",\"position\":3,\"name\":\"Reclaiming Public Spaces: Radical Alternatives To The Exclusionary Project Of Rightsizing Policies\"}]},{\"@type\":\"WebSite\",\"@id\":\"https:\/\/observatorio-democracia.pt\/en\/#website\",\"url\":\"https:\/\/observatorio-democracia.pt\/en\/\",\"name\":\"Observat\u00f3rio da Democracia e da Representa\u00e7\u00e3o Pol\u00edtica\",\"description\":\"Um bem para a Cidadania\",\"publisher\":{\"@id\":\"https:\/\/observatorio-democracia.pt\/en\/#organization\"},\"potentialAction\":[{\"@type\":\"SearchAction\",\"target\":{\"@type\":\"EntryPoint\",\"urlTemplate\":\"https:\/\/observatorio-democracia.pt\/en\/?s={search_term_string}\"},\"query-input\":{\"@type\":\"PropertyValueSpecification\",\"valueRequired\":true,\"valueName\":\"search_term_string\"}}],\"inLanguage\":\"en-US\"},{\"@type\":\"Organization\",\"@id\":\"https:\/\/observatorio-democracia.pt\/en\/#organization\",\"name\":\"Observat\u00f3rio da Democracia e da Representa\u00e7\u00e3o Pol\u00edtica\",\"url\":\"https:\/\/observatorio-democracia.pt\/en\/\",\"logo\":{\"@type\":\"ImageObject\",\"inLanguage\":\"en-US\",\"@id\":\"https:\/\/observatorio-democracia.pt\/en\/#\/schema\/logo\/image\/\",\"url\":\"https:\/\/observatorio-democracia.pt\/wp-content\/uploads\/2022\/04\/logo-observatorio-democracia-forms.jpg\",\"contentUrl\":\"https:\/\/observatorio-democracia.pt\/wp-content\/uploads\/2022\/04\/logo-observatorio-democracia-forms.jpg\",\"width\":400,\"height\":98,\"caption\":\"Observat\u00f3rio da Democracia e da Representa\u00e7\u00e3o Pol\u00edtica\"},\"image\":{\"@id\":\"https:\/\/observatorio-democracia.pt\/en\/#\/schema\/logo\/image\/\"},\"sameAs\":[\"https:\/\/www.facebook.com\/observatorio.democracia.representacao.politica\",\"https:\/\/x.com\/Observatorioda4\",\"https:\/\/www.instagram.com\/observatoriodrp\/\"]}]}<\/script>\n<!-- \/ Yoast SEO plugin. -->","yoast_head_json":{"title":"Reclaiming Public Spaces: Radical Alternatives To The Exclusionary Project Of Rightsizing Policies | Observat\u00f3rio da Democracia e da Representa\u00e7\u00e3o Pol\u00edtica","description":"The Seminar on Social Movements \"Reclaiming Public Spaces: Radical Alternatives To The Exclusionary Project Of Rightsizing Policies\"","robots":{"index":"index","follow":"follow","max-snippet":"max-snippet:-1","max-image-preview":"max-image-preview:large","max-video-preview":"max-video-preview:-1"},"canonical":"https:\/\/observatorio-democracia.pt\/en\/events\/reclaiming-public-spaces-radical-alternatives-to-the-exclusionary-project-of-rightsizing-policies\/","og_locale":"en_US","og_type":"article","og_title":"Reclaiming Public Spaces: Radical Alternatives To The Exclusionary Project Of Rightsizing Policies | Observat\u00f3rio da Democracia e da Representa\u00e7\u00e3o Pol\u00edtica","og_description":"The Seminar on Social Movements \"Reclaiming Public Spaces: Radical Alternatives To The Exclusionary Project Of Rightsizing Policies\"","og_url":"https:\/\/observatorio-democracia.pt\/en\/events\/reclaiming-public-spaces-radical-alternatives-to-the-exclusionary-project-of-rightsizing-policies\/","og_site_name":"Observat\u00f3rio da Democracia e da Representa\u00e7\u00e3o Pol\u00edtica","article_publisher":"https:\/\/www.facebook.com\/observatorio.democracia.representacao.politica","article_modified_time":"2024-02-20T20:54:54+00:00","og_image":[{"width":1920,"height":1080,"url":"https:\/\/observatorio-democracia.pt\/wp-content\/uploads\/2024\/02\/MSociais_2024_04.png","type":"image\/png"}],"twitter_card":"summary_large_image","twitter_site":"@Observatorioda4","twitter_misc":{"Est. reading time":"1 minute"},"schema":{"@context":"https:\/\/schema.org","@graph":[{"@type":"WebPage","@id":"https:\/\/observatorio-democracia.pt\/en\/events\/reclaiming-public-spaces-radical-alternatives-to-the-exclusionary-project-of-rightsizing-policies\/","url":"https:\/\/observatorio-democracia.pt\/en\/events\/reclaiming-public-spaces-radical-alternatives-to-the-exclusionary-project-of-rightsizing-policies\/","name":"Reclaiming Public Spaces: Radical Alternatives To The Exclusionary Project Of Rightsizing Policies | Observat\u00f3rio da Democracia e da Representa\u00e7\u00e3o Pol\u00edtica","isPartOf":{"@id":"https:\/\/observatorio-democracia.pt\/en\/#website"},"primaryImageOfPage":{"@id":"https:\/\/observatorio-democracia.pt\/en\/events\/reclaiming-public-spaces-radical-alternatives-to-the-exclusionary-project-of-rightsizing-policies\/#primaryimage"},"image":{"@id":"https:\/\/observatorio-democracia.pt\/en\/events\/reclaiming-public-spaces-radical-alternatives-to-the-exclusionary-project-of-rightsizing-policies\/#primaryimage"},"thumbnailUrl":"https:\/\/observatorio-democracia.pt\/wp-content\/uploads\/2024\/02\/MSociais_2024_04.png","datePublished":"2024-02-19T18:03:06+00:00","dateModified":"2024-02-20T20:54:54+00:00","description":"The Seminar on Social Movements \"Reclaiming Public Spaces: Radical Alternatives To The Exclusionary Project Of Rightsizing Policies\"","breadcrumb":{"@id":"https:\/\/observatorio-democracia.pt\/en\/events\/reclaiming-public-spaces-radical-alternatives-to-the-exclusionary-project-of-rightsizing-policies\/#breadcrumb"},"inLanguage":"en-US","potentialAction":[{"@type":"ReadAction","target":["https:\/\/observatorio-democracia.pt\/en\/events\/reclaiming-public-spaces-radical-alternatives-to-the-exclusionary-project-of-rightsizing-policies\/"]}]},{"@type":"ImageObject","inLanguage":"en-US","@id":"https:\/\/observatorio-democracia.pt\/en\/events\/reclaiming-public-spaces-radical-alternatives-to-the-exclusionary-project-of-rightsizing-policies\/#primaryimage","url":"https:\/\/observatorio-democracia.pt\/wp-content\/uploads\/2024\/02\/MSociais_2024_04.png","contentUrl":"https:\/\/observatorio-democracia.pt\/wp-content\/uploads\/2024\/02\/MSociais_2024_04.png","width":1920,"height":1080},{"@type":"BreadcrumbList","@id":"https:\/\/observatorio-democracia.pt\/en\/events\/reclaiming-public-spaces-radical-alternatives-to-the-exclusionary-project-of-rightsizing-policies\/#breadcrumb","itemListElement":[{"@type":"ListItem","position":1,"name":"In\u00edcio","item":"https:\/\/observatorio-democracia.pt\/en\/"},{"@type":"ListItem","position":2,"name":"Events","item":"https:\/\/observatorio-democracia.pt\/en\/events\/"},{"@type":"ListItem","position":3,"name":"Reclaiming Public Spaces: Radical Alternatives To The Exclusionary Project Of Rightsizing Policies"}]},{"@type":"WebSite","@id":"https:\/\/observatorio-democracia.pt\/en\/#website","url":"https:\/\/observatorio-democracia.pt\/en\/","name":"Observat\u00f3rio da Democracia e da Representa\u00e7\u00e3o Pol\u00edtica","description":"Um bem para a Cidadania","publisher":{"@id":"https:\/\/observatorio-democracia.pt\/en\/#organization"},"potentialAction":[{"@type":"SearchAction","target":{"@type":"EntryPoint","urlTemplate":"https:\/\/observatorio-democracia.pt\/en\/?s={search_term_string}"},"query-input":{"@type":"PropertyValueSpecification","valueRequired":true,"valueName":"search_term_string"}}],"inLanguage":"en-US"},{"@type":"Organization","@id":"https:\/\/observatorio-democracia.pt\/en\/#organization","name":"Observat\u00f3rio da Democracia e da Representa\u00e7\u00e3o Pol\u00edtica","url":"https:\/\/observatorio-democracia.pt\/en\/","logo":{"@type":"ImageObject","inLanguage":"en-US","@id":"https:\/\/observatorio-democracia.pt\/en\/#\/schema\/logo\/image\/","url":"https:\/\/observatorio-democracia.pt\/wp-content\/uploads\/2022\/04\/logo-observatorio-democracia-forms.jpg","contentUrl":"https:\/\/observatorio-democracia.pt\/wp-content\/uploads\/2022\/04\/logo-observatorio-democracia-forms.jpg","width":400,"height":98,"caption":"Observat\u00f3rio da Democracia e da Representa\u00e7\u00e3o Pol\u00edtica"},"image":{"@id":"https:\/\/observatorio-democracia.pt\/en\/#\/schema\/logo\/image\/"},"sameAs":["https:\/\/www.facebook.com\/observatorio.democracia.representacao.politica","https:\/\/x.com\/Observatorioda4","https:\/\/www.instagram.com\/observatoriodrp\/"]}]}},"_links":{"self":[{"href":"https:\/\/observatorio-democracia.pt\/en\/wp-json\/wp\/v2\/mec-events\/53977","targetHints":{"allow":["GET"]}}],"collection":[{"href":"https:\/\/observatorio-democracia.pt\/en\/wp-json\/wp\/v2\/mec-events"}],"about":[{"href":"https:\/\/observatorio-democracia.pt\/en\/wp-json\/wp\/v2\/types\/mec-events"}],"author":[{"embeddable":true,"href":"https:\/\/observatorio-democracia.pt\/en\/wp-json\/wp\/v2\/users\/2"}],"replies":[{"embeddable":true,"href":"https:\/\/observatorio-democracia.pt\/en\/wp-json\/wp\/v2\/comments?post=53977"}],"wp:featuredmedia":[{"embeddable":true,"href":"https:\/\/observatorio-democracia.pt\/en\/wp-json\/wp\/v2\/media\/53944"}],"wp:attachment":[{"href":"https:\/\/observatorio-democracia.pt\/en\/wp-json\/wp\/v2\/media?parent=53977"}],"wp:term":[{"taxonomy":"post_tag","embeddable":true,"href":"https:\/\/observatorio-democracia.pt\/en\/wp-json\/wp\/v2\/tags?post=53977"},{"taxonomy":"mec_category","embeddable":true,"href":"https:\/\/observatorio-democracia.pt\/en\/wp-json\/wp\/v2\/mec_category?post=53977"}],"curies":[{"name":"wp","href":"https:\/\/api.w.org\/{rel}","templated":true}]}}