{"id":53976,"date":"2024-02-19T19:07:49","date_gmt":"2024-02-19T19:07:49","guid":{"rendered":"https:\/\/observatorio-democracia.pt\/?post_type=mec-events&#038;p=53976"},"modified":"2024-02-20T19:59:48","modified_gmt":"2024-02-20T19:59:48","slug":"pop-art-mass-culture-and-the-appropriation-of-the-media-character-of-politics-in-the-usa","status":"publish","type":"mec-events","link":"https:\/\/observatorio-democracia.pt\/en\/events\/pop-art-mass-culture-and-the-appropriation-of-the-media-character-of-politics-in-the-usa\/","title":{"rendered":"Pop Art, mass culture and the appropriation of the media character of politics in the USA"},"content":{"rendered":"<p>&#8220;Pop Art, mass culture and the appropriation of the media character of politics in the USA&#8221; is the theme of the debate held by the PhD in Political Science, specializing in international relations, at Iscte &#8211; Instituto Universit\u00e1rio de Lisboa, on Monday, February 19, 2023, at 6pm.<\/p>\n<p>With the participation of Isabel Nogueira, visiting assistant professor at FBAUL and integrated researcher at CIEBA\/FBAUL, and moderation by Andr\u00e9 Freire, full professor of Political Science at Iscte and integrated researcher at CIES &#8211; Iscte, the event is organized by CIES-Iscte in partnership with CEI-Iscte and the Observatory of Democracy and Political Representation.<\/p>\n<p>Isabel Nogueira, as well as being a professor and researcher at FBAUL, is a writer, historian and critic of contemporary art.<\/p>\n<p>&nbsp;<\/p>\n<p><strong>Date and time:<\/strong><\/p>\n<p>Monday, February 19, 2024, at 6 p.m.<\/p>\n<p>&nbsp;<\/p>\n<p><strong>Venue:<\/strong><\/p>\n<p>Auditorium B2.03 &#8211; Ferreira de Almeida &#8211; Building 2 (ISCTE-IUL)<\/p>\n","protected":false},"excerpt":{"rendered":"<p>&#8220;Pop Art, mass culture and the appropriation of the media character of politics in the USA&#8221; is the theme of the debate held by the PhD in Political Science, specializing in international relations, at Iscte &#8211; Instituto Universit\u00e1rio de Lisboa, on Monday, February 19, 2023, at 6pm.<\/p>\n","protected":false},"author":2,"featured_media":53948,"comment_status":"closed","ping_status":"closed","template":"","tags":[],"mec_category":[],"class_list":["post-53976","mec-events","type-mec-events","status-publish","has-post-thumbnail","hentry","description-off"],"yoast_head":"<!-- This site is optimized with the Yoast SEO plugin v24.7 - https:\/\/yoast.com\/wordpress\/plugins\/seo\/ -->\n<title>Pop Art, mass culture and the appropriation of the media character of politics in the USA | Observat\u00f3rio da Democracia e da Representa\u00e7\u00e3o Pol\u00edtica<\/title>\n<meta name=\"description\" content=\"&quot;Pop Art, mass culture and the appropriation of the media character of politics in the USA&quot; is the theme of the debate\" \/>\n<meta name=\"robots\" content=\"index, follow, max-snippet:-1, max-image-preview:large, max-video-preview:-1\" \/>\n<link rel=\"canonical\" href=\"https:\/\/observatorio-democracia.pt\/en\/events\/pop-art-mass-culture-and-the-appropriation-of-the-media-character-of-politics-in-the-usa\/\" \/>\n<meta property=\"og:locale\" content=\"en_US\" \/>\n<meta property=\"og:type\" content=\"article\" \/>\n<meta property=\"og:title\" content=\"Pop Art, mass culture and the appropriation of the media character of politics in the USA | Observat\u00f3rio da Democracia e da Representa\u00e7\u00e3o Pol\u00edtica\" \/>\n<meta property=\"og:description\" content=\"&quot;Pop Art, mass culture and the appropriation of the media character of politics in the USA&quot; is the theme of the debate\" \/>\n<meta property=\"og:url\" content=\"https:\/\/observatorio-democracia.pt\/en\/events\/pop-art-mass-culture-and-the-appropriation-of-the-media-character-of-politics-in-the-usa\/\" \/>\n<meta property=\"og:site_name\" content=\"Observat\u00f3rio da Democracia e da Representa\u00e7\u00e3o Pol\u00edtica\" \/>\n<meta property=\"article:publisher\" content=\"https:\/\/www.facebook.com\/observatorio.democracia.representacao.politica\" \/>\n<meta property=\"article:modified_time\" content=\"2024-02-20T19:59:48+00:00\" \/>\n<meta property=\"og:image\" content=\"https:\/\/observatorio-democracia.pt\/wp-content\/uploads\/2024\/02\/ConfDCP_19fev2024.png\" \/>\n\t<meta property=\"og:image:width\" content=\"842\" \/>\n\t<meta property=\"og:image:height\" content=\"1191\" \/>\n\t<meta property=\"og:image:type\" content=\"image\/png\" \/>\n<meta name=\"twitter:card\" content=\"summary_large_image\" \/>\n<meta name=\"twitter:site\" content=\"@Observatorioda4\" \/>\n<meta name=\"twitter:label1\" content=\"Est. reading time\" \/>\n\t<meta name=\"twitter:data1\" content=\"1 minute\" \/>\n<script type=\"application\/ld+json\" class=\"yoast-schema-graph\">{\"@context\":\"https:\/\/schema.org\",\"@graph\":[{\"@type\":\"WebPage\",\"@id\":\"https:\/\/observatorio-democracia.pt\/en\/events\/pop-art-mass-culture-and-the-appropriation-of-the-media-character-of-politics-in-the-usa\/\",\"url\":\"https:\/\/observatorio-democracia.pt\/en\/events\/pop-art-mass-culture-and-the-appropriation-of-the-media-character-of-politics-in-the-usa\/\",\"name\":\"Pop Art, mass culture and the appropriation of the media character of politics in the USA | Observat\u00f3rio da Democracia e da Representa\u00e7\u00e3o Pol\u00edtica\",\"isPartOf\":{\"@id\":\"https:\/\/observatorio-democracia.pt\/en\/#website\"},\"primaryImageOfPage\":{\"@id\":\"https:\/\/observatorio-democracia.pt\/en\/events\/pop-art-mass-culture-and-the-appropriation-of-the-media-character-of-politics-in-the-usa\/#primaryimage\"},\"image\":{\"@id\":\"https:\/\/observatorio-democracia.pt\/en\/events\/pop-art-mass-culture-and-the-appropriation-of-the-media-character-of-politics-in-the-usa\/#primaryimage\"},\"thumbnailUrl\":\"https:\/\/observatorio-democracia.pt\/wp-content\/uploads\/2024\/02\/ConfDCP_19fev2024.png\",\"datePublished\":\"2024-02-19T19:07:49+00:00\",\"dateModified\":\"2024-02-20T19:59:48+00:00\",\"description\":\"\\\"Pop Art, mass culture and the appropriation of the media character of politics in the USA\\\" is the theme of the debate\",\"breadcrumb\":{\"@id\":\"https:\/\/observatorio-democracia.pt\/en\/events\/pop-art-mass-culture-and-the-appropriation-of-the-media-character-of-politics-in-the-usa\/#breadcrumb\"},\"inLanguage\":\"en-US\",\"potentialAction\":[{\"@type\":\"ReadAction\",\"target\":[\"https:\/\/observatorio-democracia.pt\/en\/events\/pop-art-mass-culture-and-the-appropriation-of-the-media-character-of-politics-in-the-usa\/\"]}]},{\"@type\":\"ImageObject\",\"inLanguage\":\"en-US\",\"@id\":\"https:\/\/observatorio-democracia.pt\/en\/events\/pop-art-mass-culture-and-the-appropriation-of-the-media-character-of-politics-in-the-usa\/#primaryimage\",\"url\":\"https:\/\/observatorio-democracia.pt\/wp-content\/uploads\/2024\/02\/ConfDCP_19fev2024.png\",\"contentUrl\":\"https:\/\/observatorio-democracia.pt\/wp-content\/uploads\/2024\/02\/ConfDCP_19fev2024.png\",\"width\":842,\"height\":1191},{\"@type\":\"BreadcrumbList\",\"@id\":\"https:\/\/observatorio-democracia.pt\/en\/events\/pop-art-mass-culture-and-the-appropriation-of-the-media-character-of-politics-in-the-usa\/#breadcrumb\",\"itemListElement\":[{\"@type\":\"ListItem\",\"position\":1,\"name\":\"In\u00edcio\",\"item\":\"https:\/\/observatorio-democracia.pt\/en\/\"},{\"@type\":\"ListItem\",\"position\":2,\"name\":\"Events\",\"item\":\"https:\/\/observatorio-democracia.pt\/en\/events\/\"},{\"@type\":\"ListItem\",\"position\":3,\"name\":\"Pop Art, mass culture and the appropriation of the media character of politics in the USA\"}]},{\"@type\":\"WebSite\",\"@id\":\"https:\/\/observatorio-democracia.pt\/en\/#website\",\"url\":\"https:\/\/observatorio-democracia.pt\/en\/\",\"name\":\"Observat\u00f3rio da Democracia e da Representa\u00e7\u00e3o Pol\u00edtica\",\"description\":\"Um bem para a Cidadania\",\"publisher\":{\"@id\":\"https:\/\/observatorio-democracia.pt\/en\/#organization\"},\"potentialAction\":[{\"@type\":\"SearchAction\",\"target\":{\"@type\":\"EntryPoint\",\"urlTemplate\":\"https:\/\/observatorio-democracia.pt\/en\/?s={search_term_string}\"},\"query-input\":{\"@type\":\"PropertyValueSpecification\",\"valueRequired\":true,\"valueName\":\"search_term_string\"}}],\"inLanguage\":\"en-US\"},{\"@type\":\"Organization\",\"@id\":\"https:\/\/observatorio-democracia.pt\/en\/#organization\",\"name\":\"Observat\u00f3rio da Democracia e da Representa\u00e7\u00e3o Pol\u00edtica\",\"url\":\"https:\/\/observatorio-democracia.pt\/en\/\",\"logo\":{\"@type\":\"ImageObject\",\"inLanguage\":\"en-US\",\"@id\":\"https:\/\/observatorio-democracia.pt\/en\/#\/schema\/logo\/image\/\",\"url\":\"https:\/\/observatorio-democracia.pt\/wp-content\/uploads\/2022\/04\/logo-observatorio-democracia-forms.jpg\",\"contentUrl\":\"https:\/\/observatorio-democracia.pt\/wp-content\/uploads\/2022\/04\/logo-observatorio-democracia-forms.jpg\",\"width\":400,\"height\":98,\"caption\":\"Observat\u00f3rio da Democracia e da Representa\u00e7\u00e3o Pol\u00edtica\"},\"image\":{\"@id\":\"https:\/\/observatorio-democracia.pt\/en\/#\/schema\/logo\/image\/\"},\"sameAs\":[\"https:\/\/www.facebook.com\/observatorio.democracia.representacao.politica\",\"https:\/\/x.com\/Observatorioda4\",\"https:\/\/www.instagram.com\/observatoriodrp\/\"]}]}<\/script>\n<!-- \/ Yoast SEO plugin. -->","yoast_head_json":{"title":"Pop Art, mass culture and the appropriation of the media character of politics in the USA | Observat\u00f3rio da Democracia e da Representa\u00e7\u00e3o Pol\u00edtica","description":"\"Pop Art, mass culture and the appropriation of the media character of politics in the USA\" is the theme of the debate","robots":{"index":"index","follow":"follow","max-snippet":"max-snippet:-1","max-image-preview":"max-image-preview:large","max-video-preview":"max-video-preview:-1"},"canonical":"https:\/\/observatorio-democracia.pt\/en\/events\/pop-art-mass-culture-and-the-appropriation-of-the-media-character-of-politics-in-the-usa\/","og_locale":"en_US","og_type":"article","og_title":"Pop Art, mass culture and the appropriation of the media character of politics in the USA | Observat\u00f3rio da Democracia e da Representa\u00e7\u00e3o Pol\u00edtica","og_description":"\"Pop Art, mass culture and the appropriation of the media character of politics in the USA\" is the theme of the debate","og_url":"https:\/\/observatorio-democracia.pt\/en\/events\/pop-art-mass-culture-and-the-appropriation-of-the-media-character-of-politics-in-the-usa\/","og_site_name":"Observat\u00f3rio da Democracia e da Representa\u00e7\u00e3o Pol\u00edtica","article_publisher":"https:\/\/www.facebook.com\/observatorio.democracia.representacao.politica","article_modified_time":"2024-02-20T19:59:48+00:00","og_image":[{"width":842,"height":1191,"url":"https:\/\/observatorio-democracia.pt\/wp-content\/uploads\/2024\/02\/ConfDCP_19fev2024.png","type":"image\/png"}],"twitter_card":"summary_large_image","twitter_site":"@Observatorioda4","twitter_misc":{"Est. reading time":"1 minute"},"schema":{"@context":"https:\/\/schema.org","@graph":[{"@type":"WebPage","@id":"https:\/\/observatorio-democracia.pt\/en\/events\/pop-art-mass-culture-and-the-appropriation-of-the-media-character-of-politics-in-the-usa\/","url":"https:\/\/observatorio-democracia.pt\/en\/events\/pop-art-mass-culture-and-the-appropriation-of-the-media-character-of-politics-in-the-usa\/","name":"Pop Art, mass culture and the appropriation of the media character of politics in the USA | Observat\u00f3rio da Democracia e da Representa\u00e7\u00e3o Pol\u00edtica","isPartOf":{"@id":"https:\/\/observatorio-democracia.pt\/en\/#website"},"primaryImageOfPage":{"@id":"https:\/\/observatorio-democracia.pt\/en\/events\/pop-art-mass-culture-and-the-appropriation-of-the-media-character-of-politics-in-the-usa\/#primaryimage"},"image":{"@id":"https:\/\/observatorio-democracia.pt\/en\/events\/pop-art-mass-culture-and-the-appropriation-of-the-media-character-of-politics-in-the-usa\/#primaryimage"},"thumbnailUrl":"https:\/\/observatorio-democracia.pt\/wp-content\/uploads\/2024\/02\/ConfDCP_19fev2024.png","datePublished":"2024-02-19T19:07:49+00:00","dateModified":"2024-02-20T19:59:48+00:00","description":"\"Pop Art, mass culture and the appropriation of the media character of politics in the USA\" is the theme of the debate","breadcrumb":{"@id":"https:\/\/observatorio-democracia.pt\/en\/events\/pop-art-mass-culture-and-the-appropriation-of-the-media-character-of-politics-in-the-usa\/#breadcrumb"},"inLanguage":"en-US","potentialAction":[{"@type":"ReadAction","target":["https:\/\/observatorio-democracia.pt\/en\/events\/pop-art-mass-culture-and-the-appropriation-of-the-media-character-of-politics-in-the-usa\/"]}]},{"@type":"ImageObject","inLanguage":"en-US","@id":"https:\/\/observatorio-democracia.pt\/en\/events\/pop-art-mass-culture-and-the-appropriation-of-the-media-character-of-politics-in-the-usa\/#primaryimage","url":"https:\/\/observatorio-democracia.pt\/wp-content\/uploads\/2024\/02\/ConfDCP_19fev2024.png","contentUrl":"https:\/\/observatorio-democracia.pt\/wp-content\/uploads\/2024\/02\/ConfDCP_19fev2024.png","width":842,"height":1191},{"@type":"BreadcrumbList","@id":"https:\/\/observatorio-democracia.pt\/en\/events\/pop-art-mass-culture-and-the-appropriation-of-the-media-character-of-politics-in-the-usa\/#breadcrumb","itemListElement":[{"@type":"ListItem","position":1,"name":"In\u00edcio","item":"https:\/\/observatorio-democracia.pt\/en\/"},{"@type":"ListItem","position":2,"name":"Events","item":"https:\/\/observatorio-democracia.pt\/en\/events\/"},{"@type":"ListItem","position":3,"name":"Pop Art, mass culture and the appropriation of the media character of politics in the USA"}]},{"@type":"WebSite","@id":"https:\/\/observatorio-democracia.pt\/en\/#website","url":"https:\/\/observatorio-democracia.pt\/en\/","name":"Observat\u00f3rio da Democracia e da Representa\u00e7\u00e3o Pol\u00edtica","description":"Um bem para a Cidadania","publisher":{"@id":"https:\/\/observatorio-democracia.pt\/en\/#organization"},"potentialAction":[{"@type":"SearchAction","target":{"@type":"EntryPoint","urlTemplate":"https:\/\/observatorio-democracia.pt\/en\/?s={search_term_string}"},"query-input":{"@type":"PropertyValueSpecification","valueRequired":true,"valueName":"search_term_string"}}],"inLanguage":"en-US"},{"@type":"Organization","@id":"https:\/\/observatorio-democracia.pt\/en\/#organization","name":"Observat\u00f3rio da Democracia e da Representa\u00e7\u00e3o Pol\u00edtica","url":"https:\/\/observatorio-democracia.pt\/en\/","logo":{"@type":"ImageObject","inLanguage":"en-US","@id":"https:\/\/observatorio-democracia.pt\/en\/#\/schema\/logo\/image\/","url":"https:\/\/observatorio-democracia.pt\/wp-content\/uploads\/2022\/04\/logo-observatorio-democracia-forms.jpg","contentUrl":"https:\/\/observatorio-democracia.pt\/wp-content\/uploads\/2022\/04\/logo-observatorio-democracia-forms.jpg","width":400,"height":98,"caption":"Observat\u00f3rio da Democracia e da Representa\u00e7\u00e3o Pol\u00edtica"},"image":{"@id":"https:\/\/observatorio-democracia.pt\/en\/#\/schema\/logo\/image\/"},"sameAs":["https:\/\/www.facebook.com\/observatorio.democracia.representacao.politica","https:\/\/x.com\/Observatorioda4","https:\/\/www.instagram.com\/observatoriodrp\/"]}]}},"_links":{"self":[{"href":"https:\/\/observatorio-democracia.pt\/en\/wp-json\/wp\/v2\/mec-events\/53976","targetHints":{"allow":["GET"]}}],"collection":[{"href":"https:\/\/observatorio-democracia.pt\/en\/wp-json\/wp\/v2\/mec-events"}],"about":[{"href":"https:\/\/observatorio-democracia.pt\/en\/wp-json\/wp\/v2\/types\/mec-events"}],"author":[{"embeddable":true,"href":"https:\/\/observatorio-democracia.pt\/en\/wp-json\/wp\/v2\/users\/2"}],"replies":[{"embeddable":true,"href":"https:\/\/observatorio-democracia.pt\/en\/wp-json\/wp\/v2\/comments?post=53976"}],"wp:featuredmedia":[{"embeddable":true,"href":"https:\/\/observatorio-democracia.pt\/en\/wp-json\/wp\/v2\/media\/53948"}],"wp:attachment":[{"href":"https:\/\/observatorio-democracia.pt\/en\/wp-json\/wp\/v2\/media?parent=53976"}],"wp:term":[{"taxonomy":"post_tag","embeddable":true,"href":"https:\/\/observatorio-democracia.pt\/en\/wp-json\/wp\/v2\/tags?post=53976"},{"taxonomy":"mec_category","embeddable":true,"href":"https:\/\/observatorio-democracia.pt\/en\/wp-json\/wp\/v2\/mec_category?post=53976"}],"curies":[{"name":"wp","href":"https:\/\/api.w.org\/{rel}","templated":true}]}}