{"id":53810,"date":"2024-01-05T13:10:36","date_gmt":"2024-01-05T13:10:36","guid":{"rendered":"https:\/\/observatorio-democracia.pt\/?post_type=mec-events&#038;p=53810"},"modified":"2024-01-05T13:28:49","modified_gmt":"2024-01-05T13:28:49","slug":"ideological-polarization-among-federal-deputies-in-brazil","status":"publish","type":"mec-events","link":"https:\/\/observatorio-democracia.pt\/en\/events\/ideological-polarization-among-federal-deputies-in-brazil\/","title":{"rendered":"Ideological polarization among federal deputies in Brazil (2005-2021)"},"content":{"rendered":"<p>On Thursday (11\/01\/2024), at 2:30 p.m., in the Paquete Oliveira auditorium of Iscte &#8211; Instituto Universit\u00e1rio de Lisboa, the Observatory of Democracy and Political Representation will host Julian Borba, professor at the\u00a0 Universidade Federal de Santa Catarina (UFSC), for the conference &#8220;Ideological polarization among federal deputies in Brazil (2005-2021)&#8221;.<br \/>\nTaking as its empirical basis the Brazilian Legislative Survey (BLS) and the Latin American Elites project of the University of Salamanca (PELA-USAL), carried out with parliamentarians, the conference analyses the ideological polarization among Brazilian federal deputies in the period 2005-2021, presenting evidence that Brazilian parliamentarians have become more liberal on cultural issues and with more pro-market positions on economic issues, there is a greater differentiation between the parties, in relation to the location on the left\/right axis, as we move away from 2005, without, however, signifying a polarized party system, coming closer to a picture of more differentiated parties in a non-polarized system.<br \/>\nJulian Borba is a Full Professor in the Department of Sociology and Political Science and the Postgraduate Programme in Sociology and Political Science at the Federal University of Santa Catarina and coordinates the research project \u201cPolitical divides in Brazil\u201d (CNPq, IPEVESC Institute), being a visiting researcher at ISCTE between November 2023 and January 2024.<\/p>\n","protected":false},"excerpt":{"rendered":"<p>On Thursday (11\/01\/2024), at 2:30 p.m., in the Paquete Oliveira auditorium of Iscte &#8211; Instituto Universit\u00e1rio de Lisboa, the Observatory of Democracy and Political Representation will host Julian Borba, professor at the\u00a0 Universidade Federal de Santa Catarina (UFSC), for the conference &#8220;Ideological polarization among federal deputies in Brazil (2005-2021)&#8221;.<\/p>\n","protected":false},"author":2,"featured_media":53809,"comment_status":"closed","ping_status":"closed","template":"","tags":[],"mec_category":[],"class_list":["post-53810","mec-events","type-mec-events","status-publish","has-post-thumbnail","hentry","description-off"],"yoast_head":"<!-- This site is optimized with the Yoast SEO plugin v24.7 - https:\/\/yoast.com\/wordpress\/plugins\/seo\/ -->\n<title>Ideological polarization among federal deputies in Brazil (2005-2021) | Observat\u00f3rio da Democracia e da Representa\u00e7\u00e3o Pol\u00edtica<\/title>\n<meta name=\"description\" content=\"Thursday (11\/01\/2024), Julian Borba (UFSC - Brazil) at conference &quot;Ideological polarization among Federal Deputies in Brazil(2005-2021)&quot;\" \/>\n<meta name=\"robots\" content=\"index, follow, max-snippet:-1, max-image-preview:large, max-video-preview:-1\" \/>\n<link rel=\"canonical\" href=\"https:\/\/observatorio-democracia.pt\/en\/events\/ideological-polarization-among-federal-deputies-in-brazil\/\" \/>\n<meta property=\"og:locale\" content=\"en_US\" \/>\n<meta property=\"og:type\" content=\"article\" \/>\n<meta property=\"og:title\" content=\"Ideological polarization among federal deputies in Brazil (2005-2021) | Observat\u00f3rio da Democracia e da Representa\u00e7\u00e3o Pol\u00edtica\" \/>\n<meta property=\"og:description\" content=\"Thursday (11\/01\/2024), Julian Borba (UFSC - Brazil) at conference &quot;Ideological polarization among Federal Deputies in Brazil(2005-2021)&quot;\" \/>\n<meta property=\"og:url\" content=\"https:\/\/observatorio-democracia.pt\/en\/events\/ideological-polarization-among-federal-deputies-in-brazil\/\" \/>\n<meta property=\"og:site_name\" content=\"Observat\u00f3rio da Democracia e da Representa\u00e7\u00e3o Pol\u00edtica\" \/>\n<meta property=\"article:publisher\" content=\"https:\/\/www.facebook.com\/observatorio.democracia.representacao.politica\" \/>\n<meta property=\"article:modified_time\" content=\"2024-01-05T13:28:49+00:00\" \/>\n<meta property=\"og:image\" content=\"https:\/\/observatorio-democracia.pt\/wp-content\/uploads\/2024\/01\/Cartaz-Obs-Democracia_jan.png\" \/>\n\t<meta property=\"og:image:width\" content=\"1684\" \/>\n\t<meta property=\"og:image:height\" content=\"2382\" \/>\n\t<meta property=\"og:image:type\" content=\"image\/png\" \/>\n<meta name=\"twitter:card\" content=\"summary_large_image\" \/>\n<meta name=\"twitter:site\" content=\"@Observatorioda4\" \/>\n<meta name=\"twitter:label1\" content=\"Est. reading time\" \/>\n\t<meta name=\"twitter:data1\" content=\"2 minutes\" \/>\n<script type=\"application\/ld+json\" class=\"yoast-schema-graph\">{\"@context\":\"https:\/\/schema.org\",\"@graph\":[{\"@type\":\"WebPage\",\"@id\":\"https:\/\/observatorio-democracia.pt\/en\/events\/ideological-polarization-among-federal-deputies-in-brazil\/\",\"url\":\"https:\/\/observatorio-democracia.pt\/en\/events\/ideological-polarization-among-federal-deputies-in-brazil\/\",\"name\":\"Ideological polarization among federal deputies in Brazil (2005-2021) | Observat\u00f3rio da Democracia e da Representa\u00e7\u00e3o Pol\u00edtica\",\"isPartOf\":{\"@id\":\"https:\/\/observatorio-democracia.pt\/en\/#website\"},\"primaryImageOfPage\":{\"@id\":\"https:\/\/observatorio-democracia.pt\/en\/events\/ideological-polarization-among-federal-deputies-in-brazil\/#primaryimage\"},\"image\":{\"@id\":\"https:\/\/observatorio-democracia.pt\/en\/events\/ideological-polarization-among-federal-deputies-in-brazil\/#primaryimage\"},\"thumbnailUrl\":\"https:\/\/observatorio-democracia.pt\/wp-content\/uploads\/2024\/01\/Cartaz-Obs-Democracia_jan.png\",\"datePublished\":\"2024-01-05T13:10:36+00:00\",\"dateModified\":\"2024-01-05T13:28:49+00:00\",\"description\":\"Thursday (11\/01\/2024), Julian Borba (UFSC - Brazil) at conference \\\"Ideological polarization among Federal Deputies in Brazil(2005-2021)\\\"\",\"breadcrumb\":{\"@id\":\"https:\/\/observatorio-democracia.pt\/en\/events\/ideological-polarization-among-federal-deputies-in-brazil\/#breadcrumb\"},\"inLanguage\":\"en-US\",\"potentialAction\":[{\"@type\":\"ReadAction\",\"target\":[\"https:\/\/observatorio-democracia.pt\/en\/events\/ideological-polarization-among-federal-deputies-in-brazil\/\"]}]},{\"@type\":\"ImageObject\",\"inLanguage\":\"en-US\",\"@id\":\"https:\/\/observatorio-democracia.pt\/en\/events\/ideological-polarization-among-federal-deputies-in-brazil\/#primaryimage\",\"url\":\"https:\/\/observatorio-democracia.pt\/wp-content\/uploads\/2024\/01\/Cartaz-Obs-Democracia_jan.png\",\"contentUrl\":\"https:\/\/observatorio-democracia.pt\/wp-content\/uploads\/2024\/01\/Cartaz-Obs-Democracia_jan.png\",\"width\":1684,\"height\":2382},{\"@type\":\"BreadcrumbList\",\"@id\":\"https:\/\/observatorio-democracia.pt\/en\/events\/ideological-polarization-among-federal-deputies-in-brazil\/#breadcrumb\",\"itemListElement\":[{\"@type\":\"ListItem\",\"position\":1,\"name\":\"In\u00edcio\",\"item\":\"https:\/\/observatorio-democracia.pt\/en\/\"},{\"@type\":\"ListItem\",\"position\":2,\"name\":\"Events\",\"item\":\"https:\/\/observatorio-democracia.pt\/en\/events\/\"},{\"@type\":\"ListItem\",\"position\":3,\"name\":\"Ideological polarization among federal deputies in Brazil (2005-2021)\"}]},{\"@type\":\"WebSite\",\"@id\":\"https:\/\/observatorio-democracia.pt\/en\/#website\",\"url\":\"https:\/\/observatorio-democracia.pt\/en\/\",\"name\":\"Observat\u00f3rio da Democracia e da Representa\u00e7\u00e3o Pol\u00edtica\",\"description\":\"Um bem para a Cidadania\",\"publisher\":{\"@id\":\"https:\/\/observatorio-democracia.pt\/en\/#organization\"},\"potentialAction\":[{\"@type\":\"SearchAction\",\"target\":{\"@type\":\"EntryPoint\",\"urlTemplate\":\"https:\/\/observatorio-democracia.pt\/en\/?s={search_term_string}\"},\"query-input\":{\"@type\":\"PropertyValueSpecification\",\"valueRequired\":true,\"valueName\":\"search_term_string\"}}],\"inLanguage\":\"en-US\"},{\"@type\":\"Organization\",\"@id\":\"https:\/\/observatorio-democracia.pt\/en\/#organization\",\"name\":\"Observat\u00f3rio da Democracia e da Representa\u00e7\u00e3o Pol\u00edtica\",\"url\":\"https:\/\/observatorio-democracia.pt\/en\/\",\"logo\":{\"@type\":\"ImageObject\",\"inLanguage\":\"en-US\",\"@id\":\"https:\/\/observatorio-democracia.pt\/en\/#\/schema\/logo\/image\/\",\"url\":\"https:\/\/observatorio-democracia.pt\/wp-content\/uploads\/2022\/04\/logo-observatorio-democracia-forms.jpg\",\"contentUrl\":\"https:\/\/observatorio-democracia.pt\/wp-content\/uploads\/2022\/04\/logo-observatorio-democracia-forms.jpg\",\"width\":400,\"height\":98,\"caption\":\"Observat\u00f3rio da Democracia e da Representa\u00e7\u00e3o Pol\u00edtica\"},\"image\":{\"@id\":\"https:\/\/observatorio-democracia.pt\/en\/#\/schema\/logo\/image\/\"},\"sameAs\":[\"https:\/\/www.facebook.com\/observatorio.democracia.representacao.politica\",\"https:\/\/x.com\/Observatorioda4\",\"https:\/\/www.instagram.com\/observatoriodrp\/\"]}]}<\/script>\n<!-- \/ Yoast SEO plugin. -->","yoast_head_json":{"title":"Ideological polarization among federal deputies in Brazil (2005-2021) | Observat\u00f3rio da Democracia e da Representa\u00e7\u00e3o Pol\u00edtica","description":"Thursday (11\/01\/2024), Julian Borba (UFSC - Brazil) at conference \"Ideological polarization among Federal Deputies in Brazil(2005-2021)\"","robots":{"index":"index","follow":"follow","max-snippet":"max-snippet:-1","max-image-preview":"max-image-preview:large","max-video-preview":"max-video-preview:-1"},"canonical":"https:\/\/observatorio-democracia.pt\/en\/events\/ideological-polarization-among-federal-deputies-in-brazil\/","og_locale":"en_US","og_type":"article","og_title":"Ideological polarization among federal deputies in Brazil (2005-2021) | Observat\u00f3rio da Democracia e da Representa\u00e7\u00e3o Pol\u00edtica","og_description":"Thursday (11\/01\/2024), Julian Borba (UFSC - Brazil) at conference \"Ideological polarization among Federal Deputies in Brazil(2005-2021)\"","og_url":"https:\/\/observatorio-democracia.pt\/en\/events\/ideological-polarization-among-federal-deputies-in-brazil\/","og_site_name":"Observat\u00f3rio da Democracia e da Representa\u00e7\u00e3o Pol\u00edtica","article_publisher":"https:\/\/www.facebook.com\/observatorio.democracia.representacao.politica","article_modified_time":"2024-01-05T13:28:49+00:00","og_image":[{"width":1684,"height":2382,"url":"https:\/\/observatorio-democracia.pt\/wp-content\/uploads\/2024\/01\/Cartaz-Obs-Democracia_jan.png","type":"image\/png"}],"twitter_card":"summary_large_image","twitter_site":"@Observatorioda4","twitter_misc":{"Est. reading time":"2 minutes"},"schema":{"@context":"https:\/\/schema.org","@graph":[{"@type":"WebPage","@id":"https:\/\/observatorio-democracia.pt\/en\/events\/ideological-polarization-among-federal-deputies-in-brazil\/","url":"https:\/\/observatorio-democracia.pt\/en\/events\/ideological-polarization-among-federal-deputies-in-brazil\/","name":"Ideological polarization among federal deputies in Brazil (2005-2021) | Observat\u00f3rio da Democracia e da Representa\u00e7\u00e3o Pol\u00edtica","isPartOf":{"@id":"https:\/\/observatorio-democracia.pt\/en\/#website"},"primaryImageOfPage":{"@id":"https:\/\/observatorio-democracia.pt\/en\/events\/ideological-polarization-among-federal-deputies-in-brazil\/#primaryimage"},"image":{"@id":"https:\/\/observatorio-democracia.pt\/en\/events\/ideological-polarization-among-federal-deputies-in-brazil\/#primaryimage"},"thumbnailUrl":"https:\/\/observatorio-democracia.pt\/wp-content\/uploads\/2024\/01\/Cartaz-Obs-Democracia_jan.png","datePublished":"2024-01-05T13:10:36+00:00","dateModified":"2024-01-05T13:28:49+00:00","description":"Thursday (11\/01\/2024), Julian Borba (UFSC - Brazil) at conference \"Ideological polarization among Federal Deputies in Brazil(2005-2021)\"","breadcrumb":{"@id":"https:\/\/observatorio-democracia.pt\/en\/events\/ideological-polarization-among-federal-deputies-in-brazil\/#breadcrumb"},"inLanguage":"en-US","potentialAction":[{"@type":"ReadAction","target":["https:\/\/observatorio-democracia.pt\/en\/events\/ideological-polarization-among-federal-deputies-in-brazil\/"]}]},{"@type":"ImageObject","inLanguage":"en-US","@id":"https:\/\/observatorio-democracia.pt\/en\/events\/ideological-polarization-among-federal-deputies-in-brazil\/#primaryimage","url":"https:\/\/observatorio-democracia.pt\/wp-content\/uploads\/2024\/01\/Cartaz-Obs-Democracia_jan.png","contentUrl":"https:\/\/observatorio-democracia.pt\/wp-content\/uploads\/2024\/01\/Cartaz-Obs-Democracia_jan.png","width":1684,"height":2382},{"@type":"BreadcrumbList","@id":"https:\/\/observatorio-democracia.pt\/en\/events\/ideological-polarization-among-federal-deputies-in-brazil\/#breadcrumb","itemListElement":[{"@type":"ListItem","position":1,"name":"In\u00edcio","item":"https:\/\/observatorio-democracia.pt\/en\/"},{"@type":"ListItem","position":2,"name":"Events","item":"https:\/\/observatorio-democracia.pt\/en\/events\/"},{"@type":"ListItem","position":3,"name":"Ideological polarization among federal deputies in Brazil (2005-2021)"}]},{"@type":"WebSite","@id":"https:\/\/observatorio-democracia.pt\/en\/#website","url":"https:\/\/observatorio-democracia.pt\/en\/","name":"Observat\u00f3rio da Democracia e da Representa\u00e7\u00e3o Pol\u00edtica","description":"Um bem para a Cidadania","publisher":{"@id":"https:\/\/observatorio-democracia.pt\/en\/#organization"},"potentialAction":[{"@type":"SearchAction","target":{"@type":"EntryPoint","urlTemplate":"https:\/\/observatorio-democracia.pt\/en\/?s={search_term_string}"},"query-input":{"@type":"PropertyValueSpecification","valueRequired":true,"valueName":"search_term_string"}}],"inLanguage":"en-US"},{"@type":"Organization","@id":"https:\/\/observatorio-democracia.pt\/en\/#organization","name":"Observat\u00f3rio da Democracia e da Representa\u00e7\u00e3o Pol\u00edtica","url":"https:\/\/observatorio-democracia.pt\/en\/","logo":{"@type":"ImageObject","inLanguage":"en-US","@id":"https:\/\/observatorio-democracia.pt\/en\/#\/schema\/logo\/image\/","url":"https:\/\/observatorio-democracia.pt\/wp-content\/uploads\/2022\/04\/logo-observatorio-democracia-forms.jpg","contentUrl":"https:\/\/observatorio-democracia.pt\/wp-content\/uploads\/2022\/04\/logo-observatorio-democracia-forms.jpg","width":400,"height":98,"caption":"Observat\u00f3rio da Democracia e da Representa\u00e7\u00e3o Pol\u00edtica"},"image":{"@id":"https:\/\/observatorio-democracia.pt\/en\/#\/schema\/logo\/image\/"},"sameAs":["https:\/\/www.facebook.com\/observatorio.democracia.representacao.politica","https:\/\/x.com\/Observatorioda4","https:\/\/www.instagram.com\/observatoriodrp\/"]}]}},"_links":{"self":[{"href":"https:\/\/observatorio-democracia.pt\/en\/wp-json\/wp\/v2\/mec-events\/53810","targetHints":{"allow":["GET"]}}],"collection":[{"href":"https:\/\/observatorio-democracia.pt\/en\/wp-json\/wp\/v2\/mec-events"}],"about":[{"href":"https:\/\/observatorio-democracia.pt\/en\/wp-json\/wp\/v2\/types\/mec-events"}],"author":[{"embeddable":true,"href":"https:\/\/observatorio-democracia.pt\/en\/wp-json\/wp\/v2\/users\/2"}],"replies":[{"embeddable":true,"href":"https:\/\/observatorio-democracia.pt\/en\/wp-json\/wp\/v2\/comments?post=53810"}],"wp:featuredmedia":[{"embeddable":true,"href":"https:\/\/observatorio-democracia.pt\/en\/wp-json\/wp\/v2\/media\/53809"}],"wp:attachment":[{"href":"https:\/\/observatorio-democracia.pt\/en\/wp-json\/wp\/v2\/media?parent=53810"}],"wp:term":[{"taxonomy":"post_tag","embeddable":true,"href":"https:\/\/observatorio-democracia.pt\/en\/wp-json\/wp\/v2\/tags?post=53810"},{"taxonomy":"mec_category","embeddable":true,"href":"https:\/\/observatorio-democracia.pt\/en\/wp-json\/wp\/v2\/mec_category?post=53810"}],"curies":[{"name":"wp","href":"https:\/\/api.w.org\/{rel}","templated":true}]}}