{"id":53792,"date":"2023-12-04T19:19:11","date_gmt":"2023-12-04T19:19:11","guid":{"rendered":"https:\/\/observatorio-democracia.pt\/?post_type=mec-events&#038;p=53792"},"modified":"2023-12-04T19:34:38","modified_gmt":"2023-12-04T19:34:38","slug":"launch-in-lisbon-of-the-book-da-geringonca-maioria-absoluta","status":"publish","type":"mec-events","link":"https:\/\/observatorio-democracia.pt\/en\/events\/launch-in-lisbon-of-the-book-da-geringonca-maioria-absoluta\/","title":{"rendered":"Launch in Lisbon of the book \u201cDa Geringon\u00e7a \u00e0 Maioria Absoluta. A situa\u00e7\u00e3o pol\u00edtica em Portugal e na Europa\u201d"},"content":{"rendered":"<p>On Thursday 21 December 2023 at 6pm, this time in the city of Lisboa, Andr\u00e9 Freire, professor and political scientist, will hold another launch session for his new book \u201cDa Geringon\u00e7a \u00e0 Maioria Absoluta. A situa\u00e7\u00e3o pol\u00edtica em Portugal e na Europa\u201d published by Gato Bravo. The event will take place at the Linha de Sombra bookshop and will feature Margarida Balseiro Lopes, jurist and politician, Catarina Martins, actress and politician, and Daniel Adri\u00e3o, ex-journalist and politician.<\/p>\n<p>\u201cDa Geringon\u00e7a \u00e0 Maioria Absoluta \u2013 A situa\u00e7\u00e3o pol\u00edtica em Portugal e na Europa\u201d brings together chronicles published in\u00a0<em>Jornal de Letras<\/em>, 2017-2022,\u00a0<em>P\u00fablico<\/em>, 2022-2023,\u00a0<em>Seara Nova<\/em>, and the\u00a0<em>Vaca Voadora<\/em>\u00a0blog. The general aim of the book is to help the reader understand Portugal and its political framework today, through a mix of comparative political science approaches and a citizen\u2019s approach that is sufficiently analytical to appeal to and interest people from various political backgrounds.<\/p>\n<p>The book is divided into six main themes: in part I, Portuguese governance since Geringon\u00e7a (2015-2019); part II, the positions of the right in the face of left-wing alliances; part III \u201cblinkered government\u201d (2019-2022); part IV, the period of absolute majority (2022-2023); in part V, themes and debates in European and international politics; in part VI, cultural writings with political resonances.<\/p>\n<p>Andr\u00e9 Freire is a Full Professor of Political Science, Director of the PhD programme in Political Science, Senior Researcher at CIES-Iscte and Director of the Observatory of Democracy and Political Representation at CIES-Iscte. He was a regular columnist for the newspaper\u00a0<em>P\u00fablico<\/em>\u00a0from March 2006 to January 2016, and for\u00a0<em>Jornal de Letras<\/em>\u00a0from May 2017 to April 2022.<\/p>\n<p>&nbsp;<\/p>\n<p>The book is on sale in bookshops and at the following link:<a href=\"https:\/\/www.wook.pt\/livro\/da-gerigonca-a-maioria-absoluta-andre-freire\/29428380.\">\u00a0https:\/\/www.wook.pt\/livro\/da-gerigonca-a-maioria-absoluta-andre-freire\/29428380.<\/a><\/p>\n","protected":false},"excerpt":{"rendered":"<p>On Thursday 21 December 2023 at 6pm, this time in the city of Lisboa, Andr\u00e9 Freire, professor and political scientist, will hold another launch session for his new book \u201cDa Geringon\u00e7a \u00e0 Maioria Absoluta&#8221;<\/p>\n","protected":false},"author":2,"featured_media":53791,"comment_status":"closed","ping_status":"closed","template":"","tags":[],"mec_category":[],"class_list":["post-53792","mec-events","type-mec-events","status-publish","has-post-thumbnail","hentry","description-off"],"yoast_head":"<!-- This site is optimized with the Yoast SEO plugin v24.7 - https:\/\/yoast.com\/wordpress\/plugins\/seo\/ -->\n<title>Launch in Lisbon of the book \u201cDa Geringon\u00e7a \u00e0 Maioria Absoluta. A situa\u00e7\u00e3o pol\u00edtica em Portugal e na Europa\u201d | Observat\u00f3rio da Democracia e da Representa\u00e7\u00e3o Pol\u00edtica<\/title>\n<meta name=\"description\" content=\"On Thursday 21 December 2023 at 6pm, this time in the city of Lisboa, launch session for the new book \u201cDa Geringon\u00e7a \u00e0 Maioria Absoluta&quot;\" \/>\n<meta name=\"robots\" content=\"index, follow, max-snippet:-1, max-image-preview:large, max-video-preview:-1\" \/>\n<link rel=\"canonical\" href=\"https:\/\/observatorio-democracia.pt\/en\/events\/launch-in-lisbon-of-the-book-da-geringonca-maioria-absoluta\/\" \/>\n<meta property=\"og:locale\" content=\"en_US\" \/>\n<meta property=\"og:type\" content=\"article\" \/>\n<meta property=\"og:title\" content=\"Launch in Lisbon of the book \u201cDa Geringon\u00e7a \u00e0 Maioria Absoluta. A situa\u00e7\u00e3o pol\u00edtica em Portugal e na Europa\u201d | Observat\u00f3rio da Democracia e da Representa\u00e7\u00e3o Pol\u00edtica\" \/>\n<meta property=\"og:description\" content=\"On Thursday 21 December 2023 at 6pm, this time in the city of Lisboa, launch session for the new book \u201cDa Geringon\u00e7a \u00e0 Maioria Absoluta&quot;\" \/>\n<meta property=\"og:url\" content=\"https:\/\/observatorio-democracia.pt\/en\/events\/launch-in-lisbon-of-the-book-da-geringonca-maioria-absoluta\/\" \/>\n<meta property=\"og:site_name\" content=\"Observat\u00f3rio da Democracia e da Representa\u00e7\u00e3o Pol\u00edtica\" \/>\n<meta property=\"article:publisher\" content=\"https:\/\/www.facebook.com\/observatorio.democracia.representacao.politica\" \/>\n<meta property=\"article:modified_time\" content=\"2023-12-04T19:34:38+00:00\" \/>\n<meta property=\"og:image\" content=\"https:\/\/observatorio-democracia.pt\/wp-content\/uploads\/2023\/12\/lacamentolisboa-dageringonca.png\" \/>\n\t<meta property=\"og:image:width\" content=\"2048\" \/>\n\t<meta property=\"og:image:height\" content=\"1536\" \/>\n\t<meta property=\"og:image:type\" content=\"image\/png\" \/>\n<meta name=\"twitter:card\" content=\"summary_large_image\" \/>\n<meta name=\"twitter:site\" content=\"@Observatorioda4\" \/>\n<meta name=\"twitter:label1\" content=\"Est. reading time\" \/>\n\t<meta name=\"twitter:data1\" content=\"2 minutes\" \/>\n<script type=\"application\/ld+json\" class=\"yoast-schema-graph\">{\"@context\":\"https:\/\/schema.org\",\"@graph\":[{\"@type\":\"WebPage\",\"@id\":\"https:\/\/observatorio-democracia.pt\/en\/events\/launch-in-lisbon-of-the-book-da-geringonca-maioria-absoluta\/\",\"url\":\"https:\/\/observatorio-democracia.pt\/en\/events\/launch-in-lisbon-of-the-book-da-geringonca-maioria-absoluta\/\",\"name\":\"Launch in Lisbon of the book \u201cDa Geringon\u00e7a \u00e0 Maioria Absoluta. A situa\u00e7\u00e3o pol\u00edtica em Portugal e na Europa\u201d | Observat\u00f3rio da Democracia e da Representa\u00e7\u00e3o Pol\u00edtica\",\"isPartOf\":{\"@id\":\"https:\/\/observatorio-democracia.pt\/en\/#website\"},\"primaryImageOfPage\":{\"@id\":\"https:\/\/observatorio-democracia.pt\/en\/events\/launch-in-lisbon-of-the-book-da-geringonca-maioria-absoluta\/#primaryimage\"},\"image\":{\"@id\":\"https:\/\/observatorio-democracia.pt\/en\/events\/launch-in-lisbon-of-the-book-da-geringonca-maioria-absoluta\/#primaryimage\"},\"thumbnailUrl\":\"https:\/\/observatorio-democracia.pt\/wp-content\/uploads\/2023\/12\/lacamentolisboa-dageringonca.png\",\"datePublished\":\"2023-12-04T19:19:11+00:00\",\"dateModified\":\"2023-12-04T19:34:38+00:00\",\"description\":\"On Thursday 21 December 2023 at 6pm, this time in the city of Lisboa, launch session for the new book \u201cDa Geringon\u00e7a \u00e0 Maioria Absoluta\\\"\",\"breadcrumb\":{\"@id\":\"https:\/\/observatorio-democracia.pt\/en\/events\/launch-in-lisbon-of-the-book-da-geringonca-maioria-absoluta\/#breadcrumb\"},\"inLanguage\":\"en-US\",\"potentialAction\":[{\"@type\":\"ReadAction\",\"target\":[\"https:\/\/observatorio-democracia.pt\/en\/events\/launch-in-lisbon-of-the-book-da-geringonca-maioria-absoluta\/\"]}]},{\"@type\":\"ImageObject\",\"inLanguage\":\"en-US\",\"@id\":\"https:\/\/observatorio-democracia.pt\/en\/events\/launch-in-lisbon-of-the-book-da-geringonca-maioria-absoluta\/#primaryimage\",\"url\":\"https:\/\/observatorio-democracia.pt\/wp-content\/uploads\/2023\/12\/lacamentolisboa-dageringonca.png\",\"contentUrl\":\"https:\/\/observatorio-democracia.pt\/wp-content\/uploads\/2023\/12\/lacamentolisboa-dageringonca.png\",\"width\":2048,\"height\":1536},{\"@type\":\"BreadcrumbList\",\"@id\":\"https:\/\/observatorio-democracia.pt\/en\/events\/launch-in-lisbon-of-the-book-da-geringonca-maioria-absoluta\/#breadcrumb\",\"itemListElement\":[{\"@type\":\"ListItem\",\"position\":1,\"name\":\"In\u00edcio\",\"item\":\"https:\/\/observatorio-democracia.pt\/en\/\"},{\"@type\":\"ListItem\",\"position\":2,\"name\":\"Events\",\"item\":\"https:\/\/observatorio-democracia.pt\/en\/events\/\"},{\"@type\":\"ListItem\",\"position\":3,\"name\":\"Launch in Lisbon of the book \u201cDa Geringon\u00e7a \u00e0 Maioria Absoluta. A situa\u00e7\u00e3o pol\u00edtica em Portugal e na Europa\u201d\"}]},{\"@type\":\"WebSite\",\"@id\":\"https:\/\/observatorio-democracia.pt\/en\/#website\",\"url\":\"https:\/\/observatorio-democracia.pt\/en\/\",\"name\":\"Observat\u00f3rio da Democracia e da Representa\u00e7\u00e3o Pol\u00edtica\",\"description\":\"Um bem para a Cidadania\",\"publisher\":{\"@id\":\"https:\/\/observatorio-democracia.pt\/en\/#organization\"},\"potentialAction\":[{\"@type\":\"SearchAction\",\"target\":{\"@type\":\"EntryPoint\",\"urlTemplate\":\"https:\/\/observatorio-democracia.pt\/en\/?s={search_term_string}\"},\"query-input\":{\"@type\":\"PropertyValueSpecification\",\"valueRequired\":true,\"valueName\":\"search_term_string\"}}],\"inLanguage\":\"en-US\"},{\"@type\":\"Organization\",\"@id\":\"https:\/\/observatorio-democracia.pt\/en\/#organization\",\"name\":\"Observat\u00f3rio da Democracia e da Representa\u00e7\u00e3o Pol\u00edtica\",\"url\":\"https:\/\/observatorio-democracia.pt\/en\/\",\"logo\":{\"@type\":\"ImageObject\",\"inLanguage\":\"en-US\",\"@id\":\"https:\/\/observatorio-democracia.pt\/en\/#\/schema\/logo\/image\/\",\"url\":\"https:\/\/observatorio-democracia.pt\/wp-content\/uploads\/2022\/04\/logo-observatorio-democracia-forms.jpg\",\"contentUrl\":\"https:\/\/observatorio-democracia.pt\/wp-content\/uploads\/2022\/04\/logo-observatorio-democracia-forms.jpg\",\"width\":400,\"height\":98,\"caption\":\"Observat\u00f3rio da Democracia e da Representa\u00e7\u00e3o Pol\u00edtica\"},\"image\":{\"@id\":\"https:\/\/observatorio-democracia.pt\/en\/#\/schema\/logo\/image\/\"},\"sameAs\":[\"https:\/\/www.facebook.com\/observatorio.democracia.representacao.politica\",\"https:\/\/x.com\/Observatorioda4\",\"https:\/\/www.instagram.com\/observatoriodrp\/\"]}]}<\/script>\n<!-- \/ Yoast SEO plugin. -->","yoast_head_json":{"title":"Launch in Lisbon of the book \u201cDa Geringon\u00e7a \u00e0 Maioria Absoluta. A situa\u00e7\u00e3o pol\u00edtica em Portugal e na Europa\u201d | Observat\u00f3rio da Democracia e da Representa\u00e7\u00e3o Pol\u00edtica","description":"On Thursday 21 December 2023 at 6pm, this time in the city of Lisboa, launch session for the new book \u201cDa Geringon\u00e7a \u00e0 Maioria Absoluta\"","robots":{"index":"index","follow":"follow","max-snippet":"max-snippet:-1","max-image-preview":"max-image-preview:large","max-video-preview":"max-video-preview:-1"},"canonical":"https:\/\/observatorio-democracia.pt\/en\/events\/launch-in-lisbon-of-the-book-da-geringonca-maioria-absoluta\/","og_locale":"en_US","og_type":"article","og_title":"Launch in Lisbon of the book \u201cDa Geringon\u00e7a \u00e0 Maioria Absoluta. A situa\u00e7\u00e3o pol\u00edtica em Portugal e na Europa\u201d | Observat\u00f3rio da Democracia e da Representa\u00e7\u00e3o Pol\u00edtica","og_description":"On Thursday 21 December 2023 at 6pm, this time in the city of Lisboa, launch session for the new book \u201cDa Geringon\u00e7a \u00e0 Maioria Absoluta\"","og_url":"https:\/\/observatorio-democracia.pt\/en\/events\/launch-in-lisbon-of-the-book-da-geringonca-maioria-absoluta\/","og_site_name":"Observat\u00f3rio da Democracia e da Representa\u00e7\u00e3o Pol\u00edtica","article_publisher":"https:\/\/www.facebook.com\/observatorio.democracia.representacao.politica","article_modified_time":"2023-12-04T19:34:38+00:00","og_image":[{"width":2048,"height":1536,"url":"https:\/\/observatorio-democracia.pt\/wp-content\/uploads\/2023\/12\/lacamentolisboa-dageringonca.png","type":"image\/png"}],"twitter_card":"summary_large_image","twitter_site":"@Observatorioda4","twitter_misc":{"Est. reading time":"2 minutes"},"schema":{"@context":"https:\/\/schema.org","@graph":[{"@type":"WebPage","@id":"https:\/\/observatorio-democracia.pt\/en\/events\/launch-in-lisbon-of-the-book-da-geringonca-maioria-absoluta\/","url":"https:\/\/observatorio-democracia.pt\/en\/events\/launch-in-lisbon-of-the-book-da-geringonca-maioria-absoluta\/","name":"Launch in Lisbon of the book \u201cDa Geringon\u00e7a \u00e0 Maioria Absoluta. A situa\u00e7\u00e3o pol\u00edtica em Portugal e na Europa\u201d | Observat\u00f3rio da Democracia e da Representa\u00e7\u00e3o Pol\u00edtica","isPartOf":{"@id":"https:\/\/observatorio-democracia.pt\/en\/#website"},"primaryImageOfPage":{"@id":"https:\/\/observatorio-democracia.pt\/en\/events\/launch-in-lisbon-of-the-book-da-geringonca-maioria-absoluta\/#primaryimage"},"image":{"@id":"https:\/\/observatorio-democracia.pt\/en\/events\/launch-in-lisbon-of-the-book-da-geringonca-maioria-absoluta\/#primaryimage"},"thumbnailUrl":"https:\/\/observatorio-democracia.pt\/wp-content\/uploads\/2023\/12\/lacamentolisboa-dageringonca.png","datePublished":"2023-12-04T19:19:11+00:00","dateModified":"2023-12-04T19:34:38+00:00","description":"On Thursday 21 December 2023 at 6pm, this time in the city of Lisboa, launch session for the new book \u201cDa Geringon\u00e7a \u00e0 Maioria Absoluta\"","breadcrumb":{"@id":"https:\/\/observatorio-democracia.pt\/en\/events\/launch-in-lisbon-of-the-book-da-geringonca-maioria-absoluta\/#breadcrumb"},"inLanguage":"en-US","potentialAction":[{"@type":"ReadAction","target":["https:\/\/observatorio-democracia.pt\/en\/events\/launch-in-lisbon-of-the-book-da-geringonca-maioria-absoluta\/"]}]},{"@type":"ImageObject","inLanguage":"en-US","@id":"https:\/\/observatorio-democracia.pt\/en\/events\/launch-in-lisbon-of-the-book-da-geringonca-maioria-absoluta\/#primaryimage","url":"https:\/\/observatorio-democracia.pt\/wp-content\/uploads\/2023\/12\/lacamentolisboa-dageringonca.png","contentUrl":"https:\/\/observatorio-democracia.pt\/wp-content\/uploads\/2023\/12\/lacamentolisboa-dageringonca.png","width":2048,"height":1536},{"@type":"BreadcrumbList","@id":"https:\/\/observatorio-democracia.pt\/en\/events\/launch-in-lisbon-of-the-book-da-geringonca-maioria-absoluta\/#breadcrumb","itemListElement":[{"@type":"ListItem","position":1,"name":"In\u00edcio","item":"https:\/\/observatorio-democracia.pt\/en\/"},{"@type":"ListItem","position":2,"name":"Events","item":"https:\/\/observatorio-democracia.pt\/en\/events\/"},{"@type":"ListItem","position":3,"name":"Launch in Lisbon of the book \u201cDa Geringon\u00e7a \u00e0 Maioria Absoluta. A situa\u00e7\u00e3o pol\u00edtica em Portugal e na Europa\u201d"}]},{"@type":"WebSite","@id":"https:\/\/observatorio-democracia.pt\/en\/#website","url":"https:\/\/observatorio-democracia.pt\/en\/","name":"Observat\u00f3rio da Democracia e da Representa\u00e7\u00e3o Pol\u00edtica","description":"Um bem para a Cidadania","publisher":{"@id":"https:\/\/observatorio-democracia.pt\/en\/#organization"},"potentialAction":[{"@type":"SearchAction","target":{"@type":"EntryPoint","urlTemplate":"https:\/\/observatorio-democracia.pt\/en\/?s={search_term_string}"},"query-input":{"@type":"PropertyValueSpecification","valueRequired":true,"valueName":"search_term_string"}}],"inLanguage":"en-US"},{"@type":"Organization","@id":"https:\/\/observatorio-democracia.pt\/en\/#organization","name":"Observat\u00f3rio da Democracia e da Representa\u00e7\u00e3o Pol\u00edtica","url":"https:\/\/observatorio-democracia.pt\/en\/","logo":{"@type":"ImageObject","inLanguage":"en-US","@id":"https:\/\/observatorio-democracia.pt\/en\/#\/schema\/logo\/image\/","url":"https:\/\/observatorio-democracia.pt\/wp-content\/uploads\/2022\/04\/logo-observatorio-democracia-forms.jpg","contentUrl":"https:\/\/observatorio-democracia.pt\/wp-content\/uploads\/2022\/04\/logo-observatorio-democracia-forms.jpg","width":400,"height":98,"caption":"Observat\u00f3rio da Democracia e da Representa\u00e7\u00e3o Pol\u00edtica"},"image":{"@id":"https:\/\/observatorio-democracia.pt\/en\/#\/schema\/logo\/image\/"},"sameAs":["https:\/\/www.facebook.com\/observatorio.democracia.representacao.politica","https:\/\/x.com\/Observatorioda4","https:\/\/www.instagram.com\/observatoriodrp\/"]}]}},"_links":{"self":[{"href":"https:\/\/observatorio-democracia.pt\/en\/wp-json\/wp\/v2\/mec-events\/53792","targetHints":{"allow":["GET"]}}],"collection":[{"href":"https:\/\/observatorio-democracia.pt\/en\/wp-json\/wp\/v2\/mec-events"}],"about":[{"href":"https:\/\/observatorio-democracia.pt\/en\/wp-json\/wp\/v2\/types\/mec-events"}],"author":[{"embeddable":true,"href":"https:\/\/observatorio-democracia.pt\/en\/wp-json\/wp\/v2\/users\/2"}],"replies":[{"embeddable":true,"href":"https:\/\/observatorio-democracia.pt\/en\/wp-json\/wp\/v2\/comments?post=53792"}],"wp:featuredmedia":[{"embeddable":true,"href":"https:\/\/observatorio-democracia.pt\/en\/wp-json\/wp\/v2\/media\/53791"}],"wp:attachment":[{"href":"https:\/\/observatorio-democracia.pt\/en\/wp-json\/wp\/v2\/media?parent=53792"}],"wp:term":[{"taxonomy":"post_tag","embeddable":true,"href":"https:\/\/observatorio-democracia.pt\/en\/wp-json\/wp\/v2\/tags?post=53792"},{"taxonomy":"mec_category","embeddable":true,"href":"https:\/\/observatorio-democracia.pt\/en\/wp-json\/wp\/v2\/mec_category?post=53792"}],"curies":[{"name":"wp","href":"https:\/\/api.w.org\/{rel}","templated":true}]}}