{"id":53454,"date":"2023-11-14T18:15:07","date_gmt":"2023-11-14T18:15:07","guid":{"rendered":"https:\/\/observatorio-democracia.pt\/?post_type=mec-events&#038;p=53454"},"modified":"2023-11-14T18:29:37","modified_gmt":"2023-11-14T18:29:37","slug":"presentation-of-the-book-executive-legislative-relations-in-parliamentary-systems","status":"publish","type":"mec-events","link":"https:\/\/observatorio-democracia.pt\/en\/events\/presentation-of-the-book-executive-legislative-relations-in-parliamentary-systems\/","title":{"rendered":"Presentation of the book &#8220;Executive-Legislative Relations in Parliamentary Systems&#8221;"},"content":{"rendered":"<p>On November 15 at 16:30, organised by the General Secretariat of the Ministry of Finance, the book &#8220;Executive-Legislative Relations in Parliamentary Systems&#8221; will be presented by the author Patr\u00edcia Calca, political scientist, researcher and professor at Iscte &#8211; Instituto Universit\u00e1rio de Lisboa. The event will take place at the Ministry of Finance Library (Av. Infante D. Henrique, n\u00ba1C, Lisbon).<\/p>\n<p>In this book, Patricia Calca investigates the type of legislation produced by the government, whether Decree Laws or Proposals to Parliament, and the relationship with the type of governing majority available in parliament, being a central aspect in decision-making for the realisation of public policies in Portugal.<\/p>\n<p>The presentation will also include the participation of professors Alice Cunha (FCSH), Teresa Ruel (ISCSP) and Jo\u00e3o Carvalho (ISCTE) and the Secretary General of the Ministry of Finance, Dr Rog\u00e9rio Peixoto.<\/p>\n<p>Patr\u00edcia Calca has a PhD in Political Science from the ICS-University of Lisbon and is an Assistant Professor in the Department of Political Science and Public Policy at Iscte. Her main research interests are: political institutions; Comparative Politics and Comparative Economic Policy; Legislative Behaviour and Decision Making; Public Policy Analysis; Political Accountability and Corruption.<\/p>\n","protected":false},"excerpt":{"rendered":"<p>On November 15 at 16:30, organised by the General Secretariat of the Ministry of Finance, the book &#8220;Executive-Legislative Relations in Parliamentary Systems&#8221; will be presented by the author Patr\u00edcia Calca, political scientist, researcher and professor at Iscte &#8211; Instituto Universit\u00e1rio de Lisboa. The event will take place at the Ministry of Finance Library (Av. Infante D. Henrique, n\u00ba1C, Lisbon).<\/p>\n","protected":false},"author":2,"featured_media":53453,"comment_status":"closed","ping_status":"closed","template":"","tags":[],"mec_category":[],"class_list":["post-53454","mec-events","type-mec-events","status-publish","has-post-thumbnail","hentry","description-off"],"yoast_head":"<!-- This site is optimized with the Yoast SEO plugin v24.7 - https:\/\/yoast.com\/wordpress\/plugins\/seo\/ -->\n<title>Presentation of the book &quot;Executive-Legislative Relations in Parliamentary Systems&quot; | Observat\u00f3rio da Democracia e da Representa\u00e7\u00e3o Pol\u00edtica<\/title>\n<meta name=\"description\" content=\"On November 15 at 16:30, &quot;Executive-Legislative Relations in Parliamentary Systems&quot; will be presented by the author Patr\u00edcia Calca\" \/>\n<meta name=\"robots\" content=\"index, follow, max-snippet:-1, max-image-preview:large, max-video-preview:-1\" \/>\n<link rel=\"canonical\" href=\"https:\/\/observatorio-democracia.pt\/en\/events\/presentation-of-the-book-executive-legislative-relations-in-parliamentary-systems\/\" \/>\n<meta property=\"og:locale\" content=\"en_US\" \/>\n<meta property=\"og:type\" content=\"article\" \/>\n<meta property=\"og:title\" content=\"Presentation of the book &quot;Executive-Legislative Relations in Parliamentary Systems&quot; | Observat\u00f3rio da Democracia e da Representa\u00e7\u00e3o Pol\u00edtica\" \/>\n<meta property=\"og:description\" content=\"On November 15 at 16:30, &quot;Executive-Legislative Relations in Parliamentary Systems&quot; will be presented by the author Patr\u00edcia Calca\" \/>\n<meta property=\"og:url\" content=\"https:\/\/observatorio-democracia.pt\/en\/events\/presentation-of-the-book-executive-legislative-relations-in-parliamentary-systems\/\" \/>\n<meta property=\"og:site_name\" content=\"Observat\u00f3rio da Democracia e da Representa\u00e7\u00e3o Pol\u00edtica\" \/>\n<meta property=\"article:publisher\" content=\"https:\/\/www.facebook.com\/observatorio.democracia.representacao.politica\" \/>\n<meta property=\"article:modified_time\" content=\"2023-11-14T18:29:37+00:00\" \/>\n<meta property=\"og:image\" content=\"https:\/\/observatorio-democracia.pt\/wp-content\/uploads\/2023\/11\/Captura-de-ecra-2023-11-13-as-19.37.21.png\" \/>\n\t<meta property=\"og:image:width\" content=\"1938\" \/>\n\t<meta property=\"og:image:height\" content=\"1104\" \/>\n\t<meta property=\"og:image:type\" content=\"image\/png\" \/>\n<meta name=\"twitter:card\" content=\"summary_large_image\" \/>\n<meta name=\"twitter:site\" content=\"@Observatorioda4\" \/>\n<meta name=\"twitter:label1\" content=\"Est. reading time\" \/>\n\t<meta name=\"twitter:data1\" content=\"2 minutes\" \/>\n<script type=\"application\/ld+json\" class=\"yoast-schema-graph\">{\"@context\":\"https:\/\/schema.org\",\"@graph\":[{\"@type\":\"WebPage\",\"@id\":\"https:\/\/observatorio-democracia.pt\/en\/events\/presentation-of-the-book-executive-legislative-relations-in-parliamentary-systems\/\",\"url\":\"https:\/\/observatorio-democracia.pt\/en\/events\/presentation-of-the-book-executive-legislative-relations-in-parliamentary-systems\/\",\"name\":\"Presentation of the book \\\"Executive-Legislative Relations in Parliamentary Systems\\\" | Observat\u00f3rio da Democracia e da Representa\u00e7\u00e3o Pol\u00edtica\",\"isPartOf\":{\"@id\":\"https:\/\/observatorio-democracia.pt\/en\/#website\"},\"primaryImageOfPage\":{\"@id\":\"https:\/\/observatorio-democracia.pt\/en\/events\/presentation-of-the-book-executive-legislative-relations-in-parliamentary-systems\/#primaryimage\"},\"image\":{\"@id\":\"https:\/\/observatorio-democracia.pt\/en\/events\/presentation-of-the-book-executive-legislative-relations-in-parliamentary-systems\/#primaryimage\"},\"thumbnailUrl\":\"https:\/\/observatorio-democracia.pt\/wp-content\/uploads\/2023\/11\/Captura-de-ecra-2023-11-13-as-19.37.21.png\",\"datePublished\":\"2023-11-14T18:15:07+00:00\",\"dateModified\":\"2023-11-14T18:29:37+00:00\",\"description\":\"On November 15 at 16:30, \\\"Executive-Legislative Relations in Parliamentary Systems\\\" will be presented by the author Patr\u00edcia Calca\",\"breadcrumb\":{\"@id\":\"https:\/\/observatorio-democracia.pt\/en\/events\/presentation-of-the-book-executive-legislative-relations-in-parliamentary-systems\/#breadcrumb\"},\"inLanguage\":\"en-US\",\"potentialAction\":[{\"@type\":\"ReadAction\",\"target\":[\"https:\/\/observatorio-democracia.pt\/en\/events\/presentation-of-the-book-executive-legislative-relations-in-parliamentary-systems\/\"]}]},{\"@type\":\"ImageObject\",\"inLanguage\":\"en-US\",\"@id\":\"https:\/\/observatorio-democracia.pt\/en\/events\/presentation-of-the-book-executive-legislative-relations-in-parliamentary-systems\/#primaryimage\",\"url\":\"https:\/\/observatorio-democracia.pt\/wp-content\/uploads\/2023\/11\/Captura-de-ecra-2023-11-13-as-19.37.21.png\",\"contentUrl\":\"https:\/\/observatorio-democracia.pt\/wp-content\/uploads\/2023\/11\/Captura-de-ecra-2023-11-13-as-19.37.21.png\",\"width\":1938,\"height\":1104},{\"@type\":\"BreadcrumbList\",\"@id\":\"https:\/\/observatorio-democracia.pt\/en\/events\/presentation-of-the-book-executive-legislative-relations-in-parliamentary-systems\/#breadcrumb\",\"itemListElement\":[{\"@type\":\"ListItem\",\"position\":1,\"name\":\"In\u00edcio\",\"item\":\"https:\/\/observatorio-democracia.pt\/en\/\"},{\"@type\":\"ListItem\",\"position\":2,\"name\":\"Events\",\"item\":\"https:\/\/observatorio-democracia.pt\/en\/events\/\"},{\"@type\":\"ListItem\",\"position\":3,\"name\":\"Presentation of the book &#8220;Executive-Legislative Relations in Parliamentary Systems&#8221;\"}]},{\"@type\":\"WebSite\",\"@id\":\"https:\/\/observatorio-democracia.pt\/en\/#website\",\"url\":\"https:\/\/observatorio-democracia.pt\/en\/\",\"name\":\"Observat\u00f3rio da Democracia e da Representa\u00e7\u00e3o Pol\u00edtica\",\"description\":\"Um bem para a Cidadania\",\"publisher\":{\"@id\":\"https:\/\/observatorio-democracia.pt\/en\/#organization\"},\"potentialAction\":[{\"@type\":\"SearchAction\",\"target\":{\"@type\":\"EntryPoint\",\"urlTemplate\":\"https:\/\/observatorio-democracia.pt\/en\/?s={search_term_string}\"},\"query-input\":{\"@type\":\"PropertyValueSpecification\",\"valueRequired\":true,\"valueName\":\"search_term_string\"}}],\"inLanguage\":\"en-US\"},{\"@type\":\"Organization\",\"@id\":\"https:\/\/observatorio-democracia.pt\/en\/#organization\",\"name\":\"Observat\u00f3rio da Democracia e da Representa\u00e7\u00e3o Pol\u00edtica\",\"url\":\"https:\/\/observatorio-democracia.pt\/en\/\",\"logo\":{\"@type\":\"ImageObject\",\"inLanguage\":\"en-US\",\"@id\":\"https:\/\/observatorio-democracia.pt\/en\/#\/schema\/logo\/image\/\",\"url\":\"https:\/\/observatorio-democracia.pt\/wp-content\/uploads\/2022\/04\/logo-observatorio-democracia-forms.jpg\",\"contentUrl\":\"https:\/\/observatorio-democracia.pt\/wp-content\/uploads\/2022\/04\/logo-observatorio-democracia-forms.jpg\",\"width\":400,\"height\":98,\"caption\":\"Observat\u00f3rio da Democracia e da Representa\u00e7\u00e3o Pol\u00edtica\"},\"image\":{\"@id\":\"https:\/\/observatorio-democracia.pt\/en\/#\/schema\/logo\/image\/\"},\"sameAs\":[\"https:\/\/www.facebook.com\/observatorio.democracia.representacao.politica\",\"https:\/\/x.com\/Observatorioda4\",\"https:\/\/www.instagram.com\/observatoriodrp\/\"]}]}<\/script>\n<!-- \/ Yoast SEO plugin. -->","yoast_head_json":{"title":"Presentation of the book \"Executive-Legislative Relations in Parliamentary Systems\" | Observat\u00f3rio da Democracia e da Representa\u00e7\u00e3o Pol\u00edtica","description":"On November 15 at 16:30, \"Executive-Legislative Relations in Parliamentary Systems\" will be presented by the author Patr\u00edcia Calca","robots":{"index":"index","follow":"follow","max-snippet":"max-snippet:-1","max-image-preview":"max-image-preview:large","max-video-preview":"max-video-preview:-1"},"canonical":"https:\/\/observatorio-democracia.pt\/en\/events\/presentation-of-the-book-executive-legislative-relations-in-parliamentary-systems\/","og_locale":"en_US","og_type":"article","og_title":"Presentation of the book \"Executive-Legislative Relations in Parliamentary Systems\" | Observat\u00f3rio da Democracia e da Representa\u00e7\u00e3o Pol\u00edtica","og_description":"On November 15 at 16:30, \"Executive-Legislative Relations in Parliamentary Systems\" will be presented by the author Patr\u00edcia Calca","og_url":"https:\/\/observatorio-democracia.pt\/en\/events\/presentation-of-the-book-executive-legislative-relations-in-parliamentary-systems\/","og_site_name":"Observat\u00f3rio da Democracia e da Representa\u00e7\u00e3o Pol\u00edtica","article_publisher":"https:\/\/www.facebook.com\/observatorio.democracia.representacao.politica","article_modified_time":"2023-11-14T18:29:37+00:00","og_image":[{"width":1938,"height":1104,"url":"https:\/\/observatorio-democracia.pt\/wp-content\/uploads\/2023\/11\/Captura-de-ecra-2023-11-13-as-19.37.21.png","type":"image\/png"}],"twitter_card":"summary_large_image","twitter_site":"@Observatorioda4","twitter_misc":{"Est. reading time":"2 minutes"},"schema":{"@context":"https:\/\/schema.org","@graph":[{"@type":"WebPage","@id":"https:\/\/observatorio-democracia.pt\/en\/events\/presentation-of-the-book-executive-legislative-relations-in-parliamentary-systems\/","url":"https:\/\/observatorio-democracia.pt\/en\/events\/presentation-of-the-book-executive-legislative-relations-in-parliamentary-systems\/","name":"Presentation of the book \"Executive-Legislative Relations in Parliamentary Systems\" | Observat\u00f3rio da Democracia e da Representa\u00e7\u00e3o Pol\u00edtica","isPartOf":{"@id":"https:\/\/observatorio-democracia.pt\/en\/#website"},"primaryImageOfPage":{"@id":"https:\/\/observatorio-democracia.pt\/en\/events\/presentation-of-the-book-executive-legislative-relations-in-parliamentary-systems\/#primaryimage"},"image":{"@id":"https:\/\/observatorio-democracia.pt\/en\/events\/presentation-of-the-book-executive-legislative-relations-in-parliamentary-systems\/#primaryimage"},"thumbnailUrl":"https:\/\/observatorio-democracia.pt\/wp-content\/uploads\/2023\/11\/Captura-de-ecra-2023-11-13-as-19.37.21.png","datePublished":"2023-11-14T18:15:07+00:00","dateModified":"2023-11-14T18:29:37+00:00","description":"On November 15 at 16:30, \"Executive-Legislative Relations in Parliamentary Systems\" will be presented by the author Patr\u00edcia Calca","breadcrumb":{"@id":"https:\/\/observatorio-democracia.pt\/en\/events\/presentation-of-the-book-executive-legislative-relations-in-parliamentary-systems\/#breadcrumb"},"inLanguage":"en-US","potentialAction":[{"@type":"ReadAction","target":["https:\/\/observatorio-democracia.pt\/en\/events\/presentation-of-the-book-executive-legislative-relations-in-parliamentary-systems\/"]}]},{"@type":"ImageObject","inLanguage":"en-US","@id":"https:\/\/observatorio-democracia.pt\/en\/events\/presentation-of-the-book-executive-legislative-relations-in-parliamentary-systems\/#primaryimage","url":"https:\/\/observatorio-democracia.pt\/wp-content\/uploads\/2023\/11\/Captura-de-ecra-2023-11-13-as-19.37.21.png","contentUrl":"https:\/\/observatorio-democracia.pt\/wp-content\/uploads\/2023\/11\/Captura-de-ecra-2023-11-13-as-19.37.21.png","width":1938,"height":1104},{"@type":"BreadcrumbList","@id":"https:\/\/observatorio-democracia.pt\/en\/events\/presentation-of-the-book-executive-legislative-relations-in-parliamentary-systems\/#breadcrumb","itemListElement":[{"@type":"ListItem","position":1,"name":"In\u00edcio","item":"https:\/\/observatorio-democracia.pt\/en\/"},{"@type":"ListItem","position":2,"name":"Events","item":"https:\/\/observatorio-democracia.pt\/en\/events\/"},{"@type":"ListItem","position":3,"name":"Presentation of the book &#8220;Executive-Legislative Relations in Parliamentary Systems&#8221;"}]},{"@type":"WebSite","@id":"https:\/\/observatorio-democracia.pt\/en\/#website","url":"https:\/\/observatorio-democracia.pt\/en\/","name":"Observat\u00f3rio da Democracia e da Representa\u00e7\u00e3o Pol\u00edtica","description":"Um bem para a Cidadania","publisher":{"@id":"https:\/\/observatorio-democracia.pt\/en\/#organization"},"potentialAction":[{"@type":"SearchAction","target":{"@type":"EntryPoint","urlTemplate":"https:\/\/observatorio-democracia.pt\/en\/?s={search_term_string}"},"query-input":{"@type":"PropertyValueSpecification","valueRequired":true,"valueName":"search_term_string"}}],"inLanguage":"en-US"},{"@type":"Organization","@id":"https:\/\/observatorio-democracia.pt\/en\/#organization","name":"Observat\u00f3rio da Democracia e da Representa\u00e7\u00e3o Pol\u00edtica","url":"https:\/\/observatorio-democracia.pt\/en\/","logo":{"@type":"ImageObject","inLanguage":"en-US","@id":"https:\/\/observatorio-democracia.pt\/en\/#\/schema\/logo\/image\/","url":"https:\/\/observatorio-democracia.pt\/wp-content\/uploads\/2022\/04\/logo-observatorio-democracia-forms.jpg","contentUrl":"https:\/\/observatorio-democracia.pt\/wp-content\/uploads\/2022\/04\/logo-observatorio-democracia-forms.jpg","width":400,"height":98,"caption":"Observat\u00f3rio da Democracia e da Representa\u00e7\u00e3o Pol\u00edtica"},"image":{"@id":"https:\/\/observatorio-democracia.pt\/en\/#\/schema\/logo\/image\/"},"sameAs":["https:\/\/www.facebook.com\/observatorio.democracia.representacao.politica","https:\/\/x.com\/Observatorioda4","https:\/\/www.instagram.com\/observatoriodrp\/"]}]}},"_links":{"self":[{"href":"https:\/\/observatorio-democracia.pt\/en\/wp-json\/wp\/v2\/mec-events\/53454","targetHints":{"allow":["GET"]}}],"collection":[{"href":"https:\/\/observatorio-democracia.pt\/en\/wp-json\/wp\/v2\/mec-events"}],"about":[{"href":"https:\/\/observatorio-democracia.pt\/en\/wp-json\/wp\/v2\/types\/mec-events"}],"author":[{"embeddable":true,"href":"https:\/\/observatorio-democracia.pt\/en\/wp-json\/wp\/v2\/users\/2"}],"replies":[{"embeddable":true,"href":"https:\/\/observatorio-democracia.pt\/en\/wp-json\/wp\/v2\/comments?post=53454"}],"wp:featuredmedia":[{"embeddable":true,"href":"https:\/\/observatorio-democracia.pt\/en\/wp-json\/wp\/v2\/media\/53453"}],"wp:attachment":[{"href":"https:\/\/observatorio-democracia.pt\/en\/wp-json\/wp\/v2\/media?parent=53454"}],"wp:term":[{"taxonomy":"post_tag","embeddable":true,"href":"https:\/\/observatorio-democracia.pt\/en\/wp-json\/wp\/v2\/tags?post=53454"},{"taxonomy":"mec_category","embeddable":true,"href":"https:\/\/observatorio-democracia.pt\/en\/wp-json\/wp\/v2\/mec_category?post=53454"}],"curies":[{"name":"wp","href":"https:\/\/api.w.org\/{rel}","templated":true}]}}