{"id":53442,"date":"2023-11-10T18:27:54","date_gmt":"2023-11-10T18:27:54","guid":{"rendered":"https:\/\/observatorio-democracia.pt\/?post_type=mec-events&#038;p=53442"},"modified":"2023-11-10T18:32:58","modified_gmt":"2023-11-10T18:32:58","slug":"on-the-reletionship-between-age-and-conspiracy-beliefs","status":"publish","type":"mec-events","link":"https:\/\/observatorio-democracia.pt\/en\/events\/on-the-reletionship-between-age-and-conspiracy-beliefs\/","title":{"rendered":"On the reletionship between age and conspiracy beliefs"},"content":{"rendered":"<p>On Monday (13\/11\/2023) at 12 noon, the Observatory of Democracy and Political Representation will host researcher Daniel Stockemer for the seminar &#8220;On the relationship between age and conspiracy beliefs\u201d. Professor Patr\u00edcia Calca will be moderating the discussion.<\/p>\n<p>The conference will debate this relationship, looking at cross-sectional data from six countries, considering the direction and strength of this relationship. In his research, Stockemer shows that there is a strong negative association between a person&#8217;s age and their conspiracy beliefs and that younger individuals have a greater propensity for activism and lower self-esteem, which would explain a significant part of their beliefs in conspiracy theories.<\/p>\n<p>Daniel Stockemer has been a Senior Lecturer in the School of Political Studies at the University of Ottawa since 2021 and his main research focus is the fundamental challenges facing major democracies, including the effects of migration on political attitudes, the populist tide, transformations in elections and the determinants of vote choice, and the unequal representation of various population groups.\u00a0 Since 2019 he has been editor of the International Political Science Review and, since 2020, of the Springer Book Series in Electoral Politics<\/p>\n","protected":false},"excerpt":{"rendered":"<p>On Monday (13\/11\/2023) at 12 noon, the Observatory of Democracy and Political Representation will host researcher Daniel Stockemer for the seminar &#8220;On the relationship between age and conspiracy beliefs\u201d. Professor Patr\u00edcia Calca will be moderating the discussion.<\/p>\n","protected":false},"author":2,"featured_media":53441,"comment_status":"closed","ping_status":"closed","template":"","tags":[],"mec_category":[],"class_list":["post-53442","mec-events","type-mec-events","status-publish","has-post-thumbnail","hentry","description-off"],"yoast_head":"<!-- This site is optimized with the Yoast SEO plugin v24.7 - https:\/\/yoast.com\/wordpress\/plugins\/seo\/ -->\n<title>On the reletionship between age and conspiracy beliefs | Observat\u00f3rio da Democracia e da Representa\u00e7\u00e3o Pol\u00edtica<\/title>\n<meta name=\"description\" content=\"Observatory of Democracy and Political Representation will host researcher Daniel Stockemer for the seminar &quot;On the relationship between age and conspiracy beliefs\u201d\" \/>\n<meta name=\"robots\" content=\"index, follow, max-snippet:-1, max-image-preview:large, max-video-preview:-1\" \/>\n<link rel=\"canonical\" href=\"https:\/\/observatorio-democracia.pt\/en\/events\/on-the-reletionship-between-age-and-conspiracy-beliefs\/\" \/>\n<meta property=\"og:locale\" content=\"en_US\" \/>\n<meta property=\"og:type\" content=\"article\" \/>\n<meta property=\"og:title\" content=\"On the reletionship between age and conspiracy beliefs | Observat\u00f3rio da Democracia e da Representa\u00e7\u00e3o Pol\u00edtica\" \/>\n<meta property=\"og:description\" content=\"Observatory of Democracy and Political Representation will host researcher Daniel Stockemer for the seminar &quot;On the relationship between age and conspiracy beliefs\u201d\" \/>\n<meta property=\"og:url\" content=\"https:\/\/observatorio-democracia.pt\/en\/events\/on-the-reletionship-between-age-and-conspiracy-beliefs\/\" \/>\n<meta property=\"og:site_name\" content=\"Observat\u00f3rio da Democracia e da Representa\u00e7\u00e3o Pol\u00edtica\" \/>\n<meta property=\"article:publisher\" content=\"https:\/\/www.facebook.com\/observatorio.democracia.representacao.politica\" \/>\n<meta property=\"article:modified_time\" content=\"2023-11-10T18:32:58+00:00\" \/>\n<meta property=\"og:image\" content=\"https:\/\/observatorio-democracia.pt\/wp-content\/uploads\/2023\/11\/Cartaz-Obs-Democracia_nov.png\" \/>\n\t<meta property=\"og:image:width\" content=\"842\" \/>\n\t<meta property=\"og:image:height\" content=\"1191\" \/>\n\t<meta property=\"og:image:type\" content=\"image\/png\" \/>\n<meta name=\"twitter:card\" content=\"summary_large_image\" \/>\n<meta name=\"twitter:site\" content=\"@Observatorioda4\" \/>\n<meta name=\"twitter:label1\" content=\"Est. reading time\" \/>\n\t<meta name=\"twitter:data1\" content=\"2 minutes\" \/>\n<script type=\"application\/ld+json\" class=\"yoast-schema-graph\">{\"@context\":\"https:\/\/schema.org\",\"@graph\":[{\"@type\":\"WebPage\",\"@id\":\"https:\/\/observatorio-democracia.pt\/en\/events\/on-the-reletionship-between-age-and-conspiracy-beliefs\/\",\"url\":\"https:\/\/observatorio-democracia.pt\/en\/events\/on-the-reletionship-between-age-and-conspiracy-beliefs\/\",\"name\":\"On the reletionship between age and conspiracy beliefs | Observat\u00f3rio da Democracia e da Representa\u00e7\u00e3o Pol\u00edtica\",\"isPartOf\":{\"@id\":\"https:\/\/observatorio-democracia.pt\/en\/#website\"},\"primaryImageOfPage\":{\"@id\":\"https:\/\/observatorio-democracia.pt\/en\/events\/on-the-reletionship-between-age-and-conspiracy-beliefs\/#primaryimage\"},\"image\":{\"@id\":\"https:\/\/observatorio-democracia.pt\/en\/events\/on-the-reletionship-between-age-and-conspiracy-beliefs\/#primaryimage\"},\"thumbnailUrl\":\"https:\/\/observatorio-democracia.pt\/wp-content\/uploads\/2023\/11\/Cartaz-Obs-Democracia_nov.png\",\"datePublished\":\"2023-11-10T18:27:54+00:00\",\"dateModified\":\"2023-11-10T18:32:58+00:00\",\"description\":\"Observatory of Democracy and Political Representation will host researcher Daniel Stockemer for the seminar \\\"On the relationship between age and conspiracy beliefs\u201d\",\"breadcrumb\":{\"@id\":\"https:\/\/observatorio-democracia.pt\/en\/events\/on-the-reletionship-between-age-and-conspiracy-beliefs\/#breadcrumb\"},\"inLanguage\":\"en-US\",\"potentialAction\":[{\"@type\":\"ReadAction\",\"target\":[\"https:\/\/observatorio-democracia.pt\/en\/events\/on-the-reletionship-between-age-and-conspiracy-beliefs\/\"]}]},{\"@type\":\"ImageObject\",\"inLanguage\":\"en-US\",\"@id\":\"https:\/\/observatorio-democracia.pt\/en\/events\/on-the-reletionship-between-age-and-conspiracy-beliefs\/#primaryimage\",\"url\":\"https:\/\/observatorio-democracia.pt\/wp-content\/uploads\/2023\/11\/Cartaz-Obs-Democracia_nov.png\",\"contentUrl\":\"https:\/\/observatorio-democracia.pt\/wp-content\/uploads\/2023\/11\/Cartaz-Obs-Democracia_nov.png\",\"width\":842,\"height\":1191},{\"@type\":\"BreadcrumbList\",\"@id\":\"https:\/\/observatorio-democracia.pt\/en\/events\/on-the-reletionship-between-age-and-conspiracy-beliefs\/#breadcrumb\",\"itemListElement\":[{\"@type\":\"ListItem\",\"position\":1,\"name\":\"In\u00edcio\",\"item\":\"https:\/\/observatorio-democracia.pt\/en\/\"},{\"@type\":\"ListItem\",\"position\":2,\"name\":\"Events\",\"item\":\"https:\/\/observatorio-democracia.pt\/en\/events\/\"},{\"@type\":\"ListItem\",\"position\":3,\"name\":\"On the reletionship between age and conspiracy beliefs\"}]},{\"@type\":\"WebSite\",\"@id\":\"https:\/\/observatorio-democracia.pt\/en\/#website\",\"url\":\"https:\/\/observatorio-democracia.pt\/en\/\",\"name\":\"Observat\u00f3rio da Democracia e da Representa\u00e7\u00e3o Pol\u00edtica\",\"description\":\"Um bem para a Cidadania\",\"publisher\":{\"@id\":\"https:\/\/observatorio-democracia.pt\/en\/#organization\"},\"potentialAction\":[{\"@type\":\"SearchAction\",\"target\":{\"@type\":\"EntryPoint\",\"urlTemplate\":\"https:\/\/observatorio-democracia.pt\/en\/?s={search_term_string}\"},\"query-input\":{\"@type\":\"PropertyValueSpecification\",\"valueRequired\":true,\"valueName\":\"search_term_string\"}}],\"inLanguage\":\"en-US\"},{\"@type\":\"Organization\",\"@id\":\"https:\/\/observatorio-democracia.pt\/en\/#organization\",\"name\":\"Observat\u00f3rio da Democracia e da Representa\u00e7\u00e3o Pol\u00edtica\",\"url\":\"https:\/\/observatorio-democracia.pt\/en\/\",\"logo\":{\"@type\":\"ImageObject\",\"inLanguage\":\"en-US\",\"@id\":\"https:\/\/observatorio-democracia.pt\/en\/#\/schema\/logo\/image\/\",\"url\":\"https:\/\/observatorio-democracia.pt\/wp-content\/uploads\/2022\/04\/logo-observatorio-democracia-forms.jpg\",\"contentUrl\":\"https:\/\/observatorio-democracia.pt\/wp-content\/uploads\/2022\/04\/logo-observatorio-democracia-forms.jpg\",\"width\":400,\"height\":98,\"caption\":\"Observat\u00f3rio da Democracia e da Representa\u00e7\u00e3o Pol\u00edtica\"},\"image\":{\"@id\":\"https:\/\/observatorio-democracia.pt\/en\/#\/schema\/logo\/image\/\"},\"sameAs\":[\"https:\/\/www.facebook.com\/observatorio.democracia.representacao.politica\",\"https:\/\/x.com\/Observatorioda4\",\"https:\/\/www.instagram.com\/observatoriodrp\/\"]}]}<\/script>\n<!-- \/ Yoast SEO plugin. -->","yoast_head_json":{"title":"On the reletionship between age and conspiracy beliefs | Observat\u00f3rio da Democracia e da Representa\u00e7\u00e3o Pol\u00edtica","description":"Observatory of Democracy and Political Representation will host researcher Daniel Stockemer for the seminar \"On the relationship between age and conspiracy beliefs\u201d","robots":{"index":"index","follow":"follow","max-snippet":"max-snippet:-1","max-image-preview":"max-image-preview:large","max-video-preview":"max-video-preview:-1"},"canonical":"https:\/\/observatorio-democracia.pt\/en\/events\/on-the-reletionship-between-age-and-conspiracy-beliefs\/","og_locale":"en_US","og_type":"article","og_title":"On the reletionship between age and conspiracy beliefs | Observat\u00f3rio da Democracia e da Representa\u00e7\u00e3o Pol\u00edtica","og_description":"Observatory of Democracy and Political Representation will host researcher Daniel Stockemer for the seminar \"On the relationship between age and conspiracy beliefs\u201d","og_url":"https:\/\/observatorio-democracia.pt\/en\/events\/on-the-reletionship-between-age-and-conspiracy-beliefs\/","og_site_name":"Observat\u00f3rio da Democracia e da Representa\u00e7\u00e3o Pol\u00edtica","article_publisher":"https:\/\/www.facebook.com\/observatorio.democracia.representacao.politica","article_modified_time":"2023-11-10T18:32:58+00:00","og_image":[{"width":842,"height":1191,"url":"https:\/\/observatorio-democracia.pt\/wp-content\/uploads\/2023\/11\/Cartaz-Obs-Democracia_nov.png","type":"image\/png"}],"twitter_card":"summary_large_image","twitter_site":"@Observatorioda4","twitter_misc":{"Est. reading time":"2 minutes"},"schema":{"@context":"https:\/\/schema.org","@graph":[{"@type":"WebPage","@id":"https:\/\/observatorio-democracia.pt\/en\/events\/on-the-reletionship-between-age-and-conspiracy-beliefs\/","url":"https:\/\/observatorio-democracia.pt\/en\/events\/on-the-reletionship-between-age-and-conspiracy-beliefs\/","name":"On the reletionship between age and conspiracy beliefs | Observat\u00f3rio da Democracia e da Representa\u00e7\u00e3o Pol\u00edtica","isPartOf":{"@id":"https:\/\/observatorio-democracia.pt\/en\/#website"},"primaryImageOfPage":{"@id":"https:\/\/observatorio-democracia.pt\/en\/events\/on-the-reletionship-between-age-and-conspiracy-beliefs\/#primaryimage"},"image":{"@id":"https:\/\/observatorio-democracia.pt\/en\/events\/on-the-reletionship-between-age-and-conspiracy-beliefs\/#primaryimage"},"thumbnailUrl":"https:\/\/observatorio-democracia.pt\/wp-content\/uploads\/2023\/11\/Cartaz-Obs-Democracia_nov.png","datePublished":"2023-11-10T18:27:54+00:00","dateModified":"2023-11-10T18:32:58+00:00","description":"Observatory of Democracy and Political Representation will host researcher Daniel Stockemer for the seminar \"On the relationship between age and conspiracy beliefs\u201d","breadcrumb":{"@id":"https:\/\/observatorio-democracia.pt\/en\/events\/on-the-reletionship-between-age-and-conspiracy-beliefs\/#breadcrumb"},"inLanguage":"en-US","potentialAction":[{"@type":"ReadAction","target":["https:\/\/observatorio-democracia.pt\/en\/events\/on-the-reletionship-between-age-and-conspiracy-beliefs\/"]}]},{"@type":"ImageObject","inLanguage":"en-US","@id":"https:\/\/observatorio-democracia.pt\/en\/events\/on-the-reletionship-between-age-and-conspiracy-beliefs\/#primaryimage","url":"https:\/\/observatorio-democracia.pt\/wp-content\/uploads\/2023\/11\/Cartaz-Obs-Democracia_nov.png","contentUrl":"https:\/\/observatorio-democracia.pt\/wp-content\/uploads\/2023\/11\/Cartaz-Obs-Democracia_nov.png","width":842,"height":1191},{"@type":"BreadcrumbList","@id":"https:\/\/observatorio-democracia.pt\/en\/events\/on-the-reletionship-between-age-and-conspiracy-beliefs\/#breadcrumb","itemListElement":[{"@type":"ListItem","position":1,"name":"In\u00edcio","item":"https:\/\/observatorio-democracia.pt\/en\/"},{"@type":"ListItem","position":2,"name":"Events","item":"https:\/\/observatorio-democracia.pt\/en\/events\/"},{"@type":"ListItem","position":3,"name":"On the reletionship between age and conspiracy beliefs"}]},{"@type":"WebSite","@id":"https:\/\/observatorio-democracia.pt\/en\/#website","url":"https:\/\/observatorio-democracia.pt\/en\/","name":"Observat\u00f3rio da Democracia e da Representa\u00e7\u00e3o Pol\u00edtica","description":"Um bem para a Cidadania","publisher":{"@id":"https:\/\/observatorio-democracia.pt\/en\/#organization"},"potentialAction":[{"@type":"SearchAction","target":{"@type":"EntryPoint","urlTemplate":"https:\/\/observatorio-democracia.pt\/en\/?s={search_term_string}"},"query-input":{"@type":"PropertyValueSpecification","valueRequired":true,"valueName":"search_term_string"}}],"inLanguage":"en-US"},{"@type":"Organization","@id":"https:\/\/observatorio-democracia.pt\/en\/#organization","name":"Observat\u00f3rio da Democracia e da Representa\u00e7\u00e3o Pol\u00edtica","url":"https:\/\/observatorio-democracia.pt\/en\/","logo":{"@type":"ImageObject","inLanguage":"en-US","@id":"https:\/\/observatorio-democracia.pt\/en\/#\/schema\/logo\/image\/","url":"https:\/\/observatorio-democracia.pt\/wp-content\/uploads\/2022\/04\/logo-observatorio-democracia-forms.jpg","contentUrl":"https:\/\/observatorio-democracia.pt\/wp-content\/uploads\/2022\/04\/logo-observatorio-democracia-forms.jpg","width":400,"height":98,"caption":"Observat\u00f3rio da Democracia e da Representa\u00e7\u00e3o Pol\u00edtica"},"image":{"@id":"https:\/\/observatorio-democracia.pt\/en\/#\/schema\/logo\/image\/"},"sameAs":["https:\/\/www.facebook.com\/observatorio.democracia.representacao.politica","https:\/\/x.com\/Observatorioda4","https:\/\/www.instagram.com\/observatoriodrp\/"]}]}},"_links":{"self":[{"href":"https:\/\/observatorio-democracia.pt\/en\/wp-json\/wp\/v2\/mec-events\/53442","targetHints":{"allow":["GET"]}}],"collection":[{"href":"https:\/\/observatorio-democracia.pt\/en\/wp-json\/wp\/v2\/mec-events"}],"about":[{"href":"https:\/\/observatorio-democracia.pt\/en\/wp-json\/wp\/v2\/types\/mec-events"}],"author":[{"embeddable":true,"href":"https:\/\/observatorio-democracia.pt\/en\/wp-json\/wp\/v2\/users\/2"}],"replies":[{"embeddable":true,"href":"https:\/\/observatorio-democracia.pt\/en\/wp-json\/wp\/v2\/comments?post=53442"}],"wp:featuredmedia":[{"embeddable":true,"href":"https:\/\/observatorio-democracia.pt\/en\/wp-json\/wp\/v2\/media\/53441"}],"wp:attachment":[{"href":"https:\/\/observatorio-democracia.pt\/en\/wp-json\/wp\/v2\/media?parent=53442"}],"wp:term":[{"taxonomy":"post_tag","embeddable":true,"href":"https:\/\/observatorio-democracia.pt\/en\/wp-json\/wp\/v2\/tags?post=53442"},{"taxonomy":"mec_category","embeddable":true,"href":"https:\/\/observatorio-democracia.pt\/en\/wp-json\/wp\/v2\/mec_category?post=53442"}],"curies":[{"name":"wp","href":"https:\/\/api.w.org\/{rel}","templated":true}]}}