{"id":53373,"date":"2023-10-26T16:15:56","date_gmt":"2023-10-26T16:15:56","guid":{"rendered":"https:\/\/observatorio-democracia.pt\/?post_type=mec-events&#038;p=53373"},"modified":"2023-10-26T16:22:34","modified_gmt":"2023-10-26T16:22:34","slug":"the-spanish-general-election-in-july-2023-results-and-political-consequences","status":"publish","type":"mec-events","link":"https:\/\/observatorio-democracia.pt\/en\/events\/the-spanish-general-election-in-july-2023-results-and-political-consequences\/","title":{"rendered":"The Spanish general election in July 2023: results and political consequences"},"content":{"rendered":"<p>On Monday 30 October 2023, the PhD in Political Science at Iscte &#8211; Instituto Universit\u00e1rio de Lisboa, returns to the cycle of doctoral debates for the 2023\/2024 academic year, this time with the conference &#8220;The Spanish general election in July 2023: results and political consequences&#8221;, which will debate the results and consequences associated with the Spanish general election, held on 23 July 2023.<\/p>\n<p>With the participation of Leonardo S\u00e1nchez-Ferrer, Associate Professor of Political Science at the University of Burgos (Spain), the Spanish general elections 2023 will be analyzed by comparing them with the results of the 2019 elections, framing them within the evolution of the party system since 2015. It will also explain the main voting factors such as gender, age, social class, religiosity or ideology and the political impact of the results, as well as the main uncertainties that lie ahead for the Spanish political system.<\/p>\n<p>Leonardo S\u00e1nchez-Ferrer is Associate Professor of Political Science at the University of Burgos, holds a PhD in Political Science from the Autonomous University of Madrid and the Juan March Institute in Madrid and has published several books and articles on public education policies, political leadership, ideological congruence between parties and citizens and the process of elite polarization in Western societies. He is a member of the Spanish team of the Comparative Candidate Survey project and actively participated in the Spanish surveys of waves II and III, with results published in the book \u201cPoliticians in Hard Times. Spanish and South European MPs Facing Citizens after the Great Recession\u201d (co-edited with Xavier Coller, Palgrave-Macmillan, 2021).<\/p>\n","protected":false},"excerpt":{"rendered":"<p>cycle of doctoral debates for the 2023\/2024 academic year, this time with the conference &#8220;The Spanish general election in July 2023: results and political consequences&#8221;, which will debate the results and consequences associated with the Spanish general election<\/p>\n","protected":false},"author":2,"featured_media":53372,"comment_status":"closed","ping_status":"closed","template":"","tags":[],"mec_category":[],"class_list":["post-53373","mec-events","type-mec-events","status-publish","has-post-thumbnail","hentry","description-off"],"yoast_head":"<!-- This site is optimized with the Yoast SEO plugin v24.7 - https:\/\/yoast.com\/wordpress\/plugins\/seo\/ -->\n<title>The Spanish general election in July 2023: results and political consequences | Observat\u00f3rio da Democracia e da Representa\u00e7\u00e3o Pol\u00edtica<\/title>\n<meta name=\"description\" content=\"Cycle of doctoral debates, this time with the conference &quot;The Spanish general election in July 2023: results and political consequences&quot;,\" \/>\n<meta name=\"robots\" content=\"index, follow, max-snippet:-1, max-image-preview:large, max-video-preview:-1\" \/>\n<link rel=\"canonical\" href=\"https:\/\/observatorio-democracia.pt\/en\/events\/the-spanish-general-election-in-july-2023-results-and-political-consequences\/\" \/>\n<meta property=\"og:locale\" content=\"en_US\" \/>\n<meta property=\"og:type\" content=\"article\" \/>\n<meta property=\"og:title\" content=\"The Spanish general election in July 2023: results and political consequences | Observat\u00f3rio da Democracia e da Representa\u00e7\u00e3o Pol\u00edtica\" \/>\n<meta property=\"og:description\" content=\"Cycle of doctoral debates, this time with the conference &quot;The Spanish general election in July 2023: results and political consequences&quot;,\" \/>\n<meta property=\"og:url\" content=\"https:\/\/observatorio-democracia.pt\/en\/events\/the-spanish-general-election-in-july-2023-results-and-political-consequences\/\" \/>\n<meta property=\"og:site_name\" content=\"Observat\u00f3rio da Democracia e da Representa\u00e7\u00e3o Pol\u00edtica\" \/>\n<meta property=\"article:publisher\" content=\"https:\/\/www.facebook.com\/observatorio.democracia.representacao.politica\" \/>\n<meta property=\"article:modified_time\" content=\"2023-10-26T16:22:34+00:00\" \/>\n<meta property=\"og:image\" content=\"https:\/\/observatorio-democracia.pt\/wp-content\/uploads\/2023\/10\/ConfDCP_30out2023-Eleicoes-Espanholas-23-Julho-2023.png\" \/>\n\t<meta property=\"og:image:width\" content=\"842\" \/>\n\t<meta property=\"og:image:height\" content=\"1191\" \/>\n\t<meta property=\"og:image:type\" content=\"image\/png\" \/>\n<meta name=\"twitter:card\" content=\"summary_large_image\" \/>\n<meta name=\"twitter:site\" content=\"@Observatorioda4\" \/>\n<meta name=\"twitter:label1\" content=\"Est. reading time\" \/>\n\t<meta name=\"twitter:data1\" content=\"2 minutes\" \/>\n<script type=\"application\/ld+json\" class=\"yoast-schema-graph\">{\"@context\":\"https:\/\/schema.org\",\"@graph\":[{\"@type\":\"WebPage\",\"@id\":\"https:\/\/observatorio-democracia.pt\/en\/events\/the-spanish-general-election-in-july-2023-results-and-political-consequences\/\",\"url\":\"https:\/\/observatorio-democracia.pt\/en\/events\/the-spanish-general-election-in-july-2023-results-and-political-consequences\/\",\"name\":\"The Spanish general election in July 2023: results and political consequences | Observat\u00f3rio da Democracia e da Representa\u00e7\u00e3o Pol\u00edtica\",\"isPartOf\":{\"@id\":\"https:\/\/observatorio-democracia.pt\/en\/#website\"},\"primaryImageOfPage\":{\"@id\":\"https:\/\/observatorio-democracia.pt\/en\/events\/the-spanish-general-election-in-july-2023-results-and-political-consequences\/#primaryimage\"},\"image\":{\"@id\":\"https:\/\/observatorio-democracia.pt\/en\/events\/the-spanish-general-election-in-july-2023-results-and-political-consequences\/#primaryimage\"},\"thumbnailUrl\":\"https:\/\/observatorio-democracia.pt\/wp-content\/uploads\/2023\/10\/ConfDCP_30out2023-Eleicoes-Espanholas-23-Julho-2023.png\",\"datePublished\":\"2023-10-26T16:15:56+00:00\",\"dateModified\":\"2023-10-26T16:22:34+00:00\",\"description\":\"Cycle of doctoral debates, this time with the conference \\\"The Spanish general election in July 2023: results and political consequences\\\",\",\"breadcrumb\":{\"@id\":\"https:\/\/observatorio-democracia.pt\/en\/events\/the-spanish-general-election-in-july-2023-results-and-political-consequences\/#breadcrumb\"},\"inLanguage\":\"en-US\",\"potentialAction\":[{\"@type\":\"ReadAction\",\"target\":[\"https:\/\/observatorio-democracia.pt\/en\/events\/the-spanish-general-election-in-july-2023-results-and-political-consequences\/\"]}]},{\"@type\":\"ImageObject\",\"inLanguage\":\"en-US\",\"@id\":\"https:\/\/observatorio-democracia.pt\/en\/events\/the-spanish-general-election-in-july-2023-results-and-political-consequences\/#primaryimage\",\"url\":\"https:\/\/observatorio-democracia.pt\/wp-content\/uploads\/2023\/10\/ConfDCP_30out2023-Eleicoes-Espanholas-23-Julho-2023.png\",\"contentUrl\":\"https:\/\/observatorio-democracia.pt\/wp-content\/uploads\/2023\/10\/ConfDCP_30out2023-Eleicoes-Espanholas-23-Julho-2023.png\",\"width\":842,\"height\":1191},{\"@type\":\"BreadcrumbList\",\"@id\":\"https:\/\/observatorio-democracia.pt\/en\/events\/the-spanish-general-election-in-july-2023-results-and-political-consequences\/#breadcrumb\",\"itemListElement\":[{\"@type\":\"ListItem\",\"position\":1,\"name\":\"In\u00edcio\",\"item\":\"https:\/\/observatorio-democracia.pt\/en\/\"},{\"@type\":\"ListItem\",\"position\":2,\"name\":\"Events\",\"item\":\"https:\/\/observatorio-democracia.pt\/en\/events\/\"},{\"@type\":\"ListItem\",\"position\":3,\"name\":\"The Spanish general election in July 2023: results and political consequences\"}]},{\"@type\":\"WebSite\",\"@id\":\"https:\/\/observatorio-democracia.pt\/en\/#website\",\"url\":\"https:\/\/observatorio-democracia.pt\/en\/\",\"name\":\"Observat\u00f3rio da Democracia e da Representa\u00e7\u00e3o Pol\u00edtica\",\"description\":\"Um bem para a Cidadania\",\"publisher\":{\"@id\":\"https:\/\/observatorio-democracia.pt\/en\/#organization\"},\"potentialAction\":[{\"@type\":\"SearchAction\",\"target\":{\"@type\":\"EntryPoint\",\"urlTemplate\":\"https:\/\/observatorio-democracia.pt\/en\/?s={search_term_string}\"},\"query-input\":{\"@type\":\"PropertyValueSpecification\",\"valueRequired\":true,\"valueName\":\"search_term_string\"}}],\"inLanguage\":\"en-US\"},{\"@type\":\"Organization\",\"@id\":\"https:\/\/observatorio-democracia.pt\/en\/#organization\",\"name\":\"Observat\u00f3rio da Democracia e da Representa\u00e7\u00e3o Pol\u00edtica\",\"url\":\"https:\/\/observatorio-democracia.pt\/en\/\",\"logo\":{\"@type\":\"ImageObject\",\"inLanguage\":\"en-US\",\"@id\":\"https:\/\/observatorio-democracia.pt\/en\/#\/schema\/logo\/image\/\",\"url\":\"https:\/\/observatorio-democracia.pt\/wp-content\/uploads\/2022\/04\/logo-observatorio-democracia-forms.jpg\",\"contentUrl\":\"https:\/\/observatorio-democracia.pt\/wp-content\/uploads\/2022\/04\/logo-observatorio-democracia-forms.jpg\",\"width\":400,\"height\":98,\"caption\":\"Observat\u00f3rio da Democracia e da Representa\u00e7\u00e3o Pol\u00edtica\"},\"image\":{\"@id\":\"https:\/\/observatorio-democracia.pt\/en\/#\/schema\/logo\/image\/\"},\"sameAs\":[\"https:\/\/www.facebook.com\/observatorio.democracia.representacao.politica\",\"https:\/\/x.com\/Observatorioda4\",\"https:\/\/www.instagram.com\/observatoriodrp\/\"]}]}<\/script>\n<!-- \/ Yoast SEO plugin. -->","yoast_head_json":{"title":"The Spanish general election in July 2023: results and political consequences | Observat\u00f3rio da Democracia e da Representa\u00e7\u00e3o Pol\u00edtica","description":"Cycle of doctoral debates, this time with the conference \"The Spanish general election in July 2023: results and political consequences\",","robots":{"index":"index","follow":"follow","max-snippet":"max-snippet:-1","max-image-preview":"max-image-preview:large","max-video-preview":"max-video-preview:-1"},"canonical":"https:\/\/observatorio-democracia.pt\/en\/events\/the-spanish-general-election-in-july-2023-results-and-political-consequences\/","og_locale":"en_US","og_type":"article","og_title":"The Spanish general election in July 2023: results and political consequences | Observat\u00f3rio da Democracia e da Representa\u00e7\u00e3o Pol\u00edtica","og_description":"Cycle of doctoral debates, this time with the conference \"The Spanish general election in July 2023: results and political consequences\",","og_url":"https:\/\/observatorio-democracia.pt\/en\/events\/the-spanish-general-election-in-july-2023-results-and-political-consequences\/","og_site_name":"Observat\u00f3rio da Democracia e da Representa\u00e7\u00e3o Pol\u00edtica","article_publisher":"https:\/\/www.facebook.com\/observatorio.democracia.representacao.politica","article_modified_time":"2023-10-26T16:22:34+00:00","og_image":[{"width":842,"height":1191,"url":"https:\/\/observatorio-democracia.pt\/wp-content\/uploads\/2023\/10\/ConfDCP_30out2023-Eleicoes-Espanholas-23-Julho-2023.png","type":"image\/png"}],"twitter_card":"summary_large_image","twitter_site":"@Observatorioda4","twitter_misc":{"Est. reading time":"2 minutes"},"schema":{"@context":"https:\/\/schema.org","@graph":[{"@type":"WebPage","@id":"https:\/\/observatorio-democracia.pt\/en\/events\/the-spanish-general-election-in-july-2023-results-and-political-consequences\/","url":"https:\/\/observatorio-democracia.pt\/en\/events\/the-spanish-general-election-in-july-2023-results-and-political-consequences\/","name":"The Spanish general election in July 2023: results and political consequences | Observat\u00f3rio da Democracia e da Representa\u00e7\u00e3o Pol\u00edtica","isPartOf":{"@id":"https:\/\/observatorio-democracia.pt\/en\/#website"},"primaryImageOfPage":{"@id":"https:\/\/observatorio-democracia.pt\/en\/events\/the-spanish-general-election-in-july-2023-results-and-political-consequences\/#primaryimage"},"image":{"@id":"https:\/\/observatorio-democracia.pt\/en\/events\/the-spanish-general-election-in-july-2023-results-and-political-consequences\/#primaryimage"},"thumbnailUrl":"https:\/\/observatorio-democracia.pt\/wp-content\/uploads\/2023\/10\/ConfDCP_30out2023-Eleicoes-Espanholas-23-Julho-2023.png","datePublished":"2023-10-26T16:15:56+00:00","dateModified":"2023-10-26T16:22:34+00:00","description":"Cycle of doctoral debates, this time with the conference \"The Spanish general election in July 2023: results and political consequences\",","breadcrumb":{"@id":"https:\/\/observatorio-democracia.pt\/en\/events\/the-spanish-general-election-in-july-2023-results-and-political-consequences\/#breadcrumb"},"inLanguage":"en-US","potentialAction":[{"@type":"ReadAction","target":["https:\/\/observatorio-democracia.pt\/en\/events\/the-spanish-general-election-in-july-2023-results-and-political-consequences\/"]}]},{"@type":"ImageObject","inLanguage":"en-US","@id":"https:\/\/observatorio-democracia.pt\/en\/events\/the-spanish-general-election-in-july-2023-results-and-political-consequences\/#primaryimage","url":"https:\/\/observatorio-democracia.pt\/wp-content\/uploads\/2023\/10\/ConfDCP_30out2023-Eleicoes-Espanholas-23-Julho-2023.png","contentUrl":"https:\/\/observatorio-democracia.pt\/wp-content\/uploads\/2023\/10\/ConfDCP_30out2023-Eleicoes-Espanholas-23-Julho-2023.png","width":842,"height":1191},{"@type":"BreadcrumbList","@id":"https:\/\/observatorio-democracia.pt\/en\/events\/the-spanish-general-election-in-july-2023-results-and-political-consequences\/#breadcrumb","itemListElement":[{"@type":"ListItem","position":1,"name":"In\u00edcio","item":"https:\/\/observatorio-democracia.pt\/en\/"},{"@type":"ListItem","position":2,"name":"Events","item":"https:\/\/observatorio-democracia.pt\/en\/events\/"},{"@type":"ListItem","position":3,"name":"The Spanish general election in July 2023: results and political consequences"}]},{"@type":"WebSite","@id":"https:\/\/observatorio-democracia.pt\/en\/#website","url":"https:\/\/observatorio-democracia.pt\/en\/","name":"Observat\u00f3rio da Democracia e da Representa\u00e7\u00e3o Pol\u00edtica","description":"Um bem para a Cidadania","publisher":{"@id":"https:\/\/observatorio-democracia.pt\/en\/#organization"},"potentialAction":[{"@type":"SearchAction","target":{"@type":"EntryPoint","urlTemplate":"https:\/\/observatorio-democracia.pt\/en\/?s={search_term_string}"},"query-input":{"@type":"PropertyValueSpecification","valueRequired":true,"valueName":"search_term_string"}}],"inLanguage":"en-US"},{"@type":"Organization","@id":"https:\/\/observatorio-democracia.pt\/en\/#organization","name":"Observat\u00f3rio da Democracia e da Representa\u00e7\u00e3o Pol\u00edtica","url":"https:\/\/observatorio-democracia.pt\/en\/","logo":{"@type":"ImageObject","inLanguage":"en-US","@id":"https:\/\/observatorio-democracia.pt\/en\/#\/schema\/logo\/image\/","url":"https:\/\/observatorio-democracia.pt\/wp-content\/uploads\/2022\/04\/logo-observatorio-democracia-forms.jpg","contentUrl":"https:\/\/observatorio-democracia.pt\/wp-content\/uploads\/2022\/04\/logo-observatorio-democracia-forms.jpg","width":400,"height":98,"caption":"Observat\u00f3rio da Democracia e da Representa\u00e7\u00e3o Pol\u00edtica"},"image":{"@id":"https:\/\/observatorio-democracia.pt\/en\/#\/schema\/logo\/image\/"},"sameAs":["https:\/\/www.facebook.com\/observatorio.democracia.representacao.politica","https:\/\/x.com\/Observatorioda4","https:\/\/www.instagram.com\/observatoriodrp\/"]}]}},"_links":{"self":[{"href":"https:\/\/observatorio-democracia.pt\/en\/wp-json\/wp\/v2\/mec-events\/53373","targetHints":{"allow":["GET"]}}],"collection":[{"href":"https:\/\/observatorio-democracia.pt\/en\/wp-json\/wp\/v2\/mec-events"}],"about":[{"href":"https:\/\/observatorio-democracia.pt\/en\/wp-json\/wp\/v2\/types\/mec-events"}],"author":[{"embeddable":true,"href":"https:\/\/observatorio-democracia.pt\/en\/wp-json\/wp\/v2\/users\/2"}],"replies":[{"embeddable":true,"href":"https:\/\/observatorio-democracia.pt\/en\/wp-json\/wp\/v2\/comments?post=53373"}],"wp:featuredmedia":[{"embeddable":true,"href":"https:\/\/observatorio-democracia.pt\/en\/wp-json\/wp\/v2\/media\/53372"}],"wp:attachment":[{"href":"https:\/\/observatorio-democracia.pt\/en\/wp-json\/wp\/v2\/media?parent=53373"}],"wp:term":[{"taxonomy":"post_tag","embeddable":true,"href":"https:\/\/observatorio-democracia.pt\/en\/wp-json\/wp\/v2\/tags?post=53373"},{"taxonomy":"mec_category","embeddable":true,"href":"https:\/\/observatorio-democracia.pt\/en\/wp-json\/wp\/v2\/mec_category?post=53373"}],"curies":[{"name":"wp","href":"https:\/\/api.w.org\/{rel}","templated":true}]}}