{"id":53215,"date":"2023-07-18T16:49:24","date_gmt":"2023-07-18T16:49:24","guid":{"rendered":"https:\/\/observatorio-democracia.pt\/?post_type=mec-events&#038;p=53215"},"modified":"2023-07-18T17:00:52","modified_gmt":"2023-07-18T17:00:52","slug":"repeated-exposure-and-protest-outcomes","status":"publish","type":"mec-events","link":"https:\/\/observatorio-democracia.pt\/en\/events\/repeated-exposure-and-protest-outcomes\/","title":{"rendered":"Repeated exposure and protest outcomes"},"content":{"rendered":"<p>On Wednesday, July 19, at 5 pm, a new session of the Seminar on Social Movements and Political Action will take place, with the theme &#8220;Repeated exposure and protest outcomes&#8221; with the participation of Ant\u00f3nio Valentim, Postdoctoral Associate at the MacMillan Center at Yale University.<\/p>\n<p>PhD in Political Science at the DYNAMICS graduate school, Humboldt University Berlin, in conjunction with the Hertie School, Ant\u00f3nio Valentim&#8217;s main research focus is environmental politics, especially two central questions: &#8220;when and why voters change their opinions and behaviours regarding climate change&#8221; and &#8220;how political incentives influence the behaviour of political elites regarding climate change&#8221;. To seek answers to these questions, Valentim investigates established democracies, drawing on causal inference methods in observational and geospatial data.<\/p>\n<p>With the organization of Guya Accornero and Tiago Carvalho, the Social Movements and Political Action Seminar takes place monthly and promotes a multidisciplinary reflection around the themes linked to social movements and different forms of political action, dialoguing different perspectives, methodologies and approaches.<\/p>\n<p><strong>Venue:<\/strong><br \/>\nIscte, Building 2, Room B2.02<br \/>\n<strong>Zoom Link:<\/strong><\/p>\n","protected":false},"excerpt":{"rendered":"<p>On Wednesday, July 19, at 5 pm, a new session of the Seminar on Social Movements and Political Action will take place, with the theme &#8220;Repeated exposure and protest outcomes&#8221; with the participation of Ant\u00f3nio Valentim<\/p>\n","protected":false},"author":2,"featured_media":53213,"comment_status":"closed","ping_status":"closed","template":"","tags":[],"mec_category":[],"class_list":["post-53215","mec-events","type-mec-events","status-publish","has-post-thumbnail","hentry","description-off"],"yoast_head":"<!-- This site is optimized with the Yoast SEO plugin v24.7 - https:\/\/yoast.com\/wordpress\/plugins\/seo\/ -->\n<title>Repeated exposure and protest outcomes | Observat\u00f3rio da Democracia e da Representa\u00e7\u00e3o Pol\u00edtica<\/title>\n<meta name=\"description\" content=\"On Wednesday, July 19, at 5 pm, a new session of the Seminar on Social Movements and Political Action will take place, with the theme &quot;Repeated exposure and protest outcomes&quot; with the participation of Ant\u00f3nio Valentim\" \/>\n<meta name=\"robots\" content=\"index, follow, max-snippet:-1, max-image-preview:large, max-video-preview:-1\" \/>\n<link rel=\"canonical\" href=\"https:\/\/observatorio-democracia.pt\/en\/events\/repeated-exposure-and-protest-outcomes\/\" \/>\n<meta property=\"og:locale\" content=\"en_US\" \/>\n<meta property=\"og:type\" content=\"article\" \/>\n<meta property=\"og:title\" content=\"Repeated exposure and protest outcomes | Observat\u00f3rio da Democracia e da Representa\u00e7\u00e3o Pol\u00edtica\" \/>\n<meta property=\"og:description\" content=\"On Wednesday, July 19, at 5 pm, a new session of the Seminar on Social Movements and Political Action will take place, with the theme &quot;Repeated exposure and protest outcomes&quot; with the participation of Ant\u00f3nio Valentim\" \/>\n<meta property=\"og:url\" content=\"https:\/\/observatorio-democracia.pt\/en\/events\/repeated-exposure-and-protest-outcomes\/\" \/>\n<meta property=\"og:site_name\" content=\"Observat\u00f3rio da Democracia e da Representa\u00e7\u00e3o Pol\u00edtica\" \/>\n<meta property=\"article:publisher\" content=\"https:\/\/www.facebook.com\/observatorio.democracia.representacao.politica\" \/>\n<meta property=\"article:modified_time\" content=\"2023-07-18T17:00:52+00:00\" \/>\n<meta property=\"og:image\" content=\"https:\/\/observatorio-democracia.pt\/wp-content\/uploads\/2023\/07\/repeated-exposure-and-protest-outcomes.png\" \/>\n\t<meta property=\"og:image:width\" content=\"1920\" \/>\n\t<meta property=\"og:image:height\" content=\"1080\" \/>\n\t<meta property=\"og:image:type\" content=\"image\/png\" \/>\n<meta name=\"twitter:card\" content=\"summary_large_image\" \/>\n<meta name=\"twitter:site\" content=\"@Observatorioda4\" \/>\n<meta name=\"twitter:label1\" content=\"Est. reading time\" \/>\n\t<meta name=\"twitter:data1\" content=\"1 minute\" \/>\n<script type=\"application\/ld+json\" class=\"yoast-schema-graph\">{\"@context\":\"https:\/\/schema.org\",\"@graph\":[{\"@type\":\"WebPage\",\"@id\":\"https:\/\/observatorio-democracia.pt\/en\/events\/repeated-exposure-and-protest-outcomes\/\",\"url\":\"https:\/\/observatorio-democracia.pt\/en\/events\/repeated-exposure-and-protest-outcomes\/\",\"name\":\"Repeated exposure and protest outcomes | Observat\u00f3rio da Democracia e da Representa\u00e7\u00e3o Pol\u00edtica\",\"isPartOf\":{\"@id\":\"https:\/\/observatorio-democracia.pt\/en\/#website\"},\"primaryImageOfPage\":{\"@id\":\"https:\/\/observatorio-democracia.pt\/en\/events\/repeated-exposure-and-protest-outcomes\/#primaryimage\"},\"image\":{\"@id\":\"https:\/\/observatorio-democracia.pt\/en\/events\/repeated-exposure-and-protest-outcomes\/#primaryimage\"},\"thumbnailUrl\":\"https:\/\/observatorio-democracia.pt\/wp-content\/uploads\/2023\/07\/repeated-exposure-and-protest-outcomes.png\",\"datePublished\":\"2023-07-18T16:49:24+00:00\",\"dateModified\":\"2023-07-18T17:00:52+00:00\",\"description\":\"On Wednesday, July 19, at 5 pm, a new session of the Seminar on Social Movements and Political Action will take place, with the theme \\\"Repeated exposure and protest outcomes\\\" with the participation of Ant\u00f3nio Valentim\",\"breadcrumb\":{\"@id\":\"https:\/\/observatorio-democracia.pt\/en\/events\/repeated-exposure-and-protest-outcomes\/#breadcrumb\"},\"inLanguage\":\"en-US\",\"potentialAction\":[{\"@type\":\"ReadAction\",\"target\":[\"https:\/\/observatorio-democracia.pt\/en\/events\/repeated-exposure-and-protest-outcomes\/\"]}]},{\"@type\":\"ImageObject\",\"inLanguage\":\"en-US\",\"@id\":\"https:\/\/observatorio-democracia.pt\/en\/events\/repeated-exposure-and-protest-outcomes\/#primaryimage\",\"url\":\"https:\/\/observatorio-democracia.pt\/wp-content\/uploads\/2023\/07\/repeated-exposure-and-protest-outcomes.png\",\"contentUrl\":\"https:\/\/observatorio-democracia.pt\/wp-content\/uploads\/2023\/07\/repeated-exposure-and-protest-outcomes.png\",\"width\":1920,\"height\":1080},{\"@type\":\"BreadcrumbList\",\"@id\":\"https:\/\/observatorio-democracia.pt\/en\/events\/repeated-exposure-and-protest-outcomes\/#breadcrumb\",\"itemListElement\":[{\"@type\":\"ListItem\",\"position\":1,\"name\":\"In\u00edcio\",\"item\":\"https:\/\/observatorio-democracia.pt\/en\/\"},{\"@type\":\"ListItem\",\"position\":2,\"name\":\"Events\",\"item\":\"https:\/\/observatorio-democracia.pt\/en\/events\/\"},{\"@type\":\"ListItem\",\"position\":3,\"name\":\"Repeated exposure and protest outcomes\"}]},{\"@type\":\"WebSite\",\"@id\":\"https:\/\/observatorio-democracia.pt\/en\/#website\",\"url\":\"https:\/\/observatorio-democracia.pt\/en\/\",\"name\":\"Observat\u00f3rio da Democracia e da Representa\u00e7\u00e3o Pol\u00edtica\",\"description\":\"Um bem para a Cidadania\",\"publisher\":{\"@id\":\"https:\/\/observatorio-democracia.pt\/en\/#organization\"},\"potentialAction\":[{\"@type\":\"SearchAction\",\"target\":{\"@type\":\"EntryPoint\",\"urlTemplate\":\"https:\/\/observatorio-democracia.pt\/en\/?s={search_term_string}\"},\"query-input\":{\"@type\":\"PropertyValueSpecification\",\"valueRequired\":true,\"valueName\":\"search_term_string\"}}],\"inLanguage\":\"en-US\"},{\"@type\":\"Organization\",\"@id\":\"https:\/\/observatorio-democracia.pt\/en\/#organization\",\"name\":\"Observat\u00f3rio da Democracia e da Representa\u00e7\u00e3o Pol\u00edtica\",\"url\":\"https:\/\/observatorio-democracia.pt\/en\/\",\"logo\":{\"@type\":\"ImageObject\",\"inLanguage\":\"en-US\",\"@id\":\"https:\/\/observatorio-democracia.pt\/en\/#\/schema\/logo\/image\/\",\"url\":\"https:\/\/observatorio-democracia.pt\/wp-content\/uploads\/2022\/04\/logo-observatorio-democracia-forms.jpg\",\"contentUrl\":\"https:\/\/observatorio-democracia.pt\/wp-content\/uploads\/2022\/04\/logo-observatorio-democracia-forms.jpg\",\"width\":400,\"height\":98,\"caption\":\"Observat\u00f3rio da Democracia e da Representa\u00e7\u00e3o Pol\u00edtica\"},\"image\":{\"@id\":\"https:\/\/observatorio-democracia.pt\/en\/#\/schema\/logo\/image\/\"},\"sameAs\":[\"https:\/\/www.facebook.com\/observatorio.democracia.representacao.politica\",\"https:\/\/x.com\/Observatorioda4\",\"https:\/\/www.instagram.com\/observatoriodrp\/\"]}]}<\/script>\n<!-- \/ Yoast SEO plugin. -->","yoast_head_json":{"title":"Repeated exposure and protest outcomes | Observat\u00f3rio da Democracia e da Representa\u00e7\u00e3o Pol\u00edtica","description":"On Wednesday, July 19, at 5 pm, a new session of the Seminar on Social Movements and Political Action will take place, with the theme \"Repeated exposure and protest outcomes\" with the participation of Ant\u00f3nio Valentim","robots":{"index":"index","follow":"follow","max-snippet":"max-snippet:-1","max-image-preview":"max-image-preview:large","max-video-preview":"max-video-preview:-1"},"canonical":"https:\/\/observatorio-democracia.pt\/en\/events\/repeated-exposure-and-protest-outcomes\/","og_locale":"en_US","og_type":"article","og_title":"Repeated exposure and protest outcomes | Observat\u00f3rio da Democracia e da Representa\u00e7\u00e3o Pol\u00edtica","og_description":"On Wednesday, July 19, at 5 pm, a new session of the Seminar on Social Movements and Political Action will take place, with the theme \"Repeated exposure and protest outcomes\" with the participation of Ant\u00f3nio Valentim","og_url":"https:\/\/observatorio-democracia.pt\/en\/events\/repeated-exposure-and-protest-outcomes\/","og_site_name":"Observat\u00f3rio da Democracia e da Representa\u00e7\u00e3o Pol\u00edtica","article_publisher":"https:\/\/www.facebook.com\/observatorio.democracia.representacao.politica","article_modified_time":"2023-07-18T17:00:52+00:00","og_image":[{"width":1920,"height":1080,"url":"https:\/\/observatorio-democracia.pt\/wp-content\/uploads\/2023\/07\/repeated-exposure-and-protest-outcomes.png","type":"image\/png"}],"twitter_card":"summary_large_image","twitter_site":"@Observatorioda4","twitter_misc":{"Est. reading time":"1 minute"},"schema":{"@context":"https:\/\/schema.org","@graph":[{"@type":"WebPage","@id":"https:\/\/observatorio-democracia.pt\/en\/events\/repeated-exposure-and-protest-outcomes\/","url":"https:\/\/observatorio-democracia.pt\/en\/events\/repeated-exposure-and-protest-outcomes\/","name":"Repeated exposure and protest outcomes | Observat\u00f3rio da Democracia e da Representa\u00e7\u00e3o Pol\u00edtica","isPartOf":{"@id":"https:\/\/observatorio-democracia.pt\/en\/#website"},"primaryImageOfPage":{"@id":"https:\/\/observatorio-democracia.pt\/en\/events\/repeated-exposure-and-protest-outcomes\/#primaryimage"},"image":{"@id":"https:\/\/observatorio-democracia.pt\/en\/events\/repeated-exposure-and-protest-outcomes\/#primaryimage"},"thumbnailUrl":"https:\/\/observatorio-democracia.pt\/wp-content\/uploads\/2023\/07\/repeated-exposure-and-protest-outcomes.png","datePublished":"2023-07-18T16:49:24+00:00","dateModified":"2023-07-18T17:00:52+00:00","description":"On Wednesday, July 19, at 5 pm, a new session of the Seminar on Social Movements and Political Action will take place, with the theme \"Repeated exposure and protest outcomes\" with the participation of Ant\u00f3nio Valentim","breadcrumb":{"@id":"https:\/\/observatorio-democracia.pt\/en\/events\/repeated-exposure-and-protest-outcomes\/#breadcrumb"},"inLanguage":"en-US","potentialAction":[{"@type":"ReadAction","target":["https:\/\/observatorio-democracia.pt\/en\/events\/repeated-exposure-and-protest-outcomes\/"]}]},{"@type":"ImageObject","inLanguage":"en-US","@id":"https:\/\/observatorio-democracia.pt\/en\/events\/repeated-exposure-and-protest-outcomes\/#primaryimage","url":"https:\/\/observatorio-democracia.pt\/wp-content\/uploads\/2023\/07\/repeated-exposure-and-protest-outcomes.png","contentUrl":"https:\/\/observatorio-democracia.pt\/wp-content\/uploads\/2023\/07\/repeated-exposure-and-protest-outcomes.png","width":1920,"height":1080},{"@type":"BreadcrumbList","@id":"https:\/\/observatorio-democracia.pt\/en\/events\/repeated-exposure-and-protest-outcomes\/#breadcrumb","itemListElement":[{"@type":"ListItem","position":1,"name":"In\u00edcio","item":"https:\/\/observatorio-democracia.pt\/en\/"},{"@type":"ListItem","position":2,"name":"Events","item":"https:\/\/observatorio-democracia.pt\/en\/events\/"},{"@type":"ListItem","position":3,"name":"Repeated exposure and protest outcomes"}]},{"@type":"WebSite","@id":"https:\/\/observatorio-democracia.pt\/en\/#website","url":"https:\/\/observatorio-democracia.pt\/en\/","name":"Observat\u00f3rio da Democracia e da Representa\u00e7\u00e3o Pol\u00edtica","description":"Um bem para a Cidadania","publisher":{"@id":"https:\/\/observatorio-democracia.pt\/en\/#organization"},"potentialAction":[{"@type":"SearchAction","target":{"@type":"EntryPoint","urlTemplate":"https:\/\/observatorio-democracia.pt\/en\/?s={search_term_string}"},"query-input":{"@type":"PropertyValueSpecification","valueRequired":true,"valueName":"search_term_string"}}],"inLanguage":"en-US"},{"@type":"Organization","@id":"https:\/\/observatorio-democracia.pt\/en\/#organization","name":"Observat\u00f3rio da Democracia e da Representa\u00e7\u00e3o Pol\u00edtica","url":"https:\/\/observatorio-democracia.pt\/en\/","logo":{"@type":"ImageObject","inLanguage":"en-US","@id":"https:\/\/observatorio-democracia.pt\/en\/#\/schema\/logo\/image\/","url":"https:\/\/observatorio-democracia.pt\/wp-content\/uploads\/2022\/04\/logo-observatorio-democracia-forms.jpg","contentUrl":"https:\/\/observatorio-democracia.pt\/wp-content\/uploads\/2022\/04\/logo-observatorio-democracia-forms.jpg","width":400,"height":98,"caption":"Observat\u00f3rio da Democracia e da Representa\u00e7\u00e3o Pol\u00edtica"},"image":{"@id":"https:\/\/observatorio-democracia.pt\/en\/#\/schema\/logo\/image\/"},"sameAs":["https:\/\/www.facebook.com\/observatorio.democracia.representacao.politica","https:\/\/x.com\/Observatorioda4","https:\/\/www.instagram.com\/observatoriodrp\/"]}]}},"_links":{"self":[{"href":"https:\/\/observatorio-democracia.pt\/en\/wp-json\/wp\/v2\/mec-events\/53215","targetHints":{"allow":["GET"]}}],"collection":[{"href":"https:\/\/observatorio-democracia.pt\/en\/wp-json\/wp\/v2\/mec-events"}],"about":[{"href":"https:\/\/observatorio-democracia.pt\/en\/wp-json\/wp\/v2\/types\/mec-events"}],"author":[{"embeddable":true,"href":"https:\/\/observatorio-democracia.pt\/en\/wp-json\/wp\/v2\/users\/2"}],"replies":[{"embeddable":true,"href":"https:\/\/observatorio-democracia.pt\/en\/wp-json\/wp\/v2\/comments?post=53215"}],"wp:featuredmedia":[{"embeddable":true,"href":"https:\/\/observatorio-democracia.pt\/en\/wp-json\/wp\/v2\/media\/53213"}],"wp:attachment":[{"href":"https:\/\/observatorio-democracia.pt\/en\/wp-json\/wp\/v2\/media?parent=53215"}],"wp:term":[{"taxonomy":"post_tag","embeddable":true,"href":"https:\/\/observatorio-democracia.pt\/en\/wp-json\/wp\/v2\/tags?post=53215"},{"taxonomy":"mec_category","embeddable":true,"href":"https:\/\/observatorio-democracia.pt\/en\/wp-json\/wp\/v2\/mec_category?post=53215"}],"curies":[{"name":"wp","href":"https:\/\/api.w.org\/{rel}","templated":true}]}}