{"id":53105,"date":"2023-03-08T19:48:12","date_gmt":"2023-03-08T19:48:12","guid":{"rendered":"https:\/\/observatorio-democracia.pt\/?post_type=mec-events&#038;p=53105"},"modified":"2023-03-08T20:01:47","modified_gmt":"2023-03-08T20:01:47","slug":"making-politics-an-ethnography-of-the-assembly-of-the-republic","status":"publish","type":"mec-events","link":"https:\/\/observatorio-democracia.pt\/en\/events\/making-politics-an-ethnography-of-the-assembly-of-the-republic\/","title":{"rendered":"Making Politics. An Ethnography of the Assembly of the Republic"},"content":{"rendered":"<p>On Monday (13\/03), at 6 pm, at the conference \u201cMaking Politics. An Ethnography of the Assembly of the Republic\u201d, organized by the PhD in Political Science at Iscte \u2013 Instituto Universit\u00e1rio de Lisboa, anthropologist and sociologist Jo\u00e3o Mineiro discusses, from the polysemic character of the concept and idea of politics, the particular understanding of the politics underlying life within the parliament and how it is constructed, shared and reproduced.<\/p>\n<p>Jo\u00e3o Mineiro&#8217;s presentation will be based on the ethnographic research he carried out in the Assembly of the Republic, centered on the interactions between deputies, advisors, employees, journalists and citizens and will highlight some of the theoretical, methodological and ethical challenges of the research, as well as some of its main conclusions.<\/p>\n<p>Jo\u00e3o Mineiro holds a PhD in Anthropology and a Master\u2019s in Sociology from Iscte \u2013 Instituto Universit\u00e1rio de Lisboa and is a researcher integrated at the Center for Research in Anthropology (CRIA-Iscte)being the author, among others, of the book \u201cMaking Politics: an Ethnography of Assembly of the Republic (Afrontamento, 2022)\u201d.<\/p>\n<p>The conference will be moderated by Professor Andr\u00e9 Freire, coordinator of the PhD in Political Science and director of the Observatory of Democracy and Political Representation (ODRP), and will have the support of the PhDs in Political Science and International Studies, ODRP, CIES \u2013 Iscte and CEI \u2013 Iscte.<\/p>\n","protected":false},"excerpt":{"rendered":"<p>Anthropologist and sociologist Jo\u00e3o Mineiro discusses, from the polysemic character of the concept and idea of politics, the particular understanding of the politics underlying life within the parliament and how it is constructed, shared and reproduced.<\/p>\n","protected":false},"author":2,"featured_media":53104,"comment_status":"closed","ping_status":"closed","template":"","tags":[],"mec_category":[],"class_list":["post-53105","mec-events","type-mec-events","status-publish","has-post-thumbnail","hentry","description-off"],"yoast_head":"<!-- This site is optimized with the Yoast SEO plugin v24.7 - https:\/\/yoast.com\/wordpress\/plugins\/seo\/ -->\n<title>Making Politics. An Ethnography of the Assembly of the Republic | Observat\u00f3rio da Democracia e da Representa\u00e7\u00e3o Pol\u00edtica<\/title>\n<meta name=\"description\" content=\"Jo\u00e3o Mineiro discusses the particular understanding of the politics underlying life within the parliament and how it is constructed, shared and reproduced.\" \/>\n<meta name=\"robots\" content=\"index, follow, max-snippet:-1, max-image-preview:large, max-video-preview:-1\" \/>\n<link rel=\"canonical\" href=\"https:\/\/observatorio-democracia.pt\/en\/events\/making-politics-an-ethnography-of-the-assembly-of-the-republic\/\" \/>\n<meta property=\"og:locale\" content=\"en_US\" \/>\n<meta property=\"og:type\" content=\"article\" \/>\n<meta property=\"og:title\" content=\"Making Politics. An Ethnography of the Assembly of the Republic | Observat\u00f3rio da Democracia e da Representa\u00e7\u00e3o Pol\u00edtica\" \/>\n<meta property=\"og:description\" content=\"Jo\u00e3o Mineiro discusses the particular understanding of the politics underlying life within the parliament and how it is constructed, shared and reproduced.\" \/>\n<meta property=\"og:url\" content=\"https:\/\/observatorio-democracia.pt\/en\/events\/making-politics-an-ethnography-of-the-assembly-of-the-republic\/\" \/>\n<meta property=\"og:site_name\" content=\"Observat\u00f3rio da Democracia e da Representa\u00e7\u00e3o Pol\u00edtica\" \/>\n<meta property=\"article:publisher\" content=\"https:\/\/www.facebook.com\/observatorio.democracia.representacao.politica\" \/>\n<meta property=\"article:modified_time\" content=\"2023-03-08T20:01:47+00:00\" \/>\n<meta property=\"og:image\" content=\"https:\/\/observatorio-democracia.pt\/wp-content\/uploads\/2023\/03\/2023.03.13_JoaoMineiro.png\" \/>\n\t<meta property=\"og:image:width\" content=\"842\" \/>\n\t<meta property=\"og:image:height\" content=\"1191\" \/>\n\t<meta property=\"og:image:type\" content=\"image\/png\" \/>\n<meta name=\"twitter:card\" content=\"summary_large_image\" \/>\n<meta name=\"twitter:site\" content=\"@Observatorioda4\" \/>\n<meta name=\"twitter:label1\" content=\"Est. reading time\" \/>\n\t<meta name=\"twitter:data1\" content=\"2 minutes\" \/>\n<script type=\"application\/ld+json\" class=\"yoast-schema-graph\">{\"@context\":\"https:\/\/schema.org\",\"@graph\":[{\"@type\":\"WebPage\",\"@id\":\"https:\/\/observatorio-democracia.pt\/en\/events\/making-politics-an-ethnography-of-the-assembly-of-the-republic\/\",\"url\":\"https:\/\/observatorio-democracia.pt\/en\/events\/making-politics-an-ethnography-of-the-assembly-of-the-republic\/\",\"name\":\"Making Politics. An Ethnography of the Assembly of the Republic | Observat\u00f3rio da Democracia e da Representa\u00e7\u00e3o Pol\u00edtica\",\"isPartOf\":{\"@id\":\"https:\/\/observatorio-democracia.pt\/en\/#website\"},\"primaryImageOfPage\":{\"@id\":\"https:\/\/observatorio-democracia.pt\/en\/events\/making-politics-an-ethnography-of-the-assembly-of-the-republic\/#primaryimage\"},\"image\":{\"@id\":\"https:\/\/observatorio-democracia.pt\/en\/events\/making-politics-an-ethnography-of-the-assembly-of-the-republic\/#primaryimage\"},\"thumbnailUrl\":\"https:\/\/observatorio-democracia.pt\/wp-content\/uploads\/2023\/03\/2023.03.13_JoaoMineiro.png\",\"datePublished\":\"2023-03-08T19:48:12+00:00\",\"dateModified\":\"2023-03-08T20:01:47+00:00\",\"description\":\"Jo\u00e3o Mineiro discusses the particular understanding of the politics underlying life within the parliament and how it is constructed, shared and reproduced.\",\"breadcrumb\":{\"@id\":\"https:\/\/observatorio-democracia.pt\/en\/events\/making-politics-an-ethnography-of-the-assembly-of-the-republic\/#breadcrumb\"},\"inLanguage\":\"en-US\",\"potentialAction\":[{\"@type\":\"ReadAction\",\"target\":[\"https:\/\/observatorio-democracia.pt\/en\/events\/making-politics-an-ethnography-of-the-assembly-of-the-republic\/\"]}]},{\"@type\":\"ImageObject\",\"inLanguage\":\"en-US\",\"@id\":\"https:\/\/observatorio-democracia.pt\/en\/events\/making-politics-an-ethnography-of-the-assembly-of-the-republic\/#primaryimage\",\"url\":\"https:\/\/observatorio-democracia.pt\/wp-content\/uploads\/2023\/03\/2023.03.13_JoaoMineiro.png\",\"contentUrl\":\"https:\/\/observatorio-democracia.pt\/wp-content\/uploads\/2023\/03\/2023.03.13_JoaoMineiro.png\",\"width\":842,\"height\":1191},{\"@type\":\"BreadcrumbList\",\"@id\":\"https:\/\/observatorio-democracia.pt\/en\/events\/making-politics-an-ethnography-of-the-assembly-of-the-republic\/#breadcrumb\",\"itemListElement\":[{\"@type\":\"ListItem\",\"position\":1,\"name\":\"In\u00edcio\",\"item\":\"https:\/\/observatorio-democracia.pt\/en\/\"},{\"@type\":\"ListItem\",\"position\":2,\"name\":\"Events\",\"item\":\"https:\/\/observatorio-democracia.pt\/en\/events\/\"},{\"@type\":\"ListItem\",\"position\":3,\"name\":\"Making Politics. An Ethnography of the Assembly of the Republic\"}]},{\"@type\":\"WebSite\",\"@id\":\"https:\/\/observatorio-democracia.pt\/en\/#website\",\"url\":\"https:\/\/observatorio-democracia.pt\/en\/\",\"name\":\"Observat\u00f3rio da Democracia e da Representa\u00e7\u00e3o Pol\u00edtica\",\"description\":\"Um bem para a Cidadania\",\"publisher\":{\"@id\":\"https:\/\/observatorio-democracia.pt\/en\/#organization\"},\"potentialAction\":[{\"@type\":\"SearchAction\",\"target\":{\"@type\":\"EntryPoint\",\"urlTemplate\":\"https:\/\/observatorio-democracia.pt\/en\/?s={search_term_string}\"},\"query-input\":{\"@type\":\"PropertyValueSpecification\",\"valueRequired\":true,\"valueName\":\"search_term_string\"}}],\"inLanguage\":\"en-US\"},{\"@type\":\"Organization\",\"@id\":\"https:\/\/observatorio-democracia.pt\/en\/#organization\",\"name\":\"Observat\u00f3rio da Democracia e da Representa\u00e7\u00e3o Pol\u00edtica\",\"url\":\"https:\/\/observatorio-democracia.pt\/en\/\",\"logo\":{\"@type\":\"ImageObject\",\"inLanguage\":\"en-US\",\"@id\":\"https:\/\/observatorio-democracia.pt\/en\/#\/schema\/logo\/image\/\",\"url\":\"https:\/\/observatorio-democracia.pt\/wp-content\/uploads\/2022\/04\/logo-observatorio-democracia-forms.jpg\",\"contentUrl\":\"https:\/\/observatorio-democracia.pt\/wp-content\/uploads\/2022\/04\/logo-observatorio-democracia-forms.jpg\",\"width\":400,\"height\":98,\"caption\":\"Observat\u00f3rio da Democracia e da Representa\u00e7\u00e3o Pol\u00edtica\"},\"image\":{\"@id\":\"https:\/\/observatorio-democracia.pt\/en\/#\/schema\/logo\/image\/\"},\"sameAs\":[\"https:\/\/www.facebook.com\/observatorio.democracia.representacao.politica\",\"https:\/\/x.com\/Observatorioda4\",\"https:\/\/www.instagram.com\/observatoriodrp\/\"]}]}<\/script>\n<!-- \/ Yoast SEO plugin. -->","yoast_head_json":{"title":"Making Politics. An Ethnography of the Assembly of the Republic | Observat\u00f3rio da Democracia e da Representa\u00e7\u00e3o Pol\u00edtica","description":"Jo\u00e3o Mineiro discusses the particular understanding of the politics underlying life within the parliament and how it is constructed, shared and reproduced.","robots":{"index":"index","follow":"follow","max-snippet":"max-snippet:-1","max-image-preview":"max-image-preview:large","max-video-preview":"max-video-preview:-1"},"canonical":"https:\/\/observatorio-democracia.pt\/en\/events\/making-politics-an-ethnography-of-the-assembly-of-the-republic\/","og_locale":"en_US","og_type":"article","og_title":"Making Politics. An Ethnography of the Assembly of the Republic | Observat\u00f3rio da Democracia e da Representa\u00e7\u00e3o Pol\u00edtica","og_description":"Jo\u00e3o Mineiro discusses the particular understanding of the politics underlying life within the parliament and how it is constructed, shared and reproduced.","og_url":"https:\/\/observatorio-democracia.pt\/en\/events\/making-politics-an-ethnography-of-the-assembly-of-the-republic\/","og_site_name":"Observat\u00f3rio da Democracia e da Representa\u00e7\u00e3o Pol\u00edtica","article_publisher":"https:\/\/www.facebook.com\/observatorio.democracia.representacao.politica","article_modified_time":"2023-03-08T20:01:47+00:00","og_image":[{"width":842,"height":1191,"url":"https:\/\/observatorio-democracia.pt\/wp-content\/uploads\/2023\/03\/2023.03.13_JoaoMineiro.png","type":"image\/png"}],"twitter_card":"summary_large_image","twitter_site":"@Observatorioda4","twitter_misc":{"Est. reading time":"2 minutes"},"schema":{"@context":"https:\/\/schema.org","@graph":[{"@type":"WebPage","@id":"https:\/\/observatorio-democracia.pt\/en\/events\/making-politics-an-ethnography-of-the-assembly-of-the-republic\/","url":"https:\/\/observatorio-democracia.pt\/en\/events\/making-politics-an-ethnography-of-the-assembly-of-the-republic\/","name":"Making Politics. An Ethnography of the Assembly of the Republic | Observat\u00f3rio da Democracia e da Representa\u00e7\u00e3o Pol\u00edtica","isPartOf":{"@id":"https:\/\/observatorio-democracia.pt\/en\/#website"},"primaryImageOfPage":{"@id":"https:\/\/observatorio-democracia.pt\/en\/events\/making-politics-an-ethnography-of-the-assembly-of-the-republic\/#primaryimage"},"image":{"@id":"https:\/\/observatorio-democracia.pt\/en\/events\/making-politics-an-ethnography-of-the-assembly-of-the-republic\/#primaryimage"},"thumbnailUrl":"https:\/\/observatorio-democracia.pt\/wp-content\/uploads\/2023\/03\/2023.03.13_JoaoMineiro.png","datePublished":"2023-03-08T19:48:12+00:00","dateModified":"2023-03-08T20:01:47+00:00","description":"Jo\u00e3o Mineiro discusses the particular understanding of the politics underlying life within the parliament and how it is constructed, shared and reproduced.","breadcrumb":{"@id":"https:\/\/observatorio-democracia.pt\/en\/events\/making-politics-an-ethnography-of-the-assembly-of-the-republic\/#breadcrumb"},"inLanguage":"en-US","potentialAction":[{"@type":"ReadAction","target":["https:\/\/observatorio-democracia.pt\/en\/events\/making-politics-an-ethnography-of-the-assembly-of-the-republic\/"]}]},{"@type":"ImageObject","inLanguage":"en-US","@id":"https:\/\/observatorio-democracia.pt\/en\/events\/making-politics-an-ethnography-of-the-assembly-of-the-republic\/#primaryimage","url":"https:\/\/observatorio-democracia.pt\/wp-content\/uploads\/2023\/03\/2023.03.13_JoaoMineiro.png","contentUrl":"https:\/\/observatorio-democracia.pt\/wp-content\/uploads\/2023\/03\/2023.03.13_JoaoMineiro.png","width":842,"height":1191},{"@type":"BreadcrumbList","@id":"https:\/\/observatorio-democracia.pt\/en\/events\/making-politics-an-ethnography-of-the-assembly-of-the-republic\/#breadcrumb","itemListElement":[{"@type":"ListItem","position":1,"name":"In\u00edcio","item":"https:\/\/observatorio-democracia.pt\/en\/"},{"@type":"ListItem","position":2,"name":"Events","item":"https:\/\/observatorio-democracia.pt\/en\/events\/"},{"@type":"ListItem","position":3,"name":"Making Politics. An Ethnography of the Assembly of the Republic"}]},{"@type":"WebSite","@id":"https:\/\/observatorio-democracia.pt\/en\/#website","url":"https:\/\/observatorio-democracia.pt\/en\/","name":"Observat\u00f3rio da Democracia e da Representa\u00e7\u00e3o Pol\u00edtica","description":"Um bem para a Cidadania","publisher":{"@id":"https:\/\/observatorio-democracia.pt\/en\/#organization"},"potentialAction":[{"@type":"SearchAction","target":{"@type":"EntryPoint","urlTemplate":"https:\/\/observatorio-democracia.pt\/en\/?s={search_term_string}"},"query-input":{"@type":"PropertyValueSpecification","valueRequired":true,"valueName":"search_term_string"}}],"inLanguage":"en-US"},{"@type":"Organization","@id":"https:\/\/observatorio-democracia.pt\/en\/#organization","name":"Observat\u00f3rio da Democracia e da Representa\u00e7\u00e3o Pol\u00edtica","url":"https:\/\/observatorio-democracia.pt\/en\/","logo":{"@type":"ImageObject","inLanguage":"en-US","@id":"https:\/\/observatorio-democracia.pt\/en\/#\/schema\/logo\/image\/","url":"https:\/\/observatorio-democracia.pt\/wp-content\/uploads\/2022\/04\/logo-observatorio-democracia-forms.jpg","contentUrl":"https:\/\/observatorio-democracia.pt\/wp-content\/uploads\/2022\/04\/logo-observatorio-democracia-forms.jpg","width":400,"height":98,"caption":"Observat\u00f3rio da Democracia e da Representa\u00e7\u00e3o Pol\u00edtica"},"image":{"@id":"https:\/\/observatorio-democracia.pt\/en\/#\/schema\/logo\/image\/"},"sameAs":["https:\/\/www.facebook.com\/observatorio.democracia.representacao.politica","https:\/\/x.com\/Observatorioda4","https:\/\/www.instagram.com\/observatoriodrp\/"]}]}},"_links":{"self":[{"href":"https:\/\/observatorio-democracia.pt\/en\/wp-json\/wp\/v2\/mec-events\/53105","targetHints":{"allow":["GET"]}}],"collection":[{"href":"https:\/\/observatorio-democracia.pt\/en\/wp-json\/wp\/v2\/mec-events"}],"about":[{"href":"https:\/\/observatorio-democracia.pt\/en\/wp-json\/wp\/v2\/types\/mec-events"}],"author":[{"embeddable":true,"href":"https:\/\/observatorio-democracia.pt\/en\/wp-json\/wp\/v2\/users\/2"}],"replies":[{"embeddable":true,"href":"https:\/\/observatorio-democracia.pt\/en\/wp-json\/wp\/v2\/comments?post=53105"}],"wp:featuredmedia":[{"embeddable":true,"href":"https:\/\/observatorio-democracia.pt\/en\/wp-json\/wp\/v2\/media\/53104"}],"wp:attachment":[{"href":"https:\/\/observatorio-democracia.pt\/en\/wp-json\/wp\/v2\/media?parent=53105"}],"wp:term":[{"taxonomy":"post_tag","embeddable":true,"href":"https:\/\/observatorio-democracia.pt\/en\/wp-json\/wp\/v2\/tags?post=53105"},{"taxonomy":"mec_category","embeddable":true,"href":"https:\/\/observatorio-democracia.pt\/en\/wp-json\/wp\/v2\/mec_category?post=53105"}],"curies":[{"name":"wp","href":"https:\/\/api.w.org\/{rel}","templated":true}]}}