{"id":52925,"date":"2022-09-22T17:50:44","date_gmt":"2022-09-22T17:50:44","guid":{"rendered":"https:\/\/observatorio-democracia.pt\/?post_type=mec-events&#038;p=52925"},"modified":"2022-09-22T18:56:12","modified_gmt":"2022-09-22T18:56:12","slug":"the-structure-of-political-conflict-the-oligarchs-and-bourgeoisie-in-the-chilean-congress-1834-1894","status":"publish","type":"mec-events","link":"https:\/\/observatorio-democracia.pt\/en\/events\/the-structure-of-political-conflict-the-oligarchs-and-bourgeoisie-in-the-chilean-congress-1834-1894\/","title":{"rendered":"The Structure of Political Conflict: the oligarchs and bourgeoisie in the Chilean congress, 1834-1894"},"content":{"rendered":"<p>In October, the &#8220;Semin\u00e1rio Mensal Movimentos Sociais e A\u00e7\u00e3o Pol\u00edtica&#8221; returns with Professor Naim Bro&#8217;s presentation of his latest published article, &#8220;The Structure of Political Conflict: the oligarchs and bourgeoisie in the Chilean congress, 1834-1894,&#8221; discussing the structure of the elite in 19th century conflicts in Chile. The session will be on Wednesday (12\/10) at 4pm, online.<\/p>\n<p>Answering how new groups were incorporated into the political elites in oligarchic societies, Naim Bro develops a model of analysis considering that factions of a traditional group dispute among themselves for the control of power, recruiting, as the conflict escalates, groups that were previously excluded from politics, altering the social composition of the dominant class.<\/p>\n<p>Naim Bro is Assistant Professor at the Escuela de Gobierno, Universidad Adolfo Ib\u00e1\u00f1ez, Chile, and is a PhD in Sociology from the University of Cambridge, with research interests in political sociology, stratification, and computational social science. ZOOM Registration Link: bit.ly\/MovSoc_Oct12<\/p>\n","protected":false},"excerpt":{"rendered":"<p>In October, the &#8220;Semin\u00e1rio Mensal Movimentos Sociais e A\u00e7\u00e3o Pol\u00edtica&#8221; returns with Professor Naim Bro&#8217;s presentation of his latest published article, &#8220;The Structure of Political Conflict: the oligarchs and bourgeoisie in the Chilean congress, 1834-1894,&#8221; discussing the structure of the elite in 19th century conflicts in Chile.<\/p>\n","protected":false},"author":2,"featured_media":52899,"comment_status":"closed","ping_status":"closed","template":"","tags":[],"mec_category":[],"class_list":["post-52925","mec-events","type-mec-events","status-publish","has-post-thumbnail","hentry","description-off"],"yoast_head":"<!-- This site is optimized with the Yoast SEO plugin v24.7 - https:\/\/yoast.com\/wordpress\/plugins\/seo\/ -->\n<title>The Structure of Political Conflict: the oligarchs and bourgeoisie in the Chilean congress, 1834-1894 | Observat\u00f3rio da Democracia e da Representa\u00e7\u00e3o Pol\u00edtica<\/title>\n<meta name=\"description\" content=\"the &quot;Semin\u00e1rio Mensal Movimentos Sociais e A\u00e7\u00e3o Pol\u00edtica&quot; returns with Professor Naim Bro&#039;s presentation\" \/>\n<meta name=\"robots\" content=\"index, follow, max-snippet:-1, max-image-preview:large, max-video-preview:-1\" \/>\n<link rel=\"canonical\" href=\"https:\/\/observatorio-democracia.pt\/en\/events\/the-structure-of-political-conflict-the-oligarchs-and-bourgeoisie-in-the-chilean-congress-1834-1894\/\" \/>\n<meta property=\"og:locale\" content=\"en_US\" \/>\n<meta property=\"og:type\" content=\"article\" \/>\n<meta property=\"og:title\" content=\"The Structure of Political Conflict: the oligarchs and bourgeoisie in the Chilean congress, 1834-1894 | Observat\u00f3rio da Democracia e da Representa\u00e7\u00e3o Pol\u00edtica\" \/>\n<meta property=\"og:description\" content=\"the &quot;Semin\u00e1rio Mensal Movimentos Sociais e A\u00e7\u00e3o Pol\u00edtica&quot; returns with Professor Naim Bro&#039;s presentation\" \/>\n<meta property=\"og:url\" content=\"https:\/\/observatorio-democracia.pt\/en\/events\/the-structure-of-political-conflict-the-oligarchs-and-bourgeoisie-in-the-chilean-congress-1834-1894\/\" \/>\n<meta property=\"og:site_name\" content=\"Observat\u00f3rio da Democracia e da Representa\u00e7\u00e3o Pol\u00edtica\" \/>\n<meta property=\"article:publisher\" content=\"https:\/\/www.facebook.com\/observatorio.democracia.representacao.politica\" \/>\n<meta property=\"article:modified_time\" content=\"2022-09-22T18:56:12+00:00\" \/>\n<meta property=\"og:image\" content=\"https:\/\/observatorio-democracia.pt\/wp-content\/uploads\/2022\/09\/evento-Naim-Bro-1024x580.png\" \/>\n\t<meta property=\"og:image:width\" content=\"1024\" \/>\n\t<meta property=\"og:image:height\" content=\"580\" \/>\n\t<meta property=\"og:image:type\" content=\"image\/png\" \/>\n<meta name=\"twitter:card\" content=\"summary_large_image\" \/>\n<meta name=\"twitter:site\" content=\"@Observatorioda4\" \/>\n<meta name=\"twitter:label1\" content=\"Est. reading time\" \/>\n\t<meta name=\"twitter:data1\" content=\"1 minute\" \/>\n<script type=\"application\/ld+json\" class=\"yoast-schema-graph\">{\"@context\":\"https:\/\/schema.org\",\"@graph\":[{\"@type\":\"WebPage\",\"@id\":\"https:\/\/observatorio-democracia.pt\/en\/events\/the-structure-of-political-conflict-the-oligarchs-and-bourgeoisie-in-the-chilean-congress-1834-1894\/\",\"url\":\"https:\/\/observatorio-democracia.pt\/en\/events\/the-structure-of-political-conflict-the-oligarchs-and-bourgeoisie-in-the-chilean-congress-1834-1894\/\",\"name\":\"The Structure of Political Conflict: the oligarchs and bourgeoisie in the Chilean congress, 1834-1894 | Observat\u00f3rio da Democracia e da Representa\u00e7\u00e3o Pol\u00edtica\",\"isPartOf\":{\"@id\":\"https:\/\/observatorio-democracia.pt\/en\/#website\"},\"primaryImageOfPage\":{\"@id\":\"https:\/\/observatorio-democracia.pt\/en\/events\/the-structure-of-political-conflict-the-oligarchs-and-bourgeoisie-in-the-chilean-congress-1834-1894\/#primaryimage\"},\"image\":{\"@id\":\"https:\/\/observatorio-democracia.pt\/en\/events\/the-structure-of-political-conflict-the-oligarchs-and-bourgeoisie-in-the-chilean-congress-1834-1894\/#primaryimage\"},\"thumbnailUrl\":\"https:\/\/observatorio-democracia.pt\/wp-content\/uploads\/2022\/09\/evento-Naim-Bro.png\",\"datePublished\":\"2022-09-22T17:50:44+00:00\",\"dateModified\":\"2022-09-22T18:56:12+00:00\",\"description\":\"the \\\"Semin\u00e1rio Mensal Movimentos Sociais e A\u00e7\u00e3o Pol\u00edtica\\\" returns with Professor Naim Bro's presentation\",\"breadcrumb\":{\"@id\":\"https:\/\/observatorio-democracia.pt\/en\/events\/the-structure-of-political-conflict-the-oligarchs-and-bourgeoisie-in-the-chilean-congress-1834-1894\/#breadcrumb\"},\"inLanguage\":\"en-US\",\"potentialAction\":[{\"@type\":\"ReadAction\",\"target\":[\"https:\/\/observatorio-democracia.pt\/en\/events\/the-structure-of-political-conflict-the-oligarchs-and-bourgeoisie-in-the-chilean-congress-1834-1894\/\"]}]},{\"@type\":\"ImageObject\",\"inLanguage\":\"en-US\",\"@id\":\"https:\/\/observatorio-democracia.pt\/en\/events\/the-structure-of-political-conflict-the-oligarchs-and-bourgeoisie-in-the-chilean-congress-1834-1894\/#primaryimage\",\"url\":\"https:\/\/observatorio-democracia.pt\/wp-content\/uploads\/2022\/09\/evento-Naim-Bro.png\",\"contentUrl\":\"https:\/\/observatorio-democracia.pt\/wp-content\/uploads\/2022\/09\/evento-Naim-Bro.png\",\"width\":4096,\"height\":2320},{\"@type\":\"BreadcrumbList\",\"@id\":\"https:\/\/observatorio-democracia.pt\/en\/events\/the-structure-of-political-conflict-the-oligarchs-and-bourgeoisie-in-the-chilean-congress-1834-1894\/#breadcrumb\",\"itemListElement\":[{\"@type\":\"ListItem\",\"position\":1,\"name\":\"In\u00edcio\",\"item\":\"https:\/\/observatorio-democracia.pt\/en\/\"},{\"@type\":\"ListItem\",\"position\":2,\"name\":\"Events\",\"item\":\"https:\/\/observatorio-democracia.pt\/en\/events\/\"},{\"@type\":\"ListItem\",\"position\":3,\"name\":\"The Structure of Political Conflict: the oligarchs and bourgeoisie in the Chilean congress, 1834-1894\"}]},{\"@type\":\"WebSite\",\"@id\":\"https:\/\/observatorio-democracia.pt\/en\/#website\",\"url\":\"https:\/\/observatorio-democracia.pt\/en\/\",\"name\":\"Observat\u00f3rio da Democracia e da Representa\u00e7\u00e3o Pol\u00edtica\",\"description\":\"Um bem para a Cidadania\",\"publisher\":{\"@id\":\"https:\/\/observatorio-democracia.pt\/en\/#organization\"},\"potentialAction\":[{\"@type\":\"SearchAction\",\"target\":{\"@type\":\"EntryPoint\",\"urlTemplate\":\"https:\/\/observatorio-democracia.pt\/en\/?s={search_term_string}\"},\"query-input\":{\"@type\":\"PropertyValueSpecification\",\"valueRequired\":true,\"valueName\":\"search_term_string\"}}],\"inLanguage\":\"en-US\"},{\"@type\":\"Organization\",\"@id\":\"https:\/\/observatorio-democracia.pt\/en\/#organization\",\"name\":\"Observat\u00f3rio da Democracia e da Representa\u00e7\u00e3o Pol\u00edtica\",\"url\":\"https:\/\/observatorio-democracia.pt\/en\/\",\"logo\":{\"@type\":\"ImageObject\",\"inLanguage\":\"en-US\",\"@id\":\"https:\/\/observatorio-democracia.pt\/en\/#\/schema\/logo\/image\/\",\"url\":\"https:\/\/observatorio-democracia.pt\/wp-content\/uploads\/2022\/04\/logo-observatorio-democracia-forms.jpg\",\"contentUrl\":\"https:\/\/observatorio-democracia.pt\/wp-content\/uploads\/2022\/04\/logo-observatorio-democracia-forms.jpg\",\"width\":400,\"height\":98,\"caption\":\"Observat\u00f3rio da Democracia e da Representa\u00e7\u00e3o Pol\u00edtica\"},\"image\":{\"@id\":\"https:\/\/observatorio-democracia.pt\/en\/#\/schema\/logo\/image\/\"},\"sameAs\":[\"https:\/\/www.facebook.com\/observatorio.democracia.representacao.politica\",\"https:\/\/x.com\/Observatorioda4\",\"https:\/\/www.instagram.com\/observatoriodrp\/\"]}]}<\/script>\n<!-- \/ Yoast SEO plugin. -->","yoast_head_json":{"title":"The Structure of Political Conflict: the oligarchs and bourgeoisie in the Chilean congress, 1834-1894 | Observat\u00f3rio da Democracia e da Representa\u00e7\u00e3o Pol\u00edtica","description":"the \"Semin\u00e1rio Mensal Movimentos Sociais e A\u00e7\u00e3o Pol\u00edtica\" returns with Professor Naim Bro's presentation","robots":{"index":"index","follow":"follow","max-snippet":"max-snippet:-1","max-image-preview":"max-image-preview:large","max-video-preview":"max-video-preview:-1"},"canonical":"https:\/\/observatorio-democracia.pt\/en\/events\/the-structure-of-political-conflict-the-oligarchs-and-bourgeoisie-in-the-chilean-congress-1834-1894\/","og_locale":"en_US","og_type":"article","og_title":"The Structure of Political Conflict: the oligarchs and bourgeoisie in the Chilean congress, 1834-1894 | Observat\u00f3rio da Democracia e da Representa\u00e7\u00e3o Pol\u00edtica","og_description":"the \"Semin\u00e1rio Mensal Movimentos Sociais e A\u00e7\u00e3o Pol\u00edtica\" returns with Professor Naim Bro's presentation","og_url":"https:\/\/observatorio-democracia.pt\/en\/events\/the-structure-of-political-conflict-the-oligarchs-and-bourgeoisie-in-the-chilean-congress-1834-1894\/","og_site_name":"Observat\u00f3rio da Democracia e da Representa\u00e7\u00e3o Pol\u00edtica","article_publisher":"https:\/\/www.facebook.com\/observatorio.democracia.representacao.politica","article_modified_time":"2022-09-22T18:56:12+00:00","og_image":[{"width":1024,"height":580,"url":"https:\/\/observatorio-democracia.pt\/wp-content\/uploads\/2022\/09\/evento-Naim-Bro-1024x580.png","type":"image\/png"}],"twitter_card":"summary_large_image","twitter_site":"@Observatorioda4","twitter_misc":{"Est. reading time":"1 minute"},"schema":{"@context":"https:\/\/schema.org","@graph":[{"@type":"WebPage","@id":"https:\/\/observatorio-democracia.pt\/en\/events\/the-structure-of-political-conflict-the-oligarchs-and-bourgeoisie-in-the-chilean-congress-1834-1894\/","url":"https:\/\/observatorio-democracia.pt\/en\/events\/the-structure-of-political-conflict-the-oligarchs-and-bourgeoisie-in-the-chilean-congress-1834-1894\/","name":"The Structure of Political Conflict: the oligarchs and bourgeoisie in the Chilean congress, 1834-1894 | Observat\u00f3rio da Democracia e da Representa\u00e7\u00e3o Pol\u00edtica","isPartOf":{"@id":"https:\/\/observatorio-democracia.pt\/en\/#website"},"primaryImageOfPage":{"@id":"https:\/\/observatorio-democracia.pt\/en\/events\/the-structure-of-political-conflict-the-oligarchs-and-bourgeoisie-in-the-chilean-congress-1834-1894\/#primaryimage"},"image":{"@id":"https:\/\/observatorio-democracia.pt\/en\/events\/the-structure-of-political-conflict-the-oligarchs-and-bourgeoisie-in-the-chilean-congress-1834-1894\/#primaryimage"},"thumbnailUrl":"https:\/\/observatorio-democracia.pt\/wp-content\/uploads\/2022\/09\/evento-Naim-Bro.png","datePublished":"2022-09-22T17:50:44+00:00","dateModified":"2022-09-22T18:56:12+00:00","description":"the \"Semin\u00e1rio Mensal Movimentos Sociais e A\u00e7\u00e3o Pol\u00edtica\" returns with Professor Naim Bro's presentation","breadcrumb":{"@id":"https:\/\/observatorio-democracia.pt\/en\/events\/the-structure-of-political-conflict-the-oligarchs-and-bourgeoisie-in-the-chilean-congress-1834-1894\/#breadcrumb"},"inLanguage":"en-US","potentialAction":[{"@type":"ReadAction","target":["https:\/\/observatorio-democracia.pt\/en\/events\/the-structure-of-political-conflict-the-oligarchs-and-bourgeoisie-in-the-chilean-congress-1834-1894\/"]}]},{"@type":"ImageObject","inLanguage":"en-US","@id":"https:\/\/observatorio-democracia.pt\/en\/events\/the-structure-of-political-conflict-the-oligarchs-and-bourgeoisie-in-the-chilean-congress-1834-1894\/#primaryimage","url":"https:\/\/observatorio-democracia.pt\/wp-content\/uploads\/2022\/09\/evento-Naim-Bro.png","contentUrl":"https:\/\/observatorio-democracia.pt\/wp-content\/uploads\/2022\/09\/evento-Naim-Bro.png","width":4096,"height":2320},{"@type":"BreadcrumbList","@id":"https:\/\/observatorio-democracia.pt\/en\/events\/the-structure-of-political-conflict-the-oligarchs-and-bourgeoisie-in-the-chilean-congress-1834-1894\/#breadcrumb","itemListElement":[{"@type":"ListItem","position":1,"name":"In\u00edcio","item":"https:\/\/observatorio-democracia.pt\/en\/"},{"@type":"ListItem","position":2,"name":"Events","item":"https:\/\/observatorio-democracia.pt\/en\/events\/"},{"@type":"ListItem","position":3,"name":"The Structure of Political Conflict: the oligarchs and bourgeoisie in the Chilean congress, 1834-1894"}]},{"@type":"WebSite","@id":"https:\/\/observatorio-democracia.pt\/en\/#website","url":"https:\/\/observatorio-democracia.pt\/en\/","name":"Observat\u00f3rio da Democracia e da Representa\u00e7\u00e3o Pol\u00edtica","description":"Um bem para a Cidadania","publisher":{"@id":"https:\/\/observatorio-democracia.pt\/en\/#organization"},"potentialAction":[{"@type":"SearchAction","target":{"@type":"EntryPoint","urlTemplate":"https:\/\/observatorio-democracia.pt\/en\/?s={search_term_string}"},"query-input":{"@type":"PropertyValueSpecification","valueRequired":true,"valueName":"search_term_string"}}],"inLanguage":"en-US"},{"@type":"Organization","@id":"https:\/\/observatorio-democracia.pt\/en\/#organization","name":"Observat\u00f3rio da Democracia e da Representa\u00e7\u00e3o Pol\u00edtica","url":"https:\/\/observatorio-democracia.pt\/en\/","logo":{"@type":"ImageObject","inLanguage":"en-US","@id":"https:\/\/observatorio-democracia.pt\/en\/#\/schema\/logo\/image\/","url":"https:\/\/observatorio-democracia.pt\/wp-content\/uploads\/2022\/04\/logo-observatorio-democracia-forms.jpg","contentUrl":"https:\/\/observatorio-democracia.pt\/wp-content\/uploads\/2022\/04\/logo-observatorio-democracia-forms.jpg","width":400,"height":98,"caption":"Observat\u00f3rio da Democracia e da Representa\u00e7\u00e3o Pol\u00edtica"},"image":{"@id":"https:\/\/observatorio-democracia.pt\/en\/#\/schema\/logo\/image\/"},"sameAs":["https:\/\/www.facebook.com\/observatorio.democracia.representacao.politica","https:\/\/x.com\/Observatorioda4","https:\/\/www.instagram.com\/observatoriodrp\/"]}]}},"_links":{"self":[{"href":"https:\/\/observatorio-democracia.pt\/en\/wp-json\/wp\/v2\/mec-events\/52925","targetHints":{"allow":["GET"]}}],"collection":[{"href":"https:\/\/observatorio-democracia.pt\/en\/wp-json\/wp\/v2\/mec-events"}],"about":[{"href":"https:\/\/observatorio-democracia.pt\/en\/wp-json\/wp\/v2\/types\/mec-events"}],"author":[{"embeddable":true,"href":"https:\/\/observatorio-democracia.pt\/en\/wp-json\/wp\/v2\/users\/2"}],"replies":[{"embeddable":true,"href":"https:\/\/observatorio-democracia.pt\/en\/wp-json\/wp\/v2\/comments?post=52925"}],"wp:featuredmedia":[{"embeddable":true,"href":"https:\/\/observatorio-democracia.pt\/en\/wp-json\/wp\/v2\/media\/52899"}],"wp:attachment":[{"href":"https:\/\/observatorio-democracia.pt\/en\/wp-json\/wp\/v2\/media?parent=52925"}],"wp:term":[{"taxonomy":"post_tag","embeddable":true,"href":"https:\/\/observatorio-democracia.pt\/en\/wp-json\/wp\/v2\/tags?post=52925"},{"taxonomy":"mec_category","embeddable":true,"href":"https:\/\/observatorio-democracia.pt\/en\/wp-json\/wp\/v2\/mec_category?post=52925"}],"curies":[{"name":"wp","href":"https:\/\/api.w.org\/{rel}","templated":true}]}}