{"id":52258,"date":"2022-04-29T16:01:40","date_gmt":"2022-04-29T16:01:40","guid":{"rendered":"https:\/\/observatorio-democracia.pt\/events\/seminario-mensal-movimentos-sociais-e-acao-politica-489\/"},"modified":"2022-06-14T13:18:50","modified_gmt":"2022-06-14T13:18:50","slug":"seminario-mensal-movimentos-sociais-e-acao-politica-489","status":"publish","type":"mec-events","link":"https:\/\/observatorio-democracia.pt\/en\/events\/seminario-mensal-movimentos-sociais-e-acao-politica-489\/","title":{"rendered":"Seminar Social Movements and Political Action: How can we quarantine without a home?"},"content":{"rendered":"<h2 class=\"p1\"><span class=\"s1\"><b>Monthly Seminar Social Movements and Political Action \u201cHow can we quarantine without a home? Responses of activism and urban social movements in times of COVID-19 pandemic crisis in Lisbon\u201d<\/b><\/span><\/h2>\n<p>&nbsp;<\/p>\n<p><img fetchpriority=\"high\" decoding=\"async\" class=\"alignnone wp-image-51122 size-large\" src=\"https:\/\/observatorio-democracia.pt\/web-observatorio-democracia\/wp-content\/uploads\/2022\/04\/MSociais_2022_06_15-1024x520.jpg\" alt=\"\" width=\"1024\" height=\"520\" srcset=\"https:\/\/observatorio-democracia.pt\/wp-content\/uploads\/2022\/04\/MSociais_2022_06_15-1024x520.jpg 1024w, https:\/\/observatorio-democracia.pt\/wp-content\/uploads\/2022\/04\/MSociais_2022_06_15-300x152.jpg 300w, https:\/\/observatorio-democracia.pt\/wp-content\/uploads\/2022\/04\/MSociais_2022_06_15-768x390.jpg 768w, https:\/\/observatorio-democracia.pt\/wp-content\/uploads\/2022\/04\/MSociais_2022_06_15-1536x780.jpg 1536w, https:\/\/observatorio-democracia.pt\/wp-content\/uploads\/2022\/04\/MSociais_2022_06_15-2048x1040.jpg 2048w, https:\/\/observatorio-democracia.pt\/wp-content\/uploads\/2022\/04\/MSociais_2022_06_15-1320x670.jpg 1320w, https:\/\/observatorio-democracia.pt\/wp-content\/uploads\/2022\/04\/MSociais_2022_06_15-1000x508.jpg 1000w\" sizes=\"(max-width: 1024px) 100vw, 1024px\" \/><\/p>\n<p>&nbsp;<\/p>\n<p>Started in October 2014, the Monthly Seminar on Social Movements and Political Action promotes a multidisciplinary reflection on themes linked to social movements and different forms of political action, militantism and activism. The objective is to bring different perspectives, methodologies and approaches into dialogue with a view to developing an in-depth and innovative debate. The seminar also intends to take advantage of Portugal&#8217;s special position from a geographical, linguistic and epistemological point of view, to cross different traditions of studies on social movements and political action, the various European\/North American and South American ones, as well as to cover cases and areas often excluded from this area of \u200b\u200bstudy, such as Portuguese-speaking Africa. In June, the topic under debate will be \u201cHow can we quarantine without a home? Responses of activism and urban social movements in times of COVID-19 pandemic crisis in Lisbon\u201d with the participation of Lu\u00eds Mendes, geographer (CEG\/IGOT \u2013 ULisboa)<\/p>\n<p>Luis Mendes is a professor at the Institute of Geography and Spatial Planning at the University of Lisbon and has developed research in the fields of Urban Studies (namely in gentrification and urban regeneration) and Geography Didactics, being the author of several articles, book chapters, opinions , communications, scientific reports and other publications on these themes, has also worked in the last five years as an activist in the Morar em Lisboa movement.<\/p>\n<h3 class=\"p1\"><span class=\"s1\"><strong><br \/>\nZOOM Registration Link:<\/strong><br \/>\n<\/span><\/h3>\n","protected":false},"excerpt":{"rendered":"<p>Monthly Seminar Social Movements and Political Action \u201cHow can we quarantine without a home? Responses of activism and urban social movements in times of COVID-19 pandemic crisis in Lisbon\u201d &nbsp; &nbsp; Started in October 2014, the Monthly Seminar on Social Movements and Political Action promotes a multidisciplinary reflection on themes linked to social movements and&hellip;<\/p>\n","protected":false},"author":1,"featured_media":51854,"comment_status":"closed","ping_status":"closed","template":"","tags":[],"mec_category":[],"class_list":["post-52258","mec-events","type-mec-events","status-publish","has-post-thumbnail","hentry","description-off"],"yoast_head":"<!-- This site is optimized with the Yoast SEO plugin v24.7 - https:\/\/yoast.com\/wordpress\/plugins\/seo\/ -->\n<title>Seminar Social Movements and Political Action: How can we quarantine without a home? | Observat\u00f3rio da Democracia e da Representa\u00e7\u00e3o Pol\u00edtica<\/title>\n<meta name=\"description\" content=\"Monthly Seminar on Social Movements and Political Action promotes a multidisciplinary reflection on themes linked to social movements.\" \/>\n<meta name=\"robots\" content=\"index, follow, max-snippet:-1, max-image-preview:large, max-video-preview:-1\" \/>\n<link rel=\"canonical\" href=\"https:\/\/observatorio-democracia.pt\/en\/events\/seminario-mensal-movimentos-sociais-e-acao-politica-489\/\" \/>\n<meta property=\"og:locale\" content=\"en_US\" \/>\n<meta property=\"og:type\" content=\"article\" \/>\n<meta property=\"og:title\" content=\"Seminar Social Movements and Political Action: How can we quarantine without a home? | Observat\u00f3rio da Democracia e da Representa\u00e7\u00e3o Pol\u00edtica\" \/>\n<meta property=\"og:description\" content=\"Monthly Seminar on Social Movements and Political Action promotes a multidisciplinary reflection on themes linked to social movements.\" \/>\n<meta property=\"og:url\" content=\"https:\/\/observatorio-democracia.pt\/en\/events\/seminario-mensal-movimentos-sociais-e-acao-politica-489\/\" \/>\n<meta property=\"og:site_name\" content=\"Observat\u00f3rio da Democracia e da Representa\u00e7\u00e3o Pol\u00edtica\" \/>\n<meta property=\"article:publisher\" content=\"https:\/\/www.facebook.com\/observatorio.democracia.representacao.politica\" \/>\n<meta property=\"article:modified_time\" content=\"2022-06-14T13:18:50+00:00\" \/>\n<meta property=\"og:image\" content=\"https:\/\/observatorio-democracia.pt\/wp-content\/uploads\/2022\/04\/seminario.jpg\" \/>\n\t<meta property=\"og:image:width\" content=\"800\" \/>\n\t<meta property=\"og:image:height\" content=\"450\" \/>\n\t<meta property=\"og:image:type\" content=\"image\/jpeg\" \/>\n<meta name=\"twitter:card\" content=\"summary_large_image\" \/>\n<meta name=\"twitter:site\" content=\"@Observatorioda4\" \/>\n<meta name=\"twitter:label1\" content=\"Est. reading time\" \/>\n\t<meta name=\"twitter:data1\" content=\"2 minutes\" \/>\n<script type=\"application\/ld+json\" class=\"yoast-schema-graph\">{\"@context\":\"https:\/\/schema.org\",\"@graph\":[{\"@type\":\"WebPage\",\"@id\":\"https:\/\/observatorio-democracia.pt\/en\/events\/seminario-mensal-movimentos-sociais-e-acao-politica-489\/\",\"url\":\"https:\/\/observatorio-democracia.pt\/en\/events\/seminario-mensal-movimentos-sociais-e-acao-politica-489\/\",\"name\":\"Seminar Social Movements and Political Action: How can we quarantine without a home? | Observat\u00f3rio da Democracia e da Representa\u00e7\u00e3o Pol\u00edtica\",\"isPartOf\":{\"@id\":\"https:\/\/observatorio-democracia.pt\/en\/#website\"},\"primaryImageOfPage\":{\"@id\":\"https:\/\/observatorio-democracia.pt\/en\/events\/seminario-mensal-movimentos-sociais-e-acao-politica-489\/#primaryimage\"},\"image\":{\"@id\":\"https:\/\/observatorio-democracia.pt\/en\/events\/seminario-mensal-movimentos-sociais-e-acao-politica-489\/#primaryimage\"},\"thumbnailUrl\":\"https:\/\/observatorio-democracia.pt\/wp-content\/uploads\/2022\/04\/seminario.jpg\",\"datePublished\":\"2022-04-29T16:01:40+00:00\",\"dateModified\":\"2022-06-14T13:18:50+00:00\",\"description\":\"Monthly Seminar on Social Movements and Political Action promotes a multidisciplinary reflection on themes linked to social movements.\",\"breadcrumb\":{\"@id\":\"https:\/\/observatorio-democracia.pt\/en\/events\/seminario-mensal-movimentos-sociais-e-acao-politica-489\/#breadcrumb\"},\"inLanguage\":\"en-US\",\"potentialAction\":[{\"@type\":\"ReadAction\",\"target\":[\"https:\/\/observatorio-democracia.pt\/en\/events\/seminario-mensal-movimentos-sociais-e-acao-politica-489\/\"]}]},{\"@type\":\"ImageObject\",\"inLanguage\":\"en-US\",\"@id\":\"https:\/\/observatorio-democracia.pt\/en\/events\/seminario-mensal-movimentos-sociais-e-acao-politica-489\/#primaryimage\",\"url\":\"https:\/\/observatorio-democracia.pt\/wp-content\/uploads\/2022\/04\/seminario.jpg\",\"contentUrl\":\"https:\/\/observatorio-democracia.pt\/wp-content\/uploads\/2022\/04\/seminario.jpg\",\"width\":800,\"height\":450},{\"@type\":\"BreadcrumbList\",\"@id\":\"https:\/\/observatorio-democracia.pt\/en\/events\/seminario-mensal-movimentos-sociais-e-acao-politica-489\/#breadcrumb\",\"itemListElement\":[{\"@type\":\"ListItem\",\"position\":1,\"name\":\"In\u00edcio\",\"item\":\"https:\/\/observatorio-democracia.pt\/en\/\"},{\"@type\":\"ListItem\",\"position\":2,\"name\":\"Events\",\"item\":\"https:\/\/observatorio-democracia.pt\/en\/events\/\"},{\"@type\":\"ListItem\",\"position\":3,\"name\":\"Seminar Social Movements and Political Action: How can we quarantine without a home?\"}]},{\"@type\":\"WebSite\",\"@id\":\"https:\/\/observatorio-democracia.pt\/en\/#website\",\"url\":\"https:\/\/observatorio-democracia.pt\/en\/\",\"name\":\"Observat\u00f3rio da Democracia e da Representa\u00e7\u00e3o Pol\u00edtica\",\"description\":\"Um bem para a Cidadania\",\"publisher\":{\"@id\":\"https:\/\/observatorio-democracia.pt\/en\/#organization\"},\"potentialAction\":[{\"@type\":\"SearchAction\",\"target\":{\"@type\":\"EntryPoint\",\"urlTemplate\":\"https:\/\/observatorio-democracia.pt\/en\/?s={search_term_string}\"},\"query-input\":{\"@type\":\"PropertyValueSpecification\",\"valueRequired\":true,\"valueName\":\"search_term_string\"}}],\"inLanguage\":\"en-US\"},{\"@type\":\"Organization\",\"@id\":\"https:\/\/observatorio-democracia.pt\/en\/#organization\",\"name\":\"Observat\u00f3rio da Democracia e da Representa\u00e7\u00e3o Pol\u00edtica\",\"url\":\"https:\/\/observatorio-democracia.pt\/en\/\",\"logo\":{\"@type\":\"ImageObject\",\"inLanguage\":\"en-US\",\"@id\":\"https:\/\/observatorio-democracia.pt\/en\/#\/schema\/logo\/image\/\",\"url\":\"https:\/\/observatorio-democracia.pt\/wp-content\/uploads\/2022\/04\/logo-observatorio-democracia-forms.jpg\",\"contentUrl\":\"https:\/\/observatorio-democracia.pt\/wp-content\/uploads\/2022\/04\/logo-observatorio-democracia-forms.jpg\",\"width\":400,\"height\":98,\"caption\":\"Observat\u00f3rio da Democracia e da Representa\u00e7\u00e3o Pol\u00edtica\"},\"image\":{\"@id\":\"https:\/\/observatorio-democracia.pt\/en\/#\/schema\/logo\/image\/\"},\"sameAs\":[\"https:\/\/www.facebook.com\/observatorio.democracia.representacao.politica\",\"https:\/\/x.com\/Observatorioda4\",\"https:\/\/www.instagram.com\/observatoriodrp\/\"]}]}<\/script>\n<!-- \/ Yoast SEO plugin. -->","yoast_head_json":{"title":"Seminar Social Movements and Political Action: How can we quarantine without a home? | Observat\u00f3rio da Democracia e da Representa\u00e7\u00e3o Pol\u00edtica","description":"Monthly Seminar on Social Movements and Political Action promotes a multidisciplinary reflection on themes linked to social movements.","robots":{"index":"index","follow":"follow","max-snippet":"max-snippet:-1","max-image-preview":"max-image-preview:large","max-video-preview":"max-video-preview:-1"},"canonical":"https:\/\/observatorio-democracia.pt\/en\/events\/seminario-mensal-movimentos-sociais-e-acao-politica-489\/","og_locale":"en_US","og_type":"article","og_title":"Seminar Social Movements and Political Action: How can we quarantine without a home? | Observat\u00f3rio da Democracia e da Representa\u00e7\u00e3o Pol\u00edtica","og_description":"Monthly Seminar on Social Movements and Political Action promotes a multidisciplinary reflection on themes linked to social movements.","og_url":"https:\/\/observatorio-democracia.pt\/en\/events\/seminario-mensal-movimentos-sociais-e-acao-politica-489\/","og_site_name":"Observat\u00f3rio da Democracia e da Representa\u00e7\u00e3o Pol\u00edtica","article_publisher":"https:\/\/www.facebook.com\/observatorio.democracia.representacao.politica","article_modified_time":"2022-06-14T13:18:50+00:00","og_image":[{"width":800,"height":450,"url":"https:\/\/observatorio-democracia.pt\/wp-content\/uploads\/2022\/04\/seminario.jpg","type":"image\/jpeg"}],"twitter_card":"summary_large_image","twitter_site":"@Observatorioda4","twitter_misc":{"Est. reading time":"2 minutes"},"schema":{"@context":"https:\/\/schema.org","@graph":[{"@type":"WebPage","@id":"https:\/\/observatorio-democracia.pt\/en\/events\/seminario-mensal-movimentos-sociais-e-acao-politica-489\/","url":"https:\/\/observatorio-democracia.pt\/en\/events\/seminario-mensal-movimentos-sociais-e-acao-politica-489\/","name":"Seminar Social Movements and Political Action: How can we quarantine without a home? | Observat\u00f3rio da Democracia e da Representa\u00e7\u00e3o Pol\u00edtica","isPartOf":{"@id":"https:\/\/observatorio-democracia.pt\/en\/#website"},"primaryImageOfPage":{"@id":"https:\/\/observatorio-democracia.pt\/en\/events\/seminario-mensal-movimentos-sociais-e-acao-politica-489\/#primaryimage"},"image":{"@id":"https:\/\/observatorio-democracia.pt\/en\/events\/seminario-mensal-movimentos-sociais-e-acao-politica-489\/#primaryimage"},"thumbnailUrl":"https:\/\/observatorio-democracia.pt\/wp-content\/uploads\/2022\/04\/seminario.jpg","datePublished":"2022-04-29T16:01:40+00:00","dateModified":"2022-06-14T13:18:50+00:00","description":"Monthly Seminar on Social Movements and Political Action promotes a multidisciplinary reflection on themes linked to social movements.","breadcrumb":{"@id":"https:\/\/observatorio-democracia.pt\/en\/events\/seminario-mensal-movimentos-sociais-e-acao-politica-489\/#breadcrumb"},"inLanguage":"en-US","potentialAction":[{"@type":"ReadAction","target":["https:\/\/observatorio-democracia.pt\/en\/events\/seminario-mensal-movimentos-sociais-e-acao-politica-489\/"]}]},{"@type":"ImageObject","inLanguage":"en-US","@id":"https:\/\/observatorio-democracia.pt\/en\/events\/seminario-mensal-movimentos-sociais-e-acao-politica-489\/#primaryimage","url":"https:\/\/observatorio-democracia.pt\/wp-content\/uploads\/2022\/04\/seminario.jpg","contentUrl":"https:\/\/observatorio-democracia.pt\/wp-content\/uploads\/2022\/04\/seminario.jpg","width":800,"height":450},{"@type":"BreadcrumbList","@id":"https:\/\/observatorio-democracia.pt\/en\/events\/seminario-mensal-movimentos-sociais-e-acao-politica-489\/#breadcrumb","itemListElement":[{"@type":"ListItem","position":1,"name":"In\u00edcio","item":"https:\/\/observatorio-democracia.pt\/en\/"},{"@type":"ListItem","position":2,"name":"Events","item":"https:\/\/observatorio-democracia.pt\/en\/events\/"},{"@type":"ListItem","position":3,"name":"Seminar Social Movements and Political Action: How can we quarantine without a home?"}]},{"@type":"WebSite","@id":"https:\/\/observatorio-democracia.pt\/en\/#website","url":"https:\/\/observatorio-democracia.pt\/en\/","name":"Observat\u00f3rio da Democracia e da Representa\u00e7\u00e3o Pol\u00edtica","description":"Um bem para a Cidadania","publisher":{"@id":"https:\/\/observatorio-democracia.pt\/en\/#organization"},"potentialAction":[{"@type":"SearchAction","target":{"@type":"EntryPoint","urlTemplate":"https:\/\/observatorio-democracia.pt\/en\/?s={search_term_string}"},"query-input":{"@type":"PropertyValueSpecification","valueRequired":true,"valueName":"search_term_string"}}],"inLanguage":"en-US"},{"@type":"Organization","@id":"https:\/\/observatorio-democracia.pt\/en\/#organization","name":"Observat\u00f3rio da Democracia e da Representa\u00e7\u00e3o Pol\u00edtica","url":"https:\/\/observatorio-democracia.pt\/en\/","logo":{"@type":"ImageObject","inLanguage":"en-US","@id":"https:\/\/observatorio-democracia.pt\/en\/#\/schema\/logo\/image\/","url":"https:\/\/observatorio-democracia.pt\/wp-content\/uploads\/2022\/04\/logo-observatorio-democracia-forms.jpg","contentUrl":"https:\/\/observatorio-democracia.pt\/wp-content\/uploads\/2022\/04\/logo-observatorio-democracia-forms.jpg","width":400,"height":98,"caption":"Observat\u00f3rio da Democracia e da Representa\u00e7\u00e3o Pol\u00edtica"},"image":{"@id":"https:\/\/observatorio-democracia.pt\/en\/#\/schema\/logo\/image\/"},"sameAs":["https:\/\/www.facebook.com\/observatorio.democracia.representacao.politica","https:\/\/x.com\/Observatorioda4","https:\/\/www.instagram.com\/observatoriodrp\/"]}]}},"_links":{"self":[{"href":"https:\/\/observatorio-democracia.pt\/en\/wp-json\/wp\/v2\/mec-events\/52258","targetHints":{"allow":["GET"]}}],"collection":[{"href":"https:\/\/observatorio-democracia.pt\/en\/wp-json\/wp\/v2\/mec-events"}],"about":[{"href":"https:\/\/observatorio-democracia.pt\/en\/wp-json\/wp\/v2\/types\/mec-events"}],"author":[{"embeddable":true,"href":"https:\/\/observatorio-democracia.pt\/en\/wp-json\/wp\/v2\/users\/1"}],"replies":[{"embeddable":true,"href":"https:\/\/observatorio-democracia.pt\/en\/wp-json\/wp\/v2\/comments?post=52258"}],"wp:featuredmedia":[{"embeddable":true,"href":"https:\/\/observatorio-democracia.pt\/en\/wp-json\/wp\/v2\/media\/51854"}],"wp:attachment":[{"href":"https:\/\/observatorio-democracia.pt\/en\/wp-json\/wp\/v2\/media?parent=52258"}],"wp:term":[{"taxonomy":"post_tag","embeddable":true,"href":"https:\/\/observatorio-democracia.pt\/en\/wp-json\/wp\/v2\/tags?post=52258"},{"taxonomy":"mec_category","embeddable":true,"href":"https:\/\/observatorio-democracia.pt\/en\/wp-json\/wp\/v2\/mec_category?post=52258"}],"curies":[{"name":"wp","href":"https:\/\/api.w.org\/{rel}","templated":true}]}}