{"id":52253,"date":"2022-04-29T16:21:40","date_gmt":"2022-04-29T16:21:40","guid":{"rendered":"https:\/\/observatorio-democracia.pt\/events\/seminario-mensal-movimentos-sociais-e-acao-politica-489-782-265-618\/"},"modified":"2022-06-14T13:11:50","modified_gmt":"2022-06-14T13:11:50","slug":"seminario-mensal-movimentos-sociais-e-acao-politica-489-782-265-618","status":"publish","type":"mec-events","link":"https:\/\/observatorio-democracia.pt\/en\/events\/seminario-mensal-movimentos-sociais-e-acao-politica-489-782-265-618\/","title":{"rendered":"Doctoral Conferences in International Studies"},"content":{"rendered":"<h2>Conferences for the Doctorate in International Studies in association with the Doctorate in Political Science \u201cLa Investigaci\u00f3n sobre \u00c9lites Parlamentarias en Am\u00e9rica Latina. An application to the study of Satisfaction with the Functioning of Democracy\u201d.<\/h2>\n<p><img fetchpriority=\"high\" decoding=\"async\" class=\"alignnone wp-image-51131 size-large\" src=\"https:\/\/observatorio-democracia.pt\/web-observatorio-democracia\/wp-content\/uploads\/2022\/04\/2022.05.05_DCP-e-DEI_Araceli-Mateos-724x1024.png\" alt=\"\" width=\"724\" height=\"1024\" srcset=\"https:\/\/observatorio-democracia.pt\/wp-content\/uploads\/2022\/04\/2022.05.05_DCP-e-DEI_Araceli-Mateos-724x1024.png 724w, https:\/\/observatorio-democracia.pt\/wp-content\/uploads\/2022\/04\/2022.05.05_DCP-e-DEI_Araceli-Mateos-212x300.png 212w, https:\/\/observatorio-democracia.pt\/wp-content\/uploads\/2022\/04\/2022.05.05_DCP-e-DEI_Araceli-Mateos-768x1086.png 768w, https:\/\/observatorio-democracia.pt\/wp-content\/uploads\/2022\/04\/2022.05.05_DCP-e-DEI_Araceli-Mateos.png 842w\" sizes=\"(max-width: 724px) 100vw, 724px\" \/><\/p>\n<p>&nbsp;<\/p>\n<p>Parliamentary elites and satisfaction with the functioning of democracy in Latin America will be on the agenda at the conference \u201cLa Investigaci\u00f3n sobre \u00c9lites Parlamentarias en Am\u00e9rica Latina. An application to the Satisfacci\u00f3n de la Satisfacci\u00f3n estudio con el Funcionamiento de la Democracia\u201d, to be given by the professor at the University of Salamanca (Spain), Araceli Mateos, on Thursday, May 5, at 8:30 pm. Organized by the PhD in International Studies in association with the PhD in Political Science, the conference will be moderated by Helena Carvalho, professor at Iscte \u2013 Instituto Universit\u00e1rio de Lisboa.<\/p>\n<p>Araceli Mateos has a master&#8217;s degree in Latin American Studies and a doctorate in Political Science, is a professor of Political Science and Administration at the University of Salamanca (Spain) and her main lines of research are the study of parliamentary elites, political participation, culture and public opinion. and research methodology.<\/p>\n<h3 class=\"p1\"><span class=\"s1\"><strong><br \/>\nPlace:<br \/>\n<\/strong><\/span><span class=\"s1\">ISCTE \u2013 Instituto Universit\u00e1rio de Lisboa<br \/>\n<\/span><span class=\"s1\">Sala D 107, Edif\u00edcio II<\/span><\/h3>\n<p>&nbsp;<\/p>\n<h3 class=\"p1\"><span class=\"s1\">Link zoom:<br \/>\n<\/span><a href=\"https:\/\/videoconf-colibri.zoom.us\/j\/86520801637?pwd=WTNSNVhKb0oxQ2pNS1Y1bnN3enUwZz09\"><span class=\"s2\">https:\/\/videoconf-colibri.zoom.us\/j\/86520801637?pwd=WTNSNVhKb0oxQ2pNS1Y1bnN3enUwZz09<\/span><\/a><\/h3>\n<h3 class=\"p1\"><span class=\"s1\">\u00a0<\/span><\/h3>\n<h3 class=\"p1\"><span class=\"s1\">\u00a0<\/span><\/h3>\n","protected":false},"excerpt":{"rendered":"<p>Conferences for the Doctorate in International Studies in association with the Doctorate in Political Science \u201cLa Investigaci\u00f3n sobre \u00c9lites Parlamentarias en Am\u00e9rica Latina. An application to the study of Satisfaction with the Functioning of Democracy\u201d. &nbsp; Parliamentary elites and satisfaction with the functioning of democracy in Latin America will be on the agenda at the&hellip;<\/p>\n","protected":false},"author":1,"featured_media":51858,"comment_status":"closed","ping_status":"closed","template":"","tags":[],"mec_category":[],"class_list":["post-52253","mec-events","type-mec-events","status-publish","has-post-thumbnail","hentry","description-off"],"yoast_head":"<!-- This site is optimized with the Yoast SEO plugin v24.7 - https:\/\/yoast.com\/wordpress\/plugins\/seo\/ -->\n<title>Doctoral Conferences in International Studies | Observat\u00f3rio da Democracia e da Representa\u00e7\u00e3o Pol\u00edtica<\/title>\n<meta name=\"description\" content=\"Parliamentary elites and satisfaction with the functioning of democracy in Latin America will be on the agenda at the conference-\" \/>\n<meta name=\"robots\" content=\"index, follow, max-snippet:-1, max-image-preview:large, max-video-preview:-1\" \/>\n<link rel=\"canonical\" href=\"https:\/\/observatorio-democracia.pt\/en\/events\/seminario-mensal-movimentos-sociais-e-acao-politica-489-782-265-618\/\" \/>\n<meta property=\"og:locale\" content=\"en_US\" \/>\n<meta property=\"og:type\" content=\"article\" \/>\n<meta property=\"og:title\" content=\"Doctoral Conferences in International Studies | Observat\u00f3rio da Democracia e da Representa\u00e7\u00e3o Pol\u00edtica\" \/>\n<meta property=\"og:description\" content=\"Parliamentary elites and satisfaction with the functioning of democracy in Latin America will be on the agenda at the conference-\" \/>\n<meta property=\"og:url\" content=\"https:\/\/observatorio-democracia.pt\/en\/events\/seminario-mensal-movimentos-sociais-e-acao-politica-489-782-265-618\/\" \/>\n<meta property=\"og:site_name\" content=\"Observat\u00f3rio da Democracia e da Representa\u00e7\u00e3o Pol\u00edtica\" \/>\n<meta property=\"article:publisher\" content=\"https:\/\/www.facebook.com\/observatorio.democracia.representacao.politica\" \/>\n<meta property=\"article:modified_time\" content=\"2022-06-14T13:11:50+00:00\" \/>\n<meta property=\"og:image\" content=\"https:\/\/observatorio-democracia.pt\/wp-content\/uploads\/2022\/04\/conferencia2.jpg\" \/>\n\t<meta property=\"og:image:width\" content=\"800\" \/>\n\t<meta property=\"og:image:height\" content=\"450\" \/>\n\t<meta property=\"og:image:type\" content=\"image\/jpeg\" \/>\n<meta name=\"twitter:card\" content=\"summary_large_image\" \/>\n<meta name=\"twitter:site\" content=\"@Observatorioda4\" \/>\n<meta name=\"twitter:label1\" content=\"Est. reading time\" \/>\n\t<meta name=\"twitter:data1\" content=\"1 minute\" \/>\n<script type=\"application\/ld+json\" class=\"yoast-schema-graph\">{\"@context\":\"https:\/\/schema.org\",\"@graph\":[{\"@type\":\"WebPage\",\"@id\":\"https:\/\/observatorio-democracia.pt\/en\/events\/seminario-mensal-movimentos-sociais-e-acao-politica-489-782-265-618\/\",\"url\":\"https:\/\/observatorio-democracia.pt\/en\/events\/seminario-mensal-movimentos-sociais-e-acao-politica-489-782-265-618\/\",\"name\":\"Doctoral Conferences in International Studies | Observat\u00f3rio da Democracia e da Representa\u00e7\u00e3o Pol\u00edtica\",\"isPartOf\":{\"@id\":\"https:\/\/observatorio-democracia.pt\/en\/#website\"},\"primaryImageOfPage\":{\"@id\":\"https:\/\/observatorio-democracia.pt\/en\/events\/seminario-mensal-movimentos-sociais-e-acao-politica-489-782-265-618\/#primaryimage\"},\"image\":{\"@id\":\"https:\/\/observatorio-democracia.pt\/en\/events\/seminario-mensal-movimentos-sociais-e-acao-politica-489-782-265-618\/#primaryimage\"},\"thumbnailUrl\":\"https:\/\/observatorio-democracia.pt\/wp-content\/uploads\/2022\/04\/conferencia2.jpg\",\"datePublished\":\"2022-04-29T16:21:40+00:00\",\"dateModified\":\"2022-06-14T13:11:50+00:00\",\"description\":\"Parliamentary elites and satisfaction with the functioning of democracy in Latin America will be on the agenda at the conference-\",\"breadcrumb\":{\"@id\":\"https:\/\/observatorio-democracia.pt\/en\/events\/seminario-mensal-movimentos-sociais-e-acao-politica-489-782-265-618\/#breadcrumb\"},\"inLanguage\":\"en-US\",\"potentialAction\":[{\"@type\":\"ReadAction\",\"target\":[\"https:\/\/observatorio-democracia.pt\/en\/events\/seminario-mensal-movimentos-sociais-e-acao-politica-489-782-265-618\/\"]}]},{\"@type\":\"ImageObject\",\"inLanguage\":\"en-US\",\"@id\":\"https:\/\/observatorio-democracia.pt\/en\/events\/seminario-mensal-movimentos-sociais-e-acao-politica-489-782-265-618\/#primaryimage\",\"url\":\"https:\/\/observatorio-democracia.pt\/wp-content\/uploads\/2022\/04\/conferencia2.jpg\",\"contentUrl\":\"https:\/\/observatorio-democracia.pt\/wp-content\/uploads\/2022\/04\/conferencia2.jpg\",\"width\":800,\"height\":450},{\"@type\":\"BreadcrumbList\",\"@id\":\"https:\/\/observatorio-democracia.pt\/en\/events\/seminario-mensal-movimentos-sociais-e-acao-politica-489-782-265-618\/#breadcrumb\",\"itemListElement\":[{\"@type\":\"ListItem\",\"position\":1,\"name\":\"In\u00edcio\",\"item\":\"https:\/\/observatorio-democracia.pt\/en\/\"},{\"@type\":\"ListItem\",\"position\":2,\"name\":\"Events\",\"item\":\"https:\/\/observatorio-democracia.pt\/en\/events\/\"},{\"@type\":\"ListItem\",\"position\":3,\"name\":\"Doctoral Conferences in International Studies\"}]},{\"@type\":\"WebSite\",\"@id\":\"https:\/\/observatorio-democracia.pt\/en\/#website\",\"url\":\"https:\/\/observatorio-democracia.pt\/en\/\",\"name\":\"Observat\u00f3rio da Democracia e da Representa\u00e7\u00e3o Pol\u00edtica\",\"description\":\"Um bem para a Cidadania\",\"publisher\":{\"@id\":\"https:\/\/observatorio-democracia.pt\/en\/#organization\"},\"potentialAction\":[{\"@type\":\"SearchAction\",\"target\":{\"@type\":\"EntryPoint\",\"urlTemplate\":\"https:\/\/observatorio-democracia.pt\/en\/?s={search_term_string}\"},\"query-input\":{\"@type\":\"PropertyValueSpecification\",\"valueRequired\":true,\"valueName\":\"search_term_string\"}}],\"inLanguage\":\"en-US\"},{\"@type\":\"Organization\",\"@id\":\"https:\/\/observatorio-democracia.pt\/en\/#organization\",\"name\":\"Observat\u00f3rio da Democracia e da Representa\u00e7\u00e3o Pol\u00edtica\",\"url\":\"https:\/\/observatorio-democracia.pt\/en\/\",\"logo\":{\"@type\":\"ImageObject\",\"inLanguage\":\"en-US\",\"@id\":\"https:\/\/observatorio-democracia.pt\/en\/#\/schema\/logo\/image\/\",\"url\":\"https:\/\/observatorio-democracia.pt\/wp-content\/uploads\/2022\/04\/logo-observatorio-democracia-forms.jpg\",\"contentUrl\":\"https:\/\/observatorio-democracia.pt\/wp-content\/uploads\/2022\/04\/logo-observatorio-democracia-forms.jpg\",\"width\":400,\"height\":98,\"caption\":\"Observat\u00f3rio da Democracia e da Representa\u00e7\u00e3o Pol\u00edtica\"},\"image\":{\"@id\":\"https:\/\/observatorio-democracia.pt\/en\/#\/schema\/logo\/image\/\"},\"sameAs\":[\"https:\/\/www.facebook.com\/observatorio.democracia.representacao.politica\",\"https:\/\/x.com\/Observatorioda4\",\"https:\/\/www.instagram.com\/observatoriodrp\/\"]}]}<\/script>\n<!-- \/ Yoast SEO plugin. -->","yoast_head_json":{"title":"Doctoral Conferences in International Studies | Observat\u00f3rio da Democracia e da Representa\u00e7\u00e3o Pol\u00edtica","description":"Parliamentary elites and satisfaction with the functioning of democracy in Latin America will be on the agenda at the conference-","robots":{"index":"index","follow":"follow","max-snippet":"max-snippet:-1","max-image-preview":"max-image-preview:large","max-video-preview":"max-video-preview:-1"},"canonical":"https:\/\/observatorio-democracia.pt\/en\/events\/seminario-mensal-movimentos-sociais-e-acao-politica-489-782-265-618\/","og_locale":"en_US","og_type":"article","og_title":"Doctoral Conferences in International Studies | Observat\u00f3rio da Democracia e da Representa\u00e7\u00e3o Pol\u00edtica","og_description":"Parliamentary elites and satisfaction with the functioning of democracy in Latin America will be on the agenda at the conference-","og_url":"https:\/\/observatorio-democracia.pt\/en\/events\/seminario-mensal-movimentos-sociais-e-acao-politica-489-782-265-618\/","og_site_name":"Observat\u00f3rio da Democracia e da Representa\u00e7\u00e3o Pol\u00edtica","article_publisher":"https:\/\/www.facebook.com\/observatorio.democracia.representacao.politica","article_modified_time":"2022-06-14T13:11:50+00:00","og_image":[{"width":800,"height":450,"url":"https:\/\/observatorio-democracia.pt\/wp-content\/uploads\/2022\/04\/conferencia2.jpg","type":"image\/jpeg"}],"twitter_card":"summary_large_image","twitter_site":"@Observatorioda4","twitter_misc":{"Est. reading time":"1 minute"},"schema":{"@context":"https:\/\/schema.org","@graph":[{"@type":"WebPage","@id":"https:\/\/observatorio-democracia.pt\/en\/events\/seminario-mensal-movimentos-sociais-e-acao-politica-489-782-265-618\/","url":"https:\/\/observatorio-democracia.pt\/en\/events\/seminario-mensal-movimentos-sociais-e-acao-politica-489-782-265-618\/","name":"Doctoral Conferences in International Studies | Observat\u00f3rio da Democracia e da Representa\u00e7\u00e3o Pol\u00edtica","isPartOf":{"@id":"https:\/\/observatorio-democracia.pt\/en\/#website"},"primaryImageOfPage":{"@id":"https:\/\/observatorio-democracia.pt\/en\/events\/seminario-mensal-movimentos-sociais-e-acao-politica-489-782-265-618\/#primaryimage"},"image":{"@id":"https:\/\/observatorio-democracia.pt\/en\/events\/seminario-mensal-movimentos-sociais-e-acao-politica-489-782-265-618\/#primaryimage"},"thumbnailUrl":"https:\/\/observatorio-democracia.pt\/wp-content\/uploads\/2022\/04\/conferencia2.jpg","datePublished":"2022-04-29T16:21:40+00:00","dateModified":"2022-06-14T13:11:50+00:00","description":"Parliamentary elites and satisfaction with the functioning of democracy in Latin America will be on the agenda at the conference-","breadcrumb":{"@id":"https:\/\/observatorio-democracia.pt\/en\/events\/seminario-mensal-movimentos-sociais-e-acao-politica-489-782-265-618\/#breadcrumb"},"inLanguage":"en-US","potentialAction":[{"@type":"ReadAction","target":["https:\/\/observatorio-democracia.pt\/en\/events\/seminario-mensal-movimentos-sociais-e-acao-politica-489-782-265-618\/"]}]},{"@type":"ImageObject","inLanguage":"en-US","@id":"https:\/\/observatorio-democracia.pt\/en\/events\/seminario-mensal-movimentos-sociais-e-acao-politica-489-782-265-618\/#primaryimage","url":"https:\/\/observatorio-democracia.pt\/wp-content\/uploads\/2022\/04\/conferencia2.jpg","contentUrl":"https:\/\/observatorio-democracia.pt\/wp-content\/uploads\/2022\/04\/conferencia2.jpg","width":800,"height":450},{"@type":"BreadcrumbList","@id":"https:\/\/observatorio-democracia.pt\/en\/events\/seminario-mensal-movimentos-sociais-e-acao-politica-489-782-265-618\/#breadcrumb","itemListElement":[{"@type":"ListItem","position":1,"name":"In\u00edcio","item":"https:\/\/observatorio-democracia.pt\/en\/"},{"@type":"ListItem","position":2,"name":"Events","item":"https:\/\/observatorio-democracia.pt\/en\/events\/"},{"@type":"ListItem","position":3,"name":"Doctoral Conferences in International Studies"}]},{"@type":"WebSite","@id":"https:\/\/observatorio-democracia.pt\/en\/#website","url":"https:\/\/observatorio-democracia.pt\/en\/","name":"Observat\u00f3rio da Democracia e da Representa\u00e7\u00e3o Pol\u00edtica","description":"Um bem para a Cidadania","publisher":{"@id":"https:\/\/observatorio-democracia.pt\/en\/#organization"},"potentialAction":[{"@type":"SearchAction","target":{"@type":"EntryPoint","urlTemplate":"https:\/\/observatorio-democracia.pt\/en\/?s={search_term_string}"},"query-input":{"@type":"PropertyValueSpecification","valueRequired":true,"valueName":"search_term_string"}}],"inLanguage":"en-US"},{"@type":"Organization","@id":"https:\/\/observatorio-democracia.pt\/en\/#organization","name":"Observat\u00f3rio da Democracia e da Representa\u00e7\u00e3o Pol\u00edtica","url":"https:\/\/observatorio-democracia.pt\/en\/","logo":{"@type":"ImageObject","inLanguage":"en-US","@id":"https:\/\/observatorio-democracia.pt\/en\/#\/schema\/logo\/image\/","url":"https:\/\/observatorio-democracia.pt\/wp-content\/uploads\/2022\/04\/logo-observatorio-democracia-forms.jpg","contentUrl":"https:\/\/observatorio-democracia.pt\/wp-content\/uploads\/2022\/04\/logo-observatorio-democracia-forms.jpg","width":400,"height":98,"caption":"Observat\u00f3rio da Democracia e da Representa\u00e7\u00e3o Pol\u00edtica"},"image":{"@id":"https:\/\/observatorio-democracia.pt\/en\/#\/schema\/logo\/image\/"},"sameAs":["https:\/\/www.facebook.com\/observatorio.democracia.representacao.politica","https:\/\/x.com\/Observatorioda4","https:\/\/www.instagram.com\/observatoriodrp\/"]}]}},"_links":{"self":[{"href":"https:\/\/observatorio-democracia.pt\/en\/wp-json\/wp\/v2\/mec-events\/52253","targetHints":{"allow":["GET"]}}],"collection":[{"href":"https:\/\/observatorio-democracia.pt\/en\/wp-json\/wp\/v2\/mec-events"}],"about":[{"href":"https:\/\/observatorio-democracia.pt\/en\/wp-json\/wp\/v2\/types\/mec-events"}],"author":[{"embeddable":true,"href":"https:\/\/observatorio-democracia.pt\/en\/wp-json\/wp\/v2\/users\/1"}],"replies":[{"embeddable":true,"href":"https:\/\/observatorio-democracia.pt\/en\/wp-json\/wp\/v2\/comments?post=52253"}],"wp:featuredmedia":[{"embeddable":true,"href":"https:\/\/observatorio-democracia.pt\/en\/wp-json\/wp\/v2\/media\/51858"}],"wp:attachment":[{"href":"https:\/\/observatorio-democracia.pt\/en\/wp-json\/wp\/v2\/media?parent=52253"}],"wp:term":[{"taxonomy":"post_tag","embeddable":true,"href":"https:\/\/observatorio-democracia.pt\/en\/wp-json\/wp\/v2\/tags?post=52253"},{"taxonomy":"mec_category","embeddable":true,"href":"https:\/\/observatorio-democracia.pt\/en\/wp-json\/wp\/v2\/mec_category?post=52253"}],"curies":[{"name":"wp","href":"https:\/\/api.w.org\/{rel}","templated":true}]}}